{"id":21,"date":"2016-01-28T13:39:58","date_gmt":"2016-01-28T13:39:58","guid":{"rendered":"https:\/\/rhizomecenter.org\/?page_id=21"},"modified":"2023-10-03T13:00:44","modified_gmt":"2023-10-03T19:00:44","slug":"events","status":"publish","type":"page","link":"https:\/\/rhizomecenter.org\/es\/events\/","title":{"rendered":"Events"},"content":{"rendered":"<section   class=\"fw-main-row-custom fw-main-row-top fw-section-no-padding  auto  fw-section-position-back tf-sh-dc732c05a8ce95bddbdab2ebf3cea121\"    >\n\t\t\t<div class=\"fw-container\" >\n\t\t<div class=\"fw-row\">\n\t<div id=\"column-69f0f77986afc\" class=\"fw-col-sm-12 tf-sh-d6832dd1fe323fd347e072c35be3ef62\" >\n\t<div class=\"fw-wrap-col-inner clearfix\"   >\n\t\t\t\t<div class=\"fw-col-inner\">\n\t\t\t<div class=\"fw-divider-space  fw-custom-space  clearfix\" style=\"height:100px;\" ><\/div>\t\t<\/div>\n\t<\/div>\n<\/div><\/div>\n\n<div class=\"fw-row\">\n\t<div id=\"column-69f0f77987550\" class=\"fw-col-sm-6 fw-col-md-8 tf-sh-cd981a19a5cb59eb6da3b5ba2269b163  fw-col-no-padding\" >\n\t<div class=\"fw-wrap-col-inner clearfix\"   >\n\t\t\t\t<div class=\"fw-col-inner\">\n\t\t\t<div class=\"fw-heading fw-heading-left  tf-sh-c81d7edeb2cd77f9ab924d7e69751a67\" >\n\t\t\t<h1 class=\"fw-special-title\">PR\u00d3XIMOS <span style=\"font-weight:900;\">EVENTOS<\/span><\/h1>\n\t\n\t\n\t<\/div>\t\t<\/div>\n\t<\/div>\n<\/div><div id=\"column-69f0f77987fe7\" class=\"fw-col-sm-4 tf-sh-de3b2c9b95b2ce9a477e76924d956cab\" >\n\t<div class=\"fw-wrap-col-inner clearfix\"   >\n\t\t\t\t<div class=\"fw-col-inner\">\n\t\t\t<div class=\"fw-text-box tf-sh-64793a9765db159bace524e6f6eaa778\" >\n\t<div class=\"fw-text-inner\">\n\t\t<p><div class=\"ss-inline-share-wrapper\"><div class=\"ss-inline-share-content\"><\/div><\/div><\/p>\n\t<\/div>\n<\/div>\t\t<\/div>\n\t<\/div>\n<\/div><\/div>\n\n<div class=\"fw-row\">\n\t<div id=\"column-69f0f77988bc7\" class=\"fw-col-sm-12 tf-sh-d6832dd1fe323fd347e072c35be3ef62\" >\n\t<div class=\"fw-wrap-col-inner clearfix\"   >\n\t\t\t\t<div class=\"fw-col-inner\">\n\t\t\t<div class=\"fw-divider-space  fw-custom-space  clearfix\" style=\"height:50px;\" ><\/div>\t\t<\/div>\n\t<\/div>\n<\/div><\/div>\n\n<div class=\"fw-row\">\n\t<div id=\"column-69f0f77988d1b\" class=\"fw-col-sm-2 tf-sh-ecdd8f0343f73799dc99a31d5b948724\" >\n\t<div class=\"fw-wrap-col-inner clearfix\"   >\n\t\t\t\t<div class=\"fw-col-inner\">\n\t\t\t\t<div class=\"fw-team tf-sh-f1857136f6fb8f35dec9de11a25f9143  fw-content-align-center fw-team-member-type-2 fw-overlay-1\" >\n\t\t<div style=\"width: 100%;\" class=\"fw-team-image fw-block-image-parent fw-block-image-circle\">\n\t\t\t\t\t\t<div class=\"fw-block-image-child fw-ratio-1 fw-ratio-container\"><noscript itemscope itemtype=\"https:\/\/schema.org\/ImageObject\" itemprop=\"image\"><img data-recalc-dims=\"1\" decoding=\"async\" src=\"https:\/\/i0.wp.com\/rhizomecenter.org\/wp-content\/uploads\/2021\/06\/catedral.png?ssl=1\"  alt=\"Catedral\" data-maxdpr=\"1.7\" class=\"lazyload\" \/><meta itemprop=\"url\" content=\"https:\/\/rhizomecenter.org\/wp-content\/uploads\/2021\/06\/catedral.png\"><meta itemprop=\"width\" content=\"618\"><meta itemprop=\"height\" content=\"779\"><\/noscript><img decoding=\"async\" src=\"data:image\/gif;base64,R0lGODlhAQABAIAAAAAAAP\/\/\/yH5BAEAAAAALAAAAAABAAEAAAIBRAA7\" data-sizes=\"auto\" data-srcset=\"https:\/\/rhizomecenter.org\/wp-content\/uploads\/2021\/06\/catedral-150x150.png 150w, https:\/\/rhizomecenter.org\/wp-content\/uploads\/2021\/06\/catedral-300x300.png 300w\"   alt=\"Catedral\" data-maxdpr=\"1.7\" class=\"lazyload\" \/>\t\t\t\t<div class=\"fw-block-image-overlay\">\n\t\t\t\t\t<div class=\"fw-itable\">\n\t\t\t\t\t\t<div class=\"fw-icell\">\n\t\t\t\t\t\t\t<div class=\"fw-team-inner\" style=\"\">\n\t\t\t\t\t\t\t\t<div class=\"fw-team-name\">\n\t\t\t\t\t\t\t\t\t\t\t\t\t\t\t\t\t\t\t\t\t\t\t\t\t\t<\/div>\n\n\t\t\t\t\t\t\t\t\n\t\t\t\t\t\t\t\t\t\t\t\t\t\t\t<\/div>\n\t\t\t\t\t\t<\/div>\n\t\t\t\t\t<\/div>\n\t\t\t\t<\/div>\n\t\t\t<\/div>\n\t\t<\/div>\n\t<\/div>\n\t\t<\/div>\n\t<\/div>\n<\/div><div id=\"column-69f0f7798a065\" class=\"fw-col-sm-8 tf-sh-b0fe460560895de06b51ef887238b4a0\" >\n\t<div class=\"fw-wrap-col-inner clearfix\"   >\n\t\t\t\t<div class=\"fw-col-inner\">\n\t\t\t<div class=\"fw-text-box tf-sh-c8943ea66d6b1860bb34529d93c916b2\" >\n\t<div class=\"fw-text-inner\">\n\t\t<p><span style=\"font-weight: 400;\"><b>Our Immigration Course<\/b><br \/><span style=\"color: #00ccff;\">EVENTO LOCAL \/ PROGRAMA EDUCATIVO<\/span><br \/><\/span><\/p>\n<p>Attorneys, rights advocates, law students and L.L.M.s are invited to Guadalajara, Mexico. Our eye-opening immigration course is aimed at raising awareness about U.S.-Mexico border politics, immigration policies, and impact. This January, we welcome our 9th class to Guadalajara, where participants will have the opportunity to connect with leading cross-border actors, as well as migrants, asylum seekers, refugees, and deportees themselves.<\/p>\n<p><img decoding=\"async\" class=\"emoji\" role=\"img\" draggable=\"false\" src=\"https:\/\/s.w.org\/images\/core\/emoji\/13.0.1\/svg\/1f550.svg\" alt=\"\ud83d\udd50\" \/>\u00a0 Jan 5-12, 2024, Week-Long Event<br \/><img decoding=\"async\" class=\"emoji\" role=\"img\" draggable=\"false\" src=\"https:\/\/s.w.org\/images\/core\/emoji\/13.0.1\/svg\/1f4cd.svg\" alt=\"\ud83d\udccd\" \/>\u00a0Guadalajara, Jalisco<\/p>\n\t<\/div>\n<\/div>\t\t<\/div>\n\t<\/div>\n<\/div><div id=\"column-69f0f7798a17c\" class=\"fw-col-sm-2 tf-sh-2da602aa2c9ae3ab51f3a0d908cddf9c\" >\n\t<div class=\"fw-wrap-col-inner clearfix\"   >\n\t\t\t\t<div class=\"fw-col-inner\">\n\t\t\t<div class=\"text-center\">\t<a href=\"https:\/\/forms.gle\/TiM7Jh3XMbRvuFHt9\" target=\"_blank\" class=\"fw-btn tf-sh-012d58ce1bbe3bc64254839e9d5fdf89     fw-btn-1\"  style=\"width:200px; height:50px; line-height:50px;\">\n\t\t<span style=\"top:0;\">\n\t\t\tInscr\u00edbase\t\t<\/span>\n\t<\/a>\n<\/div>\t\t<\/div>\n\t<\/div>\n<\/div><\/div>\n\n<div class=\"fw-row\">\n\t<div id=\"column-69f0f7798aee9\" class=\"fw-col-sm-12 tf-sh-d6832dd1fe323fd347e072c35be3ef62\" >\n\t<div class=\"fw-wrap-col-inner clearfix\"   >\n\t\t\t\t<div class=\"fw-col-inner\">\n\t\t\t<div class=\"fw-divider-space  fw-custom-space  clearfix\" style=\"height:50px;\" ><\/div>\t\t<\/div>\n\t<\/div>\n<\/div><\/div>\n\n<div class=\"fw-row\">\n\t<div id=\"column-69f0f7798b013\" class=\"fw-col-sm-2 tf-sh-66cbf27999a406d197fcf0ffa6b2996f\" >\n\t<div class=\"fw-wrap-col-inner clearfix\"   >\n\t\t\t\t<div class=\"fw-col-inner\">\n\t\t\t\t<div class=\"fw-team tf-sh-5b9644a4735e67e912fbcc546d83720d  fw-content-align-center fw-team-member-type-2 fw-overlay-1\" >\n\t\t<div style=\"width: 100%;\" class=\"fw-team-image fw-block-image-parent fw-block-image-circle\">\n\t\t\t\t\t\t<div class=\"fw-block-image-child fw-ratio-1 fw-ratio-container\"><noscript itemscope itemtype=\"https:\/\/schema.org\/ImageObject\" itemprop=\"image\"><img data-recalc-dims=\"1\" decoding=\"async\" src=\"https:\/\/i0.wp.com\/rhizomecenter.org\/wp-content\/uploads\/2023\/10\/RECREA.png?ssl=1\"  alt=\"RECREA\" data-maxdpr=\"1.7\" class=\"lazyload\" \/><meta itemprop=\"url\" content=\"https:\/\/rhizomecenter.org\/wp-content\/uploads\/2023\/10\/RECREA.png\"><meta itemprop=\"width\" content=\"415\"><meta itemprop=\"height\" content=\"366\"><\/noscript><img decoding=\"async\" src=\"data:image\/gif;base64,R0lGODlhAQABAIAAAAAAAP\/\/\/yH5BAEAAAAALAAAAAABAAEAAAIBRAA7\" data-sizes=\"auto\" data-srcset=\"https:\/\/rhizomecenter.org\/wp-content\/uploads\/2023\/10\/RECREA-150x150.png 150w, https:\/\/rhizomecenter.org\/wp-content\/uploads\/2023\/10\/RECREA-300x300.png 300w\"   alt=\"RECREA\" data-maxdpr=\"1.7\" class=\"lazyload\" \/>\t\t\t\t<div class=\"fw-block-image-overlay\">\n\t\t\t\t\t<div class=\"fw-itable\">\n\t\t\t\t\t\t<div class=\"fw-icell\">\n\t\t\t\t\t\t\t<div class=\"fw-team-inner\" style=\"\">\n\t\t\t\t\t\t\t\t<div class=\"fw-team-name\">\n\t\t\t\t\t\t\t\t\t\t\t\t\t\t\t\t\t\t\t\t\t\t\t\t\t\t<\/div>\n\n\t\t\t\t\t\t\t\t\n\t\t\t\t\t\t\t\t\t\t\t\t\t\t\t<\/div>\n\t\t\t\t\t\t<\/div>\n\t\t\t\t\t<\/div>\n\t\t\t\t<\/div>\n\t\t\t<\/div>\n\t\t<\/div>\n\t<\/div>\n\t\t<\/div>\n\t<\/div>\n<\/div><div id=\"column-69f0f7798b64b\" class=\"fw-col-sm-8 tf-sh-df2c415cafbc3c3d53c8467941b86018\" >\n\t<div class=\"fw-wrap-col-inner clearfix\"   >\n\t\t\t\t<div class=\"fw-col-inner\">\n\t\t\t<div class=\"fw-text-box tf-sh-0131a732eec478882eb3a056c6599e3b\" >\n\t<div class=\"fw-text-inner\">\n\t\t<p><span style=\"font-weight: 400;\"><strong>Desaf\u00edos de la atenci\u00f3n educativa de los migrantes en condici\u00f3n de retorno<\/strong><br \/><span style=\"color: #00ccff;\">PRESENTATION \/ RECREA ACADEMY 2023<\/span><br \/><\/span><\/p>\n<p>The number of U.S.-born children in Mexico is larger than the City of Tlaquepaque and is closer to the size of Zapopan. Visit our session at the Primer Encuentro de la Educaci\u00f3n Migrante Binacional at this year's Recrea Academy 2023 and hear about the many challenges some U.S. citizen minors face accessing the Mexican public school system, and what continued disregard for their best interests could mean for both countries.<\/p>\n<p><img decoding=\"async\" class=\"emoji\" role=\"img\" draggable=\"false\" src=\"https:\/\/s.w.org\/images\/core\/emoji\/13.0.1\/svg\/1f550.svg\" alt=\"\ud83d\udd50\" \/>\u00a0 Oct 23, 2023 @ 1:00PM - 1:50PM CST<br \/><img decoding=\"async\" class=\"emoji\" role=\"img\" draggable=\"false\" src=\"https:\/\/s.w.org\/images\/core\/emoji\/13.0.1\/svg\/1f4cd.svg\" alt=\"\ud83d\udccd\" \/> Expo Guadalajara, Avenida Mariano Otero 1499, 45050, Guadalajara, Jalisco<\/p>\n\t<\/div>\n<\/div>\t\t<\/div>\n\t<\/div>\n<\/div><div id=\"column-69f0f7798b760\" class=\"fw-col-sm-2 tf-sh-5c31b8af8996480fabcfbc2e31f7896b\" >\n\t<div class=\"fw-wrap-col-inner clearfix\"   >\n\t\t\t\t<div class=\"fw-col-inner\">\n\t\t\t<div class=\"text-center\">\t<a href=\"https:\/\/recrea-academy.mx\/\" target=\"_blank\" class=\"fw-btn tf-sh-90991fe98544894af0c744f3b2e93a95     fw-btn-1\"  style=\"width:200px; height:50px; line-height:50px;\">\n\t\t<span style=\"top:0;\">\n\t\t\tRegister Now\t\t<\/span>\n\t<\/a>\n<\/div>\t\t<\/div>\n\t<\/div>\n<\/div><\/div>\n\n<div class=\"fw-row\">\n\t<div id=\"column-69f0f7798b866\" class=\"fw-col-sm-12 tf-sh-d6832dd1fe323fd347e072c35be3ef62\" >\n\t<div class=\"fw-wrap-col-inner clearfix\"   >\n\t\t\t\t<div class=\"fw-col-inner\">\n\t\t\t<div class=\"fw-divider-space  fw-custom-space  clearfix\" style=\"height:50px;\" ><\/div>\t\t<\/div>\n\t<\/div>\n<\/div><\/div>\n\n<div class=\"fw-row\">\n\t<div id=\"column-69f0f7798b9aa\" class=\"fw-col-sm-2 tf-sh-aca09031cf2e9ca64c47ce224b645f65\" >\n\t<div class=\"fw-wrap-col-inner clearfix\"   >\n\t\t\t\t<div class=\"fw-col-inner\">\n\t\t\t\t<div class=\"fw-team tf-sh-64de05cae0c42d37817c77a3e3045f15  fw-content-align-center fw-team-member-type-2 fw-overlay-1\" >\n\t\t<div style=\"width: 100%;\" class=\"fw-team-image fw-block-image-parent fw-block-image-circle\">\n\t\t\t\t\t\t<div class=\"fw-block-image-child fw-ratio-1 fw-ratio-container\"><noscript itemscope itemtype=\"https:\/\/schema.org\/ImageObject\" itemprop=\"image\"><img data-recalc-dims=\"1\" decoding=\"async\" src=\"https:\/\/i0.wp.com\/rhizomecenter.org\/wp-content\/uploads\/2023\/10\/EXPO-RIZOMA1.jpg?ssl=1\"  alt=\"Photo Exhibit\" data-maxdpr=\"1.7\" class=\"lazyload\" \/><meta itemprop=\"url\" content=\"https:\/\/rhizomecenter.org\/wp-content\/uploads\/2023\/10\/EXPO-RIZOMA1.jpg\"><meta itemprop=\"width\" content=\"1484\"><meta itemprop=\"height\" content=\"1920\"><\/noscript><img decoding=\"async\" src=\"data:image\/gif;base64,R0lGODlhAQABAIAAAAAAAP\/\/\/yH5BAEAAAAALAAAAAABAAEAAAIBRAA7\" data-sizes=\"auto\" data-srcset=\"https:\/\/rhizomecenter.org\/wp-content\/uploads\/2023\/10\/EXPO-RIZOMA1-150x150.jpg 150w, https:\/\/rhizomecenter.org\/wp-content\/uploads\/2023\/10\/EXPO-RIZOMA1-800x800.jpg 800w, https:\/\/rhizomecenter.org\/wp-content\/uploads\/2023\/10\/EXPO-RIZOMA1-300x300.jpg 300w\"   alt=\"Photo Exhibit\" data-maxdpr=\"1.7\" class=\"lazyload\" \/>\t\t\t\t<div class=\"fw-block-image-overlay\">\n\t\t\t\t\t<div class=\"fw-itable\">\n\t\t\t\t\t\t<div class=\"fw-icell\">\n\t\t\t\t\t\t\t<div class=\"fw-team-inner\" style=\"\">\n\t\t\t\t\t\t\t\t<div class=\"fw-team-name\">\n\t\t\t\t\t\t\t\t\t\t\t\t\t\t\t\t\t\t\t\t\t\t\t\t\t\t<\/div>\n\n\t\t\t\t\t\t\t\t\n\t\t\t\t\t\t\t\t\t\t\t\t\t\t\t<\/div>\n\t\t\t\t\t\t<\/div>\n\t\t\t\t\t<\/div>\n\t\t\t\t<\/div>\n\t\t\t<\/div>\n\t\t<\/div>\n\t<\/div>\n\t\t<\/div>\n\t<\/div>\n<\/div><div id=\"column-69f0f7798bd93\" class=\"fw-col-sm-8 tf-sh-0ced74d119742c00af9410d5a2c4e541\" >\n\t<div class=\"fw-wrap-col-inner clearfix\"   >\n\t\t\t\t<div class=\"fw-col-inner\">\n\t\t\t<div class=\"fw-text-box tf-sh-2188a26142fb374ecdb2cfcdc5be98c3\" >\n\t<div class=\"fw-text-inner\">\n\t\t<p><span style=\"font-weight: 400;\"><b>Inauguration of Photo Exhibit, \"Return and Belonging\"<\/b><br \/><span style=\"color: #00ccff;\">LOCAL EVENT \/ CULTURAL FESTIVAL<\/span><\/span><\/p>\n<p><span class=\"x193iq5w xeuugli x13faqbe x1vvkbs x1xmvt09 x1lliihq x1s928wv xhkezso x1gmr53x x1cpjm7i x1fgarty x1943h6x xudqn12 x3x7a5m x6prxxf xvq8zen xo1l8bm xzsf02u x1yc453h\" dir=\"auto\">A collaboration between <span class=\"xt0psk2\">El Centro Rizoma del Migrante<\/span>, <span class=\"xt0psk2\">Distrito350.mx<\/span> and artist and curator, <span class=\"xt0psk2\">Jorge Ramirez<\/span>. Our photo exhibit \"Return and Belonging\" is a visual journey of the experiences and self-reflections of Mexican migrants searching for their place in the world. The exhibit includes specially-curated photographs from The Rhizome Center for Migrants' 2023 Photo Contest and features the works of eight talented artists. The exhibit will be open to the public until the end of October at Distrito 350's gallery near Chapultepec.<\/span><\/p>\n<p><img decoding=\"async\" class=\"emoji\" role=\"img\" draggable=\"false\" src=\"https:\/\/s.w.org\/images\/core\/emoji\/13.0.1\/svg\/1f550.svg\" alt=\"\ud83d\udd50\" \/>\u00a0 Sept 30, 2023, 4:00PM<br \/><img decoding=\"async\" class=\"emoji\" role=\"img\" draggable=\"false\" src=\"https:\/\/s.w.org\/images\/core\/emoji\/13.0.1\/svg\/1f4cd.svg\" alt=\"\ud83d\udccd\" \/> Distrito 350, Gral. San Mart\u00edn 350, 44140, Guadalajara, Jalisco<\/p>\n\t<\/div>\n<\/div>\t\t<\/div>\n\t<\/div>\n<\/div><\/div>\n\n<div class=\"fw-row\">\n\t<div id=\"column-69f0f7798bf00\" class=\"fw-col-sm-12 tf-sh-d6832dd1fe323fd347e072c35be3ef62\" >\n\t<div class=\"fw-wrap-col-inner clearfix\"   >\n\t\t\t\t<div class=\"fw-col-inner\">\n\t\t\t<div class=\"fw-divider-space  fw-custom-space  clearfix\" style=\"height:50px;\" ><\/div>\t\t<\/div>\n\t<\/div>\n<\/div><\/div>\n\n<div class=\"fw-row\">\n\t<div id=\"column-69f0f7798bfe8\" class=\"fw-col-sm-2 tf-sh-136ed275ea09d63c31a94b6d8d8bc860\" >\n\t<div class=\"fw-wrap-col-inner clearfix\"   >\n\t\t\t\t<div class=\"fw-col-inner\">\n\t\t\t\t<div class=\"fw-team tf-sh-039879dc6d69dbd007b4adac5693ba4f  fw-content-align-center fw-team-member-type-2 fw-overlay-1\" >\n\t\t<div style=\"width: 100%;\" class=\"fw-team-image fw-block-image-parent fw-block-image-circle\">\n\t\t\t\t\t\t<div class=\"fw-block-image-child fw-ratio-1 fw-ratio-container\"><noscript itemscope itemtype=\"https:\/\/schema.org\/ImageObject\" itemprop=\"image\"><img data-recalc-dims=\"1\" decoding=\"async\" src=\"https:\/\/i0.wp.com\/rhizomecenter.org\/wp-content\/uploads\/2023\/10\/Poetry-Night.png?ssl=1\"  alt=\"Poetry Night\" data-maxdpr=\"1.7\" class=\"lazyload\" \/><meta itemprop=\"url\" content=\"https:\/\/rhizomecenter.org\/wp-content\/uploads\/2023\/10\/Poetry-Night.png\"><meta itemprop=\"width\" content=\"1080\"><meta itemprop=\"height\" content=\"1080\"><\/noscript><img decoding=\"async\" src=\"data:image\/gif;base64,R0lGODlhAQABAIAAAAAAAP\/\/\/yH5BAEAAAAALAAAAAABAAEAAAIBRAA7\" data-sizes=\"auto\" data-srcset=\"https:\/\/rhizomecenter.org\/wp-content\/uploads\/2023\/10\/Poetry-Night-300x300.png 300w, https:\/\/rhizomecenter.org\/wp-content\/uploads\/2023\/10\/Poetry-Night-1024x1024.png 1024w, https:\/\/rhizomecenter.org\/wp-content\/uploads\/2023\/10\/Poetry-Night-150x150.png 150w, https:\/\/rhizomecenter.org\/wp-content\/uploads\/2023\/10\/Poetry-Night-768x768.png 768w, https:\/\/rhizomecenter.org\/wp-content\/uploads\/2023\/10\/Poetry-Night-12x12.png 12w, https:\/\/rhizomecenter.org\/wp-content\/uploads\/2023\/10\/Poetry-Night-800x800.png 800w, https:\/\/rhizomecenter.org\/wp-content\/uploads\/2023\/10\/Poetry-Night-300x300.png 300w, https:\/\/rhizomecenter.org\/wp-content\/uploads\/2023\/10\/Poetry-Night.png 1080w\"   alt=\"Poetry Night\" data-maxdpr=\"1.7\" class=\"lazyload\" \/>\t\t\t\t<div class=\"fw-block-image-overlay\">\n\t\t\t\t\t<div class=\"fw-itable\">\n\t\t\t\t\t\t<div class=\"fw-icell\">\n\t\t\t\t\t\t\t<div class=\"fw-team-inner\" style=\"\">\n\t\t\t\t\t\t\t\t<div class=\"fw-team-name\">\n\t\t\t\t\t\t\t\t\t\t\t\t\t\t\t\t\t\t\t\t\t\t\t\t\t\t<\/div>\n\n\t\t\t\t\t\t\t\t\n\t\t\t\t\t\t\t\t\t\t\t\t\t\t\t<\/div>\n\t\t\t\t\t\t<\/div>\n\t\t\t\t\t<\/div>\n\t\t\t\t<\/div>\n\t\t\t<\/div>\n\t\t<\/div>\n\t<\/div>\n\t\t<\/div>\n\t<\/div>\n<\/div><div id=\"column-69f0f7798c813\" class=\"fw-col-sm-8 tf-sh-e3de9ac40980fd741bc41b528c6f61bf\" >\n\t<div class=\"fw-wrap-col-inner clearfix\"   >\n\t\t\t\t<div class=\"fw-col-inner\">\n\t\t\t<div class=\"fw-text-box tf-sh-d4d63a46dffa67a32e754971e1cb121b\" >\n\t<div class=\"fw-text-inner\">\n\t\t<p><span style=\"font-weight: 400;\"><b>Open Mic Poetry Night<\/b><br \/><span style=\"color: #00ccff;\">LOCAL EVENT \/ CULTURAL FESTIVAL<\/span><\/span><\/p>\n<div class=\"x11i5rnm xat24cr x1mh8g0r x1vvkbs xtlvy1s x126k92a\">\n<div dir=\"auto\">\n<p>Join spoken word artist, Lalo Aguilar, Laura Cortes of <span class=\"xt0psk2\">Caminantas<\/span>, and Adriana Batista\u2014who will be giving out copies of her recent book, \u201cDe Ingles Fruncidas\u201d\u2014as they guide us through a night of community, belonging, and place. Event MC: Wombay Triple Siete.<\/p>\n<p><img decoding=\"async\" class=\"emoji\" style=\"background-color: #ffffff;\" role=\"img\" draggable=\"false\" src=\"https:\/\/s.w.org\/images\/core\/emoji\/13.0.1\/svg\/1f550.svg\" alt=\"\ud83d\udd50\" \/>\u00a0 Sept 29, 2023, 7:00PM<br \/><img decoding=\"async\" class=\"emoji\" style=\"background-color: #ffffff;\" role=\"img\" draggable=\"false\" src=\"https:\/\/s.w.org\/images\/core\/emoji\/13.0.1\/svg\/1f4cd.svg\" alt=\"\ud83d\udccd\" \/> Prisciliano S\u00e1nchez 737, 44160 Guadalajara, Jalisco<\/p>\n<\/div>\n<\/div>\n\t<\/div>\n<\/div>\t\t<\/div>\n\t<\/div>\n<\/div><\/div>\n\n<div class=\"fw-row\">\n\t<div id=\"column-69f0f7798c953\" class=\"fw-col-sm-12 tf-sh-d6832dd1fe323fd347e072c35be3ef62\" >\n\t<div class=\"fw-wrap-col-inner clearfix\"   >\n\t\t\t\t<div class=\"fw-col-inner\">\n\t\t\t<div class=\"fw-divider-space  fw-custom-space  clearfix\" style=\"height:50px;\" ><\/div>\t\t<\/div>\n\t<\/div>\n<\/div><\/div>\n\n<div class=\"fw-row\">\n\t<div id=\"column-69f0f7798ca36\" class=\"fw-col-sm-2 tf-sh-198377a7443f48ce5ad16670abde12ef\" >\n\t<div class=\"fw-wrap-col-inner clearfix\"   >\n\t\t\t\t<div class=\"fw-col-inner\">\n\t\t\t\t<div class=\"fw-team tf-sh-e360e00e7ec1f462f4bbf6953b5812b9  fw-content-align-center fw-team-member-type-2 fw-overlay-1\" >\n\t\t<div style=\"width: 100%;\" class=\"fw-team-image fw-block-image-parent fw-block-image-circle\">\n\t\t\t\t\t\t<div class=\"fw-block-image-child fw-ratio-1 fw-ratio-container\"><noscript itemscope itemtype=\"https:\/\/schema.org\/ImageObject\" itemprop=\"image\"><img data-recalc-dims=\"1\" decoding=\"async\" src=\"https:\/\/i0.wp.com\/rhizomecenter.org\/wp-content\/uploads\/2023\/10\/9-27-Panel.png?ssl=1\"  alt=\"9-27 Panel\" data-maxdpr=\"1.7\" class=\"lazyload\" \/><meta itemprop=\"url\" content=\"https:\/\/rhizomecenter.org\/wp-content\/uploads\/2023\/10\/9-27-Panel.png\"><meta itemprop=\"width\" content=\"1080\"><meta itemprop=\"height\" content=\"1080\"><\/noscript><img decoding=\"async\" src=\"data:image\/gif;base64,R0lGODlhAQABAIAAAAAAAP\/\/\/yH5BAEAAAAALAAAAAABAAEAAAIBRAA7\" data-sizes=\"auto\" data-srcset=\"https:\/\/rhizomecenter.org\/wp-content\/uploads\/2023\/10\/9-27-Panel-300x300.png 300w, https:\/\/rhizomecenter.org\/wp-content\/uploads\/2023\/10\/9-27-Panel-1024x1024.png 1024w, https:\/\/rhizomecenter.org\/wp-content\/uploads\/2023\/10\/9-27-Panel-150x150.png 150w, https:\/\/rhizomecenter.org\/wp-content\/uploads\/2023\/10\/9-27-Panel-768x768.png 768w, https:\/\/rhizomecenter.org\/wp-content\/uploads\/2023\/10\/9-27-Panel-12x12.png 12w, https:\/\/rhizomecenter.org\/wp-content\/uploads\/2023\/10\/9-27-Panel-800x800.png 800w, https:\/\/rhizomecenter.org\/wp-content\/uploads\/2023\/10\/9-27-Panel-300x300.png 300w, https:\/\/rhizomecenter.org\/wp-content\/uploads\/2023\/10\/9-27-Panel.png 1080w\"   alt=\"9-27 Panel\" data-maxdpr=\"1.7\" class=\"lazyload\" \/>\t\t\t\t<div class=\"fw-block-image-overlay\">\n\t\t\t\t\t<div class=\"fw-itable\">\n\t\t\t\t\t\t<div class=\"fw-icell\">\n\t\t\t\t\t\t\t<div class=\"fw-team-inner\" style=\"\">\n\t\t\t\t\t\t\t\t<div class=\"fw-team-name\">\n\t\t\t\t\t\t\t\t\t\t\t\t\t\t\t\t\t\t\t\t\t\t\t\t\t\t<\/div>\n\n\t\t\t\t\t\t\t\t\n\t\t\t\t\t\t\t\t\t\t\t\t\t\t\t<\/div>\n\t\t\t\t\t\t<\/div>\n\t\t\t\t\t<\/div>\n\t\t\t\t<\/div>\n\t\t\t<\/div>\n\t\t<\/div>\n\t<\/div>\n\t\t<\/div>\n\t<\/div>\n<\/div><div id=\"column-69f0f7798cdc0\" class=\"fw-col-sm-8 tf-sh-2afd52e5870c3df374f698f71b6e1407\" >\n\t<div class=\"fw-wrap-col-inner clearfix\"   >\n\t\t\t\t<div class=\"fw-col-inner\">\n\t\t\t<div class=\"fw-text-box tf-sh-76c8322d47a1627e21c0c22cb22f0410\" >\n\t<div class=\"fw-text-inner\">\n\t\t<p><span style=\"font-weight: 400;\"><strong>La transformaci\u00f3n demogr\u00e1fica de la AMG: c\u00f3mo se est\u00e1 adaptando la zona<\/strong><br \/><span style=\"color: #00ccff;\">PANEL DISCUSSION \/ CULTURAL FESTIVAL<\/span><\/span><\/p>\n<p data-key=\"17\"><span data-key=\"20\">Join us on September 27th with Im\u00e1m Rafael Barajas Vazquez (CEDSCIM), Enrique Gonz\u00e1lez (FM4 Paso Libre), Rick Zepeda (Guanatos G.D.L.S.U.R.), and Abraham Mora Garcia (\u00c1rea de pueblos ind\u00edgenas del municipio de Zapopan) for a discussion on how the Metropolitan Area of Guadalajara has addressed (historically and today) issues of racism and discrimination. Panel moderated by Prof. Gisela Carlos Fregoso of the University of Guadalajara.<br \/><\/span><\/p>\n<p><img decoding=\"async\" class=\"emoji\" role=\"img\" draggable=\"false\" src=\"https:\/\/s.w.org\/images\/core\/emoji\/13.0.1\/svg\/1f550.svg\" alt=\"\ud83d\udd50\" \/>\u00a0 Sept 27, 2023, 4:30PM - 5:30PM<br \/><img decoding=\"async\" class=\"emoji\" role=\"img\" draggable=\"false\" src=\"https:\/\/s.w.org\/images\/core\/emoji\/13.0.1\/svg\/1f4cd.svg\" alt=\"\ud83d\udccd\" \/> Ex Convento del Carmen, Ju\u00e1rez 638, 44100 Guadalajara, Jalisco<\/p>\n\t<\/div>\n<\/div>\t\t<\/div>\n\t<\/div>\n<\/div><div id=\"column-69f0f7798ceba\" class=\"fw-col-sm-2 tf-sh-eab935d7ee01c403a0ad21a97fe3a915\" >\n\t<div class=\"fw-wrap-col-inner clearfix\"   >\n\t\t\t\t<div class=\"fw-col-inner\">\n\t\t\t<div class=\"text-center\">\t<a href=\"https:\/\/www.eventbrite.com\/e\/719552449747?aff=oddtdtcreator\" target=\"_blank\" class=\"fw-btn tf-sh-7ba8437c520853ebd3d4f1bba822cff9     fw-btn-1\"  style=\"width:200px; height:50px; line-height:50px;\">\n\t\t<span style=\"top:0;\">\n\t\t\tConfirme su lugar\t\t<\/span>\n\t<\/a>\n<\/div>\t\t<\/div>\n\t<\/div>\n<\/div><\/div>\n\n<div class=\"fw-row\">\n\t<div id=\"column-69f0f7798cfae\" class=\"fw-col-sm-12 tf-sh-d6832dd1fe323fd347e072c35be3ef62\" >\n\t<div class=\"fw-wrap-col-inner clearfix\"   >\n\t\t\t\t<div class=\"fw-col-inner\">\n\t\t\t<div class=\"fw-divider-space  fw-custom-space  clearfix\" style=\"height:50px;\" ><\/div>\t\t<\/div>\n\t<\/div>\n<\/div><\/div>\n\n<div class=\"fw-row\">\n\t<div id=\"column-69f0f7798d08c\" class=\"fw-col-sm-2 tf-sh-8286d03dd58b1840d4dda3965384f0dc\" >\n\t<div class=\"fw-wrap-col-inner clearfix\"   >\n\t\t\t\t<div class=\"fw-col-inner\">\n\t\t\t\t<div class=\"fw-team tf-sh-9955cfca0d4b5d953ccd522dfc19ab44  fw-content-align-center fw-team-member-type-2 fw-overlay-1\" >\n\t\t<div style=\"width: 100%;\" class=\"fw-team-image fw-block-image-parent fw-block-image-circle\">\n\t\t\t\t\t\t<div class=\"fw-block-image-child fw-ratio-1 fw-ratio-container\"><noscript itemscope itemtype=\"https:\/\/schema.org\/ImageObject\" itemprop=\"image\"><img data-recalc-dims=\"1\" decoding=\"async\" src=\"https:\/\/i0.wp.com\/rhizomecenter.org\/wp-content\/uploads\/2023\/10\/Screenshot-2023-09-27-at-08-51-05-Gracias-a-la-invitacion-por-parte-de-%40therhizomecenter-y-%40diversidadculturalgdl-nuestro-companero-Fernando-Acosta-en-representacion-del%E2%80%A6-Instagram.png?ssl=1\"  alt=\"9-26 Panel\" data-maxdpr=\"1.7\" class=\"lazyload\" \/><meta itemprop=\"url\" content=\"https:\/\/rhizomecenter.org\/wp-content\/uploads\/2023\/10\/Screenshot-2023-09-27-at-08-51-05-Gracias-a-la-invitacion-por-parte-de-@therhizomecenter-y-@diversidadculturalgdl-nuestro-companero-Fernando-Acosta-en-representacion-del\u2026-Instagram.png\"><meta itemprop=\"width\" content=\"678\"><meta itemprop=\"height\" content=\"508\"><\/noscript><img decoding=\"async\" src=\"data:image\/gif;base64,R0lGODlhAQABAIAAAAAAAP\/\/\/yH5BAEAAAAALAAAAAABAAEAAAIBRAA7\" data-sizes=\"auto\" data-srcset=\"https:\/\/rhizomecenter.org\/wp-content\/uploads\/2023\/10\/Screenshot-2023-09-27-at-08-51-05-Gracias-a-la-invitacion-por-parte-de-@therhizomecenter-y-@diversidadculturalgdl-nuestro-companero-Fernando-Acosta-en-representacion-del\u2026-Instagram-150x150.png 150w, https:\/\/rhizomecenter.org\/wp-content\/uploads\/2023\/10\/Screenshot-2023-09-27-at-08-51-05-Gracias-a-la-invitacion-por-parte-de-@therhizomecenter-y-@diversidadculturalgdl-nuestro-companero-Fernando-Acosta-en-representacion-del\u2026-Instagram-300x300.png 300w\"   alt=\"9-26 Panel\" data-maxdpr=\"1.7\" class=\"lazyload\" \/>\t\t\t\t<div class=\"fw-block-image-overlay\">\n\t\t\t\t\t<div class=\"fw-itable\">\n\t\t\t\t\t\t<div class=\"fw-icell\">\n\t\t\t\t\t\t\t<div class=\"fw-team-inner\" style=\"\">\n\t\t\t\t\t\t\t\t<div class=\"fw-team-name\">\n\t\t\t\t\t\t\t\t\t\t\t\t\t\t\t\t\t\t\t\t\t\t\t\t\t\t<\/div>\n\n\t\t\t\t\t\t\t\t\n\t\t\t\t\t\t\t\t\t\t\t\t\t\t\t<\/div>\n\t\t\t\t\t\t<\/div>\n\t\t\t\t\t<\/div>\n\t\t\t\t<\/div>\n\t\t\t<\/div>\n\t\t<\/div>\n\t<\/div>\n\t\t<\/div>\n\t<\/div>\n<\/div><div id=\"column-69f0f7798d4f1\" class=\"fw-col-sm-8 tf-sh-2eb02244dff4b8f9dd2274c8c59cb076\" >\n\t<div class=\"fw-wrap-col-inner clearfix\"   >\n\t\t\t\t<div class=\"fw-col-inner\">\n\t\t\t<div class=\"fw-text-box tf-sh-0dfc78281a4d1ea2ce0e6dbb395c9344\" >\n\t<div class=\"fw-text-inner\">\n\t\t<p><span style=\"font-weight: 400;\"><strong>Procesos de integraci\u00f3n de las comunidades migrantes de la AMG<\/strong><br \/><span style=\"color: #00ccff;\">PANEL DISCUSSION \/ CULTURAL FESTIVAL<\/span><\/span><\/p>\n<p data-key=\"17\"><span data-key=\"20\">Given that the composition of the Metropolitan Area of Guadalajara has changed drastically due to migration, we are uniting anthropologists, demographers, and members of diverse communities for a conversation on the integration processes of different migrant groups. Join us on September 26th with Prof. Asmara Gonz\u00e1lez-Rojas (UdeG), Santiago Ru\u00edz Bastida (IIEG), Mariangel Vielma (Caminantas), and Fernando Acosta Rivero (Festival de Cine Colombia Migrante) and moderator, Prof. Karina Arias Mu\u00f1oz of ITESO Jesuit University of Guadalajara.<\/span><\/p>\n<p><img decoding=\"async\" class=\"emoji\" role=\"img\" draggable=\"false\" src=\"https:\/\/s.w.org\/images\/core\/emoji\/13.0.1\/svg\/1f550.svg\" alt=\"\ud83d\udd50\" \/>\u00a0 Sept 26, 2023, 4:30PM - 6:00PM<br \/><img decoding=\"async\" class=\"emoji\" role=\"img\" draggable=\"false\" src=\"https:\/\/s.w.org\/images\/core\/emoji\/13.0.1\/svg\/1f4cd.svg\" alt=\"\ud83d\udccd\" \/> Ex Convento del Carmen, Ju\u00e1rez 638, 44100 Guadalajara, Jalisco<\/p>\n\t<\/div>\n<\/div>\t\t<\/div>\n\t<\/div>\n<\/div><div id=\"column-69f0f7798d589\" class=\"fw-col-sm-2 tf-sh-797641e336a288153bf9a8c1d462c617\" >\n\t<div class=\"fw-wrap-col-inner clearfix\"   >\n\t\t\t\t<div class=\"fw-col-inner\">\n\t\t\t<div class=\"text-center\">\t<a href=\"https:\/\/www.eventbrite.com\/e\/procesos-de-integracion-de-las-comunidades-migrantes-de-la-amg-tickets-718897360357?aff=oddtdtcreator\" target=\"_blank\" class=\"fw-btn tf-sh-17192969dd30559d54fddfd00950822a     fw-btn-1\"  style=\"width:200px; height:50px; line-height:50px;\">\n\t\t<span style=\"top:0;\">\n\t\t\tConfirme su lugar\t\t<\/span>\n\t<\/a>\n<\/div>\t\t<\/div>\n\t<\/div>\n<\/div><\/div>\n\n<div class=\"fw-row\">\n\t<div id=\"column-69f0f7798d631\" class=\"fw-col-sm-12 tf-sh-d6832dd1fe323fd347e072c35be3ef62\" >\n\t<div class=\"fw-wrap-col-inner clearfix\"   >\n\t\t\t\t<div class=\"fw-col-inner\">\n\t\t\t<div class=\"fw-divider-space  fw-custom-space  clearfix\" style=\"height:50px;\" ><\/div>\t\t<\/div>\n\t<\/div>\n<\/div><\/div>\n\n<div class=\"fw-row\">\n\t<div id=\"column-69f0f7798d6c6\" class=\"fw-col-sm-2 tf-sh-d470bbe2893a40a797ed862383c105cb\" >\n\t<div class=\"fw-wrap-col-inner clearfix\"   >\n\t\t\t\t<div class=\"fw-col-inner\">\n\t\t\t\t<div class=\"fw-team tf-sh-2d74f356140cce018964cb751c940048  fw-content-align-center fw-team-member-type-2 fw-overlay-1\" >\n\t\t<div style=\"width: 100%;\" class=\"fw-team-image fw-block-image-parent fw-block-image-circle\">\n\t\t\t\t\t\t<div class=\"fw-block-image-child fw-ratio-1 fw-ratio-container\"><noscript itemscope itemtype=\"https:\/\/schema.org\/ImageObject\" itemprop=\"image\"><img data-recalc-dims=\"1\" decoding=\"async\" src=\"https:\/\/i0.wp.com\/rhizomecenter.org\/wp-content\/uploads\/2023\/10\/WhatsApp-Image-2023-09-25-at-18.28.16.jpeg?ssl=1\"  alt=\"Arroniz\" data-maxdpr=\"1.7\" class=\"lazyload\" \/><meta itemprop=\"url\" content=\"https:\/\/rhizomecenter.org\/wp-content\/uploads\/2023\/10\/WhatsApp-Image-2023-09-25-at-18.28.16.jpeg\"><meta itemprop=\"width\" content=\"768\"><meta itemprop=\"height\" content=\"1024\"><\/noscript><img decoding=\"async\" src=\"data:image\/gif;base64,R0lGODlhAQABAIAAAAAAAP\/\/\/yH5BAEAAAAALAAAAAABAAEAAAIBRAA7\" data-sizes=\"auto\" data-srcset=\"https:\/\/rhizomecenter.org\/wp-content\/uploads\/2023\/10\/WhatsApp-Image-2023-09-25-at-18.28.16-150x150.jpeg 150w, https:\/\/rhizomecenter.org\/wp-content\/uploads\/2023\/10\/WhatsApp-Image-2023-09-25-at-18.28.16-300x300.jpeg 300w\"   alt=\"Arroniz\" data-maxdpr=\"1.7\" class=\"lazyload\" \/>\t\t\t\t<div class=\"fw-block-image-overlay\">\n\t\t\t\t\t<div class=\"fw-itable\">\n\t\t\t\t\t\t<div class=\"fw-icell\">\n\t\t\t\t\t\t\t<div class=\"fw-team-inner\" style=\"\">\n\t\t\t\t\t\t\t\t<div class=\"fw-team-name\">\n\t\t\t\t\t\t\t\t\t\t\t\t\t\t\t\t\t\t\t\t\t\t\t\t\t\t<\/div>\n\n\t\t\t\t\t\t\t\t\n\t\t\t\t\t\t\t\t\t\t\t\t\t\t\t<\/div>\n\t\t\t\t\t\t<\/div>\n\t\t\t\t\t<\/div>\n\t\t\t\t<\/div>\n\t\t\t<\/div>\n\t\t<\/div>\n\t<\/div>\n\t\t<\/div>\n\t<\/div>\n<\/div><div id=\"column-69f0f7798d951\" class=\"fw-col-sm-8 tf-sh-53e1c19e4454bd054b0acf8bb0f30928\" >\n\t<div class=\"fw-wrap-col-inner clearfix\"   >\n\t\t\t\t<div class=\"fw-col-inner\">\n\t\t\t<div class=\"fw-text-box tf-sh-c53a1c9556274063cb1df98d00f26287\" >\n\t<div class=\"fw-text-inner\">\n\t\t<p><span style=\"font-weight: 400;\"><b>Feria Gastron\u00f3mica y Cultural<\/b><br \/><span style=\"color: #00ccff;\">LOCAL EVENT \/ CULTURAL FESTIVAL<\/span><\/span><\/p>\n<p><span class=\"x193iq5w xeuugli x13faqbe x1vvkbs x1xmvt09 x1lliihq x1s928wv xhkezso x1gmr53x x1cpjm7i x1fgarty x1943h6x xudqn12 x3x7a5m x6prxxf xvq8zen xo1l8bm xzsf02u x1yc453h\" dir=\"auto\">Join us this Sunday for a Food + Cultural Fest organized by The Rhizome Center for Migrants to be held at the Edificio Arr\u00f3niz, home of the Secretary of Culture of Jalisco. In this inaugural event of the Cultural Diversity &amp; Belonging Festival, we are bringing together the city's diverse communities, including the city's international residents and the city's Muslim, Afrodescendent, indigenous, and binational communities. Live performance by Maria Der\u00e1s of El Movimiento del Coraz\u00f3n Danza Africana, live music by Agathe and playlist generously provided by Dub Iration of Jamaica Records. Buy your tickets now!<\/span><\/p>\n<p><img decoding=\"async\" class=\"emoji\" role=\"img\" draggable=\"false\" src=\"https:\/\/s.w.org\/images\/core\/emoji\/13.0.1\/svg\/1f550.svg\" alt=\"\ud83d\udd50\" \/>\u00a0 Sept 24, 2023, 12:30PM - 4:30PM<br \/><img decoding=\"async\" class=\"emoji\" role=\"img\" draggable=\"false\" src=\"https:\/\/s.w.org\/images\/core\/emoji\/13.0.1\/svg\/1f4cd.svg\" alt=\"\ud83d\udccd\" \/> Edificio Arr\u00f3niz, Ignacio Zaragoza 224, 44100 Guadalajara, Jalisco<\/p>\n\t<\/div>\n<\/div>\t\t<\/div>\n\t<\/div>\n<\/div><div id=\"column-69f0f7798d9ed\" class=\"fw-col-sm-2 tf-sh-e7ecb0f3c0b3a7234d76a3b3ecf95fe4\" >\n\t<div class=\"fw-wrap-col-inner clearfix\"   >\n\t\t\t\t<div class=\"fw-col-inner\">\n\t\t\t<div class=\"text-center\">\t<a href=\"https:\/\/www.eventbrite.com\/e\/716513690737?aff=oddtdtcreator\" target=\"_blank\" class=\"fw-btn tf-sh-a1f97769c436d594773f73bebd094175     fw-btn-1\"  style=\"width:200px; height:50px; line-height:50px;\">\n\t\t<span style=\"top:0;\">\n\t\t\tBuy tickets\t\t<\/span>\n\t<\/a>\n<\/div>\t\t<\/div>\n\t<\/div>\n<\/div><\/div>\n\n<div class=\"fw-row\">\n\t<div id=\"column-69f0f7798dab3\" class=\"fw-col-sm-12 tf-sh-d6832dd1fe323fd347e072c35be3ef62\" >\n\t<div class=\"fw-wrap-col-inner clearfix\"   >\n\t\t\t\t<div class=\"fw-col-inner\">\n\t\t\t<div class=\"fw-divider-space  fw-custom-space  clearfix\" style=\"height:50px;\" ><\/div>\t\t<\/div>\n\t<\/div>\n<\/div><\/div>\n\n<div class=\"fw-row\">\n\t<div id=\"column-69f0f7798db3d\" class=\"fw-col-sm-2 tf-sh-fa6140e20ed0275b0bd415f74e28efb7\" >\n\t<div class=\"fw-wrap-col-inner clearfix\"   >\n\t\t\t\t<div class=\"fw-col-inner\">\n\t\t\t\t<div class=\"fw-team tf-sh-f38358db48887a42a91487fdb7082a70  fw-content-align-center fw-team-member-type-2 fw-overlay-1\" >\n\t\t<div style=\"width: 100%;\" class=\"fw-team-image fw-block-image-parent fw-block-image-circle\">\n\t\t\t\t\t\t<div class=\"fw-block-image-child fw-ratio-1 fw-ratio-container\"><noscript itemscope itemtype=\"https:\/\/schema.org\/ImageObject\" itemprop=\"image\"><img data-recalc-dims=\"1\" decoding=\"async\" src=\"https:\/\/i0.wp.com\/rhizomecenter.org\/wp-content\/uploads\/2023\/10\/Cartel-General-del-Festival.png?ssl=1\"  alt=\"Cartel General\" data-maxdpr=\"1.7\" class=\"lazyload\" \/><meta itemprop=\"url\" content=\"https:\/\/rhizomecenter.org\/wp-content\/uploads\/2023\/10\/Cartel-General-del-Festival.png\"><meta itemprop=\"width\" content=\"1728\"><meta itemprop=\"height\" content=\"2304\"><\/noscript><img decoding=\"async\" src=\"data:image\/gif;base64,R0lGODlhAQABAIAAAAAAAP\/\/\/yH5BAEAAAAALAAAAAABAAEAAAIBRAA7\" data-sizes=\"auto\" data-srcset=\"https:\/\/rhizomecenter.org\/wp-content\/uploads\/2023\/10\/Cartel-General-del-Festival-150x150.png 150w, https:\/\/rhizomecenter.org\/wp-content\/uploads\/2023\/10\/Cartel-General-del-Festival-800x800.png 800w, https:\/\/rhizomecenter.org\/wp-content\/uploads\/2023\/10\/Cartel-General-del-Festival-300x300.png 300w\"   alt=\"Cartel General\" data-maxdpr=\"1.7\" class=\"lazyload\" \/>\t\t\t\t<div class=\"fw-block-image-overlay\">\n\t\t\t\t\t<div class=\"fw-itable\">\n\t\t\t\t\t\t<div class=\"fw-icell\">\n\t\t\t\t\t\t\t<div class=\"fw-team-inner\" style=\"\">\n\t\t\t\t\t\t\t\t<div class=\"fw-team-name\">\n\t\t\t\t\t\t\t\t\t\t\t\t\t\t\t\t\t\t\t\t\t\t\t\t\t\t<\/div>\n\n\t\t\t\t\t\t\t\t\n\t\t\t\t\t\t\t\t\t\t\t\t\t\t\t<\/div>\n\t\t\t\t\t\t<\/div>\n\t\t\t\t\t<\/div>\n\t\t\t\t<\/div>\n\t\t\t<\/div>\n\t\t<\/div>\n\t<\/div>\n\t\t<\/div>\n\t<\/div>\n<\/div><div id=\"column-69f0f7798dd5d\" class=\"fw-col-sm-8 tf-sh-475f2e8c6f0be27913564624ca8ed262\" >\n\t<div class=\"fw-wrap-col-inner clearfix\"   >\n\t\t\t\t<div class=\"fw-col-inner\">\n\t\t\t<div class=\"fw-text-box tf-sh-d35ca067f586745e2296167711d15ac0\" >\n\t<div class=\"fw-text-inner\">\n\t\t<p><span style=\"font-weight: 400;\"><b>Cultural Diversity &amp; Belonging Festival 2023<\/b><br \/><span style=\"color: #00ccff;\">LOCAL EVENT \/ CULTURAL FESTIVAL<\/span><\/span><\/p>\n<p><span class=\"x193iq5w xeuugli x13faqbe x1vvkbs x1xmvt09 x1lliihq x1s928wv xhkezso x1gmr53x x1cpjm7i x1fgarty x1943h6x xudqn12 x3x7a5m x6prxxf xvq8zen xo1l8bm xzsf02u x1yc453h\" dir=\"auto\">The Rhizome Center for Migrants is proud to chair and sponsor the first Cultural Diversity &amp; Belonging Festival this September 23 - 30, 2023. The series of events, which will take place in the City of Guadalajara, will include academic activities and cultural events, including a Food + Cultural Fest, poetry night, and photo exhibit.\u00a0<\/span><\/p>\n<p><img decoding=\"async\" class=\"emoji\" role=\"img\" draggable=\"false\" src=\"https:\/\/s.w.org\/images\/core\/emoji\/13.0.1\/svg\/1f550.svg\" alt=\"\ud83d\udd50\" \/>\u00a0 Sept 23 - 30, 2023, Week-Long Event<br \/><img decoding=\"async\" class=\"emoji\" role=\"img\" draggable=\"false\" src=\"https:\/\/s.w.org\/images\/core\/emoji\/13.0.1\/svg\/1f4cd.svg\" alt=\"\ud83d\udccd\" \/> Guadalajara Metropolitan Area<\/p>\n\t<\/div>\n<\/div>\t\t<\/div>\n\t<\/div>\n<\/div><div id=\"column-69f0f7798dde7\" class=\"fw-col-sm-2 tf-sh-b9a5d771e53eda58e17884635b6f46e3\" >\n\t<div class=\"fw-wrap-col-inner clearfix\"   >\n\t\t\t\t<div class=\"fw-col-inner\">\n\t\t\t<div class=\"text-center\">\t<a href=\"\/es\/tinyurl.com\/9pukap3t\/\" target=\"_blank\" class=\"fw-btn tf-sh-07cc00a52c537516e58e717b9ff9a16a     fw-btn-1\"  style=\"width:200px; height:50px; line-height:50px;\">\n\t\t<span style=\"top:0;\">\n\t\t\tFull Events\t\t<\/span>\n\t<\/a>\n<\/div>\t\t<\/div>\n\t<\/div>\n<\/div><\/div>\n\n<div class=\"fw-row\">\n\t<div id=\"column-69f0f7798de80\" class=\"fw-col-sm-12 tf-sh-d6832dd1fe323fd347e072c35be3ef62\" >\n\t<div class=\"fw-wrap-col-inner clearfix\"   >\n\t\t\t\t<div class=\"fw-col-inner\">\n\t\t\t<div class=\"fw-divider-space  fw-custom-space  clearfix\" style=\"height:50px;\" ><\/div>\t\t<\/div>\n\t<\/div>\n<\/div><\/div>\n\n<div class=\"fw-row\">\n\t<div id=\"column-69f0f7798df0b\" class=\"fw-col-sm-2 tf-sh-f2e07fd2b3c8c0b52e7d93c9d377ce68\" >\n\t<div class=\"fw-wrap-col-inner clearfix\"   >\n\t\t\t\t<div class=\"fw-col-inner\">\n\t\t\t\t<div class=\"fw-team tf-sh-ab103d09b662b93f073596536028e858  fw-content-align-center fw-team-member-type-2 fw-overlay-1\" >\n\t\t<div style=\"width: 100%;\" class=\"fw-team-image fw-block-image-parent fw-block-image-circle\">\n\t\t\t\t\t\t<div class=\"fw-block-image-child fw-ratio-1 fw-ratio-container\"><noscript itemscope itemtype=\"https:\/\/schema.org\/ImageObject\" itemprop=\"image\"><img data-recalc-dims=\"1\" decoding=\"async\" src=\"https:\/\/i0.wp.com\/rhizomecenter.org\/wp-content\/uploads\/2021\/06\/catedral.png?ssl=1\"  alt=\"Catedral\" data-maxdpr=\"1.7\" class=\"lazyload\" \/><meta itemprop=\"url\" content=\"https:\/\/rhizomecenter.org\/wp-content\/uploads\/2021\/06\/catedral.png\"><meta itemprop=\"width\" content=\"618\"><meta itemprop=\"height\" content=\"779\"><\/noscript><img decoding=\"async\" src=\"data:image\/gif;base64,R0lGODlhAQABAIAAAAAAAP\/\/\/yH5BAEAAAAALAAAAAABAAEAAAIBRAA7\" data-sizes=\"auto\" data-srcset=\"https:\/\/rhizomecenter.org\/wp-content\/uploads\/2021\/06\/catedral-150x150.png 150w, https:\/\/rhizomecenter.org\/wp-content\/uploads\/2021\/06\/catedral-300x300.png 300w\"   alt=\"Catedral\" data-maxdpr=\"1.7\" class=\"lazyload\" \/>\t\t\t\t<div class=\"fw-block-image-overlay\">\n\t\t\t\t\t<div class=\"fw-itable\">\n\t\t\t\t\t\t<div class=\"fw-icell\">\n\t\t\t\t\t\t\t<div class=\"fw-team-inner\" style=\"\">\n\t\t\t\t\t\t\t\t<div class=\"fw-team-name\">\n\t\t\t\t\t\t\t\t\t\t\t\t\t\t\t\t\t\t\t\t\t\t\t\t\t\t<\/div>\n\n\t\t\t\t\t\t\t\t\n\t\t\t\t\t\t\t\t\t\t\t\t\t\t\t<\/div>\n\t\t\t\t\t\t<\/div>\n\t\t\t\t\t<\/div>\n\t\t\t\t<\/div>\n\t\t\t<\/div>\n\t\t<\/div>\n\t<\/div>\n\t\t<\/div>\n\t<\/div>\n<\/div><div id=\"column-69f0f7798e015\" class=\"fw-col-sm-8 tf-sh-5a346b95020c6435da4816d32629e9b3\" >\n\t<div class=\"fw-wrap-col-inner clearfix\"   >\n\t\t\t\t<div class=\"fw-col-inner\">\n\t\t\t<div class=\"fw-text-box tf-sh-d3a359b3dfee95c17c834d608bbf00ff\" >\n\t<div class=\"fw-text-inner\">\n\t\t<p><span style=\"font-weight: 400;\"><b>Our Immigration Course<\/b><br \/><span style=\"color: #00ccff;\">EVENTO LOCAL \/ PROGRAMA EDUCATIVO<\/span><br \/><\/span><\/p>\n<p>Attorneys, rights advocates, law students and L.L.M.s are invited to Guadalajara, Mexico. Our eye-opening immigration course is aimed at raising awareness about U.S.-Mexico border politics, immigration policies, and impact. This August, we welcome our 8th class to Guadalajara, where participants will have the opportunity to connect with leading cross-border actors, as well as migrants, asylum seekers, refugees, and deportees themselves.<\/p>\n<p><img decoding=\"async\" class=\"emoji\" role=\"img\" draggable=\"false\" src=\"https:\/\/s.w.org\/images\/core\/emoji\/13.0.1\/svg\/1f550.svg\" alt=\"\ud83d\udd50\" \/>\u00a0 Aug 4-11, 2023, Week-Long Event<br \/><img decoding=\"async\" class=\"emoji\" role=\"img\" draggable=\"false\" src=\"https:\/\/s.w.org\/images\/core\/emoji\/13.0.1\/svg\/1f4cd.svg\" alt=\"\ud83d\udccd\" \/>\u00a0Guadalajara, Jalisco<\/p>\n\t<\/div>\n<\/div>\t\t<\/div>\n\t<\/div>\n<\/div><div id=\"column-69f0f7798e09a\" class=\"fw-col-sm-2 tf-sh-f1f685fd5d331f91ff613935ddd3d18d\" >\n\t<div class=\"fw-wrap-col-inner clearfix\"   >\n\t\t\t\t<div class=\"fw-col-inner\">\n\t\t\t<div class=\"text-center\">\t<a href=\"https:\/\/recrea-academy.mx\/#eventos-integrados\" target=\"_blank\" class=\"fw-btn tf-sh-8fa218cf8bb4c19051ee5f085441b9b8     anchor fw-btn-1\"  style=\"width:200px; height:50px; line-height:50px;\">\n\t\t<span style=\"top:0;\">\n\t\t\tEnrollment Closed\t\t<\/span>\n\t<\/a>\n<\/div>\t\t<\/div>\n\t<\/div>\n<\/div><\/div>\n\n<div class=\"fw-row\">\n\t<div id=\"column-69f0f7798e123\" class=\"fw-col-sm-12 tf-sh-d6832dd1fe323fd347e072c35be3ef62\" >\n\t<div class=\"fw-wrap-col-inner clearfix\"   >\n\t\t\t\t<div class=\"fw-col-inner\">\n\t\t\t<div class=\"fw-divider-space  fw-custom-space  clearfix\" style=\"height:50px;\" ><\/div>\t\t<\/div>\n\t<\/div>\n<\/div><\/div>\n\n<div class=\"fw-row\">\n\t<div id=\"column-69f0f7798e1a4\" class=\"fw-col-sm-2 tf-sh-aff6dce9d7923a171a1f32ccc9f5b63a\" >\n\t<div class=\"fw-wrap-col-inner clearfix\"   >\n\t\t\t\t<div class=\"fw-col-inner\">\n\t\t\t\t<div class=\"fw-team tf-sh-071c4dad635c30cf6810735830e1d28d  fw-content-align-center fw-team-member-type-2 fw-overlay-1\" >\n\t\t<div style=\"width: 100%;\" class=\"fw-team-image fw-block-image-parent fw-block-image-circle\">\n\t\t\t\t\t\t<div class=\"fw-block-image-child fw-ratio-1 fw-ratio-container\"><noscript itemscope itemtype=\"https:\/\/schema.org\/ImageObject\" itemprop=\"image\"><img data-recalc-dims=\"1\" decoding=\"async\" src=\"https:\/\/i0.wp.com\/rhizomecenter.org\/wp-content\/uploads\/2023\/05\/Texas-AM-Logo.jpg?ssl=1\"  alt=\"Texas A&amp;M University School of Law logo (PRNewsFoto\/Texas A&amp;M University School of)\" data-maxdpr=\"1.7\" class=\"lazyload\" \/><meta itemprop=\"url\" content=\"https:\/\/rhizomecenter.org\/wp-content\/uploads\/2023\/05\/Texas-AM-Logo.jpg\"><meta itemprop=\"width\" content=\"1200\"><meta itemprop=\"height\" content=\"1200\"><\/noscript><img decoding=\"async\" src=\"data:image\/gif;base64,R0lGODlhAQABAIAAAAAAAP\/\/\/yH5BAEAAAAALAAAAAABAAEAAAIBRAA7\" data-sizes=\"auto\" data-srcset=\"https:\/\/rhizomecenter.org\/wp-content\/uploads\/2023\/05\/Texas-AM-Logo-300x300.jpg 300w, https:\/\/rhizomecenter.org\/wp-content\/uploads\/2023\/05\/Texas-AM-Logo-1024x1024.jpg 1024w, https:\/\/rhizomecenter.org\/wp-content\/uploads\/2023\/05\/Texas-AM-Logo-150x150.jpg 150w, https:\/\/rhizomecenter.org\/wp-content\/uploads\/2023\/05\/Texas-AM-Logo-768x768.jpg 768w, https:\/\/rhizomecenter.org\/wp-content\/uploads\/2023\/05\/Texas-AM-Logo-12x12.jpg 12w, https:\/\/rhizomecenter.org\/wp-content\/uploads\/2023\/05\/Texas-AM-Logo-800x800.jpg 800w, https:\/\/rhizomecenter.org\/wp-content\/uploads\/2023\/05\/Texas-AM-Logo-300x300.jpg 300w, https:\/\/rhizomecenter.org\/wp-content\/uploads\/2023\/05\/Texas-AM-Logo.jpg 1200w\"   alt=\"Texas A&amp;M University School of Law logo (PRNewsFoto\/Texas A&amp;M University School of)\" data-maxdpr=\"1.7\" class=\"lazyload\" \/>\t\t\t\t<div class=\"fw-block-image-overlay\">\n\t\t\t\t\t<div class=\"fw-itable\">\n\t\t\t\t\t\t<div class=\"fw-icell\">\n\t\t\t\t\t\t\t<div class=\"fw-team-inner\" style=\"\">\n\t\t\t\t\t\t\t\t<div class=\"fw-team-name\">\n\t\t\t\t\t\t\t\t\t\t\t\t\t\t\t\t\t\t\t\t\t\t\t\t\t\t<\/div>\n\n\t\t\t\t\t\t\t\t\n\t\t\t\t\t\t\t\t\t\t\t\t\t\t\t<\/div>\n\t\t\t\t\t\t<\/div>\n\t\t\t\t\t<\/div>\n\t\t\t\t<\/div>\n\t\t\t<\/div>\n\t\t<\/div>\n\t<\/div>\n\t\t<\/div>\n\t<\/div>\n<\/div><div id=\"column-69f0f7798e64b\" class=\"fw-col-sm-8 tf-sh-714e92ea392981838deba2ebe065306c\" >\n\t<div class=\"fw-wrap-col-inner clearfix\"   >\n\t\t\t\t<div class=\"fw-col-inner\">\n\t\t\t<div class=\"fw-text-box tf-sh-4f7de7bc31c5b02b5253144fa80a0e06\" >\n\t<div class=\"fw-text-inner\">\n\t\t<p><span style=\"font-weight: 400;\"><b>\"Discussion on Legal Needs\"<\/b><br \/><span style=\"color: #00ccff;\">PANEL DISCUSSION \/ TEXAS A&amp;M UNIVERSITY MEXICAN REINTEGRATION CONFERENCE<\/span><\/span><\/p>\n<p>The Rhizome Center for Migrants will be joining a panel on cross border legal needs, along with Ariel Diaz (formerly with Caminamos Juntos), Karon Rowden (TAMU Family Law &amp; Veterans Advocacy Clinic), and Maggie Loredo (Otros Dreams en Acci\u00f3n), at Texas A&amp;M University's Mexican Reintegration Conference in Mexico City. The 3-day conference builds upon TAMU's research focusing on the reintegration experiences of Mexican nationals who return to Mexico, either voluntarily or after deportation, after living in the United States, with the hopes of creating a pilot project blueprint that can further meet the vast legal needs of the returned and deported communities currently residing in Mexico. Full conference agenda <a href=\"https:\/\/urldefense.com\/v3\/__https:\/gmail.us21.list-manage.com\/track\/click?u=a4ea0ac11f031daf120e8dfe5&amp;id=ab2eeea2ac&amp;e=fc96fa9cfd__;!!KwNVnqRv!DDQIjrjscXcvRrMhU-Atmhw3nMJPZCfSV0MRjDxIjCd6foZlyGxA7hFKssPYz79CLKL5EPg-NyyT2EWPxgTSyclaWrFX5Mc$\" target=\"_blank\" rel=\"noopener\">haga clic en este enlace<\/a>.<\/p>\n<p><img decoding=\"async\" class=\"emoji\" role=\"img\" draggable=\"false\" src=\"https:\/\/s.w.org\/images\/core\/emoji\/13.0.1\/svg\/1f550.svg\" alt=\"\ud83d\udd50\" \/>\u00a0 May 18-20, 2023, All-Day Events<br \/><img decoding=\"async\" class=\"emoji\" role=\"img\" draggable=\"false\" src=\"https:\/\/s.w.org\/images\/core\/emoji\/13.0.1\/svg\/1f4cd.svg\" alt=\"\ud83d\udccd\" \/> ITAM - Campus Santa Teresa,\u00a0Camino Santa Teresa # 930, 10700, CDMX<\/p>\n\t<\/div>\n<\/div>\t\t<\/div>\n\t<\/div>\n<\/div><div id=\"column-69f0f7798e6de\" class=\"fw-col-sm-2 tf-sh-2b30d2d5d4ce4e255a37130e4501220f\" >\n\t<div class=\"fw-wrap-col-inner clearfix\"   >\n\t\t\t\t<div class=\"fw-col-inner\">\n\t\t\t<div class=\"text-center\">\t<a href=\"https:\/\/rhizomecenter.org\/es\/contestrules-en\/\" target=\"_blank\" class=\"fw-btn tf-sh-040ff200830f4ab60ed716f664b278a6     fw-btn-1\"  style=\"width:200px; height:50px; line-height:50px;\">\n\t\t<span style=\"top:0;\">\n\t\t\tRegistration Closed\t\t<\/span>\n\t<\/a>\n<\/div>\t\t<\/div>\n\t<\/div>\n<\/div><\/div>\n\n<div class=\"fw-row\">\n\t<div id=\"column-69f0f7798e76e\" class=\"fw-col-sm-12 tf-sh-d6832dd1fe323fd347e072c35be3ef62\" >\n\t<div class=\"fw-wrap-col-inner clearfix\"   >\n\t\t\t\t<div class=\"fw-col-inner\">\n\t\t\t<div class=\"fw-divider-space  fw-custom-space  clearfix\" style=\"height:50px;\" ><\/div>\t\t<\/div>\n\t<\/div>\n<\/div><\/div>\n\n<div class=\"fw-row\">\n\t<div id=\"column-69f0f7798e7ef\" class=\"fw-col-sm-2 tf-sh-043e7aca8233b32506287c0f3fb55ce1\" >\n\t<div class=\"fw-wrap-col-inner clearfix\"   >\n\t\t\t\t<div class=\"fw-col-inner\">\n\t\t\t\t<div class=\"fw-team tf-sh-24c201fddba1a79c10331acbaa550b48  fw-content-align-center fw-team-member-type-2 fw-overlay-1\" >\n\t\t<div style=\"width: 100%;\" class=\"fw-team-image fw-block-image-parent fw-block-image-circle\">\n\t\t\t\t\t\t<div class=\"fw-block-image-child fw-ratio-1 fw-ratio-container\"><noscript itemscope itemtype=\"https:\/\/schema.org\/ImageObject\" itemprop=\"image\"><img data-recalc-dims=\"1\" decoding=\"async\" src=\"https:\/\/i0.wp.com\/rhizomecenter.org\/wp-content\/uploads\/2023\/04\/Poster-3-e1682856979870.png?ssl=1\"  alt=\"Photography Contest\" data-maxdpr=\"1.7\" class=\"lazyload\" \/><meta itemprop=\"url\" content=\"https:\/\/rhizomecenter.org\/wp-content\/uploads\/2023\/04\/Poster-3-e1682856979870.png\"><meta itemprop=\"width\" content=\"1080\"><meta itemprop=\"height\" content=\"963\"><\/noscript><img decoding=\"async\" src=\"data:image\/gif;base64,R0lGODlhAQABAIAAAAAAAP\/\/\/yH5BAEAAAAALAAAAAABAAEAAAIBRAA7\" data-sizes=\"auto\" data-srcset=\"https:\/\/rhizomecenter.org\/wp-content\/uploads\/2023\/04\/Poster-3-e1682856979870-150x150.png 150w, https:\/\/rhizomecenter.org\/wp-content\/uploads\/2023\/04\/Poster-3-e1682856979870-800x800.png 800w, https:\/\/rhizomecenter.org\/wp-content\/uploads\/2023\/04\/Poster-3-e1682856979870-300x300.png 300w\"   alt=\"Photography Contest\" data-maxdpr=\"1.7\" class=\"lazyload\" \/>\t\t\t\t<div class=\"fw-block-image-overlay\">\n\t\t\t\t\t<div class=\"fw-itable\">\n\t\t\t\t\t\t<div class=\"fw-icell\">\n\t\t\t\t\t\t\t<div class=\"fw-team-inner\" style=\"\">\n\t\t\t\t\t\t\t\t<div class=\"fw-team-name\">\n\t\t\t\t\t\t\t\t\t\t\t\t\t\t\t\t\t\t\t\t\t\t\t\t\t\t<\/div>\n\n\t\t\t\t\t\t\t\t\n\t\t\t\t\t\t\t\t\t\t\t\t\t\t\t<\/div>\n\t\t\t\t\t\t<\/div>\n\t\t\t\t\t<\/div>\n\t\t\t\t<\/div>\n\t\t\t<\/div>\n\t\t<\/div>\n\t<\/div>\n\t\t<\/div>\n\t<\/div>\n<\/div><div id=\"column-69f0f7798ecf2\" class=\"fw-col-sm-8 tf-sh-14a6c8b18349d0821f29bc4307356469\" >\n\t<div class=\"fw-wrap-col-inner clearfix\"   >\n\t\t\t\t<div class=\"fw-col-inner\">\n\t\t\t<div class=\"fw-text-box tf-sh-3ac5665a0ddf2e276ab8e338cf4882d4\" >\n\t<div class=\"fw-text-inner\">\n\t\t<p><span style=\"font-weight: 400;\"><b>2nd Annual Contest: \"Return and Belonging\", \"Aspirations and Barriers\"<\/b><br \/><span style=\"color: #00ccff;\">PHOTOGRAPHY CONTEST<\/span><\/span><\/p>\n<p>The Rhizome Center is proud to announce the 2nd annual contest for communities affected by return and deportation. This year's 2023 Photography Contest asks participants to reflect on one of two themes: \"return and belonging\" and \"aspirations and barriers\". The results of this year's photo contest will be displayed in a photo exhibit in Guadalajara later this\u00a0 year.<\/p>\n<p><img decoding=\"async\" class=\"emoji\" role=\"img\" draggable=\"false\" src=\"https:\/\/s.w.org\/images\/core\/emoji\/13.0.1\/svg\/1f550.svg\" alt=\"\ud83d\udd50\" \/>\u00a0 Apr 30-May 31, 2023, Contest Period<br \/><img decoding=\"async\" class=\"emoji\" role=\"img\" draggable=\"false\" src=\"https:\/\/s.w.org\/images\/core\/emoji\/13.0.1\/svg\/1f5a5.svg\" alt=\"\ud83d\udda5\ufe0f\" \/>\u00a0 Submissions accepted online<\/p>\n\t<\/div>\n<\/div>\t\t<\/div>\n\t<\/div>\n<\/div><div id=\"column-69f0f7798ed72\" class=\"fw-col-sm-2 tf-sh-441470899699e55f0910123356fbfedf\" >\n\t<div class=\"fw-wrap-col-inner clearfix\"   >\n\t\t\t\t<div class=\"fw-col-inner\">\n\t\t\t<div class=\"text-center\">\t<a href=\"https:\/\/rhizomecenter.org\/es\/contestrules-en\/\" target=\"_blank\" class=\"fw-btn tf-sh-b8c656f5f1ee7610dec900656c2553c0     fw-btn-1\"  style=\"width:200px; height:50px; line-height:50px;\">\n\t\t<span style=\"top:0;\">\n\t\t\tFull Contest Details\t\t<\/span>\n\t<\/a>\n<\/div>\t\t<\/div>\n\t<\/div>\n<\/div><\/div>\n\n<div class=\"fw-row\">\n\t<div id=\"column-69f0f7798ee0d\" class=\"fw-col-sm-12 tf-sh-d6832dd1fe323fd347e072c35be3ef62\" >\n\t<div class=\"fw-wrap-col-inner clearfix\"   >\n\t\t\t\t<div class=\"fw-col-inner\">\n\t\t\t<div class=\"fw-divider-space  fw-custom-space  clearfix\" style=\"height:50px;\" ><\/div>\t\t<\/div>\n\t<\/div>\n<\/div><\/div>\n\n<div class=\"fw-row\">\n\t<div id=\"column-69f0f7798ee8f\" class=\"fw-col-sm-2 tf-sh-acc8c8450036d5d4d518fe910215ab90\" >\n\t<div class=\"fw-wrap-col-inner clearfix\"   >\n\t\t\t\t<div class=\"fw-col-inner\">\n\t\t\t\t<div class=\"fw-team tf-sh-07872ac78a1ff0b991fcf40b0e52def1  fw-content-align-center fw-team-member-type-2 fw-overlay-1\" >\n\t\t<div style=\"width: 100%;\" class=\"fw-team-image fw-block-image-parent fw-block-image-circle\">\n\t\t\t\t\t\t<div class=\"fw-block-image-child fw-ratio-1 fw-ratio-container\"><noscript itemscope itemtype=\"https:\/\/schema.org\/ImageObject\" itemprop=\"image\"><img data-recalc-dims=\"1\" decoding=\"async\" src=\"https:\/\/i0.wp.com\/rhizomecenter.org\/wp-content\/uploads\/2023\/04\/IMG-20230306-WA0001-1.jpg?ssl=1\"  alt=\"Chicano Fest\" data-maxdpr=\"1.7\" class=\"lazyload\" \/><meta itemprop=\"url\" content=\"https:\/\/rhizomecenter.org\/wp-content\/uploads\/2023\/04\/IMG-20230306-WA0001-1.jpg\"><meta itemprop=\"width\" content=\"1600\"><meta itemprop=\"height\" content=\"1600\"><\/noscript><img decoding=\"async\" src=\"data:image\/gif;base64,R0lGODlhAQABAIAAAAAAAP\/\/\/yH5BAEAAAAALAAAAAABAAEAAAIBRAA7\" data-sizes=\"auto\" data-srcset=\"https:\/\/rhizomecenter.org\/wp-content\/uploads\/2023\/04\/IMG-20230306-WA0001-1-300x300.jpg 300w, https:\/\/rhizomecenter.org\/wp-content\/uploads\/2023\/04\/IMG-20230306-WA0001-1-1024x1024.jpg 1024w, https:\/\/rhizomecenter.org\/wp-content\/uploads\/2023\/04\/IMG-20230306-WA0001-1-150x150.jpg 150w, https:\/\/rhizomecenter.org\/wp-content\/uploads\/2023\/04\/IMG-20230306-WA0001-1-768x768.jpg 768w, https:\/\/rhizomecenter.org\/wp-content\/uploads\/2023\/04\/IMG-20230306-WA0001-1-1536x1536.jpg 1536w, https:\/\/rhizomecenter.org\/wp-content\/uploads\/2023\/04\/IMG-20230306-WA0001-1-12x12.jpg 12w, https:\/\/rhizomecenter.org\/wp-content\/uploads\/2023\/04\/IMG-20230306-WA0001-1-800x800.jpg 800w, https:\/\/rhizomecenter.org\/wp-content\/uploads\/2023\/04\/IMG-20230306-WA0001-1-300x300.jpg 300w, https:\/\/rhizomecenter.org\/wp-content\/uploads\/2023\/04\/IMG-20230306-WA0001-1.jpg 1600w\"   alt=\"Chicano Fest\" data-maxdpr=\"1.7\" class=\"lazyload\" \/>\t\t\t\t<div class=\"fw-block-image-overlay\">\n\t\t\t\t\t<div class=\"fw-itable\">\n\t\t\t\t\t\t<div class=\"fw-icell\">\n\t\t\t\t\t\t\t<div class=\"fw-team-inner\" style=\"\">\n\t\t\t\t\t\t\t\t<div class=\"fw-team-name\">\n\t\t\t\t\t\t\t\t\t\t\t\t\t\t\t\t\t\t\t\t\t\t\t\t\t\t<\/div>\n\n\t\t\t\t\t\t\t\t\n\t\t\t\t\t\t\t\t\t\t\t\t\t\t\t<\/div>\n\t\t\t\t\t\t<\/div>\n\t\t\t\t\t<\/div>\n\t\t\t\t<\/div>\n\t\t\t<\/div>\n\t\t<\/div>\n\t<\/div>\n\t\t<\/div>\n\t<\/div>\n<\/div><div id=\"column-69f0f7798f1f3\" class=\"fw-col-sm-8 tf-sh-fb83313a1895de57ee4ad42761513174\" >\n\t<div class=\"fw-wrap-col-inner clearfix\"   >\n\t\t\t\t<div class=\"fw-col-inner\">\n\t\t\t<div class=\"fw-text-box tf-sh-b5e1e36458872d4c688d09258419a561\" >\n\t<div class=\"fw-text-inner\">\n\t\t<p><span style=\"font-weight: 400;\"><b>Chicano Fest 2023<\/b><br \/><span style=\"color: #00ccff;\">LOCAL EVENT \/ CULTURAL FESTIVAL<\/span><\/span><\/p>\n<p><span class=\"x193iq5w xeuugli x13faqbe x1vvkbs x1xmvt09 x1lliihq x1s928wv xhkezso x1gmr53x x1cpjm7i x1fgarty x1943h6x xudqn12 x3x7a5m x6prxxf xvq8zen xo1l8bm xzsf02u x1yc453h\" dir=\"auto\">The Rhizome Center for Migrants is proud to be on the organizing committee of Chicano Fest 2023. From April 28 - May 7, the community of binationals and the deported will host the first Chicano Festival in Mexico with the backing of academic institutions, the private sector, and government. The series of events, which will take place in the City of Guadalajara, will include a lowrider caravan of 100+ classic cars, music, art exhibits, contests, theatrical performances, and academic panels and discussions. <\/span><\/p>\n<p><img decoding=\"async\" class=\"emoji\" role=\"img\" draggable=\"false\" src=\"https:\/\/s.w.org\/images\/core\/emoji\/13.0.1\/svg\/1f550.svg\" alt=\"\ud83d\udd50\" \/>\u00a0 Apr 28 - May 7, 2023<br \/><img decoding=\"async\" class=\"emoji\" role=\"img\" draggable=\"false\" src=\"https:\/\/s.w.org\/images\/core\/emoji\/13.0.1\/svg\/1f4cd.svg\" alt=\"\ud83d\udccd\" \/> Guadalajara Metropolitan Area<\/p>\n\t<\/div>\n<\/div>\t\t<\/div>\n\t<\/div>\n<\/div><div id=\"column-69f0f7798f275\" class=\"fw-col-sm-2 tf-sh-58b5209e92267aa382e30d1a221b0e44\" >\n\t<div class=\"fw-wrap-col-inner clearfix\"   >\n\t\t\t\t<div class=\"fw-col-inner\">\n\t\t\t<div class=\"text-center\">\t<a href=\"\/es\/www.chicanofestmx.com\/\" target=\"_blank\" class=\"fw-btn tf-sh-5964e408029ce95f50029d69da3e083f     fw-btn-1\"  style=\"width:200px; height:50px; line-height:50px;\">\n\t\t<span style=\"top:0;\">\n\t\t\tFull Events\t\t<\/span>\n\t<\/a>\n<\/div>\t\t<\/div>\n\t<\/div>\n<\/div><\/div>\n\n<div class=\"fw-row\">\n\t<div id=\"column-69f0f7798f304\" class=\"fw-col-sm-12 tf-sh-d6832dd1fe323fd347e072c35be3ef62\" >\n\t<div class=\"fw-wrap-col-inner clearfix\"   >\n\t\t\t\t<div class=\"fw-col-inner\">\n\t\t\t<div class=\"fw-divider-space  fw-custom-space  clearfix\" style=\"height:50px;\" ><\/div>\t\t<\/div>\n\t<\/div>\n<\/div><\/div>\n\n<div class=\"fw-row\">\n\t<div id=\"column-69f0f7798f37c\" class=\"fw-col-sm-2 tf-sh-4ce43869029a4ab9ce7f929bd08ba122\" >\n\t<div class=\"fw-wrap-col-inner clearfix\"   >\n\t\t\t\t<div class=\"fw-col-inner\">\n\t\t\t\t<div class=\"fw-team tf-sh-7568b0fd68fb055d0433633e4d00848d  fw-content-align-center fw-team-member-type-2 fw-overlay-1\" >\n\t\t<div style=\"width: 100%;\" class=\"fw-team-image fw-block-image-parent fw-block-image-circle\">\n\t\t\t\t\t\t<div class=\"fw-block-image-child fw-ratio-1 fw-ratio-container\"><noscript itemscope itemtype=\"https:\/\/schema.org\/ImageObject\" itemprop=\"image\"><img data-recalc-dims=\"1\" decoding=\"async\" src=\"https:\/\/i0.wp.com\/rhizomecenter.org\/wp-content\/uploads\/2023\/01\/LCCUUF.webp?ssl=1\"  alt=\"LCCUUF Logo\" data-maxdpr=\"1.7\" class=\"lazyload\" \/><meta itemprop=\"url\" content=\"https:\/\/rhizomecenter.org\/wp-content\/uploads\/2023\/01\/LCCUUF.webp\"><meta itemprop=\"width\" content=\"600\"><meta itemprop=\"height\" content=\"600\"><\/noscript><img decoding=\"async\" src=\"data:image\/gif;base64,R0lGODlhAQABAIAAAAAAAP\/\/\/yH5BAEAAAAALAAAAAABAAEAAAIBRAA7\" data-sizes=\"auto\" data-srcset=\"https:\/\/rhizomecenter.org\/wp-content\/uploads\/2023\/01\/LCCUUF-300x300.webp 300w, https:\/\/rhizomecenter.org\/wp-content\/uploads\/2023\/01\/LCCUUF-150x150.webp 150w, https:\/\/rhizomecenter.org\/wp-content\/uploads\/2023\/01\/LCCUUF-12x12.webp 12w, https:\/\/rhizomecenter.org\/wp-content\/uploads\/2023\/01\/LCCUUF-590x600.webp 590w, https:\/\/rhizomecenter.org\/wp-content\/uploads\/2023\/01\/LCCUUF-590x600.webp 590w, https:\/\/rhizomecenter.org\/wp-content\/uploads\/2023\/01\/LCCUUF-600x590.webp 600w, https:\/\/rhizomecenter.org\/wp-content\/uploads\/2023\/01\/LCCUUF-300x300.webp 300w, https:\/\/rhizomecenter.org\/wp-content\/uploads\/2023\/01\/LCCUUF.webp 600w\"   alt=\"LCCUUF Logo\" data-maxdpr=\"1.7\" class=\"lazyload\" \/>\t\t\t\t<div class=\"fw-block-image-overlay\">\n\t\t\t\t\t<div class=\"fw-itable\">\n\t\t\t\t\t\t<div class=\"fw-icell\">\n\t\t\t\t\t\t\t<div class=\"fw-team-inner\" style=\"\">\n\t\t\t\t\t\t\t\t<div class=\"fw-team-name\">\n\t\t\t\t\t\t\t\t\t\t\t\t\t\t\t\t\t\t\t\t\t\t\t\t\t\t<\/div>\n\n\t\t\t\t\t\t\t\t\n\t\t\t\t\t\t\t\t\t\t\t\t\t\t\t<\/div>\n\t\t\t\t\t\t<\/div>\n\t\t\t\t\t<\/div>\n\t\t\t\t<\/div>\n\t\t\t<\/div>\n\t\t<\/div>\n\t<\/div>\n\t\t<\/div>\n\t<\/div>\n<\/div><div id=\"column-69f0f7798fc9c\" class=\"fw-col-sm-8 tf-sh-5d7f9006c0fc5445ac5b3ba318223b9c\" >\n\t<div class=\"fw-wrap-col-inner clearfix\"   >\n\t\t\t\t<div class=\"fw-col-inner\">\n\t\t\t<div class=\"fw-text-box tf-sh-40cb8f148c46f99e4a6f1a294e319530\" >\n\t<div class=\"fw-text-inner\">\n\t\t<p><span style=\"font-weight: 400;\"><b>The Rhizome Center for Migrants: Informational Meeting<\/b><br \/><span style=\"color: #00ccff;\">PRESENTATION \/ LAKE CHAPALA UNITARIAN UNIVERSALIST FELLOWSHIP<\/span><\/span><\/p>\n<p>Lake Chapala is one of the Western-Central regions of Mexico most impacted by Mexican migration to the United States and, subsequently, return migration. The UU fellowship of Lake Chapala is invited to a special presentation of The Rhizome Center for Migrants on April 16, 2023, at the LCUUF fellowship building in Chapala, to hear our reflections on the current situation affecting Mexican migrants and their families upon their return or deportation to the Chapala area, our work, and how UUF members can get involved.<\/p>\n<p><img decoding=\"async\" class=\"emoji\" role=\"img\" draggable=\"false\" src=\"https:\/\/s.w.org\/images\/core\/emoji\/13.0.1\/svg\/1f550.svg\" alt=\"\ud83d\udd50\" \/>\u00a0 Apr 16, 2023 @ 10:30AM - 11:00AM CST<br \/><img decoding=\"async\" class=\"emoji\" role=\"img\" draggable=\"false\" src=\"https:\/\/s.w.org\/images\/core\/emoji\/13.0.1\/svg\/1f4cd.svg\" alt=\"\ud83d\udccd\" \/> Hidalgo 261, 45906, Ajijic, Jalisco<\/p>\n\t<\/div>\n<\/div>\t\t<\/div>\n\t<\/div>\n<\/div><\/div>\n\n<div class=\"fw-row\">\n\t<div id=\"column-69f0f7798fd43\" class=\"fw-col-sm-12 tf-sh-d6832dd1fe323fd347e072c35be3ef62\" >\n\t<div class=\"fw-wrap-col-inner clearfix\"   >\n\t\t\t\t<div class=\"fw-col-inner\">\n\t\t\t<div class=\"fw-divider-space  fw-custom-space  clearfix\" style=\"height:50px;\" ><\/div>\t\t<\/div>\n\t<\/div>\n<\/div><\/div>\n\n<div class=\"fw-row\">\n\t<div id=\"column-69f0f7798fdd3\" class=\"fw-col-sm-2 tf-sh-4eb04f378c717c3add6f32d1dd24a74d\" >\n\t<div class=\"fw-wrap-col-inner clearfix\"   >\n\t\t\t\t<div class=\"fw-col-inner\">\n\t\t\t\t<div class=\"fw-team tf-sh-c45eb2955da02b556fd15e1efb1f1bf7  fw-content-align-center fw-team-member-type-2 fw-overlay-1\" >\n\t\t<div style=\"width: 100%;\" class=\"fw-team-image fw-block-image-parent fw-block-image-circle\">\n\t\t\t\t\t\t<div class=\"fw-block-image-child fw-ratio-1 fw-ratio-container\"><noscript itemscope itemtype=\"https:\/\/schema.org\/ImageObject\" itemprop=\"image\"><img data-recalc-dims=\"1\" decoding=\"async\" src=\"https:\/\/i0.wp.com\/rhizomecenter.org\/wp-content\/uploads\/2023\/02\/326342766_1148209019222600_515278657446849890_n.jpg?ssl=1\"  alt=\"NAPHSIS logo\" data-maxdpr=\"1.7\" class=\"lazyload\" \/><meta itemprop=\"url\" content=\"https:\/\/rhizomecenter.org\/wp-content\/uploads\/2023\/02\/326342766_1148209019222600_515278657446849890_n.jpg\"><meta itemprop=\"width\" content=\"180\"><meta itemprop=\"height\" content=\"180\"><\/noscript><img decoding=\"async\" src=\"data:image\/gif;base64,R0lGODlhAQABAIAAAAAAAP\/\/\/yH5BAEAAAAALAAAAAABAAEAAAIBRAA7\" data-sizes=\"auto\" data-srcset=\"https:\/\/rhizomecenter.org\/wp-content\/uploads\/2023\/02\/326342766_1148209019222600_515278657446849890_n-150x150.jpg 150w, https:\/\/rhizomecenter.org\/wp-content\/uploads\/2023\/02\/326342766_1148209019222600_515278657446849890_n-12x12.jpg 12w, https:\/\/rhizomecenter.org\/wp-content\/uploads\/2023\/02\/326342766_1148209019222600_515278657446849890_n.jpg 180w\"   alt=\"NAPHSIS logo\" data-maxdpr=\"1.7\" class=\"lazyload\" \/>\t\t\t\t<div class=\"fw-block-image-overlay\">\n\t\t\t\t\t<div class=\"fw-itable\">\n\t\t\t\t\t\t<div class=\"fw-icell\">\n\t\t\t\t\t\t\t<div class=\"fw-team-inner\" style=\"\">\n\t\t\t\t\t\t\t\t<div class=\"fw-team-name\">\n\t\t\t\t\t\t\t\t\t\t\t\t\t\t\t\t\t\t\t\t\t\t\t\t\t\t<\/div>\n\n\t\t\t\t\t\t\t\t\n\t\t\t\t\t\t\t\t\t\t\t\t\t\t\t<\/div>\n\t\t\t\t\t\t<\/div>\n\t\t\t\t\t<\/div>\n\t\t\t\t<\/div>\n\t\t\t<\/div>\n\t\t<\/div>\n\t<\/div>\n\t\t<\/div>\n\t<\/div>\n<\/div><div id=\"column-69f0f7799018e\" class=\"fw-col-sm-8 tf-sh-ef64df5a94570b864f490685f77ee98a\" >\n\t<div class=\"fw-wrap-col-inner clearfix\"   >\n\t\t\t\t<div class=\"fw-col-inner\">\n\t\t\t<div class=\"fw-text-box tf-sh-d16643be57faf294f39d4a348e5c6625\" >\n\t<div class=\"fw-text-inner\">\n\t\t<p><span style=\"font-weight: 400;\"><b>Challenges to Access to Identity: Case Studies of U.S. Citizens in Mexico<\/b><br \/><span style=\"color: #00ccff;\">PRESENTATION \/ NAPHSIS IDENTITY &amp; SECURITY CONFERENCE<\/span><br \/><\/span><\/p>\n<p>The Rhizome Center for Migrants will be speaking at this year's 2023 National Association for Public Health Statistics and Information Systems' (NAPHSIS's) Identity &amp; Security Conference in Washington D.C. This year's conference is focused on how the vital records community can come together for digital identity services. Full conference details at: <a href=\"http:\/\/www.naphsis.org\/identitysecurity\" target=\"_blank\" rel=\"noopener\">www.naphsis.org\/identitysecurity<\/a>.<\/p>\n<p><img decoding=\"async\" class=\"emoji\" role=\"img\" draggable=\"false\" src=\"https:\/\/s.w.org\/images\/core\/emoji\/13.0.1\/svg\/1f550.svg\" alt=\"\ud83d\udd50\" \/>\u00a0 Apr 4-5, 2023, All-Day Event<br \/><img decoding=\"async\" class=\"emoji\" role=\"img\" draggable=\"false\" src=\"https:\/\/s.w.org\/images\/core\/emoji\/13.0.1\/svg\/1f4cd.svg\" alt=\"\ud83d\udccd\" \/> 1000 H Street NW, Washington, DC 20001<\/p>\n\t<\/div>\n<\/div>\t\t<\/div>\n\t<\/div>\n<\/div><div id=\"column-69f0f7799021d\" class=\"fw-col-sm-2 tf-sh-7751a79b98765585759945bd462ef3a8\" >\n\t<div class=\"fw-wrap-col-inner clearfix\"   >\n\t\t\t\t<div class=\"fw-col-inner\">\n\t\t\t<div class=\"text-center\">\t<a href=\"https:\/\/www.naphsis.org\/event-details\/2023-identity-and-security-conference\" target=\"_blank\" class=\"fw-btn tf-sh-1e46f90d7e5f8df23d4dda81679b2091     fw-btn-1\"  style=\"width:200px; height:50px; line-height:50px;\">\n\t\t<span style=\"top:0;\">\n\t\t\tRegister\t\t<\/span>\n\t<\/a>\n<\/div>\t\t<\/div>\n\t<\/div>\n<\/div><\/div>\n\n<div class=\"fw-row\">\n\t<div id=\"column-69f0f779902b4\" class=\"fw-col-sm-12 tf-sh-d6832dd1fe323fd347e072c35be3ef62\" >\n\t<div class=\"fw-wrap-col-inner clearfix\"   >\n\t\t\t\t<div class=\"fw-col-inner\">\n\t\t\t<div class=\"fw-divider-space  fw-custom-space  clearfix\" style=\"height:50px;\" ><\/div>\t\t<\/div>\n\t<\/div>\n<\/div><\/div>\n\n<div class=\"fw-row\">\n\t<div id=\"column-69f0f77990334\" class=\"fw-col-sm-2 tf-sh-d4efe8f2a31e3253311d5e28b4d4aa54\" >\n\t<div class=\"fw-wrap-col-inner clearfix\"   >\n\t\t\t\t<div class=\"fw-col-inner\">\n\t\t\t\t<div class=\"fw-team tf-sh-1eed14adf4cbf49b5e6b165f9ceb4256  fw-content-align-center fw-team-member-type-2 fw-overlay-1\" >\n\t\t<div style=\"width: 100%;\" class=\"fw-team-image fw-block-image-parent fw-block-image-circle\">\n\t\t\t\t\t\t<div class=\"fw-block-image-child fw-ratio-1 fw-ratio-container\"><noscript itemscope itemtype=\"https:\/\/schema.org\/ImageObject\" itemprop=\"image\"><img data-recalc-dims=\"1\" decoding=\"async\" src=\"https:\/\/i0.wp.com\/rhizomecenter.org\/wp-content\/uploads\/2023\/03\/EventsAnnouncements-2.png?ssl=1\"  alt=\"2023 03 Workshop Flier\" data-maxdpr=\"1.7\" class=\"lazyload\" \/><meta itemprop=\"url\" content=\"https:\/\/rhizomecenter.org\/wp-content\/uploads\/2023\/03\/EventsAnnouncements-2.png\"><meta itemprop=\"width\" content=\"1080\"><meta itemprop=\"height\" content=\"1080\"><\/noscript><img decoding=\"async\" src=\"data:image\/gif;base64,R0lGODlhAQABAIAAAAAAAP\/\/\/yH5BAEAAAAALAAAAAABAAEAAAIBRAA7\" data-sizes=\"auto\" data-srcset=\"https:\/\/rhizomecenter.org\/wp-content\/uploads\/2023\/03\/EventsAnnouncements-2-300x300.png 300w, https:\/\/rhizomecenter.org\/wp-content\/uploads\/2023\/03\/EventsAnnouncements-2-1024x1024.png 1024w, https:\/\/rhizomecenter.org\/wp-content\/uploads\/2023\/03\/EventsAnnouncements-2-150x150.png 150w, https:\/\/rhizomecenter.org\/wp-content\/uploads\/2023\/03\/EventsAnnouncements-2-768x768.png 768w, https:\/\/rhizomecenter.org\/wp-content\/uploads\/2023\/03\/EventsAnnouncements-2-12x12.png 12w, https:\/\/rhizomecenter.org\/wp-content\/uploads\/2023\/03\/EventsAnnouncements-2-800x800.png 800w, https:\/\/rhizomecenter.org\/wp-content\/uploads\/2023\/03\/EventsAnnouncements-2-300x300.png 300w, https:\/\/rhizomecenter.org\/wp-content\/uploads\/2023\/03\/EventsAnnouncements-2.png 1080w\"   alt=\"2023 03 Workshop Flier\" data-maxdpr=\"1.7\" class=\"lazyload\" \/>\t\t\t\t<div class=\"fw-block-image-overlay\">\n\t\t\t\t\t<div class=\"fw-itable\">\n\t\t\t\t\t\t<div class=\"fw-icell\">\n\t\t\t\t\t\t\t<div class=\"fw-team-inner\" style=\"\">\n\t\t\t\t\t\t\t\t<div class=\"fw-team-name\">\n\t\t\t\t\t\t\t\t\t\t\t\t\t\t\t\t\t\t\t\t\t\t\t\t\t\t<\/div>\n\n\t\t\t\t\t\t\t\t\n\t\t\t\t\t\t\t\t\t\t\t\t\t\t\t<\/div>\n\t\t\t\t\t\t<\/div>\n\t\t\t\t\t<\/div>\n\t\t\t\t<\/div>\n\t\t\t<\/div>\n\t\t<\/div>\n\t<\/div>\n\t\t<\/div>\n\t<\/div>\n<\/div><div id=\"column-69f0f7799050c\" class=\"fw-col-sm-8 tf-sh-d0ca2ae86d390dd6d8ff5df7825f2fb4\" >\n\t<div class=\"fw-wrap-col-inner clearfix\"   >\n\t\t\t\t<div class=\"fw-col-inner\">\n\t\t\t<div class=\"fw-text-box tf-sh-a7b2f00f689cf50a7c5b66eced713987\" >\n\t<div class=\"fw-text-inner\">\n\t\t<p><span style=\"font-weight: 400;\"><b><span class=\"S1PPyQ\">Sesi\u00f3n informativa: Despu\u00e9s de 10 a\u00f1os, \u00bfahora qu\u00e9?<\/span><\/b><br \/><span style=\"color: #00ccff;\">EVENTO LOCAL \/ TALLER<\/span><br \/><\/span><\/p>\n<p>The Rhizome Center for Migrants will host a legal presentation on inadmissibility, followed by a one-on-one consultation with a U.S. immigration attorney. Space is limited. Pre-registration required. Language assistance will be provided for both Spanish and English speakers. Workshop organized by The Rhizome Center for Migrants in collaboration with Casa Scalabrini Centro de Pastoral Migratoria and the University of Maryland Carey School of Law.<br \/><span style=\"font-weight: 400;\"><br \/><\/span><img decoding=\"async\" class=\"emoji\" style=\"background-color: #ffffff;\" role=\"img\" draggable=\"false\" src=\"https:\/\/s.w.org\/images\/core\/emoji\/13.0.1\/svg\/1f550.svg\" alt=\"\ud83d\udd50\" \/>&nbsp; Mar 25, 2023 @ 10:00AM - 3:00PM CST<br \/><img decoding=\"async\" class=\"emoji\" role=\"img\" draggable=\"false\" src=\"https:\/\/s.w.org\/images\/core\/emoji\/14.0.0\/svg\/1f4cd.svg\" alt=\"\ud83d\udccd\" \/> Calle 8-A 1558, 44467&nbsp;Guadalajara, Jalisco<\/p>\n\t<\/div>\n<\/div>\t\t<\/div>\n\t<\/div>\n<\/div><div id=\"column-69f0f7799059a\" class=\"fw-col-sm-2 tf-sh-a4544879c84de6038843cff1e4d91ad1\" >\n\t<div class=\"fw-wrap-col-inner clearfix\"   >\n\t\t\t\t<div class=\"fw-col-inner\">\n\t\t\t<div class=\"text-center\">\t<a href=\"https:\/\/forms.gle\/8qtJsKxyfPsUWKfP8\" target=\"_blank\" class=\"fw-btn tf-sh-8c5b2fb752ad15ee8e5a31428ba8eca1     fw-btn-1\"  style=\"width:200px; height:50px; line-height:50px;\">\n\t\t<span style=\"top:0;\">\n\t\t\tPre-registro\t\t<\/span>\n\t<\/a>\n<\/div>\t\t<\/div>\n\t<\/div>\n<\/div><\/div>\n\n<div class=\"fw-row\">\n\t<div id=\"column-69f0f77990625\" class=\"fw-col-sm-12 tf-sh-d6832dd1fe323fd347e072c35be3ef62\" >\n\t<div class=\"fw-wrap-col-inner clearfix\"   >\n\t\t\t\t<div class=\"fw-col-inner\">\n\t\t\t<div class=\"fw-divider-space  fw-custom-space  clearfix\" style=\"height:50px;\" ><\/div>\t\t<\/div>\n\t<\/div>\n<\/div><\/div>\n\n<div class=\"fw-row\">\n\t<div id=\"column-69f0f7799069c\" class=\"fw-col-sm-2 tf-sh-930de247978cdce5da878c8e70c4e09d\" >\n\t<div class=\"fw-wrap-col-inner clearfix\"   >\n\t\t\t\t<div class=\"fw-col-inner\">\n\t\t\t\t<div class=\"fw-team tf-sh-061ab07e910d550a35314a73ac1e36c4  fw-content-align-center fw-team-member-type-2 fw-overlay-1\" >\n\t\t<div style=\"width: 100%;\" class=\"fw-team-image fw-block-image-parent fw-block-image-circle\">\n\t\t\t\t\t\t<div class=\"fw-block-image-child fw-ratio-1 fw-ratio-container\"><noscript itemscope itemtype=\"https:\/\/schema.org\/ImageObject\" itemprop=\"image\"><img data-recalc-dims=\"1\" decoding=\"async\" src=\"https:\/\/i0.wp.com\/rhizomecenter.org\/wp-content\/uploads\/2023\/02\/Rice-Logo.png?ssl=1\"  alt=\"Rice Logo\" data-maxdpr=\"1.7\" class=\"lazyload\" \/><meta itemprop=\"url\" content=\"https:\/\/rhizomecenter.org\/wp-content\/uploads\/2023\/02\/Rice-Logo.png\"><meta itemprop=\"width\" content=\"240\"><meta itemprop=\"height\" content=\"240\"><\/noscript><img decoding=\"async\" src=\"data:image\/gif;base64,R0lGODlhAQABAIAAAAAAAP\/\/\/yH5BAEAAAAALAAAAAABAAEAAAIBRAA7\" data-sizes=\"auto\" data-srcset=\"https:\/\/rhizomecenter.org\/wp-content\/uploads\/2023\/02\/Rice-Logo-150x150.png 150w, https:\/\/rhizomecenter.org\/wp-content\/uploads\/2023\/02\/Rice-Logo-12x12.png 12w, https:\/\/rhizomecenter.org\/wp-content\/uploads\/2023\/02\/Rice-Logo.png 240w\"   alt=\"Rice Logo\" data-maxdpr=\"1.7\" class=\"lazyload\" \/>\t\t\t\t<div class=\"fw-block-image-overlay\">\n\t\t\t\t\t<div class=\"fw-itable\">\n\t\t\t\t\t\t<div class=\"fw-icell\">\n\t\t\t\t\t\t\t<div class=\"fw-team-inner\" style=\"\">\n\t\t\t\t\t\t\t\t<div class=\"fw-team-name\">\n\t\t\t\t\t\t\t\t\t\t\t\t\t\t\t\t\t\t\t\t\t\t\t\t\t\t<\/div>\n\n\t\t\t\t\t\t\t\t\n\t\t\t\t\t\t\t\t\t\t\t\t\t\t\t<\/div>\n\t\t\t\t\t\t<\/div>\n\t\t\t\t\t<\/div>\n\t\t\t\t<\/div>\n\t\t\t<\/div>\n\t\t<\/div>\n\t<\/div>\n\t\t<\/div>\n\t<\/div>\n<\/div><div id=\"column-69f0f7799081b\" class=\"fw-col-sm-8 tf-sh-785c2620109d421ec617421375c51843\" >\n\t<div class=\"fw-wrap-col-inner clearfix\"   >\n\t\t\t\t<div class=\"fw-col-inner\">\n\t\t\t<div class=\"fw-text-box tf-sh-ce772ff6428454d4fbb137cfab939167\" >\n\t<div class=\"fw-text-inner\">\n\t\t<p><span style=\"font-weight: 400;\"><b>Border History and Dynamics<\/b><br \/><span style=\"color: #00ccff;\">PRESENTATION \/ RICE UNIVERSITY ALTERNATIVE SPRING BREAK PROGRAM<\/span><br \/><\/span><\/p>\n<p><span style=\"font-weight: 400;\">This March 13th, The Rhizome Center for Migrants will meet with undergraduate students at Rice University ahead of their student-organized alternative spring break trip to the U.S.-Mexico border. To aid students' understanding of border dynamics, t<\/span>he Rhizome Center will discuss the history of U.S.-Mexico immigration, the evolving border policy, and impact on Mexicans and their families now dispersed across the border.<br \/><span style=\"font-weight: 400;\"><br \/><\/span><img decoding=\"async\" class=\"emoji\" style=\"background-color: #ffffff;\" role=\"img\" draggable=\"false\" src=\"https:\/\/s.w.org\/images\/core\/emoji\/13.0.1\/svg\/1f550.svg\" alt=\"\ud83d\udd50\" \/>\u00a0 Mar 13, 2023 @ 1:00PM - 2:00PM CST<br \/><img decoding=\"async\" class=\"emoji\" role=\"img\" draggable=\"false\" src=\"https:\/\/s.w.org\/images\/core\/emoji\/14.0.0\/svg\/1f5a5.svg\" alt=\"\ud83d\udda5\ufe0f\" \/>\u00a0 Virtual Event<\/p>\n\t<\/div>\n<\/div>\t\t<\/div>\n\t<\/div>\n<\/div><\/div>\n\n<div class=\"fw-row\">\n\t<div id=\"column-69f0f779908b9\" class=\"fw-col-sm-12 tf-sh-d6832dd1fe323fd347e072c35be3ef62\" >\n\t<div class=\"fw-wrap-col-inner clearfix\"   >\n\t\t\t\t<div class=\"fw-col-inner\">\n\t\t\t<div class=\"fw-divider-space  fw-custom-space  clearfix\" style=\"height:50px;\" ><\/div>\t\t<\/div>\n\t<\/div>\n<\/div><\/div>\n\n<div class=\"fw-row\">\n\t<div id=\"column-69f0f77990945\" class=\"fw-col-sm-2 tf-sh-7f73bb2d1489c5116fe6cf7886e93c06\" >\n\t<div class=\"fw-wrap-col-inner clearfix\"   >\n\t\t\t\t<div class=\"fw-col-inner\">\n\t\t\t\t<div class=\"fw-team tf-sh-b5a0463b05ee33d00dafb383b63da24b  fw-content-align-center fw-team-member-type-2 fw-overlay-1\" >\n\t\t<div style=\"width: 100%;\" class=\"fw-team-image fw-block-image-parent fw-block-image-circle\">\n\t\t\t\t\t\t<div class=\"fw-block-image-child fw-ratio-1 fw-ratio-container\"><noscript itemscope itemtype=\"https:\/\/schema.org\/ImageObject\" itemprop=\"image\"><img data-recalc-dims=\"1\" decoding=\"async\" src=\"https:\/\/i0.wp.com\/rhizomecenter.org\/wp-content\/uploads\/2023\/02\/American-Legion-logo.webp?ssl=1\"  alt=\"American Legion logo\" data-maxdpr=\"1.7\" class=\"lazyload\" \/><meta itemprop=\"url\" content=\"https:\/\/rhizomecenter.org\/wp-content\/uploads\/2023\/02\/American-Legion-logo.webp\"><meta itemprop=\"width\" content=\"1024\"><meta itemprop=\"height\" content=\"1024\"><\/noscript><img decoding=\"async\" src=\"data:image\/gif;base64,R0lGODlhAQABAIAAAAAAAP\/\/\/yH5BAEAAAAALAAAAAABAAEAAAIBRAA7\" data-sizes=\"auto\" data-srcset=\"https:\/\/rhizomecenter.org\/wp-content\/uploads\/2023\/02\/American-Legion-logo-300x300.webp 300w, https:\/\/rhizomecenter.org\/wp-content\/uploads\/2023\/02\/American-Legion-logo-150x150.webp 150w, https:\/\/rhizomecenter.org\/wp-content\/uploads\/2023\/02\/American-Legion-logo-768x768.webp 768w, https:\/\/rhizomecenter.org\/wp-content\/uploads\/2023\/02\/American-Legion-logo-12x12.webp 12w, https:\/\/rhizomecenter.org\/wp-content\/uploads\/2023\/02\/American-Legion-logo-800x800.webp 800w, https:\/\/rhizomecenter.org\/wp-content\/uploads\/2023\/02\/American-Legion-logo-300x300.webp 300w, https:\/\/rhizomecenter.org\/wp-content\/uploads\/2023\/02\/American-Legion-logo.webp 1024w\"   alt=\"American Legion logo\" data-maxdpr=\"1.7\" class=\"lazyload\" \/>\t\t\t\t<div class=\"fw-block-image-overlay\">\n\t\t\t\t\t<div class=\"fw-itable\">\n\t\t\t\t\t\t<div class=\"fw-icell\">\n\t\t\t\t\t\t\t<div class=\"fw-team-inner\" style=\"\">\n\t\t\t\t\t\t\t\t<div class=\"fw-team-name\">\n\t\t\t\t\t\t\t\t\t\t\t\t\t\t\t\t\t\t\t\t\t\t\t\t\t\t<\/div>\n\n\t\t\t\t\t\t\t\t\n\t\t\t\t\t\t\t\t\t\t\t\t\t\t\t<\/div>\n\t\t\t\t\t\t<\/div>\n\t\t\t\t\t<\/div>\n\t\t\t\t<\/div>\n\t\t\t<\/div>\n\t\t<\/div>\n\t<\/div>\n\t\t<\/div>\n\t<\/div>\n<\/div><div id=\"column-69f0f77990dfd\" class=\"fw-col-sm-8 tf-sh-8b2bac1eacde98af90a39c790b180a6e\" >\n\t<div class=\"fw-wrap-col-inner clearfix\"   >\n\t\t\t\t<div class=\"fw-col-inner\">\n\t\t\t<div class=\"fw-text-box tf-sh-d234ec9756dd34f353e6af651f6f3c36\" >\n\t<div class=\"fw-text-inner\">\n\t\t<p><span style=\"font-weight: 400;\"><b>The Rhizome Center for Migrants, Information Session<\/b><br \/><span style=\"color: #00ccff;\">PRESENTATION \/ AMERICAN LEGION<\/span><br \/><\/span><\/p>\n<p><span class=\"x193iq5w xeuugli x13faqbe x1vvkbs x1xmvt09 x1lliihq x1s928wv xhkezso x1gmr53x x1cpjm7i x1fgarty x1943h6x xudqn12 x3x7a5m x6prxxf xvq8zen xo1l8bm xzsf02u x1yc453h\" dir=\"auto\">Despite the incremental advances we've seen over the years, at the end of the day, the United States still falls short of protecting our immigrant veterans who incredibly serve our country. On March 8, 2023, we will present to the American Legion Post #7 in Chapala on how The Rhizome Center for Migrants is ensuring that noncitizen servicemembers, veterans and their families are guaranteed a place in the country they swore an oath, and how we can, together, help deported veterans get back home.<\/span><\/p>\n<p><img decoding=\"async\" class=\"emoji\" role=\"img\" draggable=\"false\" src=\"https:\/\/s.w.org\/images\/core\/emoji\/13.0.1\/svg\/1f550.svg\" alt=\"\ud83d\udd50\" \/>\u00a0 Mar 8, 2023 @ 10:00AM - 11:00AM CST<br \/><img decoding=\"async\" class=\"emoji\" role=\"img\" draggable=\"false\" src=\"https:\/\/s.w.org\/images\/core\/emoji\/13.0.1\/svg\/1f4cd.svg\" alt=\"\ud83d\udccd\" \/> Morelos 114, 45900, Chapala, Jalisco<\/p>\n\t<\/div>\n<\/div>\t\t<\/div>\n\t<\/div>\n<\/div><\/div>\n\n<div class=\"fw-row\">\n\t<div id=\"column-69f0f77990f4e\" class=\"fw-col-sm-12 tf-sh-d6832dd1fe323fd347e072c35be3ef62\" >\n\t<div class=\"fw-wrap-col-inner clearfix\"   >\n\t\t\t\t<div class=\"fw-col-inner\">\n\t\t\t<div class=\"fw-divider-space  fw-custom-space  clearfix\" style=\"height:50px;\" ><\/div>\t\t<\/div>\n\t<\/div>\n<\/div><\/div>\n\n<div class=\"fw-row\">\n\t<div id=\"column-69f0f7799102d\" class=\"fw-col-sm-2 tf-sh-3973f7c922b04042a0c1d3f6a5253663\" >\n\t<div class=\"fw-wrap-col-inner clearfix\"   >\n\t\t\t\t<div class=\"fw-col-inner\">\n\t\t\t\t<div class=\"fw-team tf-sh-c6c180064eedb7226ab15eefeeeec983  fw-content-align-center fw-team-member-type-2 fw-overlay-1\" >\n\t\t<div style=\"width: 100%;\" class=\"fw-team-image fw-block-image-parent fw-block-image-circle\">\n\t\t\t\t\t\t<div class=\"fw-block-image-child fw-ratio-1 fw-ratio-container\"><noscript itemscope itemtype=\"https:\/\/schema.org\/ImageObject\" itemprop=\"image\"><img data-recalc-dims=\"1\" decoding=\"async\" src=\"https:\/\/i0.wp.com\/rhizomecenter.org\/wp-content\/uploads\/2021\/06\/Democrats-Abroad-Mexico.jpg?ssl=1\"  alt=\"Democrats Abroad Mexico\" data-maxdpr=\"1.7\" class=\"lazyload\" \/><meta itemprop=\"url\" content=\"https:\/\/rhizomecenter.org\/wp-content\/uploads\/2021\/06\/Democrats-Abroad-Mexico.jpg\"><meta itemprop=\"width\" content=\"240\"><meta itemprop=\"height\" content=\"240\"><\/noscript><img decoding=\"async\" src=\"data:image\/gif;base64,R0lGODlhAQABAIAAAAAAAP\/\/\/yH5BAEAAAAALAAAAAABAAEAAAIBRAA7\" data-sizes=\"auto\" data-srcset=\"https:\/\/rhizomecenter.org\/wp-content\/uploads\/2021\/06\/Democrats-Abroad-Mexico-150x150.jpg 150w, https:\/\/rhizomecenter.org\/wp-content\/uploads\/2021\/06\/Democrats-Abroad-Mexico-12x12.jpg 12w, https:\/\/rhizomecenter.org\/wp-content\/uploads\/2021\/06\/Democrats-Abroad-Mexico.jpg 240w\"   alt=\"Democrats Abroad Mexico\" data-maxdpr=\"1.7\" class=\"lazyload\" \/>\t\t\t\t<div class=\"fw-block-image-overlay\">\n\t\t\t\t\t<div class=\"fw-itable\">\n\t\t\t\t\t\t<div class=\"fw-icell\">\n\t\t\t\t\t\t\t<div class=\"fw-team-inner\" style=\"\">\n\t\t\t\t\t\t\t\t<div class=\"fw-team-name\">\n\t\t\t\t\t\t\t\t\t\t\t\t\t\t\t\t\t\t\t\t\t\t\t\t\t\t<\/div>\n\n\t\t\t\t\t\t\t\t\n\t\t\t\t\t\t\t\t\t\t\t\t\t\t\t<\/div>\n\t\t\t\t\t\t<\/div>\n\t\t\t\t\t<\/div>\n\t\t\t\t<\/div>\n\t\t\t<\/div>\n\t\t<\/div>\n\t<\/div>\n\t\t<\/div>\n\t<\/div>\n<\/div><div id=\"column-69f0f77991666\" class=\"fw-col-sm-8 tf-sh-a0abfc0f493ce6a9b7e5738d16979fdb\" >\n\t<div class=\"fw-wrap-col-inner clearfix\"   >\n\t\t\t\t<div class=\"fw-col-inner\">\n\t\t\t<div class=\"fw-text-box tf-sh-713dae8a8c16fea7322d0e2878bf634e\" >\n\t<div class=\"fw-text-inner\">\n\t\t<p><span style=\"font-weight: 400;\"><b>Need for Updated Consular Services, Inclusion in U.S. Census<\/b><br \/><span style=\"color: #00ccff;\">PRESENTATION \/ DEMOCRATS ABROAD<\/span><br \/><\/span><\/p>\n<p><span style=\"font-weight: 400;\">Of the estimated 1.6 million Americans now living in Mexico, more than half are the U.S. citizen family members of Mexican migrants who often experience persistent disadvantages in Mexico. Join us for a conversation on what improved consular services could benefit the most vulnerable Americans and why it's time to push for an accurate count of Americans residing in Mexico.&nbsp;<\/span><\/p>\n<p><img decoding=\"async\" class=\"emoji\" role=\"img\" draggable=\"false\" src=\"https:\/\/s.w.org\/images\/core\/emoji\/13.0.1\/svg\/1f550.svg\" alt=\"\ud83d\udd50\" \/>&nbsp; Jan 16, 2023 @ 4:00PM - 5:00PM CST<br \/><img decoding=\"async\" class=\"emoji\" role=\"img\" draggable=\"false\" src=\"https:\/\/s.w.org\/images\/core\/emoji\/13.0.1\/svg\/1f4cd.svg\" alt=\"\ud83d\udccd\" \/> Ajijic, Jalisco (TBA)<\/p>\n\t<\/div>\n<\/div>\t\t<\/div>\n\t<\/div>\n<\/div><\/div>\n\n<div class=\"fw-row\">\n\t<div id=\"column-69f0f779917a5\" class=\"fw-col-sm-12 tf-sh-d6832dd1fe323fd347e072c35be3ef62\" >\n\t<div class=\"fw-wrap-col-inner clearfix\"   >\n\t\t\t\t<div class=\"fw-col-inner\">\n\t\t\t<div class=\"fw-divider-space  fw-custom-space  clearfix\" style=\"height:50px;\" ><\/div>\t\t<\/div>\n\t<\/div>\n<\/div><\/div>\n\n<div class=\"fw-row\">\n\t<div id=\"column-69f0f77991889\" class=\"fw-col-sm-2 tf-sh-3314cb5226d7637ec67e2e0abe486b25\" >\n\t<div class=\"fw-wrap-col-inner clearfix\"   >\n\t\t\t\t<div class=\"fw-col-inner\">\n\t\t\t\t<div class=\"fw-team tf-sh-3b853192e1c5363502b3368ed1d8dd9e  fw-content-align-center fw-team-member-type-2 fw-overlay-1\" >\n\t\t<div style=\"width: 100%;\" class=\"fw-team-image fw-block-image-parent fw-block-image-circle\">\n\t\t\t\t\t\t<div class=\"fw-block-image-child fw-ratio-1 fw-ratio-container\"><noscript itemscope itemtype=\"https:\/\/schema.org\/ImageObject\" itemprop=\"image\"><img data-recalc-dims=\"1\" decoding=\"async\" src=\"https:\/\/i0.wp.com\/rhizomecenter.org\/wp-content\/uploads\/2022\/12\/1-11-Panel-8.png?ssl=1\"  alt=\"Jan 11 Panel\" data-maxdpr=\"1.7\" class=\"lazyload\" \/><meta itemprop=\"url\" content=\"https:\/\/rhizomecenter.org\/wp-content\/uploads\/2022\/12\/1-11-Panel-8.png\"><meta itemprop=\"width\" content=\"940\"><meta itemprop=\"height\" content=\"788\"><\/noscript><img decoding=\"async\" src=\"data:image\/gif;base64,R0lGODlhAQABAIAAAAAAAP\/\/\/yH5BAEAAAAALAAAAAABAAEAAAIBRAA7\" data-sizes=\"auto\" data-srcset=\"https:\/\/rhizomecenter.org\/wp-content\/uploads\/2022\/12\/1-11-Panel-8-150x150.png 150w, https:\/\/rhizomecenter.org\/wp-content\/uploads\/2022\/12\/1-11-Panel-8-800x788.png 800w, https:\/\/rhizomecenter.org\/wp-content\/uploads\/2022\/12\/1-11-Panel-8-300x300.png 300w\"   alt=\"Jan 11 Panel\" data-maxdpr=\"1.7\" class=\"lazyload\" \/>\t\t\t\t<div class=\"fw-block-image-overlay\">\n\t\t\t\t\t<div class=\"fw-itable\">\n\t\t\t\t\t\t<div class=\"fw-icell\">\n\t\t\t\t\t\t\t<div class=\"fw-team-inner\" style=\"\">\n\t\t\t\t\t\t\t\t<div class=\"fw-team-name\">\n\t\t\t\t\t\t\t\t\t\t\t\t\t\t\t\t\t\t\t\t\t\t\t\t\t\t<\/div>\n\n\t\t\t\t\t\t\t\t\n\t\t\t\t\t\t\t\t\t\t\t\t\t\t\t<\/div>\n\t\t\t\t\t\t<\/div>\n\t\t\t\t\t<\/div>\n\t\t\t\t<\/div>\n\t\t\t<\/div>\n\t\t<\/div>\n\t<\/div>\n\t\t<\/div>\n\t<\/div>\n<\/div><div id=\"column-69f0f77991df2\" class=\"fw-col-sm-8 tf-sh-b7d93747a9b4e4885f77d3d35a37d5ce\" >\n\t<div class=\"fw-wrap-col-inner clearfix\"   >\n\t\t\t\t<div class=\"fw-col-inner\">\n\t\t\t<div class=\"fw-text-box tf-sh-ec3529cd5d67900c2bb79123efb09819\" >\n\t<div class=\"fw-text-inner\">\n\t\t<p><span style=\"font-weight: 400;\"><b>Toward A Mutual Agenda on Migration<\/b><br \/><span style=\"color: #00ccff;\">LOCAL EVENT \/ PANEL<\/span><br \/><\/span><\/p>\n<p>Mexico does not have a coordinated federal government policy on migration and integration. Without a clear plan, those working on the ground are often left to navigate murky conditions without political alignment or support. Join us on January 11th with Father Alberto Ru\u00edz (El Refugio), Dr. Darwin Franco (ZonaDocs), Dr. Salvador Berumen (GIZ), and Raymundo Galv\u00e1n (Direcci\u00f3n de Atenci\u00f3n a Personas Migrantes) for a discussion on how local actors are responding to the complexities and challenges of migration in the current environment. Panel moderated by Prof. Iliana Mart\u00ednez Hern\u00e1ndez Mej\u00eda of ITESO Universidad Jesuita de Guadalajara.<\/p>\n<p><img decoding=\"async\" class=\"emoji\" role=\"img\" draggable=\"false\" src=\"https:\/\/s.w.org\/images\/core\/emoji\/13.0.1\/svg\/1f550.svg\" alt=\"\ud83d\udd50\" \/>\u00a0 Jan 11, 2023 @ 10:00AM - 12:00PM CST<br \/><img decoding=\"async\" class=\"emoji\" role=\"img\" draggable=\"false\" src=\"https:\/\/s.w.org\/images\/core\/emoji\/13.0.1\/svg\/1f4cd.svg\" alt=\"\ud83d\udccd\" \/> <span class=\"S1PPyQ\">Av. Ju\u00e1rez 451, 44100, Guadalajara, Jalisco<\/span><\/p>\n\t<\/div>\n<\/div>\t\t<\/div>\n\t<\/div>\n<\/div><div id=\"column-69f0f77991eee\" class=\"fw-col-sm-2 tf-sh-556e3e6a279f38252632ab27ad585cf1\" >\n\t<div class=\"fw-wrap-col-inner clearfix\"   >\n\t\t\t\t<div class=\"fw-col-inner\">\n\t\t\t<div class=\"text-center\">\t<a href=\"https:\/\/www.eventbrite.com\/e\/rumbo-a-una-agenda-mutua-en-materia-migratoria-tickets-483432799517\" target=\"_blank\" class=\"fw-btn tf-sh-89cded7e8f15ba12fc8616eac9dc2347     fw-btn-1\"  style=\"width:200px; height:50px; line-height:50px;\">\n\t\t<span style=\"top:0;\">\n\t\t\tPre-registro\t\t<\/span>\n\t<\/a>\n<\/div>\t\t<\/div>\n\t<\/div>\n<\/div><\/div>\n\n<div class=\"fw-row\">\n\t<div id=\"column-69f0f77991fe0\" class=\"fw-col-sm-12 tf-sh-d6832dd1fe323fd347e072c35be3ef62\" >\n\t<div class=\"fw-wrap-col-inner clearfix\"   >\n\t\t\t\t<div class=\"fw-col-inner\">\n\t\t\t<div class=\"fw-divider-space  fw-custom-space  clearfix\" style=\"height:50px;\" ><\/div>\t\t<\/div>\n\t<\/div>\n<\/div><\/div>\n\n<div class=\"fw-row\">\n\t<div id=\"column-69f0f779920ce\" class=\"fw-col-sm-2 tf-sh-275a56adf9dfaccd3e51f07a27c643e2\" >\n\t<div class=\"fw-wrap-col-inner clearfix\"   >\n\t\t\t\t<div class=\"fw-col-inner\">\n\t\t\t\t<div class=\"fw-team tf-sh-407ebf2b50b442fda1ed216d587edb3c  fw-content-align-center fw-team-member-type-2 fw-overlay-1\" >\n\t\t<div style=\"width: 100%;\" class=\"fw-team-image fw-block-image-parent fw-block-image-circle\">\n\t\t\t\t\t\t<div class=\"fw-block-image-child fw-ratio-1 fw-ratio-container\"><noscript itemscope itemtype=\"https:\/\/schema.org\/ImageObject\" itemprop=\"image\"><img data-recalc-dims=\"1\" decoding=\"async\" src=\"https:\/\/i0.wp.com\/rhizomecenter.org\/wp-content\/uploads\/2021\/06\/catedral.png?ssl=1\"  alt=\"Catedral\" data-maxdpr=\"1.7\" class=\"lazyload\" \/><meta itemprop=\"url\" content=\"https:\/\/rhizomecenter.org\/wp-content\/uploads\/2021\/06\/catedral.png\"><meta itemprop=\"width\" content=\"618\"><meta itemprop=\"height\" content=\"779\"><\/noscript><img decoding=\"async\" src=\"data:image\/gif;base64,R0lGODlhAQABAIAAAAAAAP\/\/\/yH5BAEAAAAALAAAAAABAAEAAAIBRAA7\" data-sizes=\"auto\" data-srcset=\"https:\/\/rhizomecenter.org\/wp-content\/uploads\/2021\/06\/catedral-150x150.png 150w, https:\/\/rhizomecenter.org\/wp-content\/uploads\/2021\/06\/catedral-300x300.png 300w\"   alt=\"Catedral\" data-maxdpr=\"1.7\" class=\"lazyload\" \/>\t\t\t\t<div class=\"fw-block-image-overlay\">\n\t\t\t\t\t<div class=\"fw-itable\">\n\t\t\t\t\t\t<div class=\"fw-icell\">\n\t\t\t\t\t\t\t<div class=\"fw-team-inner\" style=\"\">\n\t\t\t\t\t\t\t\t<div class=\"fw-team-name\">\n\t\t\t\t\t\t\t\t\t\t\t\t\t\t\t\t\t\t\t\t\t\t\t\t\t\t<\/div>\n\n\t\t\t\t\t\t\t\t\n\t\t\t\t\t\t\t\t\t\t\t\t\t\t\t<\/div>\n\t\t\t\t\t\t<\/div>\n\t\t\t\t\t<\/div>\n\t\t\t\t<\/div>\n\t\t\t<\/div>\n\t\t<\/div>\n\t<\/div>\n\t\t<\/div>\n\t<\/div>\n<\/div><div id=\"column-69f0f7799221e\" class=\"fw-col-sm-8 tf-sh-6df4d0fd67c4e94283d5356335bf0863\" >\n\t<div class=\"fw-wrap-col-inner clearfix\"   >\n\t\t\t\t<div class=\"fw-col-inner\">\n\t\t\t<div class=\"fw-text-box tf-sh-28ef5ccdf186593779ef8ee7207c8bd8\" >\n\t<div class=\"fw-text-inner\">\n\t\t<p><span style=\"font-weight: 400;\"><b>Our Immigration Course<\/b><br \/><span style=\"color: #00ccff;\">EVENTO LOCAL \/ PROGRAMA EDUCATIVO<\/span><br \/><\/span><\/p>\n<p>Attorneys, rights advocates, law students and L.L.M.s are invited to Guadalajara, Mexico. Our eye-opening immigration course is aimed at raising awareness about U.S.-Mexico border politics, immigration policies, and impact. This January, we welcome our 7th class to Guadalajara, where participants will have the opportunity to connect with leading cross-border actors, as well as migrants, asylum seekers, refugees, and deportees themselves.<\/p>\n<p><img decoding=\"async\" class=\"emoji\" role=\"img\" draggable=\"false\" src=\"https:\/\/s.w.org\/images\/core\/emoji\/13.0.1\/svg\/1f550.svg\" alt=\"\ud83d\udd50\" \/>\u00a0 Jan 6-13, 2023, Week-Long Event<br \/><img decoding=\"async\" class=\"emoji\" role=\"img\" draggable=\"false\" src=\"https:\/\/s.w.org\/images\/core\/emoji\/13.0.1\/svg\/1f4cd.svg\" alt=\"\ud83d\udccd\" \/>\u00a0Guadalajara, Jalisco<\/p>\n\t<\/div>\n<\/div>\t\t<\/div>\n\t<\/div>\n<\/div><div id=\"column-69f0f77992301\" class=\"fw-col-sm-2 tf-sh-a6c42730a2e1938a8a6b0ab07488e629\" >\n\t<div class=\"fw-wrap-col-inner clearfix\"   >\n\t\t\t\t<div class=\"fw-col-inner\">\n\t\t\t<div class=\"text-center\">\t<a href=\"https:\/\/forms.gle\/G5KbRCyXcGG932mW8\" target=\"_blank\" class=\"fw-btn tf-sh-1d16de25ce7a73de3d6926fb980bca3a     fw-btn-1\"  style=\"width:200px; height:50px; line-height:50px;\">\n\t\t<span style=\"top:0;\">\n\t\t\tInscr\u00edbase\t\t<\/span>\n\t<\/a>\n<\/div>\t\t<\/div>\n\t<\/div>\n<\/div><\/div>\n\n<div class=\"fw-row\">\n\t<div id=\"column-69f0f779923e9\" class=\"fw-col-sm-12 tf-sh-d6832dd1fe323fd347e072c35be3ef62\" >\n\t<div class=\"fw-wrap-col-inner clearfix\"   >\n\t\t\t\t<div class=\"fw-col-inner\">\n\t\t\t<div class=\"fw-divider-space  fw-custom-space  clearfix\" style=\"height:50px;\" ><\/div>\t\t<\/div>\n\t<\/div>\n<\/div><\/div>\n\n<div class=\"fw-row\">\n\t<div id=\"column-69f0f779924bb\" class=\"fw-col-sm-2 tf-sh-3b9457bbb08709de41949cd32966d4b0\" >\n\t<div class=\"fw-wrap-col-inner clearfix\"   >\n\t\t\t\t<div class=\"fw-col-inner\">\n\t\t\t\t<div class=\"fw-team tf-sh-fd6e33255f88d9000aaa79f71cb092c0  fw-content-align-center fw-team-member-type-2 fw-overlay-1\" >\n\t\t<div style=\"width: 100%;\" class=\"fw-team-image fw-block-image-parent fw-block-image-circle\">\n\t\t\t\t\t\t<div class=\"fw-block-image-child fw-ratio-1 fw-ratio-container\"><noscript itemscope itemtype=\"https:\/\/schema.org\/ImageObject\" itemprop=\"image\"><img data-recalc-dims=\"1\" decoding=\"async\" src=\"https:\/\/i0.wp.com\/rhizomecenter.org\/wp-content\/uploads\/2022\/09\/College-Workshop.png?ssl=1\"  alt=\"College Workshop\" data-maxdpr=\"1.7\" class=\"lazyload\" \/><meta itemprop=\"url\" content=\"https:\/\/rhizomecenter.org\/wp-content\/uploads\/2022\/09\/College-Workshop.png\"><meta itemprop=\"width\" content=\"480\"><meta itemprop=\"height\" content=\"480\"><\/noscript><img decoding=\"async\" src=\"data:image\/gif;base64,R0lGODlhAQABAIAAAAAAAP\/\/\/yH5BAEAAAAALAAAAAABAAEAAAIBRAA7\" data-sizes=\"auto\" data-srcset=\"https:\/\/rhizomecenter.org\/wp-content\/uploads\/2022\/09\/College-Workshop-300x300.png 300w, https:\/\/rhizomecenter.org\/wp-content\/uploads\/2022\/09\/College-Workshop-150x150.png 150w, https:\/\/rhizomecenter.org\/wp-content\/uploads\/2022\/09\/College-Workshop-12x12.png 12w, https:\/\/rhizomecenter.org\/wp-content\/uploads\/2022\/09\/College-Workshop-300x300.png 300w, https:\/\/rhizomecenter.org\/wp-content\/uploads\/2022\/09\/College-Workshop.png 480w\"   alt=\"College Workshop\" data-maxdpr=\"1.7\" class=\"lazyload\" \/>\t\t\t\t<div class=\"fw-block-image-overlay\">\n\t\t\t\t\t<div class=\"fw-itable\">\n\t\t\t\t\t\t<div class=\"fw-icell\">\n\t\t\t\t\t\t\t<div class=\"fw-team-inner\" style=\"\">\n\t\t\t\t\t\t\t\t<div class=\"fw-team-name\">\n\t\t\t\t\t\t\t\t\t\t\t\t\t\t\t\t\t\t\t\t\t\t\t\t\t\t<\/div>\n\n\t\t\t\t\t\t\t\t\n\t\t\t\t\t\t\t\t\t\t\t\t\t\t\t<\/div>\n\t\t\t\t\t\t<\/div>\n\t\t\t\t\t<\/div>\n\t\t\t\t<\/div>\n\t\t\t<\/div>\n\t\t<\/div>\n\t<\/div>\n\t\t<\/div>\n\t<\/div>\n<\/div><div id=\"column-69f0f7799293e\" class=\"fw-col-sm-8 tf-sh-13dc3fffb94195bad2a021101556af5a\" >\n\t<div class=\"fw-wrap-col-inner clearfix\"   >\n\t\t\t\t<div class=\"fw-col-inner\">\n\t\t\t<div class=\"fw-text-box tf-sh-482ab4ca3047b03c6aa762c732bcc12a\" >\n\t<div class=\"fw-text-inner\">\n\t\t<p><span style=\"font-weight: 400;\"><b>U.S. College Opportunities &amp; Admissions<\/b><br \/><span style=\"color: #00ccff;\">EVENTO LOCAL \/ TALLER\u00a0<\/span><\/span><\/p>\n<p><span class=\"break-words\"><span dir=\"ltr\">In collaboration with EducationUSA and The American School Foundation of Guadalajara, The Rhizome Center for Migrants will host a first workshop on \"U.S. College Opportunities &amp; Admissions\" for U.S.-born children of Mexican migrants seeking higher education opportunities in the United States.\u00a0<\/span><\/span><\/p>\n<p><img decoding=\"async\" class=\"emoji\" role=\"img\" draggable=\"false\" src=\"https:\/\/s.w.org\/images\/core\/emoji\/13.0.1\/svg\/1f550.svg\" alt=\"\ud83d\udd50\" \/>\u00a0 Oct 23, 2022 @ 12:00PM - 2:00PM CST<br \/><img decoding=\"async\" class=\"emoji\" role=\"img\" draggable=\"false\" src=\"https:\/\/s.w.org\/images\/core\/emoji\/14.0.0\/svg\/1f4cd.svg\" alt=\"\ud83d\udccd\" \/>\u00a0 Calle Colomos 2300, 44630, Guadalajara, Jalisco<\/p>\n\t<\/div>\n<\/div>\t\t<\/div>\n\t<\/div>\n<\/div><\/div>\n\n<div class=\"fw-row\">\n\t<div id=\"column-69f0f77992a83\" class=\"fw-col-sm-12 tf-sh-d6832dd1fe323fd347e072c35be3ef62\" >\n\t<div class=\"fw-wrap-col-inner clearfix\"   >\n\t\t\t\t<div class=\"fw-col-inner\">\n\t\t\t<div class=\"fw-divider-space  fw-custom-space  clearfix\" style=\"height:50px;\" ><\/div>\t\t<\/div>\n\t<\/div>\n<\/div><\/div>\n\n<div class=\"fw-row\">\n\t<div id=\"column-69f0f77992b73\" class=\"fw-col-sm-2 tf-sh-c102d4cce4c889c9586470b0e0e58883\" >\n\t<div class=\"fw-wrap-col-inner clearfix\"   >\n\t\t\t\t<div class=\"fw-col-inner\">\n\t\t\t\t<div class=\"fw-team tf-sh-428bf94bd76921f53e600e092775e4f2  fw-content-align-center fw-team-member-type-2 fw-overlay-1\" >\n\t\t<div style=\"width: 100%;\" class=\"fw-team-image fw-block-image-parent fw-block-image-circle\">\n\t\t\t\t\t\t<div class=\"fw-block-image-child fw-ratio-1 fw-ratio-container\"><noscript itemscope itemtype=\"https:\/\/schema.org\/ImageObject\" itemprop=\"image\"><img data-recalc-dims=\"1\" decoding=\"async\" src=\"https:\/\/i0.wp.com\/rhizomecenter.org\/wp-content\/uploads\/2022\/04\/Writing.png?ssl=1\"  alt=\"Writing Contest PNG\" data-maxdpr=\"1.7\" class=\"lazyload\" \/><meta itemprop=\"url\" content=\"https:\/\/rhizomecenter.org\/wp-content\/uploads\/2022\/04\/Writing.png\"><meta itemprop=\"width\" content=\"940\"><meta itemprop=\"height\" content=\"788\"><\/noscript><img decoding=\"async\" src=\"data:image\/gif;base64,R0lGODlhAQABAIAAAAAAAP\/\/\/yH5BAEAAAAALAAAAAABAAEAAAIBRAA7\" data-sizes=\"auto\" data-srcset=\"https:\/\/rhizomecenter.org\/wp-content\/uploads\/2022\/04\/Writing-150x150.png 150w, https:\/\/rhizomecenter.org\/wp-content\/uploads\/2022\/04\/Writing-800x788.png 800w, https:\/\/rhizomecenter.org\/wp-content\/uploads\/2022\/04\/Writing-300x300.png 300w\"   alt=\"Writing Contest PNG\" data-maxdpr=\"1.7\" class=\"lazyload\" \/>\t\t\t\t<div class=\"fw-block-image-overlay\">\n\t\t\t\t\t<div class=\"fw-itable\">\n\t\t\t\t\t\t<div class=\"fw-icell\">\n\t\t\t\t\t\t\t<div class=\"fw-team-inner\" style=\"\">\n\t\t\t\t\t\t\t\t<div class=\"fw-team-name\">\n\t\t\t\t\t\t\t\t\t\t\t\t\t\t\t\t\t\t\t\t\t\t\t\t\t\t<\/div>\n\n\t\t\t\t\t\t\t\t\n\t\t\t\t\t\t\t\t\t\t\t\t\t\t\t<\/div>\n\t\t\t\t\t\t<\/div>\n\t\t\t\t\t<\/div>\n\t\t\t\t<\/div>\n\t\t\t<\/div>\n\t\t<\/div>\n\t<\/div>\n\t\t<\/div>\n\t<\/div>\n<\/div><div id=\"column-69f0f77993115\" class=\"fw-col-sm-8 tf-sh-0976e51a767310d72173609bf11a5943\" >\n\t<div class=\"fw-wrap-col-inner clearfix\"   >\n\t\t\t\t<div class=\"fw-col-inner\">\n\t\t\t<div class=\"fw-text-box tf-sh-6933596c22a431a85b6eb9f15b1bd078\" >\n\t<div class=\"fw-text-inner\">\n\t\t<p><span style=\"font-weight: 400;\"><b>2022 Writing Contest Awards Ceremony<\/b><br \/><span style=\"color: #00ccff;\">LOCAL EVENT \/ PRESENTATION<\/span><\/span><\/p>\n<p><span class=\"break-words\"><span dir=\"ltr\">This year's 2022 Writing Contest awards ceremony\u00a0 will be held at The American School Foundation of Guadalajara, the first school for American children in the city. Our prize winners will read their essays reflecting on this year's prompt, \"What does U.S. citizenship mean to you?\", and will have the opportunity to hear from the U.S. Consul General of Guadalajara, Eliza F. Al-Laham.\u00a0\u00a0<\/span><\/span><\/p>\n<p><img decoding=\"async\" class=\"emoji\" role=\"img\" draggable=\"false\" src=\"https:\/\/s.w.org\/images\/core\/emoji\/13.0.1\/svg\/1f550.svg\" alt=\"\ud83d\udd50\" \/>\u00a0 Oct 23, 2022 @ 10:00AM - 11:30AM CST<br \/><img decoding=\"async\" class=\"emoji\" role=\"img\" draggable=\"false\" src=\"https:\/\/s.w.org\/images\/core\/emoji\/14.0.0\/svg\/1f4cd.svg\" alt=\"\ud83d\udccd\" \/>\u00a0 Calle Colomos 2300, 44630, Guadalajara, Jalisco<\/p>\n\t<\/div>\n<\/div>\t\t<\/div>\n\t<\/div>\n<\/div><\/div>\n\n<div class=\"fw-row\">\n\t<div id=\"column-69f0f7799325c\" class=\"fw-col-sm-12 tf-sh-d6832dd1fe323fd347e072c35be3ef62\" >\n\t<div class=\"fw-wrap-col-inner clearfix\"   >\n\t\t\t\t<div class=\"fw-col-inner\">\n\t\t\t<div class=\"fw-divider-space  fw-custom-space  clearfix\" style=\"height:50px;\" ><\/div>\t\t<\/div>\n\t<\/div>\n<\/div><\/div>\n\n<div class=\"fw-row\">\n\t<div id=\"column-69f0f77993338\" class=\"fw-col-sm-2 tf-sh-4cad65dcb0262bb9bcc2c431df593a50\" >\n\t<div class=\"fw-wrap-col-inner clearfix\"   >\n\t\t\t\t<div class=\"fw-col-inner\">\n\t\t\t\t<div class=\"fw-team tf-sh-6185119e8802d376cf7ef0baa95d0856  fw-content-align-center fw-team-member-type-2 fw-overlay-1\" >\n\t\t<div style=\"width: 100%;\" class=\"fw-team-image fw-block-image-parent fw-block-image-circle\">\n\t\t\t\t\t\t<div class=\"fw-block-image-child fw-ratio-1 fw-ratio-container\"><noscript itemscope itemtype=\"https:\/\/schema.org\/ImageObject\" itemprop=\"image\"><img data-recalc-dims=\"1\" decoding=\"async\" src=\"https:\/\/i0.wp.com\/rhizomecenter.org\/wp-content\/uploads\/2020\/10\/ILSA-Meeting.jpg?ssl=1\"  alt=\"ILSA Meeting\" data-maxdpr=\"1.7\" class=\"lazyload\" \/><meta itemprop=\"url\" content=\"https:\/\/rhizomecenter.org\/wp-content\/uploads\/2020\/10\/ILSA-Meeting.jpg\"><meta itemprop=\"width\" content=\"1082\"><meta itemprop=\"height\" content=\"744\"><\/noscript><img decoding=\"async\" src=\"data:image\/gif;base64,R0lGODlhAQABAIAAAAAAAP\/\/\/yH5BAEAAAAALAAAAAABAAEAAAIBRAA7\" data-sizes=\"auto\" data-srcset=\"https:\/\/rhizomecenter.org\/wp-content\/uploads\/2020\/10\/ILSA-Meeting-150x150.jpg 150w, https:\/\/rhizomecenter.org\/wp-content\/uploads\/2020\/10\/ILSA-Meeting-300x300.jpg 300w\"   alt=\"ILSA Meeting\" data-maxdpr=\"1.7\" class=\"lazyload\" \/>\t\t\t\t<div class=\"fw-block-image-overlay\">\n\t\t\t\t\t<div class=\"fw-itable\">\n\t\t\t\t\t\t<div class=\"fw-icell\">\n\t\t\t\t\t\t\t<div class=\"fw-team-inner\" style=\"\">\n\t\t\t\t\t\t\t\t<div class=\"fw-team-name\">\n\t\t\t\t\t\t\t\t\t\t\t\t\t\t\t\t\t\t\t\t\t\t\t\t\t\t<\/div>\n\n\t\t\t\t\t\t\t\t\n\t\t\t\t\t\t\t\t\t\t\t\t\t\t\t<\/div>\n\t\t\t\t\t\t<\/div>\n\t\t\t\t\t<\/div>\n\t\t\t\t<\/div>\n\t\t\t<\/div>\n\t\t<\/div>\n\t<\/div>\n\t\t<\/div>\n\t<\/div>\n<\/div><div id=\"column-69f0f7799389a\" class=\"fw-col-sm-8 tf-sh-002ce98f3ff02c42d7c5e40637b7b706\" >\n\t<div class=\"fw-wrap-col-inner clearfix\"   >\n\t\t\t\t<div class=\"fw-col-inner\">\n\t\t\t<div class=\"fw-text-box tf-sh-0feea9afdbe2b8f95978a054f6afec3c\" >\n\t<div class=\"fw-text-inner\">\n\t\t<p><b><span style=\"font-weight: 400;\"><strong>Internship Opportunities<\/strong><br \/><\/span><span style=\"font-weight: 400; color: #00ccff;\">PRESENTACI\u00d3N \/ FACULTAD DE DERECHO DE LA UNIVERSIDAD DE ST. MARY<\/span><\/b><span style=\"font-weight: 400;\"><br \/><\/span><\/p>\n<p><span style=\"font-weight: 400;\">Join this talk for students of St. Mary's University School of Law Immigration Law Students Association, where our founder will discuss <\/span><span style=\"font-weight: 400;\">challenges faced by the returned community in Mexico, available post-deportation relief, as well as internship opportunities for law students.<\/span><\/p>\n<p><span style=\"font-weight: 400;\">\ud83d\udd50\u00a0 Oct 10, 2022 @ 5:30PM - 6:30PM CST<br \/>\ud83d\udda5\ufe0f Evento virtual<br \/><\/span><\/p>\n\t<\/div>\n<\/div>\t\t<\/div>\n\t<\/div>\n<\/div><\/div>\n\n<div class=\"fw-row\">\n\t<div id=\"column-69f0f77993973\" class=\"fw-col-sm-12 tf-sh-d6832dd1fe323fd347e072c35be3ef62\" >\n\t<div class=\"fw-wrap-col-inner clearfix\"   >\n\t\t\t\t<div class=\"fw-col-inner\">\n\t\t\t<div class=\"fw-divider-space  fw-custom-space  clearfix\" style=\"height:50px;\" ><\/div>\t\t<\/div>\n\t<\/div>\n<\/div><\/div>\n\n<div class=\"fw-row\">\n\t<div id=\"column-69f0f77993a18\" class=\"fw-col-sm-2 tf-sh-f9f41ea3c9e4a637db83a44b4ce38d70\" >\n\t<div class=\"fw-wrap-col-inner clearfix\"   >\n\t\t\t\t<div class=\"fw-col-inner\">\n\t\t\t\t<div class=\"fw-team tf-sh-105c91b68a28774c709140a9e1191208  fw-content-align-center fw-team-member-type-2 fw-overlay-1\" >\n\t\t<div style=\"width: 100%;\" class=\"fw-team-image fw-block-image-parent fw-block-image-circle\">\n\t\t\t\t\t\t<div class=\"fw-block-image-child fw-ratio-1 fw-ratio-container\"><noscript itemscope itemtype=\"https:\/\/schema.org\/ImageObject\" itemprop=\"image\"><img data-recalc-dims=\"1\" decoding=\"async\" src=\"https:\/\/i0.wp.com\/rhizomecenter.org\/wp-content\/uploads\/2022\/09\/baker-institute.jpg?ssl=1\"  alt=\"BIPP\" data-maxdpr=\"1.7\" class=\"lazyload\" \/><meta itemprop=\"url\" content=\"https:\/\/rhizomecenter.org\/wp-content\/uploads\/2022\/09\/baker-institute.jpg\"><meta itemprop=\"width\" content=\"800\"><meta itemprop=\"height\" content=\"800\"><\/noscript><img decoding=\"async\" src=\"data:image\/gif;base64,R0lGODlhAQABAIAAAAAAAP\/\/\/yH5BAEAAAAALAAAAAABAAEAAAIBRAA7\" data-sizes=\"auto\" data-srcset=\"https:\/\/rhizomecenter.org\/wp-content\/uploads\/2022\/09\/baker-institute-300x300.jpg 300w, https:\/\/rhizomecenter.org\/wp-content\/uploads\/2022\/09\/baker-institute-150x150.jpg 150w, https:\/\/rhizomecenter.org\/wp-content\/uploads\/2022\/09\/baker-institute-768x768.jpg 768w, https:\/\/rhizomecenter.org\/wp-content\/uploads\/2022\/09\/baker-institute-12x12.jpg 12w, https:\/\/rhizomecenter.org\/wp-content\/uploads\/2022\/09\/baker-institute-800x800.jpg 800w, https:\/\/rhizomecenter.org\/wp-content\/uploads\/2022\/09\/baker-institute-300x300.jpg 300w, https:\/\/rhizomecenter.org\/wp-content\/uploads\/2022\/09\/baker-institute.jpg 800w\"   alt=\"BIPP\" data-maxdpr=\"1.7\" class=\"lazyload\" \/>\t\t\t\t<div class=\"fw-block-image-overlay\">\n\t\t\t\t\t<div class=\"fw-itable\">\n\t\t\t\t\t\t<div class=\"fw-icell\">\n\t\t\t\t\t\t\t<div class=\"fw-team-inner\" style=\"\">\n\t\t\t\t\t\t\t\t<div class=\"fw-team-name\">\n\t\t\t\t\t\t\t\t\t\t\t\t\t\t\t\t\t\t\t\t\t\t\t\t\t\t<\/div>\n\n\t\t\t\t\t\t\t\t\n\t\t\t\t\t\t\t\t\t\t\t\t\t\t\t<\/div>\n\t\t\t\t\t\t<\/div>\n\t\t\t\t\t<\/div>\n\t\t\t\t<\/div>\n\t\t\t<\/div>\n\t\t<\/div>\n\t<\/div>\n\t\t<\/div>\n\t<\/div>\n<\/div><div id=\"column-69f0f77993ccc\" class=\"fw-col-sm-8 tf-sh-ac543e1983c1f36978a994c22c864459\" >\n\t<div class=\"fw-wrap-col-inner clearfix\"   >\n\t\t\t\t<div class=\"fw-col-inner\">\n\t\t\t<div class=\"fw-text-box tf-sh-ea58bfdb057aa7c4197d4f5881e8f441\" >\n\t<div class=\"fw-text-inner\">\n\t\t<p><span style=\"font-weight: 400;\"><b>Zoom in on the Consequences of Deportation for U.S. Citizens<\/b><br \/><span style=\"color: #00ccff;\">REPORT LAUNCH \/ CENTER FOR THE U.S. AND MEXICO<\/span><\/span><\/p>\n<p><span class=\"break-words\"><span dir=\"ltr\">You are invited to a virtual launch of our new report, <a href=\"https:\/\/www.bakerinstitute.org\/research\/us-citizens-in-mexico-displaced-without-protection\" target=\"_blank\" rel=\"noopener\">\"U.S. Citizens in Mexico: Displaced Without Protection\"<\/a>. Join Tran Dang, director of The Rhizome Center for Migrants, and <\/span><\/span><span class=\"break-words\"><span dir=\"ltr\">Tony Payan, the director of the Center for the U.S. and Mexico at Rice University's Baker Institute for Public Policy, for a discussion on the consequences of deportation for U.S. citizens, and the larger policy implications on the United States and Mexico. <\/span><\/span><\/p>\n<p><img decoding=\"async\" class=\"emoji\" role=\"img\" draggable=\"false\" src=\"https:\/\/s.w.org\/images\/core\/emoji\/13.0.1\/svg\/1f550.svg\" alt=\"\ud83d\udd50\" \/>\u00a0 Oct 3, 2022 @ 11:00AM - 11:30AM CST<br \/><img decoding=\"async\" class=\"emoji\" role=\"img\" draggable=\"false\" src=\"https:\/\/s.w.org\/images\/core\/emoji\/14.0.0\/svg\/1f5a5.svg\" alt=\"\ud83d\udda5\ufe0f\" \/>\u00a0 Virtual Event<\/p>\n\t<\/div>\n<\/div>\t\t<\/div>\n\t<\/div>\n<\/div><div id=\"column-69f0f77993d65\" class=\"fw-col-sm-2 tf-sh-484ee6c1e74ed796e4187a3595cc7b53\" >\n\t<div class=\"fw-wrap-col-inner clearfix\"   >\n\t\t\t\t<div class=\"fw-col-inner\">\n\t\t\t<div class=\"text-center\">\t<a href=\"https:\/\/riceuniversity.zoom.us\/meeting\/register\/tJAkcuqpqDwvH9UQhgegGI-WvI692xnngrtI\" target=\"_blank\" class=\"fw-btn tf-sh-13d12636fa9a8dce9b1bb91f86ec43f8     fw-btn-1\"  style=\"width:200px; height:50px; line-height:50px;\">\n\t\t<span style=\"top:0;\">\n\t\t\tRegister for Link\t\t<\/span>\n\t<\/a>\n<\/div>\t\t<\/div>\n\t<\/div>\n<\/div><\/div>\n\n<div class=\"fw-row\">\n\t<div id=\"column-69f0f77993e1a\" class=\"fw-col-sm-12 tf-sh-d6832dd1fe323fd347e072c35be3ef62\" >\n\t<div class=\"fw-wrap-col-inner clearfix\"   >\n\t\t\t\t<div class=\"fw-col-inner\">\n\t\t\t<div class=\"fw-divider-space  fw-custom-space  clearfix\" style=\"height:50px;\" ><\/div>\t\t<\/div>\n\t<\/div>\n<\/div><\/div>\n\n<div class=\"fw-row\">\n\t<div id=\"column-69f0f77993ea4\" class=\"fw-col-sm-2 tf-sh-ceee26e893496549a7fb44a005d41d7d\" >\n\t<div class=\"fw-wrap-col-inner clearfix\"   >\n\t\t\t\t<div class=\"fw-col-inner\">\n\t\t\t\t<div class=\"fw-team tf-sh-a0978abc247ad15151f42d612d1bef78  fw-content-align-center fw-team-member-type-2 fw-overlay-1\" >\n\t\t<div style=\"width: 100%;\" class=\"fw-team-image fw-block-image-parent fw-block-image-circle\">\n\t\t\t\t\t\t<div class=\"fw-block-image-child fw-ratio-1 fw-ratio-container\"><noscript itemscope itemtype=\"https:\/\/schema.org\/ImageObject\" itemprop=\"image\"><img data-recalc-dims=\"1\" decoding=\"async\" src=\"https:\/\/i0.wp.com\/rhizomecenter.org\/wp-content\/uploads\/2022\/09\/CLE-Flier.png?ssl=1\"  alt=\"CLE Flier\" data-maxdpr=\"1.7\" class=\"lazyload\" \/><meta itemprop=\"url\" content=\"https:\/\/rhizomecenter.org\/wp-content\/uploads\/2022\/09\/CLE-Flier.png\"><meta itemprop=\"width\" content=\"946\"><meta itemprop=\"height\" content=\"490\"><\/noscript><img decoding=\"async\" src=\"data:image\/gif;base64,R0lGODlhAQABAIAAAAAAAP\/\/\/yH5BAEAAAAALAAAAAABAAEAAAIBRAA7\" data-sizes=\"auto\" data-srcset=\"https:\/\/rhizomecenter.org\/wp-content\/uploads\/2022\/09\/CLE-Flier-150x150.png 150w, https:\/\/rhizomecenter.org\/wp-content\/uploads\/2022\/09\/CLE-Flier-300x300.png 300w\"   alt=\"CLE Flier\" data-maxdpr=\"1.7\" class=\"lazyload\" \/>\t\t\t\t<div class=\"fw-block-image-overlay\">\n\t\t\t\t\t<div class=\"fw-itable\">\n\t\t\t\t\t\t<div class=\"fw-icell\">\n\t\t\t\t\t\t\t<div class=\"fw-team-inner\" style=\"\">\n\t\t\t\t\t\t\t\t<div class=\"fw-team-name\">\n\t\t\t\t\t\t\t\t\t\t\t\t\t\t\t\t\t\t\t\t\t\t\t\t\t\t<\/div>\n\n\t\t\t\t\t\t\t\t\n\t\t\t\t\t\t\t\t\t\t\t\t\t\t\t<\/div>\n\t\t\t\t\t\t<\/div>\n\t\t\t\t\t<\/div>\n\t\t\t\t<\/div>\n\t\t\t<\/div>\n\t\t<\/div>\n\t<\/div>\n\t\t<\/div>\n\t<\/div>\n<\/div><div id=\"column-69f0f779940d7\" class=\"fw-col-sm-8 tf-sh-c20c6cfb276dda2477f4b2c7f4bc970e\" >\n\t<div class=\"fw-wrap-col-inner clearfix\"   >\n\t\t\t\t<div class=\"fw-col-inner\">\n\t\t\t<div class=\"fw-text-box tf-sh-809178110bd90d8a9670144c92a23537\" >\n\t<div class=\"fw-text-inner\">\n\t\t<p><span style=\"font-weight: 400;\"><b>2022 MABAH Virtual All-Day CLE<\/b><br \/><span style=\"color: #00ccff;\">LEGAL PRESENTATION \/ MEXICAN AMERICAN BAR ASSOCIATION OF HOUSTON<\/span><\/span><\/p>\n<p><span class=\"break-words\"><span dir=\"ltr\">Join us for our next CLE for Texas attorneys on \"Amending Texas Birth Certificates for U.S. Children Living in Mexico\". Tran Dang (The Rhizome Center for Migrants) and Karon Rowden (Family and Veterans Advocacy Clinic at Texas A&amp;M University School of Law) will <\/span><\/span>cover why Texas children are having difficulty having their birth certificates accepted in Mexico and also the process and options for amending or correcting a birth certificate in Texas.<\/p>\n<p><img decoding=\"async\" class=\"emoji\" role=\"img\" draggable=\"false\" src=\"https:\/\/s.w.org\/images\/core\/emoji\/13.0.1\/svg\/1f550.svg\" alt=\"\ud83d\udd50\" \/>\u00a0 Sept 9, 2022 @ 8:30AM - 5:00PM CST<br \/><img decoding=\"async\" class=\"emoji\" role=\"img\" draggable=\"false\" src=\"https:\/\/s.w.org\/images\/core\/emoji\/14.0.0\/svg\/1f5a5.svg\" alt=\"\ud83d\udda5\ufe0f\" \/>\u00a0 Virtual Event<\/p>\n\t<\/div>\n<\/div>\t\t<\/div>\n\t<\/div>\n<\/div><div id=\"column-69f0f77994168\" class=\"fw-col-sm-2 tf-sh-d488083514faed0c0c8cebe59a17ca81\" >\n\t<div class=\"fw-wrap-col-inner clearfix\"   >\n\t\t\t\t<div class=\"fw-col-inner\">\n\t\t\t<div class=\"text-center\">\t<a href=\"https:\/\/www.mabah.com\/all-day-cle\" target=\"_blank\" class=\"fw-btn tf-sh-0b0513937f005e056d59e0d163d23da1     fw-btn-1\"  style=\"width:200px; height:50px; line-height:50px;\">\n\t\t<span style=\"top:0;\">\n\t\t\tFree Registration\t\t<\/span>\n\t<\/a>\n<\/div>\t\t<\/div>\n\t<\/div>\n<\/div><\/div>\n\n<div class=\"fw-row\">\n\t<div id=\"column-69f0f7799420c\" class=\"fw-col-sm-12 tf-sh-d6832dd1fe323fd347e072c35be3ef62\" >\n\t<div class=\"fw-wrap-col-inner clearfix\"   >\n\t\t\t\t<div class=\"fw-col-inner\">\n\t\t\t<div class=\"fw-divider-space  fw-custom-space  clearfix\" style=\"height:50px;\" ><\/div>\t\t<\/div>\n\t<\/div>\n<\/div><\/div>\n\n<div class=\"fw-row\">\n\t<div id=\"column-69f0f77994289\" class=\"fw-col-sm-2 tf-sh-4f8e4f6475c762dc7c6ea5ba91aeb5f0\" >\n\t<div class=\"fw-wrap-col-inner clearfix\"   >\n\t\t\t\t<div class=\"fw-col-inner\">\n\t\t\t\t<div class=\"fw-team tf-sh-f3c3dec7b08ee0e4b9399e6b003713b9  fw-content-align-center fw-team-member-type-2 fw-overlay-1\" >\n\t\t<div style=\"width: 100%;\" class=\"fw-team-image fw-block-image-parent fw-block-image-circle\">\n\t\t\t\t\t\t<div class=\"fw-block-image-child fw-ratio-1 fw-ratio-container\"><noscript itemscope itemtype=\"https:\/\/schema.org\/ImageObject\" itemprop=\"image\"><img data-recalc-dims=\"1\" decoding=\"async\" src=\"https:\/\/i0.wp.com\/rhizomecenter.org\/wp-content\/uploads\/2022\/09\/20220806_104412.jpg?ssl=1\"  alt=\"08 2022 Program\" data-maxdpr=\"1.7\" class=\"lazyload\" \/><meta itemprop=\"url\" content=\"https:\/\/rhizomecenter.org\/wp-content\/uploads\/2022\/09\/20220806_104412.jpg\"><meta itemprop=\"width\" content=\"1920\"><meta itemprop=\"height\" content=\"1238\"><\/noscript><img decoding=\"async\" src=\"data:image\/gif;base64,R0lGODlhAQABAIAAAAAAAP\/\/\/yH5BAEAAAAALAAAAAABAAEAAAIBRAA7\" data-sizes=\"auto\" data-srcset=\"https:\/\/rhizomecenter.org\/wp-content\/uploads\/2022\/09\/20220806_104412-150x150.jpg 150w, https:\/\/rhizomecenter.org\/wp-content\/uploads\/2022\/09\/20220806_104412-800x800.jpg 800w, https:\/\/rhizomecenter.org\/wp-content\/uploads\/2022\/09\/20220806_104412-300x300.jpg 300w\"   alt=\"08 2022 Program\" data-maxdpr=\"1.7\" class=\"lazyload\" \/>\t\t\t\t<div class=\"fw-block-image-overlay\">\n\t\t\t\t\t<div class=\"fw-itable\">\n\t\t\t\t\t\t<div class=\"fw-icell\">\n\t\t\t\t\t\t\t<div class=\"fw-team-inner\" style=\"\">\n\t\t\t\t\t\t\t\t<div class=\"fw-team-name\">\n\t\t\t\t\t\t\t\t\t\t\t\t\t\t\t\t\t\t\t\t\t\t\t\t\t\t<\/div>\n\n\t\t\t\t\t\t\t\t\n\t\t\t\t\t\t\t\t\t\t\t\t\t\t\t<\/div>\n\t\t\t\t\t\t<\/div>\n\t\t\t\t\t<\/div>\n\t\t\t\t<\/div>\n\t\t\t<\/div>\n\t\t<\/div>\n\t<\/div>\n\t\t<\/div>\n\t<\/div>\n<\/div><div id=\"column-69f0f77994574\" class=\"fw-col-sm-8 tf-sh-14c9340afa866cedea5017f64455c4a9\" >\n\t<div class=\"fw-wrap-col-inner clearfix\"   >\n\t\t\t\t<div class=\"fw-col-inner\">\n\t\t\t<div class=\"fw-text-box tf-sh-1b9e7bd1b98f838fa0d22d62488561eb\" >\n\t<div class=\"fw-text-inner\">\n\t\t<p><span style=\"font-weight: 400;\"><b>Our Immigration Course<\/b><br \/><span style=\"color: #00ccff;\">EVENTO LOCAL \/ PROGRAMA EDUCATIVO<\/span><br \/><\/span><\/p>\n<p>Attorneys, rights advocates, law students and L.L.M.s are invited to Guadalajara, Mexico. Our eye-opening immigration course is aimed at raising awareness about U.S.-Mexico border politics, immigration policies, and impact. This August, we welcome our 6th class to Guadalajara, where participants will have the opportunity to connect with leading cross-border actors, as well as migrants, asylum seekers, refugees, and deportees themselves.<\/p>\n<p><img decoding=\"async\" class=\"emoji\" role=\"img\" draggable=\"false\" src=\"https:\/\/s.w.org\/images\/core\/emoji\/13.0.1\/svg\/1f550.svg\" alt=\"\ud83d\udd50\" \/>\u00a0 Aug 5-12, 2022, Week-Long Event<br \/><img decoding=\"async\" class=\"emoji\" role=\"img\" draggable=\"false\" src=\"https:\/\/s.w.org\/images\/core\/emoji\/13.0.1\/svg\/1f4cd.svg\" alt=\"\ud83d\udccd\" \/>\u00a0Guadalajara, Jalisco<\/p>\n\t<\/div>\n<\/div>\t\t<\/div>\n\t<\/div>\n<\/div><\/div>\n\n<div class=\"fw-row\">\n\t<div id=\"column-69f0f779946a1\" class=\"fw-col-sm-12 tf-sh-d6832dd1fe323fd347e072c35be3ef62\" >\n\t<div class=\"fw-wrap-col-inner clearfix\"   >\n\t\t\t\t<div class=\"fw-col-inner\">\n\t\t\t<div class=\"fw-divider-space  fw-custom-space  clearfix\" style=\"height:50px;\" ><\/div>\t\t<\/div>\n\t<\/div>\n<\/div><\/div>\n\n<div class=\"fw-row\">\n\t<div id=\"column-69f0f77994771\" class=\"fw-col-sm-2 tf-sh-4883714f3cdd0101e13a757bf99ebba7\" >\n\t<div class=\"fw-wrap-col-inner clearfix\"   >\n\t\t\t\t<div class=\"fw-col-inner\">\n\t\t\t\t<div class=\"fw-team tf-sh-ccacbcfd63261e39effe8b880eff9baa  fw-content-align-center fw-team-member-type-2 fw-overlay-1\" >\n\t\t<div style=\"width: 100%;\" class=\"fw-team-image fw-block-image-parent fw-block-image-circle\">\n\t\t\t\t\t\t<div class=\"fw-block-image-child fw-ratio-1 fw-ratio-container\"><noscript itemscope itemtype=\"https:\/\/schema.org\/ImageObject\" itemprop=\"image\"><img data-recalc-dims=\"1\" decoding=\"async\" src=\"https:\/\/i0.wp.com\/rhizomecenter.org\/wp-content\/uploads\/2022\/07\/Rotary-Logo.png?ssl=1\"  alt=\"Rotary Logo\" data-maxdpr=\"1.7\" class=\"lazyload\" \/><meta itemprop=\"url\" content=\"https:\/\/rhizomecenter.org\/wp-content\/uploads\/2022\/07\/Rotary-Logo.png\"><meta itemprop=\"width\" content=\"795\"><meta itemprop=\"height\" content=\"798\"><\/noscript><img decoding=\"async\" src=\"data:image\/gif;base64,R0lGODlhAQABAIAAAAAAAP\/\/\/yH5BAEAAAAALAAAAAABAAEAAAIBRAA7\" data-sizes=\"auto\" data-srcset=\"https:\/\/rhizomecenter.org\/wp-content\/uploads\/2022\/07\/Rotary-Logo-300x300.png 300w, https:\/\/rhizomecenter.org\/wp-content\/uploads\/2022\/07\/Rotary-Logo-150x150.png 150w, https:\/\/rhizomecenter.org\/wp-content\/uploads\/2022\/07\/Rotary-Logo-768x771.png 768w, https:\/\/rhizomecenter.org\/wp-content\/uploads\/2022\/07\/Rotary-Logo-12x12.png 12w, https:\/\/rhizomecenter.org\/wp-content\/uploads\/2022\/07\/Rotary-Logo-300x300.png 300w, https:\/\/rhizomecenter.org\/wp-content\/uploads\/2022\/07\/Rotary-Logo.png 795w\"   alt=\"Rotary Logo\" data-maxdpr=\"1.7\" class=\"lazyload\" \/>\t\t\t\t<div class=\"fw-block-image-overlay\">\n\t\t\t\t\t<div class=\"fw-itable\">\n\t\t\t\t\t\t<div class=\"fw-icell\">\n\t\t\t\t\t\t\t<div class=\"fw-team-inner\" style=\"\">\n\t\t\t\t\t\t\t\t<div class=\"fw-team-name\">\n\t\t\t\t\t\t\t\t\t\t\t\t\t\t\t\t\t\t\t\t\t\t\t\t\t\t<\/div>\n\n\t\t\t\t\t\t\t\t\n\t\t\t\t\t\t\t\t\t\t\t\t\t\t\t<\/div>\n\t\t\t\t\t\t<\/div>\n\t\t\t\t\t<\/div>\n\t\t\t\t<\/div>\n\t\t\t<\/div>\n\t\t<\/div>\n\t<\/div>\n\t\t<\/div>\n\t<\/div>\n<\/div><div id=\"column-69f0f779949f2\" class=\"fw-col-sm-8 tf-sh-75cfd6d133310e93b373d03227dbe44f\" >\n\t<div class=\"fw-wrap-col-inner clearfix\"   >\n\t\t\t\t<div class=\"fw-col-inner\">\n\t\t\t<div class=\"fw-text-box tf-sh-d50445a1b4d5f0d5b4cf5eeeece9509d\" >\n\t<div class=\"fw-text-inner\">\n\t\t<p><span style=\"font-weight: 400;\"><b>The Rhizome Center for Migrants: Informational Meeting<\/b><br \/><span style=\"color: #00ccff;\">PRESENTATION \/ CHAPALA SUNRISE ROTARY CLUB<\/span><\/span><\/p>\n<p>Lake Chapala is one of the Western-Central regions of Mexico most impacted by Mexican migration to the United States and, subsequently, return migration. Rotarians are invited to a special presentation of The Rhizome Center for Migrants on July 28, 2022, in Chapala, to learn about the needs of Mexican migrants upon their return or deportation to the Chapala area, our work, and how you can get involved.<\/p>\n<p><span style=\"font-weight: 400;\">\ud83d\udd50\u00a0 Jul 28, 2022 @ 10:00AM - 11:00AM CST<br \/><img decoding=\"async\" class=\"emoji\" role=\"img\" draggable=\"false\" src=\"https:\/\/s.w.org\/images\/core\/emoji\/13.0.1\/svg\/1f4cd.svg\" alt=\"\ud83d\udccd\" \/> La Palapa de Don Juan, 45900, Chapala, Jalisco<br \/><\/span><\/p>\n\t<\/div>\n<\/div>\t\t<\/div>\n\t<\/div>\n<\/div><\/div>\n\n<div class=\"fw-row\">\n\t<div id=\"column-69f0f77994af4\" class=\"fw-col-sm-12 tf-sh-d6832dd1fe323fd347e072c35be3ef62\" >\n\t<div class=\"fw-wrap-col-inner clearfix\"   >\n\t\t\t\t<div class=\"fw-col-inner\">\n\t\t\t<div class=\"fw-divider-space  fw-custom-space  clearfix\" style=\"height:50px;\" ><\/div>\t\t<\/div>\n\t<\/div>\n<\/div><\/div>\n\n<div class=\"fw-row\">\n\t<div id=\"column-69f0f77994bd5\" class=\"fw-col-sm-2 tf-sh-142e9926c5a3f9697f04c5d7aca6aae8\" >\n\t<div class=\"fw-wrap-col-inner clearfix\"   >\n\t\t\t\t<div class=\"fw-col-inner\">\n\t\t\t\t<div class=\"fw-team tf-sh-2e478070d9704c28b459098787c63b2c  fw-content-align-center fw-team-member-type-2 fw-overlay-1\" >\n\t\t<div style=\"width: 100%;\" class=\"fw-team-image fw-block-image-parent fw-block-image-circle\">\n\t\t\t\t\t\t<div class=\"fw-block-image-child fw-ratio-1 fw-ratio-container\"><noscript itemscope itemtype=\"https:\/\/schema.org\/ImageObject\" itemprop=\"image\"><img data-recalc-dims=\"1\" decoding=\"async\" src=\"https:\/\/i0.wp.com\/rhizomecenter.org\/wp-content\/uploads\/2022\/06\/HNBA.png?ssl=1\"  alt=\"HNBA\" data-maxdpr=\"1.7\" class=\"lazyload\" \/><meta itemprop=\"url\" content=\"https:\/\/rhizomecenter.org\/wp-content\/uploads\/2022\/06\/HNBA.png\"><meta itemprop=\"width\" content=\"1024\"><meta itemprop=\"height\" content=\"719\"><\/noscript><img decoding=\"async\" src=\"data:image\/gif;base64,R0lGODlhAQABAIAAAAAAAP\/\/\/yH5BAEAAAAALAAAAAABAAEAAAIBRAA7\" data-sizes=\"auto\" data-srcset=\"https:\/\/rhizomecenter.org\/wp-content\/uploads\/2022\/06\/HNBA-150x150.png 150w, https:\/\/rhizomecenter.org\/wp-content\/uploads\/2022\/06\/HNBA-300x300.png 300w\"   alt=\"HNBA\" data-maxdpr=\"1.7\" class=\"lazyload\" \/>\t\t\t\t<div class=\"fw-block-image-overlay\">\n\t\t\t\t\t<div class=\"fw-itable\">\n\t\t\t\t\t\t<div class=\"fw-icell\">\n\t\t\t\t\t\t\t<div class=\"fw-team-inner\" style=\"\">\n\t\t\t\t\t\t\t\t<div class=\"fw-team-name\">\n\t\t\t\t\t\t\t\t\t\t\t\t\t\t\t\t\t\t\t\t\t\t\t\t\t\t<\/div>\n\n\t\t\t\t\t\t\t\t\n\t\t\t\t\t\t\t\t\t\t\t\t\t\t\t<\/div>\n\t\t\t\t\t\t<\/div>\n\t\t\t\t\t<\/div>\n\t\t\t\t<\/div>\n\t\t\t<\/div>\n\t\t<\/div>\n\t<\/div>\n\t\t<\/div>\n\t<\/div>\n<\/div><div id=\"column-69f0f779950aa\" class=\"fw-col-sm-8 tf-sh-1a0345dd080031bb0e0cf61a1a7f3b37\" >\n\t<div class=\"fw-wrap-col-inner clearfix\"   >\n\t\t\t\t<div class=\"fw-col-inner\">\n\t\t\t<div class=\"fw-text-box tf-sh-9a8bca419c0c0230ac57eaf1abb84deb\" >\n\t<div class=\"fw-text-inner\">\n\t\t<p><span style=\"font-weight: 400;\"><b>Americans in Mexico: Cross Border Legal Needs<\/b><br \/><span style=\"color: #00ccff;\">LEGAL PRESENTATION \/ HISPANIC NATIONAL BAR ASSOCIATION<\/span><\/span><\/p>\n<p>The Rhizome Center for Migrants will present to members of the Hispanic National Bar Association. Join us as we share the work we do in Mexico to protect the rights of Americans who immigrated to Mexico with their returning and deported family members and the critical role U.S. attorneys play in ensuring their access to basic human rights. <span style=\"font-weight: 400;\">Special guests include Cory Dodds of Kentucky Legal Aid and Karon Rowden of the Family and Veterans Advocacy Clinic at Texas A&amp;M University School of Law.<\/span><\/p>\n<p><span style=\"font-weight: 400;\">\ud83d\udd50\u00a0 Jul 20, 2022 @ 1:00PM - 2:00PM CST<br \/><img decoding=\"async\" class=\"emoji\" role=\"img\" draggable=\"false\" src=\"https:\/\/s.w.org\/images\/core\/emoji\/14.0.0\/svg\/1f5a5.svg\" alt=\"\ud83d\udda5\ufe0f\" \/>\u00a0 Virtual Event<br \/><\/span><\/p>\n\t<\/div>\n<\/div>\t\t<\/div>\n\t<\/div>\n<\/div><\/div>\n\n<div class=\"fw-row\">\n\t<div id=\"column-69f0f779951c3\" class=\"fw-col-sm-12 tf-sh-d6832dd1fe323fd347e072c35be3ef62\" >\n\t<div class=\"fw-wrap-col-inner clearfix\"   >\n\t\t\t\t<div class=\"fw-col-inner\">\n\t\t\t<div class=\"fw-divider-space  fw-custom-space  clearfix\" style=\"height:50px;\" ><\/div>\t\t<\/div>\n\t<\/div>\n<\/div><\/div>\n\n<div class=\"fw-row\">\n\t<div id=\"column-69f0f77995285\" class=\"fw-col-sm-2 tf-sh-a54cb9efea4afd45ae16fce2b1acff5b\" >\n\t<div class=\"fw-wrap-col-inner clearfix\"   >\n\t\t\t\t<div class=\"fw-col-inner\">\n\t\t\t\t<div class=\"fw-team tf-sh-96fcecc33ee632c68a9761835076cf82  fw-content-align-center fw-team-member-type-2 fw-overlay-1\" >\n\t\t<div style=\"width: 100%;\" class=\"fw-team-image fw-block-image-parent fw-block-image-circle\">\n\t\t\t\t\t\t<div class=\"fw-block-image-child fw-ratio-1 fw-ratio-container\"><noscript itemscope itemtype=\"https:\/\/schema.org\/ImageObject\" itemprop=\"image\"><img data-recalc-dims=\"1\" decoding=\"async\" src=\"https:\/\/i0.wp.com\/rhizomecenter.org\/wp-content\/uploads\/2021\/03\/Open-Circle-1.png?ssl=1\"  alt=\"Open Circle\" data-maxdpr=\"1.7\" class=\"lazyload\" \/><meta itemprop=\"url\" content=\"https:\/\/rhizomecenter.org\/wp-content\/uploads\/2021\/03\/Open-Circle-1.png\"><meta itemprop=\"width\" content=\"440\"><meta itemprop=\"height\" content=\"319\"><\/noscript><img decoding=\"async\" src=\"data:image\/gif;base64,R0lGODlhAQABAIAAAAAAAP\/\/\/yH5BAEAAAAALAAAAAABAAEAAAIBRAA7\" data-sizes=\"auto\" data-srcset=\"https:\/\/rhizomecenter.org\/wp-content\/uploads\/2021\/03\/Open-Circle-1-150x150.png 150w, https:\/\/rhizomecenter.org\/wp-content\/uploads\/2021\/03\/Open-Circle-1-300x300.png 300w\"   alt=\"Open Circle\" data-maxdpr=\"1.7\" class=\"lazyload\" \/>\t\t\t\t<div class=\"fw-block-image-overlay\">\n\t\t\t\t\t<div class=\"fw-itable\">\n\t\t\t\t\t\t<div class=\"fw-icell\">\n\t\t\t\t\t\t\t<div class=\"fw-team-inner\" style=\"\">\n\t\t\t\t\t\t\t\t<div class=\"fw-team-name\">\n\t\t\t\t\t\t\t\t\t\t\t\t\t\t\t\t\t\t\t\t\t\t\t\t\t\t<\/div>\n\n\t\t\t\t\t\t\t\t\n\t\t\t\t\t\t\t\t\t\t\t\t\t\t\t<\/div>\n\t\t\t\t\t\t<\/div>\n\t\t\t\t\t<\/div>\n\t\t\t\t<\/div>\n\t\t\t<\/div>\n\t\t<\/div>\n\t<\/div>\n\t\t<\/div>\n\t<\/div>\n<\/div><div id=\"column-69f0f77995611\" class=\"fw-col-sm-8 tf-sh-983cba6a63d58fb3419b8c905ed6d250\" >\n\t<div class=\"fw-wrap-col-inner clearfix\"   >\n\t\t\t\t<div class=\"fw-col-inner\">\n\t\t\t<div class=\"fw-text-box tf-sh-465dff220c90c8fcc1ef8810fc0db296\" >\n\t<div class=\"fw-text-inner\">\n\t\t<p><span style=\"font-weight: 400;\"><b>America\u2019s Children: Displaced and Disadvantaged in Mexico<\/b><br \/><span style=\"color: #00ccff;\">LOCAL EVENT \/ PRESENTATION \/ THE LAKE CHAPALA SOCIETY<\/span><\/span><\/p>\n<p>The Rhizome Center for Migrants will head back to Ajijic, Jalisco, Sunday, June 5, 2022, to present at The Lake Chapala Society's Open Circle speakers series. Join us in person Sunday as we share what we've learned from in-depth interviews about America\u2019s children in Mexico and how The Rhizome Center for Migrants is\u00a0 working to ensure their future.<\/p>\n<p><span style=\"font-weight: 400;\">\ud83d\udd50\u00a0 Jun 5, 2022 @ 10:30AM - 11:30AM CST<br \/>\ud83d\udccd The Garden at Lake Chapala Society, 45920, Ajijic, Jalisco<\/span><\/p>\n\t<\/div>\n<\/div>\t\t<\/div>\n\t<\/div>\n<\/div><\/div>\n\n<div class=\"fw-row\">\n\t<div id=\"column-69f0f779956f9\" class=\"fw-col-sm-12 tf-sh-d6832dd1fe323fd347e072c35be3ef62\" >\n\t<div class=\"fw-wrap-col-inner clearfix\"   >\n\t\t\t\t<div class=\"fw-col-inner\">\n\t\t\t<div class=\"fw-divider-space  fw-custom-space  clearfix\" style=\"height:50px;\" ><\/div>\t\t<\/div>\n\t<\/div>\n<\/div><\/div>\n\n<div class=\"fw-row\">\n\t<div id=\"column-69f0f779957b4\" class=\"fw-col-sm-2 tf-sh-fca326666677c50080b76e96afd962ac\" >\n\t<div class=\"fw-wrap-col-inner clearfix\"   >\n\t\t\t\t<div class=\"fw-col-inner\">\n\t\t\t\t<div class=\"fw-team tf-sh-8cb5facf3514864c910dc55bbc5fd722  fw-content-align-center fw-team-member-type-2 fw-overlay-1\" >\n\t\t<div style=\"width: 100%;\" class=\"fw-team-image fw-block-image-parent fw-block-image-circle\">\n\t\t\t\t\t\t<div class=\"fw-block-image-child fw-ratio-1 fw-ratio-container\"><noscript itemscope itemtype=\"https:\/\/schema.org\/ImageObject\" itemprop=\"image\"><img data-recalc-dims=\"1\" decoding=\"async\" src=\"https:\/\/i0.wp.com\/rhizomecenter.org\/wp-content\/uploads\/2022\/05\/Profile-Pic.jpg?ssl=1\"  alt=\"Tran Profile\" data-maxdpr=\"1.7\" class=\"lazyload\" \/><meta itemprop=\"url\" content=\"https:\/\/rhizomecenter.org\/wp-content\/uploads\/2022\/05\/Profile-Pic.jpg\"><meta itemprop=\"width\" content=\"1531\"><meta itemprop=\"height\" content=\"1920\"><\/noscript><img decoding=\"async\" src=\"data:image\/gif;base64,R0lGODlhAQABAIAAAAAAAP\/\/\/yH5BAEAAAAALAAAAAABAAEAAAIBRAA7\" data-sizes=\"auto\" data-srcset=\"https:\/\/rhizomecenter.org\/wp-content\/uploads\/2022\/05\/Profile-Pic-150x150.jpg 150w, https:\/\/rhizomecenter.org\/wp-content\/uploads\/2022\/05\/Profile-Pic-800x800.jpg 800w, https:\/\/rhizomecenter.org\/wp-content\/uploads\/2022\/05\/Profile-Pic-300x300.jpg 300w\"   alt=\"Tran Profile\" data-maxdpr=\"1.7\" class=\"lazyload\" \/>\t\t\t\t<div class=\"fw-block-image-overlay\">\n\t\t\t\t\t<div class=\"fw-itable\">\n\t\t\t\t\t\t<div class=\"fw-icell\">\n\t\t\t\t\t\t\t<div class=\"fw-team-inner\" style=\"\">\n\t\t\t\t\t\t\t\t<div class=\"fw-team-name\">\n\t\t\t\t\t\t\t\t\t\t\t\t\t\t\t\t\t\t\t\t\t\t\t\t\t\t<\/div>\n\n\t\t\t\t\t\t\t\t\n\t\t\t\t\t\t\t\t\t\t\t\t\t\t\t<\/div>\n\t\t\t\t\t\t<\/div>\n\t\t\t\t\t<\/div>\n\t\t\t\t<\/div>\n\t\t\t<\/div>\n\t\t<\/div>\n\t<\/div>\n\t\t<\/div>\n\t<\/div>\n<\/div><div id=\"column-69f0f77995bab\" class=\"fw-col-sm-8 tf-sh-07d34f2f17fb3f6cfb21c563f9f67415\" >\n\t<div class=\"fw-wrap-col-inner clearfix\"   >\n\t\t\t\t<div class=\"fw-col-inner\">\n\t\t\t<div class=\"fw-text-box tf-sh-bafcd3f90667cca4d01a15d3ead11451\" >\n\t<div class=\"fw-text-inner\">\n\t\t<p><span style=\"font-weight: 400;\"><strong>Celebrating Inclusion: Asian American and Pacific Islander Heritage<\/strong><br \/><span style=\"color: #00ccff;\">PANEL DISCUSSION \/ JUNIOR LEAGUE OF HOUSTON<\/span><\/span><\/p>\n<p>Join our executive director, Tran Dang, and special guests\u00a0Connie Kwan-Wong (entrepreneur\/philanthropist) and Mei Qi (Asia Society Texas Business and Policy Programs Manager)\u00a0in a special session on Asian American and Pacific Islander Heritage. Hosted by the Junior League of Houston, this panel discussion is apart of the Junior League's Celebrating Inclusion meeting series intended to foster respect and open-mindedness in an effort to understand the past and identify ways to move forward in an inclusive and equitable manner.<\/p>\n<p><span style=\"font-weight: 400;\">\ud83d\udd50\u00a0 May 19, 2022 @ 12:00PM - 1:00PM CST<br \/>\ud83d\udda5\ufe0f Evento virtual<br \/><\/span><\/p>\n\t<\/div>\n<\/div>\t\t<\/div>\n\t<\/div>\n<\/div><\/div>\n\n<div class=\"fw-row\">\n\t<div id=\"column-69f0f77995ca2\" class=\"fw-col-sm-12 tf-sh-d6832dd1fe323fd347e072c35be3ef62\" >\n\t<div class=\"fw-wrap-col-inner clearfix\"   >\n\t\t\t\t<div class=\"fw-col-inner\">\n\t\t\t<div class=\"fw-divider-space  fw-custom-space  clearfix\" style=\"height:50px;\" ><\/div>\t\t<\/div>\n\t<\/div>\n<\/div><\/div>\n\n<div class=\"fw-row\">\n\t<div id=\"column-69f0f77995d7b\" class=\"fw-col-sm-2 tf-sh-2465243969094477c4eff70b166fb734\" >\n\t<div class=\"fw-wrap-col-inner clearfix\"   >\n\t\t\t\t<div class=\"fw-col-inner\">\n\t\t\t\t<div class=\"fw-team tf-sh-d1a77ab1584f2975a7dbfd22f8b7e6b9  fw-content-align-center fw-team-member-type-2 fw-overlay-1\" >\n\t\t<div style=\"width: 100%;\" class=\"fw-team-image fw-block-image-parent fw-block-image-circle\">\n\t\t\t\t\t\t<div class=\"fw-block-image-child fw-ratio-1 fw-ratio-container\"><noscript itemscope itemtype=\"https:\/\/schema.org\/ImageObject\" itemprop=\"image\"><img data-recalc-dims=\"1\" decoding=\"async\" src=\"https:\/\/i0.wp.com\/rhizomecenter.org\/wp-content\/uploads\/2022\/04\/Writing.png?ssl=1\"  alt=\"Writing Contest PNG\" data-maxdpr=\"1.7\" class=\"lazyload\" \/><meta itemprop=\"url\" content=\"https:\/\/rhizomecenter.org\/wp-content\/uploads\/2022\/04\/Writing.png\"><meta itemprop=\"width\" content=\"940\"><meta itemprop=\"height\" content=\"788\"><\/noscript><img decoding=\"async\" src=\"data:image\/gif;base64,R0lGODlhAQABAIAAAAAAAP\/\/\/yH5BAEAAAAALAAAAAABAAEAAAIBRAA7\" data-sizes=\"auto\" data-srcset=\"https:\/\/rhizomecenter.org\/wp-content\/uploads\/2022\/04\/Writing-150x150.png 150w, https:\/\/rhizomecenter.org\/wp-content\/uploads\/2022\/04\/Writing-800x788.png 800w, https:\/\/rhizomecenter.org\/wp-content\/uploads\/2022\/04\/Writing-300x300.png 300w\"   alt=\"Writing Contest PNG\" data-maxdpr=\"1.7\" class=\"lazyload\" \/>\t\t\t\t<div class=\"fw-block-image-overlay\">\n\t\t\t\t\t<div class=\"fw-itable\">\n\t\t\t\t\t\t<div class=\"fw-icell\">\n\t\t\t\t\t\t\t<div class=\"fw-team-inner\" style=\"\">\n\t\t\t\t\t\t\t\t<div class=\"fw-team-name\">\n\t\t\t\t\t\t\t\t\t\t\t\t\t\t\t\t\t\t\t\t\t\t\t\t\t\t<\/div>\n\n\t\t\t\t\t\t\t\t\n\t\t\t\t\t\t\t\t\t\t\t\t\t\t\t<\/div>\n\t\t\t\t\t\t<\/div>\n\t\t\t\t\t<\/div>\n\t\t\t\t<\/div>\n\t\t\t<\/div>\n\t\t<\/div>\n\t<\/div>\n\t\t<\/div>\n\t<\/div>\n<\/div><div id=\"column-69f0f77995f08\" class=\"fw-col-sm-8 tf-sh-cd0220470d39a13e36922ea1a6b37f61\" >\n\t<div class=\"fw-wrap-col-inner clearfix\"   >\n\t\t\t\t<div class=\"fw-col-inner\">\n\t\t\t<div class=\"fw-text-box tf-sh-3788ae125e2a19d0a7cc1b213057a575\" >\n\t<div class=\"fw-text-inner\">\n\t\t<p><span style=\"font-weight: 400;\"><b>What Does U.S. Citizenship Mean to You?<\/b><br \/><span style=\"color: #00ccff;\">WRITING CONTEST\u00a0<\/span><br \/><\/span><\/p>\n<p>This Day of the Child (D\u00eda del Ni\u00f1o), The Rhizome Center and the U.S.-Mexico Chamber of Commerce are celebrating by hosting a writing contest for U.S. citizen minors of Mexican migrants in Mexico. This year's 2022 Writing Contest asks these children to reflect on what U.S. citizenship means to them and how they are experiencing being a U.S. citizen outside of their home country. All entrants will be invited to a U.S. college application preparation workshop hosted by the Rhizome Center later this summer.<\/p>\n<p><img decoding=\"async\" class=\"emoji\" role=\"img\" draggable=\"false\" src=\"https:\/\/s.w.org\/images\/core\/emoji\/13.0.1\/svg\/1f550.svg\" alt=\"\ud83d\udd50\" \/>\u00a0 Apr 30-May 31, 2022, Contest Period<br \/><img decoding=\"async\" class=\"emoji\" role=\"img\" draggable=\"false\" src=\"https:\/\/s.w.org\/images\/core\/emoji\/13.0.1\/svg\/1f5a5.svg\" alt=\"\ud83d\udda5\ufe0f\" \/>\ud83d\udcf1 Submissions accepted via email and Whatsapp<\/p>\n\t<\/div>\n<\/div>\t\t<\/div>\n\t<\/div>\n<\/div><div id=\"column-69f0f77995fcc\" class=\"fw-col-sm-2 tf-sh-7558225be0282d0e580e0fc2c975daa3\" >\n\t<div class=\"fw-wrap-col-inner clearfix\"   >\n\t\t\t\t<div class=\"fw-col-inner\">\n\t\t\t<div class=\"text-center\">\t<a href=\"https:\/\/rhizomecenter.org\/es\/contest-rules\/\" target=\"_blank\" class=\"fw-btn tf-sh-2f262b9c6c605412c990955769249147     fw-btn-1\"  style=\"width:200px; height:50px; line-height:50px;\">\n\t\t<span style=\"top:0;\">\n\t\t\tFull Contest Details\t\t<\/span>\n\t<\/a>\n<\/div>\t\t<\/div>\n\t<\/div>\n<\/div><\/div>\n\n<div class=\"fw-row\">\n\t<div id=\"column-69f0f779960bd\" class=\"fw-col-sm-12 tf-sh-d6832dd1fe323fd347e072c35be3ef62\" >\n\t<div class=\"fw-wrap-col-inner clearfix\"   >\n\t\t\t\t<div class=\"fw-col-inner\">\n\t\t\t<div class=\"fw-divider-space  fw-custom-space  clearfix\" style=\"height:50px;\" ><\/div>\t\t<\/div>\n\t<\/div>\n<\/div><\/div>\n\n<div class=\"fw-row\">\n\t<div id=\"column-69f0f779961ac\" class=\"fw-col-sm-2 tf-sh-6ee8325c9aad956c85d3416bb673eed1\" >\n\t<div class=\"fw-wrap-col-inner clearfix\"   >\n\t\t\t\t<div class=\"fw-col-inner\">\n\t\t\t\t<div class=\"fw-team tf-sh-5463128bc48a496e6ab362b89d5628c3  fw-content-align-center fw-team-member-type-2 fw-overlay-1\" >\n\t\t<div style=\"width: 100%;\" class=\"fw-team-image fw-block-image-parent fw-block-image-circle\">\n\t\t\t\t\t\t<div class=\"fw-block-image-child fw-ratio-1 fw-ratio-container\"><noscript itemscope itemtype=\"https:\/\/schema.org\/ImageObject\" itemprop=\"image\"><img data-recalc-dims=\"1\" decoding=\"async\" src=\"https:\/\/i0.wp.com\/rhizomecenter.org\/wp-content\/uploads\/2022\/02\/grits.jpg?ssl=1\"  alt=\"GRITS Logo\" data-maxdpr=\"1.7\" class=\"lazyload\" \/><meta itemprop=\"url\" content=\"https:\/\/rhizomecenter.org\/wp-content\/uploads\/2022\/02\/grits.jpg\"><meta itemprop=\"width\" content=\"1508\"><meta itemprop=\"height\" content=\"1513\"><\/noscript><img decoding=\"async\" src=\"data:image\/gif;base64,R0lGODlhAQABAIAAAAAAAP\/\/\/yH5BAEAAAAALAAAAAABAAEAAAIBRAA7\" data-sizes=\"auto\" data-srcset=\"https:\/\/rhizomecenter.org\/wp-content\/uploads\/2022\/02\/grits-300x300.jpg 300w, https:\/\/rhizomecenter.org\/wp-content\/uploads\/2022\/02\/grits-1021x1024.jpg 1021w, https:\/\/rhizomecenter.org\/wp-content\/uploads\/2022\/02\/grits-150x150.jpg 150w, https:\/\/rhizomecenter.org\/wp-content\/uploads\/2022\/02\/grits-768x771.jpg 768w, https:\/\/rhizomecenter.org\/wp-content\/uploads\/2022\/02\/grits-12x12.jpg 12w, https:\/\/rhizomecenter.org\/wp-content\/uploads\/2022\/02\/grits-800x800.jpg 800w, https:\/\/rhizomecenter.org\/wp-content\/uploads\/2022\/02\/grits-300x300.jpg 300w, https:\/\/rhizomecenter.org\/wp-content\/uploads\/2022\/02\/grits.jpg 1508w\"   alt=\"GRITS Logo\" data-maxdpr=\"1.7\" class=\"lazyload\" \/>\t\t\t\t<div class=\"fw-block-image-overlay\">\n\t\t\t\t\t<div class=\"fw-itable\">\n\t\t\t\t\t\t<div class=\"fw-icell\">\n\t\t\t\t\t\t\t<div class=\"fw-team-inner\" style=\"\">\n\t\t\t\t\t\t\t\t<div class=\"fw-team-name\">\n\t\t\t\t\t\t\t\t\t\t\t\t\t\t\t\t\t\t\t\t\t\t\t\t\t\t<\/div>\n\n\t\t\t\t\t\t\t\t\n\t\t\t\t\t\t\t\t\t\t\t\t\t\t\t<\/div>\n\t\t\t\t\t\t<\/div>\n\t\t\t\t\t<\/div>\n\t\t\t\t<\/div>\n\t\t\t<\/div>\n\t\t<\/div>\n\t<\/div>\n\t\t<\/div>\n\t<\/div>\n<\/div><div id=\"column-69f0f77996945\" class=\"fw-col-sm-8 tf-sh-f8f1f0db74cb25f6e817c140c4e0b9fc\" >\n\t<div class=\"fw-wrap-col-inner clearfix\"   >\n\t\t\t\t<div class=\"fw-col-inner\">\n\t\t\t<div class=\"fw-text-box tf-sh-a6d19492c260f438136209d714aff793\" >\n\t<div class=\"fw-text-inner\">\n\t\t<p><span style=\"font-weight: 400;\"><b>Ableism and its Impact on Immigration, Detention, and Other Border Issues<\/b><br \/><span style=\"color: #00ccff;\">PANEL DISCUSSION \/ GETTING RADICAL IN THE SOUTH CONFERENCE<\/span><br \/><\/span><\/p>\n<p>Join us this February 15, 2022, as we tackle ableism issues at the U.S.-Mexico Border. With C\u00e9sar Vega (The Rhizome Center for Migrants), Erin Thorn Vela (Texas Civil Rights Project), and Liz Jordan (Civil Rights Education and Enforcement Center). Moderated by Prof. Medha Makhlouf of Penn State Dickinson School of Law and hosted by GRITS.<\/p>\n<p>\ud83d\udd50\u00a0 Feb 15, 2022 @ 2:00PM - 3:15PM CST<br \/>\ud83d\udda5\ufe0f Evento virtual<\/p>\n\t<\/div>\n<\/div>\t\t<\/div>\n\t<\/div>\n<\/div><div id=\"column-69f0f77996a01\" class=\"fw-col-sm-2 tf-sh-4a41d84535e45af9c9b89002bf3035dd\" >\n\t<div class=\"fw-wrap-col-inner clearfix\"   >\n\t\t\t\t<div class=\"fw-col-inner\">\n\t\t\t<div class=\"text-center\">\t<a href=\"https:\/\/forms.gle\/3YLn1dxh3LChben59\" target=\"_blank\" class=\"fw-btn tf-sh-d72feaae893efc6cca373d69eaf55870     fw-btn-1\"  style=\"width:200px; height:50px; line-height:50px;\">\n\t\t<span style=\"top:0;\">\n\t\t\tPre-registro\t\t<\/span>\n\t<\/a>\n<\/div>\t\t<\/div>\n\t<\/div>\n<\/div><\/div>\n\n<div class=\"fw-row\">\n\t<div id=\"column-69f0f77996af0\" class=\"fw-col-sm-12 tf-sh-d6832dd1fe323fd347e072c35be3ef62\" >\n\t<div class=\"fw-wrap-col-inner clearfix\"   >\n\t\t\t\t<div class=\"fw-col-inner\">\n\t\t\t<div class=\"fw-divider-space  fw-custom-space  clearfix\" style=\"height:50px;\" ><\/div>\t\t<\/div>\n\t<\/div>\n<\/div><\/div>\n\n<div class=\"fw-row\">\n\t<div id=\"column-69f0f77996bb6\" class=\"fw-col-sm-2 tf-sh-ca8fa1267554e7b8cbbed4f68bff13e8\" >\n\t<div class=\"fw-wrap-col-inner clearfix\"   >\n\t\t\t\t<div class=\"fw-col-inner\">\n\t\t\t\t<div class=\"fw-team tf-sh-8ad4c88cca849412cb300ac7266f3dc0  fw-content-align-center fw-team-member-type-2 fw-overlay-1\" >\n\t\t<div style=\"width: 100%;\" class=\"fw-team-image fw-block-image-parent fw-block-image-circle\">\n\t\t\t\t\t\t<div class=\"fw-block-image-child fw-ratio-1 fw-ratio-container\"><noscript itemscope itemtype=\"https:\/\/schema.org\/ImageObject\" itemprop=\"image\"><img data-recalc-dims=\"1\" decoding=\"async\" src=\"https:\/\/i0.wp.com\/rhizomecenter.org\/wp-content\/uploads\/2022\/01\/HRLS.jpg?ssl=1\"  alt=\"HRLS logo\" data-maxdpr=\"1.7\" class=\"lazyload\" \/><meta itemprop=\"url\" content=\"https:\/\/rhizomecenter.org\/wp-content\/uploads\/2022\/01\/HRLS.jpg\"><meta itemprop=\"width\" content=\"498\"><meta itemprop=\"height\" content=\"466\"><\/noscript><img decoding=\"async\" src=\"data:image\/gif;base64,R0lGODlhAQABAIAAAAAAAP\/\/\/yH5BAEAAAAALAAAAAABAAEAAAIBRAA7\" data-sizes=\"auto\" data-srcset=\"https:\/\/rhizomecenter.org\/wp-content\/uploads\/2022\/01\/HRLS-150x150.jpg 150w, https:\/\/rhizomecenter.org\/wp-content\/uploads\/2022\/01\/HRLS-300x300.jpg 300w\"   alt=\"HRLS logo\" data-maxdpr=\"1.7\" class=\"lazyload\" \/>\t\t\t\t<div class=\"fw-block-image-overlay\">\n\t\t\t\t\t<div class=\"fw-itable\">\n\t\t\t\t\t\t<div class=\"fw-icell\">\n\t\t\t\t\t\t\t<div class=\"fw-team-inner\" style=\"\">\n\t\t\t\t\t\t\t\t<div class=\"fw-team-name\">\n\t\t\t\t\t\t\t\t\t\t\t\t\t\t\t\t\t\t\t\t\t\t\t\t\t\t<\/div>\n\n\t\t\t\t\t\t\t\t\n\t\t\t\t\t\t\t\t\t\t\t\t\t\t\t<\/div>\n\t\t\t\t\t\t<\/div>\n\t\t\t\t\t<\/div>\n\t\t\t\t<\/div>\n\t\t\t<\/div>\n\t\t<\/div>\n\t<\/div>\n\t\t<\/div>\n\t<\/div>\n<\/div><div id=\"column-69f0f7799701b\" class=\"fw-col-sm-8 tf-sh-4de26ffbe8d17330b5d262b553696c26\" >\n\t<div class=\"fw-wrap-col-inner clearfix\"   >\n\t\t\t\t<div class=\"fw-col-inner\">\n\t\t\t<div class=\"fw-text-box tf-sh-ba7dcc2fc2719f153949a4f0d1065c49\" >\n\t<div class=\"fw-text-inner\">\n\t\t<p><span style=\"font-weight: 400;\"><b>Migrant Human Rights Violations in the Region<\/b><br \/><span style=\"color: #00ccff;\">PRESENTATION \/ THE UNIVERSITY OF TEXAS SCHOOL OF LAW<\/span><br \/><\/span><\/p>\n<p>The Rhizome Center for Migrants will present to the Human Rights Law Society at The University of Texas School of Law in Austin on January 25, 2022. Join us for a discussion of the Rhizome Center's work in Mexico, as well as the persistent challenges faced by migrants and return migrants who cannot access their human rights to family, identity, and education, and the legal solutions available to them.<\/p>\n<p>\ud83d\udd50\u00a0 Jan 25, 2022 @ 5:00PM - 6:00PM CST<br \/>\ud83d\udda5\ufe0f Evento virtual<\/p>\n\t<\/div>\n<\/div>\t\t<\/div>\n\t<\/div>\n<\/div><\/div>\n\n<div class=\"fw-row\">\n\t<div id=\"column-69f0f77997122\" class=\"fw-col-sm-12 tf-sh-d6832dd1fe323fd347e072c35be3ef62\" >\n\t<div class=\"fw-wrap-col-inner clearfix\"   >\n\t\t\t\t<div class=\"fw-col-inner\">\n\t\t\t<div class=\"fw-divider-space  fw-custom-space  clearfix\" style=\"height:50px;\" ><\/div>\t\t<\/div>\n\t<\/div>\n<\/div><\/div>\n\n<div class=\"fw-row\">\n\t<div id=\"column-69f0f779971f8\" class=\"fw-col-sm-2 tf-sh-fc9f47fc9d73d6618edaec7ada2f972f\" >\n\t<div class=\"fw-wrap-col-inner clearfix\"   >\n\t\t\t\t<div class=\"fw-col-inner\">\n\t\t\t\t<div class=\"fw-team tf-sh-03e2c9304e887d0e9494dbc43e54231b  fw-content-align-center fw-team-member-type-2 fw-overlay-1\" >\n\t\t<div style=\"width: 100%;\" class=\"fw-team-image fw-block-image-parent fw-block-image-circle\">\n\t\t\t\t\t\t<div class=\"fw-block-image-child fw-ratio-1 fw-ratio-container\"><noscript itemscope itemtype=\"https:\/\/schema.org\/ImageObject\" itemprop=\"image\"><img data-recalc-dims=\"1\" decoding=\"async\" src=\"https:\/\/i0.wp.com\/rhizomecenter.org\/wp-content\/uploads\/2022\/01\/20220113_1159482.jpg?ssl=1\"  alt=\"W2022 Student Program\" data-maxdpr=\"1.7\" class=\"lazyload\" \/><meta itemprop=\"url\" content=\"https:\/\/rhizomecenter.org\/wp-content\/uploads\/2022\/01\/20220113_1159482.jpg\"><meta itemprop=\"width\" content=\"1920\"><meta itemprop=\"height\" content=\"1783\"><\/noscript><img decoding=\"async\" src=\"data:image\/gif;base64,R0lGODlhAQABAIAAAAAAAP\/\/\/yH5BAEAAAAALAAAAAABAAEAAAIBRAA7\" data-sizes=\"auto\" data-srcset=\"https:\/\/rhizomecenter.org\/wp-content\/uploads\/2022\/01\/20220113_1159482-150x150.jpg 150w, https:\/\/rhizomecenter.org\/wp-content\/uploads\/2022\/01\/20220113_1159482-800x800.jpg 800w, https:\/\/rhizomecenter.org\/wp-content\/uploads\/2022\/01\/20220113_1159482-300x300.jpg 300w\"   alt=\"W2022 Student Program\" data-maxdpr=\"1.7\" class=\"lazyload\" \/>\t\t\t\t<div class=\"fw-block-image-overlay\">\n\t\t\t\t\t<div class=\"fw-itable\">\n\t\t\t\t\t\t<div class=\"fw-icell\">\n\t\t\t\t\t\t\t<div class=\"fw-team-inner\" style=\"\">\n\t\t\t\t\t\t\t\t<div class=\"fw-team-name\">\n\t\t\t\t\t\t\t\t\t\t\t\t\t\t\t\t\t\t\t\t\t\t\t\t\t\t<\/div>\n\n\t\t\t\t\t\t\t\t\n\t\t\t\t\t\t\t\t\t\t\t\t\t\t\t<\/div>\n\t\t\t\t\t\t<\/div>\n\t\t\t\t\t<\/div>\n\t\t\t\t<\/div>\n\t\t\t<\/div>\n\t\t<\/div>\n\t<\/div>\n\t\t<\/div>\n\t<\/div>\n<\/div><div id=\"column-69f0f779976ce\" class=\"fw-col-sm-8 tf-sh-5d56e71399bcc6b24133481d5694b534\" >\n\t<div class=\"fw-wrap-col-inner clearfix\"   >\n\t\t\t\t<div class=\"fw-col-inner\">\n\t\t\t<div class=\"fw-text-box tf-sh-f5d56e64f787673ae89f6c6ea205f0af\" >\n\t<div class=\"fw-text-inner\">\n\t\t<p><span style=\"font-weight: 400;\"><b>Nuestro programa para estudiantes de derecho<\/b><br \/><span style=\"color: #00ccff;\">EVENTO LOCAL \/ PROGRAMA EDUCATIVO<\/span><br \/><\/span><\/p>\n<p>Immigration law students are invited to Guadalajara, Mexico. Our eye-opening student programs are aimed at raising awareness about U.S.-Mexico border politics, immigration policies, and impact. This August, we welcome our 5th class of students to Guadalajara, where they connect with leading cross-border actors, as well as migrants, asylum seekers, refugees, and deportees themselves.<\/p>\n<p><img decoding=\"async\" class=\"emoji\" role=\"img\" draggable=\"false\" src=\"https:\/\/s.w.org\/images\/core\/emoji\/13.0.1\/svg\/1f550.svg\" alt=\"\ud83d\udd50\" \/>\u00a0 Jan 7-14, 2022, Week-Long Event<br \/><img decoding=\"async\" class=\"emoji\" role=\"img\" draggable=\"false\" src=\"https:\/\/s.w.org\/images\/core\/emoji\/13.0.1\/svg\/1f4cd.svg\" alt=\"\ud83d\udccd\" \/>\u00a0Guadalajara, Jalisco<\/p>\n\t<\/div>\n<\/div>\t\t<\/div>\n\t<\/div>\n<\/div><\/div>\n\n<div class=\"fw-row\">\n\t<div id=\"column-69f0f779977d9\" class=\"fw-col-sm-12 tf-sh-d6832dd1fe323fd347e072c35be3ef62\" >\n\t<div class=\"fw-wrap-col-inner clearfix\"   >\n\t\t\t\t<div class=\"fw-col-inner\">\n\t\t\t<div class=\"fw-divider-space  fw-custom-space  clearfix\" style=\"height:50px;\" ><\/div>\t\t<\/div>\n\t<\/div>\n<\/div><\/div>\n\n<div class=\"fw-row\">\n\t<div id=\"column-69f0f779978ca\" class=\"fw-col-sm-2 tf-sh-52573cc193aecf609ba5d6203fdceee1\" >\n\t<div class=\"fw-wrap-col-inner clearfix\"   >\n\t\t\t\t<div class=\"fw-col-inner\">\n\t\t\t\t<div class=\"fw-team tf-sh-d9703cbdc8d6c2da169d1700538ee827  fw-content-align-center fw-team-member-type-2 fw-overlay-1\" >\n\t\t<div style=\"width: 100%;\" class=\"fw-team-image fw-block-image-parent fw-block-image-circle\">\n\t\t\t\t\t\t<div class=\"fw-block-image-child fw-ratio-1 fw-ratio-container\"><noscript itemscope itemtype=\"https:\/\/schema.org\/ImageObject\" itemprop=\"image\"><img data-recalc-dims=\"1\" decoding=\"async\" src=\"https:\/\/i0.wp.com\/rhizomecenter.org\/wp-content\/uploads\/2021\/11\/image0.png?ssl=1\"  alt=\"ARJAB\" data-maxdpr=\"1.7\" class=\"lazyload\" \/><meta itemprop=\"url\" content=\"https:\/\/rhizomecenter.org\/wp-content\/uploads\/2021\/11\/image0.png\"><meta itemprop=\"width\" content=\"1920\"><meta itemprop=\"height\" content=\"1440\"><\/noscript><img decoding=\"async\" src=\"data:image\/gif;base64,R0lGODlhAQABAIAAAAAAAP\/\/\/yH5BAEAAAAALAAAAAABAAEAAAIBRAA7\" data-sizes=\"auto\" data-srcset=\"https:\/\/rhizomecenter.org\/wp-content\/uploads\/2021\/11\/image0-150x150.png 150w, https:\/\/rhizomecenter.org\/wp-content\/uploads\/2021\/11\/image0-800x800.png 800w, https:\/\/rhizomecenter.org\/wp-content\/uploads\/2021\/11\/image0-300x300.png 300w\"   alt=\"ARJAB\" data-maxdpr=\"1.7\" class=\"lazyload\" \/>\t\t\t\t<div class=\"fw-block-image-overlay\">\n\t\t\t\t\t<div class=\"fw-itable\">\n\t\t\t\t\t\t<div class=\"fw-icell\">\n\t\t\t\t\t\t\t<div class=\"fw-team-inner\" style=\"\">\n\t\t\t\t\t\t\t\t<div class=\"fw-team-name\">\n\t\t\t\t\t\t\t\t\t\t\t\t\t\t\t\t\t\t\t\t\t\t\t\t\t\t<\/div>\n\n\t\t\t\t\t\t\t\t\n\t\t\t\t\t\t\t\t\t\t\t\t\t\t\t<\/div>\n\t\t\t\t\t\t<\/div>\n\t\t\t\t\t<\/div>\n\t\t\t\t<\/div>\n\t\t\t<\/div>\n\t\t<\/div>\n\t<\/div>\n\t\t<\/div>\n\t<\/div>\n<\/div><div id=\"column-69f0f77997b4a\" class=\"fw-col-sm-8 tf-sh-1a85d1dd158a5f5341be0d59e0523e70\" >\n\t<div class=\"fw-wrap-col-inner clearfix\"   >\n\t\t\t\t<div class=\"fw-col-inner\">\n\t\t\t<div class=\"fw-text-box tf-sh-620dfe9893ba45e5275848b7899a0181\" >\n\t<div class=\"fw-text-inner\">\n\t\t<p><span style=\"font-weight: 400;\"><b>Beyond Incarceration: Cross Border Social Reinsertion<\/b><br \/><span style=\"color: #00ccff;\">PANEL DISCUSSION \/ ALLIANCE FOR RACIAL JUSTICE ACROSS BORDERS<\/span><br \/><\/span><\/p>\n<p>In this binational panel discussion moderated by The Rhizome Center for Migrants, cross border experts discuss the consequences of, and model examples available to address mass immigrant criminalization and deportation. Hear from U.S. and Mexican experts on the role of social reinsertion. Panelists include Dr. Rafael Alarc\u00f3n (COLEF), Prof. Adolfo Soto (UABC),\u00a0Mtro. Heriberto Garc\u00eda (State Commission on Human Rights-BC), Danny Murillo (Underground Scholars), and Pedro Gerardo (graduate of UABC-CERESO prison college program)<\/p>\n<p><img decoding=\"async\" class=\"emoji\" role=\"img\" draggable=\"false\" src=\"https:\/\/s.w.org\/images\/core\/emoji\/13.0.1\/svg\/1f550.svg\" alt=\"\ud83d\udd50\" \/>\u00a0 Dec 10, 2021 @ 2:00PM - 3:00PM CST<br \/><img decoding=\"async\" class=\"emoji\" role=\"img\" draggable=\"false\" src=\"https:\/\/s.w.org\/images\/core\/emoji\/13.0.1\/svg\/1f5a5.svg\" alt=\"\ud83d\udda5\ufe0f\" \/> Virtual Event<\/p>\n\t<\/div>\n<\/div>\t\t<\/div>\n\t<\/div>\n<\/div><div id=\"column-69f0f77997be0\" class=\"fw-col-sm-2 tf-sh-e3ab8f697bf2deee6b42bd69ed958008\" >\n\t<div class=\"fw-wrap-col-inner clearfix\"   >\n\t\t\t\t<div class=\"fw-col-inner\">\n\t\t\t<div class=\"text-center\">\t<a href=\"http:\/\/bit.ly\/BeyondIncarceration2021\" target=\"_blank\" class=\"fw-btn tf-sh-49ffc50d8b35704b5ee28804e0fad501     fw-btn-1\"  style=\"width:200px; height:50px; line-height:50px;\">\n\t\t<span style=\"top:0;\">\n\t\t\tPre-registro\t\t<\/span>\n\t<\/a>\n<\/div>\t\t<\/div>\n\t<\/div>\n<\/div><\/div>\n\n<div class=\"fw-row\">\n\t<div id=\"column-69f0f77997c8f\" class=\"fw-col-sm-12 tf-sh-d6832dd1fe323fd347e072c35be3ef62\" >\n\t<div class=\"fw-wrap-col-inner clearfix\"   >\n\t\t\t\t<div class=\"fw-col-inner\">\n\t\t\t<div class=\"fw-divider-space  fw-custom-space  clearfix\" style=\"height:50px;\" ><\/div>\t\t<\/div>\n\t<\/div>\n<\/div><\/div>\n\n<div class=\"fw-row\">\n\t<div id=\"column-69f0f77997d10\" class=\"fw-col-sm-2 tf-sh-057d6158242c5f8878de21cd2056d542\" >\n\t<div class=\"fw-wrap-col-inner clearfix\"   >\n\t\t\t\t<div class=\"fw-col-inner\">\n\t\t\t\t<div class=\"fw-team tf-sh-da25893b6e3f30d1e86bcbd4188b1a77  fw-content-align-center fw-team-member-type-2 fw-overlay-1\" >\n\t\t<div style=\"width: 100%;\" class=\"fw-team-image fw-block-image-parent fw-block-image-circle\">\n\t\t\t\t\t\t<div class=\"fw-block-image-child fw-ratio-1 fw-ratio-container\"><noscript itemscope itemtype=\"https:\/\/schema.org\/ImageObject\" itemprop=\"image\"><img data-recalc-dims=\"1\" decoding=\"async\" src=\"https:\/\/i0.wp.com\/rhizomecenter.org\/wp-content\/uploads\/2021\/09\/BffjW3xE.jpg?ssl=1\"  alt=\"WAC\" data-maxdpr=\"1.7\" class=\"lazyload\" \/><meta itemprop=\"url\" content=\"https:\/\/rhizomecenter.org\/wp-content\/uploads\/2021\/09\/BffjW3xE.jpg\"><meta itemprop=\"width\" content=\"512\"><meta itemprop=\"height\" content=\"512\"><\/noscript><img decoding=\"async\" src=\"data:image\/gif;base64,R0lGODlhAQABAIAAAAAAAP\/\/\/yH5BAEAAAAALAAAAAABAAEAAAIBRAA7\" data-sizes=\"auto\" data-srcset=\"https:\/\/rhizomecenter.org\/wp-content\/uploads\/2021\/09\/BffjW3xE-300x300.jpg 300w, https:\/\/rhizomecenter.org\/wp-content\/uploads\/2021\/09\/BffjW3xE-150x150.jpg 150w, https:\/\/rhizomecenter.org\/wp-content\/uploads\/2021\/09\/BffjW3xE-12x12.jpg 12w, https:\/\/rhizomecenter.org\/wp-content\/uploads\/2021\/09\/BffjW3xE-300x300.jpg 300w, https:\/\/rhizomecenter.org\/wp-content\/uploads\/2021\/09\/BffjW3xE.jpg 512w\"   alt=\"WAC\" data-maxdpr=\"1.7\" class=\"lazyload\" \/>\t\t\t\t<div class=\"fw-block-image-overlay\">\n\t\t\t\t\t<div class=\"fw-itable\">\n\t\t\t\t\t\t<div class=\"fw-icell\">\n\t\t\t\t\t\t\t<div class=\"fw-team-inner\" style=\"\">\n\t\t\t\t\t\t\t\t<div class=\"fw-team-name\">\n\t\t\t\t\t\t\t\t\t\t\t\t\t\t\t\t\t\t\t\t\t\t\t\t\t\t<\/div>\n\n\t\t\t\t\t\t\t\t\n\t\t\t\t\t\t\t\t\t\t\t\t\t\t\t<\/div>\n\t\t\t\t\t\t<\/div>\n\t\t\t\t\t<\/div>\n\t\t\t\t<\/div>\n\t\t\t<\/div>\n\t\t<\/div>\n\t<\/div>\n\t\t<\/div>\n\t<\/div>\n<\/div><div id=\"column-69f0f7799813a\" class=\"fw-col-sm-8 tf-sh-85223683f72b197e207d54a97d5309d2\" >\n\t<div class=\"fw-wrap-col-inner clearfix\"   >\n\t\t\t\t<div class=\"fw-col-inner\">\n\t\t\t<div class=\"fw-text-box tf-sh-7f20a5eb8f5893dbf3460b5d0253f92b\" >\n\t<div class=\"fw-text-inner\">\n\t\t<p><span style=\"font-weight: 400;\"><b>What's Missing in the Conversation on Immigration Reform<\/b><br \/><span style=\"color: #00ccff;\">PRESENTATION \/ WORLD AFFAIRS COUNCIL OF SOUTH TEXAS<\/span><br \/><\/span><\/p>\n<p>The Rhizome Center for Migrants will present to members of the World Affairs Council of South Texas Wednesday, September 29, 2021, at their monthly speakers luncheon. Join us for a presentation on current U.S. immigration reform efforts and the implications of failing to consider the needs of the deported and their families.<\/p>\n<p><img decoding=\"async\" class=\"emoji\" role=\"img\" draggable=\"false\" src=\"https:\/\/s.w.org\/images\/core\/emoji\/13.0.1\/svg\/1f550.svg\" alt=\"\ud83d\udd50\" \/>\u00a0 Sept 29, 2021 @ 11:30AM - 1:15PM CST<br \/><img decoding=\"async\" class=\"emoji\" role=\"img\" draggable=\"false\" src=\"https:\/\/s.w.org\/images\/core\/emoji\/13.0.1\/svg\/1f4cd.svg\" alt=\"\ud83d\udccd\" \/> Congressman Solomon P. Ortiz International Center, Corpus Christi, Texas, 78401<\/p>\n\t<\/div>\n<\/div>\t\t<\/div>\n\t<\/div>\n<\/div><\/div>\n\n<div class=\"fw-row\">\n\t<div id=\"column-69f0f779981f0\" class=\"fw-col-sm-12 tf-sh-d6832dd1fe323fd347e072c35be3ef62\" >\n\t<div class=\"fw-wrap-col-inner clearfix\"   >\n\t\t\t\t<div class=\"fw-col-inner\">\n\t\t\t<div class=\"fw-divider-space  fw-custom-space  clearfix\" style=\"height:50px;\" ><\/div>\t\t<\/div>\n\t<\/div>\n<\/div><\/div>\n\n<div class=\"fw-row\">\n\t<div id=\"column-69f0f77998289\" class=\"fw-col-sm-2 tf-sh-f754bf8e5a6ac4de892f4dd235178eba\" >\n\t<div class=\"fw-wrap-col-inner clearfix\"   >\n\t\t\t\t<div class=\"fw-col-inner\">\n\t\t\t\t<div class=\"fw-team tf-sh-14b16a87a407286570457c096e6b1dcf  fw-content-align-center fw-team-member-type-2 fw-overlay-1\" >\n\t\t<div style=\"width: 100%;\" class=\"fw-team-image fw-block-image-parent fw-block-image-circle\">\n\t\t\t\t\t\t<div class=\"fw-block-image-child fw-ratio-1 fw-ratio-container\"><noscript itemscope itemtype=\"https:\/\/schema.org\/ImageObject\" itemprop=\"image\"><img data-recalc-dims=\"1\" decoding=\"async\" src=\"https:\/\/i0.wp.com\/rhizomecenter.org\/wp-content\/uploads\/2021\/06\/Veterans.jpg?ssl=1\"  alt=\"Veterans\" data-maxdpr=\"1.7\" class=\"lazyload\" \/><meta itemprop=\"url\" content=\"https:\/\/rhizomecenter.org\/wp-content\/uploads\/2021\/06\/Veterans.jpg\"><meta itemprop=\"width\" content=\"900\"><meta itemprop=\"height\" content=\"450\"><\/noscript><img decoding=\"async\" src=\"data:image\/gif;base64,R0lGODlhAQABAIAAAAAAAP\/\/\/yH5BAEAAAAALAAAAAABAAEAAAIBRAA7\" data-sizes=\"auto\" data-srcset=\"https:\/\/rhizomecenter.org\/wp-content\/uploads\/2021\/06\/Veterans-150x150.jpg 150w, https:\/\/rhizomecenter.org\/wp-content\/uploads\/2021\/06\/Veterans-300x300.jpg 300w\"   alt=\"Veterans\" data-maxdpr=\"1.7\" class=\"lazyload\" \/>\t\t\t\t<div class=\"fw-block-image-overlay\">\n\t\t\t\t\t<div class=\"fw-itable\">\n\t\t\t\t\t\t<div class=\"fw-icell\">\n\t\t\t\t\t\t\t<div class=\"fw-team-inner\" style=\"\">\n\t\t\t\t\t\t\t\t<div class=\"fw-team-name\">\n\t\t\t\t\t\t\t\t\t\t\t\t\t\t\t\t\t\t\t\t\t\t\t\t\t\t<\/div>\n\n\t\t\t\t\t\t\t\t\n\t\t\t\t\t\t\t\t\t\t\t\t\t\t\t<\/div>\n\t\t\t\t\t\t<\/div>\n\t\t\t\t\t<\/div>\n\t\t\t\t<\/div>\n\t\t\t<\/div>\n\t\t<\/div>\n\t<\/div>\n\t\t<\/div>\n\t<\/div>\n<\/div><div id=\"column-69f0f77998606\" class=\"fw-col-sm-8 tf-sh-058f482f172e6ac24caab0cdd44dcbd8\" >\n\t<div class=\"fw-wrap-col-inner clearfix\"   >\n\t\t\t\t<div class=\"fw-col-inner\">\n\t\t\t<div class=\"fw-text-box tf-sh-5182c68e9e6fb7a345a2a5a40aade82e\" >\n\t<div class=\"fw-text-inner\">\n\t\t<p><span style=\"font-weight: 400;\"><b>Veteran Naturalization, VA Benefits<\/b><br \/><span style=\"color: #00ccff;\">EVENTO LOCAL \/ TALLER<\/span><br \/><\/span><\/p>\n<p>The Rhizome Center for Migrants will host a legal\u00a0 presentation on \"Benefits and Citizenship\", followed by intake and one-on-one consultation with a VA-accredited claims representative and immigration attorneys. The event is organized by The Rhizome Center for Migrants in collaboration with Public Counsel, Immigrant Defenders Law Center, Consultants for America's Veterans, and American Legion Post 7.<\/p>\n<p><img decoding=\"async\" class=\"emoji\" role=\"img\" draggable=\"false\" src=\"https:\/\/s.w.org\/images\/core\/emoji\/13.0.1\/svg\/1f550.svg\" alt=\"\ud83d\udd50\" \/>\u00a0 Aug 15, 2021 @ 11:00AM - 2:00PM CST<br \/><img decoding=\"async\" class=\"emoji\" role=\"img\" draggable=\"false\" src=\"https:\/\/s.w.org\/images\/core\/emoji\/13.0.1\/svg\/1f4cd.svg\" alt=\"\ud83d\udccd\" \/> C. Reforma 369, 44100, Guadalajara, Jalisco<\/p>\n\t<\/div>\n<\/div>\t\t<\/div>\n\t<\/div>\n<\/div><div id=\"column-69f0f7799869a\" class=\"fw-col-sm-2 tf-sh-f3ab22ce5ff4213c576c5708a7c4be9d\" >\n\t<div class=\"fw-wrap-col-inner clearfix\"   >\n\t\t\t\t<div class=\"fw-col-inner\">\n\t\t\t<div class=\"text-center\">\t<a href=\"https:\/\/forms.gle\/ynhaYcTSYkDSJRqU6\" target=\"_blank\" class=\"fw-btn tf-sh-7617c905b74e044d663738fe1f54fbc9     fw-btn-1\"  style=\"width:200px; height:50px; line-height:50px;\">\n\t\t<span style=\"top:0;\">\n\t\t\tPre-registro\t\t<\/span>\n\t<\/a>\n<\/div>\t\t<\/div>\n\t<\/div>\n<\/div><\/div>\n\n<div class=\"fw-row\">\n\t<div id=\"column-69f0f77998736\" class=\"fw-col-sm-12 tf-sh-d6832dd1fe323fd347e072c35be3ef62\" >\n\t<div class=\"fw-wrap-col-inner clearfix\"   >\n\t\t\t\t<div class=\"fw-col-inner\">\n\t\t\t<div class=\"fw-divider-space  fw-custom-space  clearfix\" style=\"height:50px;\" ><\/div>\t\t<\/div>\n\t<\/div>\n<\/div><\/div>\n\n<div class=\"fw-row\">\n\t<div id=\"column-69f0f779987b2\" class=\"fw-col-sm-2 tf-sh-dad0b5abedad2f2de30ea1619e8eac07\" >\n\t<div class=\"fw-wrap-col-inner clearfix\"   >\n\t\t\t\t<div class=\"fw-col-inner\">\n\t\t\t\t<div class=\"fw-team tf-sh-6dfc29711cc60997da7113ab213ecc9f  fw-content-align-center fw-team-member-type-2 fw-overlay-1\" >\n\t\t<div style=\"width: 100%;\" class=\"fw-team-image fw-block-image-parent fw-block-image-circle\">\n\t\t\t\t\t\t<div class=\"fw-block-image-child fw-ratio-1 fw-ratio-container\"><noscript itemscope itemtype=\"https:\/\/schema.org\/ImageObject\" itemprop=\"image\"><img data-recalc-dims=\"1\" decoding=\"async\" src=\"https:\/\/i0.wp.com\/rhizomecenter.org\/wp-content\/uploads\/2022\/01\/20210809_1154591.jpg?ssl=1\"  alt=\"S2021 Student Program\" data-maxdpr=\"1.7\" class=\"lazyload\" \/><meta itemprop=\"url\" content=\"https:\/\/rhizomecenter.org\/wp-content\/uploads\/2022\/01\/20210809_1154591.jpg\"><meta itemprop=\"width\" content=\"1920\"><meta itemprop=\"height\" content=\"1440\"><\/noscript><img decoding=\"async\" src=\"data:image\/gif;base64,R0lGODlhAQABAIAAAAAAAP\/\/\/yH5BAEAAAAALAAAAAABAAEAAAIBRAA7\" data-sizes=\"auto\" data-srcset=\"https:\/\/rhizomecenter.org\/wp-content\/uploads\/2022\/01\/20210809_1154591-150x150.jpg 150w, https:\/\/rhizomecenter.org\/wp-content\/uploads\/2022\/01\/20210809_1154591-800x800.jpg 800w, https:\/\/rhizomecenter.org\/wp-content\/uploads\/2022\/01\/20210809_1154591-300x300.jpg 300w\"   alt=\"S2021 Student Program\" data-maxdpr=\"1.7\" class=\"lazyload\" \/>\t\t\t\t<div class=\"fw-block-image-overlay\">\n\t\t\t\t\t<div class=\"fw-itable\">\n\t\t\t\t\t\t<div class=\"fw-icell\">\n\t\t\t\t\t\t\t<div class=\"fw-team-inner\" style=\"\">\n\t\t\t\t\t\t\t\t<div class=\"fw-team-name\">\n\t\t\t\t\t\t\t\t\t\t\t\t\t\t\t\t\t\t\t\t\t\t\t\t\t\t<\/div>\n\n\t\t\t\t\t\t\t\t\n\t\t\t\t\t\t\t\t\t\t\t\t\t\t\t<\/div>\n\t\t\t\t\t\t<\/div>\n\t\t\t\t\t<\/div>\n\t\t\t\t<\/div>\n\t\t\t<\/div>\n\t\t<\/div>\n\t<\/div>\n\t\t<\/div>\n\t<\/div>\n<\/div><div id=\"column-69f0f77998be3\" class=\"fw-col-sm-8 tf-sh-5f4e43de7ceec7b3e2676dc78337aa1e\" >\n\t<div class=\"fw-wrap-col-inner clearfix\"   >\n\t\t\t\t<div class=\"fw-col-inner\">\n\t\t\t<div class=\"fw-text-box tf-sh-b578d7e83fdd2b3d2f5aa32b28348ffb\" >\n\t<div class=\"fw-text-inner\">\n\t\t<p><span style=\"font-weight: 400;\"><b>Nuestro programa para estudiantes de derecho<\/b><br \/><span style=\"color: #00ccff;\">EVENTO LOCAL \/ PROGRAMA EDUCATIVO<\/span><br \/><\/span><\/p>\n<p>Immigration law students are invited to Guadalajara, Mexico. Our eye-opening student programs are aimed at raising awareness about U.S.-Mexico border politics, immigration policies, and impact. This August, we welcome our 4th class of students to Guadalajara, where they connect with leading cross-border actors, as well as migrants, asylum seekers, refugees, and deportees themselves.<\/p>\n<p><img decoding=\"async\" class=\"emoji\" role=\"img\" draggable=\"false\" src=\"https:\/\/s.w.org\/images\/core\/emoji\/13.0.1\/svg\/1f550.svg\" alt=\"\ud83d\udd50\" \/>\u00a0 Aug 6-13, 2021, Week-Long Event<br \/><img decoding=\"async\" class=\"emoji\" role=\"img\" draggable=\"false\" src=\"https:\/\/s.w.org\/images\/core\/emoji\/13.0.1\/svg\/1f4cd.svg\" alt=\"\ud83d\udccd\" \/>\u00a0Guadalajara, Jalisco<\/p>\n\t<\/div>\n<\/div>\t\t<\/div>\n\t<\/div>\n<\/div><\/div>\n\n<div class=\"fw-row\">\n\t<div id=\"column-69f0f77998c9b\" class=\"fw-col-sm-12 tf-sh-d6832dd1fe323fd347e072c35be3ef62\" >\n\t<div class=\"fw-wrap-col-inner clearfix\"   >\n\t\t\t\t<div class=\"fw-col-inner\">\n\t\t\t<div class=\"fw-divider-space  fw-custom-space  clearfix\" style=\"height:50px;\" ><\/div>\t\t<\/div>\n\t<\/div>\n<\/div><\/div>\n\n<div class=\"fw-row\">\n\t<div id=\"column-69f0f77998d20\" class=\"fw-col-sm-2 tf-sh-d6c6d1e0f823110497e159e3dd014678\" >\n\t<div class=\"fw-wrap-col-inner clearfix\"   >\n\t\t\t\t<div class=\"fw-col-inner\">\n\t\t\t\t<div class=\"fw-team tf-sh-541ce75cb7cc1e8efb10c5a44ed7ef71  fw-content-align-center fw-team-member-type-2 fw-overlay-1\" >\n\t\t<div style=\"width: 100%;\" class=\"fw-team-image fw-block-image-parent fw-block-image-circle\">\n\t\t\t\t\t\t<div class=\"fw-block-image-child fw-ratio-1 fw-ratio-container\"><noscript itemscope itemtype=\"https:\/\/schema.org\/ImageObject\" itemprop=\"image\"><img data-recalc-dims=\"1\" decoding=\"async\" src=\"https:\/\/i0.wp.com\/rhizomecenter.org\/wp-content\/uploads\/2021\/06\/WhatsApp-Image-2021-06-29-at-10.43.12-AM-e1624982034717.jpeg?ssl=1\"  alt=\"WhatsApp Image 2021-06-29 at 10.43.12 AM\" data-maxdpr=\"1.7\" class=\"lazyload\" \/><meta itemprop=\"url\" content=\"https:\/\/rhizomecenter.org\/wp-content\/uploads\/2021\/06\/WhatsApp-Image-2021-06-29-at-10.43.12-AM-e1624982034717.jpeg\"><meta itemprop=\"width\" content=\"687\"><meta itemprop=\"height\" content=\"675\"><\/noscript><img decoding=\"async\" src=\"data:image\/gif;base64,R0lGODlhAQABAIAAAAAAAP\/\/\/yH5BAEAAAAALAAAAAABAAEAAAIBRAA7\" data-sizes=\"auto\" data-srcset=\"https:\/\/rhizomecenter.org\/wp-content\/uploads\/2021\/06\/WhatsApp-Image-2021-06-29-at-10.43.12-AM-e1624982034717-300x295.jpeg 300w, https:\/\/rhizomecenter.org\/wp-content\/uploads\/2021\/06\/WhatsApp-Image-2021-06-29-at-10.43.12-AM-e1624982034717-150x150.jpeg 150w, https:\/\/rhizomecenter.org\/wp-content\/uploads\/2021\/06\/WhatsApp-Image-2021-06-29-at-10.43.12-AM-e1624982034717-12x12.jpeg 12w, https:\/\/rhizomecenter.org\/wp-content\/uploads\/2021\/06\/WhatsApp-Image-2021-06-29-at-10.43.12-AM-e1624982034717-300x300.jpeg 300w, https:\/\/rhizomecenter.org\/wp-content\/uploads\/2021\/06\/WhatsApp-Image-2021-06-29-at-10.43.12-AM-e1624982034717.jpeg 687w\"   alt=\"WhatsApp Image 2021-06-29 at 10.43.12 AM\" data-maxdpr=\"1.7\" class=\"lazyload\" \/>\t\t\t\t<div class=\"fw-block-image-overlay\">\n\t\t\t\t\t<div class=\"fw-itable\">\n\t\t\t\t\t\t<div class=\"fw-icell\">\n\t\t\t\t\t\t\t<div class=\"fw-team-inner\" style=\"\">\n\t\t\t\t\t\t\t\t<div class=\"fw-team-name\">\n\t\t\t\t\t\t\t\t\t\t\t\t\t\t\t\t\t\t\t\t\t\t\t\t\t\t<\/div>\n\n\t\t\t\t\t\t\t\t\n\t\t\t\t\t\t\t\t\t\t\t\t\t\t\t<\/div>\n\t\t\t\t\t\t<\/div>\n\t\t\t\t\t<\/div>\n\t\t\t\t<\/div>\n\t\t\t<\/div>\n\t\t<\/div>\n\t<\/div>\n\t\t<\/div>\n\t<\/div>\n<\/div><div id=\"column-69f0f77999437\" class=\"fw-col-sm-8 tf-sh-a65629fdf13a11d079e38e130681515f\" >\n\t<div class=\"fw-wrap-col-inner clearfix\"   >\n\t\t\t\t<div class=\"fw-col-inner\">\n\t\t\t<div class=\"fw-text-box tf-sh-a910e8d0d36e2fbda00e52afb7735e45\" >\n\t<div class=\"fw-text-inner\">\n\t\t<p><span style=\"font-weight: 400;\"><b>The Need to Return: Past and Present Efforts<\/b><br \/><span style=\"color: #00ccff;\">FACEBOOK LIVE<\/span><\/span><\/p>\n<p>Join us for the final live chat of The Rhizome Center for Migrants' Road to Return series where we will explore the pressing need to return, historic efforts, and our next steps to bring the deported home. Streamed live at fb.com\/rhizomecenter with simultaneous interpretation via Zoom. With Tran Dang (The Rhizome Center for Migrants), Kham Moua (Southeast Asia Resource Action Center), Ana Laura L\u00f3pez (Deportados Unidos en la Lucha), Rep. Mar\u00eda Libier Gonz\u00e1lez Anaya (Mexican Senate Commission on Migration Issues), and Hector Barajas (Deported Veterans Support House).\u00a0<\/p>\n<p><img decoding=\"async\" class=\"emoji\" role=\"img\" draggable=\"false\" src=\"https:\/\/s.w.org\/images\/core\/emoji\/13.0.1\/svg\/1f550.svg\" alt=\"\ud83d\udd50\" \/>\u00a0 June 30, 2021 @ 2:00PM - 3:00PM CST<br \/><img decoding=\"async\" class=\"emoji\" role=\"img\" draggable=\"false\" src=\"https:\/\/s.w.org\/images\/core\/emoji\/13.0.1\/svg\/1f5a5.svg\" alt=\"\ud83d\udda5\ufe0f\" \/>\u00a0 \u00a0Virtual Event<\/p>\n\t<\/div>\n<\/div>\t\t<\/div>\n\t<\/div>\n<\/div><div id=\"column-69f0f779994c4\" class=\"fw-col-sm-2 tf-sh-c3e5e08c795e8470fac541032d02b12a\" >\n\t<div class=\"fw-wrap-col-inner clearfix\"   >\n\t\t\t\t<div class=\"fw-col-inner\">\n\t\t\t<div class=\"text-center\">\t<a href=\"https:\/\/www.youtube.com\/watch?v=NCcmx057NOI\" target=\"_blank\" class=\"fw-btn tf-sh-a9c00b45c5d528779b033234d355d63d     fw-btn-1\"  style=\"width:200px; height:50px; line-height:50px;\">\n\t\t<span style=\"top:0;\">\n\t\t\tObserve la grabaci\u00f3n\t\t<\/span>\n\t<\/a>\n<\/div>\t\t<\/div>\n\t<\/div>\n<\/div><\/div>\n\n<div class=\"fw-row\">\n\t<div id=\"column-69f0f7799955c\" class=\"fw-col-sm-12 tf-sh-d6832dd1fe323fd347e072c35be3ef62\" >\n\t<div class=\"fw-wrap-col-inner clearfix\"   >\n\t\t\t\t<div class=\"fw-col-inner\">\n\t\t\t<div class=\"fw-divider-space  fw-custom-space  clearfix\" style=\"height:50px;\" ><\/div>\t\t<\/div>\n\t<\/div>\n<\/div><\/div>\n\n<div class=\"fw-row\">\n\t<div id=\"column-69f0f779995e1\" class=\"fw-col-sm-2 tf-sh-424faff896ee013fcad1937fdf9974b6\" >\n\t<div class=\"fw-wrap-col-inner clearfix\"   >\n\t\t\t\t<div class=\"fw-col-inner\">\n\t\t\t\t<div class=\"fw-team tf-sh-7d5d718fe2ebb12ef7c14cc9cdaa076f  fw-content-align-center fw-team-member-type-2 fw-overlay-1\" >\n\t\t<div style=\"width: 100%;\" class=\"fw-team-image fw-block-image-parent fw-block-image-circle\">\n\t\t\t\t\t\t<div class=\"fw-block-image-child fw-ratio-1 fw-ratio-container\"><noscript itemscope itemtype=\"https:\/\/schema.org\/ImageObject\" itemprop=\"image\"><img data-recalc-dims=\"1\" decoding=\"async\" src=\"https:\/\/i0.wp.com\/rhizomecenter.org\/wp-content\/uploads\/2021\/06\/Democrats-Abroad-Mexico.jpg?ssl=1\"  alt=\"Democrats Abroad Mexico\" data-maxdpr=\"1.7\" class=\"lazyload\" \/><meta itemprop=\"url\" content=\"https:\/\/rhizomecenter.org\/wp-content\/uploads\/2021\/06\/Democrats-Abroad-Mexico.jpg\"><meta itemprop=\"width\" content=\"240\"><meta itemprop=\"height\" content=\"240\"><\/noscript><img decoding=\"async\" src=\"data:image\/gif;base64,R0lGODlhAQABAIAAAAAAAP\/\/\/yH5BAEAAAAALAAAAAABAAEAAAIBRAA7\" data-sizes=\"auto\" data-srcset=\"https:\/\/rhizomecenter.org\/wp-content\/uploads\/2021\/06\/Democrats-Abroad-Mexico-150x150.jpg 150w, https:\/\/rhizomecenter.org\/wp-content\/uploads\/2021\/06\/Democrats-Abroad-Mexico-12x12.jpg 12w, https:\/\/rhizomecenter.org\/wp-content\/uploads\/2021\/06\/Democrats-Abroad-Mexico.jpg 240w\"   alt=\"Democrats Abroad Mexico\" data-maxdpr=\"1.7\" class=\"lazyload\" \/>\t\t\t\t<div class=\"fw-block-image-overlay\">\n\t\t\t\t\t<div class=\"fw-itable\">\n\t\t\t\t\t\t<div class=\"fw-icell\">\n\t\t\t\t\t\t\t<div class=\"fw-team-inner\" style=\"\">\n\t\t\t\t\t\t\t\t<div class=\"fw-team-name\">\n\t\t\t\t\t\t\t\t\t\t\t\t\t\t\t\t\t\t\t\t\t\t\t\t\t\t<\/div>\n\n\t\t\t\t\t\t\t\t\n\t\t\t\t\t\t\t\t\t\t\t\t\t\t\t<\/div>\n\t\t\t\t\t\t<\/div>\n\t\t\t\t\t<\/div>\n\t\t\t\t<\/div>\n\t\t\t<\/div>\n\t\t<\/div>\n\t<\/div>\n\t\t<\/div>\n\t<\/div>\n<\/div><div id=\"column-69f0f779996bf\" class=\"fw-col-sm-8 tf-sh-a3106fc05da01a5f4216640c2de2bcca\" >\n\t<div class=\"fw-wrap-col-inner clearfix\"   >\n\t\t\t\t<div class=\"fw-col-inner\">\n\t\t\t<div class=\"fw-text-box tf-sh-ace33f2e0e33cfe70a9e1efd3a909025\" >\n\t<div class=\"fw-text-inner\">\n\t\t<p><span style=\"font-weight: 400;\"><b>The Right to Return<\/b><br \/><span style=\"color: #00ccff;\">PRESENTATION \/ DEMOCRATS ABROAD\u00a0<\/span><\/span><\/p>\n<p>U.S. citizens living in Mexico are invited to our presentation on June 21 , 2021, at the next regular meeting of the Lake Chapala Chapter of Democrats Abroad Mexico. Join us to be informed of ongoing U.S. immigration reform efforts happening outside of the United States and learn what you can do individually to support The Rhizome Center for Migrants\u2019 #Right2Return campaign to bring deported loved ones home.\u00a0<\/p>\n<p><span style=\"font-weight: 400;\">\ud83d\udd50\u00a0 June 21, 2021 @ 4:00PM - 5:00PM CST<br \/><img decoding=\"async\" class=\"emoji\" role=\"img\" draggable=\"false\" src=\"https:\/\/s.w.org\/images\/core\/emoji\/13.0.1\/svg\/1f5a5.svg\" alt=\"\ud83d\udda5\ufe0f\" \/>\u00a0 \u00a0Virtual Event<br \/><\/span><\/p>\n\t<\/div>\n<\/div>\t\t<\/div>\n\t<\/div>\n<\/div><\/div>\n\n<div class=\"fw-row\">\n\t<div id=\"column-69f0f77999755\" class=\"fw-col-sm-12 tf-sh-d6832dd1fe323fd347e072c35be3ef62\" >\n\t<div class=\"fw-wrap-col-inner clearfix\"   >\n\t\t\t\t<div class=\"fw-col-inner\">\n\t\t\t<div class=\"fw-divider-space  fw-custom-space  clearfix\" style=\"height:50px;\" ><\/div>\t\t<\/div>\n\t<\/div>\n<\/div><\/div>\n\n<div class=\"fw-row\">\n\t<div id=\"column-69f0f779997e0\" class=\"fw-col-sm-2 tf-sh-348e62cf5a7d2d9171b22cad911322a9\" >\n\t<div class=\"fw-wrap-col-inner clearfix\"   >\n\t\t\t\t<div class=\"fw-col-inner\">\n\t\t\t\t<div class=\"fw-team tf-sh-4783f7a1037125e81bc408e2b8bbee46  fw-content-align-center fw-team-member-type-2 fw-overlay-1\" >\n\t\t<div style=\"width: 100%;\" class=\"fw-team-image fw-block-image-parent fw-block-image-circle\">\n\t\t\t\t\t\t<div class=\"fw-block-image-child fw-ratio-1 fw-ratio-container\"><noscript itemscope itemtype=\"https:\/\/schema.org\/ImageObject\" itemprop=\"image\"><img data-recalc-dims=\"1\" decoding=\"async\" src=\"https:\/\/i0.wp.com\/rhizomecenter.org\/wp-content\/uploads\/2021\/06\/Childs-Right.png?ssl=1\"  alt=\"Child&#8217;s Right\" data-maxdpr=\"1.7\" class=\"lazyload\" \/><meta itemprop=\"url\" content=\"https:\/\/rhizomecenter.org\/wp-content\/uploads\/2021\/06\/Childs-Right.png\"><meta itemprop=\"width\" content=\"435\"><meta itemprop=\"height\" content=\"306\"><\/noscript><img decoding=\"async\" src=\"data:image\/gif;base64,R0lGODlhAQABAIAAAAAAAP\/\/\/yH5BAEAAAAALAAAAAABAAEAAAIBRAA7\" data-sizes=\"auto\" data-srcset=\"https:\/\/rhizomecenter.org\/wp-content\/uploads\/2021\/06\/Childs-Right-150x150.png 150w, https:\/\/rhizomecenter.org\/wp-content\/uploads\/2021\/06\/Childs-Right-300x300.png 300w\"   alt=\"Child&#8217;s Right\" data-maxdpr=\"1.7\" class=\"lazyload\" \/>\t\t\t\t<div class=\"fw-block-image-overlay\">\n\t\t\t\t\t<div class=\"fw-itable\">\n\t\t\t\t\t\t<div class=\"fw-icell\">\n\t\t\t\t\t\t\t<div class=\"fw-team-inner\" style=\"\">\n\t\t\t\t\t\t\t\t<div class=\"fw-team-name\">\n\t\t\t\t\t\t\t\t\t\t\t\t\t\t\t\t\t\t\t\t\t\t\t\t\t\t<\/div>\n\n\t\t\t\t\t\t\t\t\n\t\t\t\t\t\t\t\t\t\t\t\t\t\t\t<\/div>\n\t\t\t\t\t\t<\/div>\n\t\t\t\t\t<\/div>\n\t\t\t\t<\/div>\n\t\t\t<\/div>\n\t\t<\/div>\n\t<\/div>\n\t\t<\/div>\n\t<\/div>\n<\/div><div id=\"column-69f0f77999a90\" class=\"fw-col-sm-8 tf-sh-17542eb051e5df221dd11337e9c6427c\" >\n\t<div class=\"fw-wrap-col-inner clearfix\"   >\n\t\t\t\t<div class=\"fw-col-inner\">\n\t\t\t<div class=\"fw-text-box tf-sh-925ca99474fe02b19ef43bd6f28fa9e8\" >\n\t<div class=\"fw-text-inner\">\n\t\t<p><span style=\"font-weight: 400;\"><b>Family Petition: A Child's Right<\/b><br \/><span style=\"color: #00ccff;\">FACEBOOK LIVE<\/span><\/span><\/p>\n<p>Join us as we convene experts in child development, children\u2019s rights, and affected community for a discussion on the harms of family separation in childhood and what we can do to end this practice. Streamed live at fb.com\/rhizomecenter with simultaneous interpretation via Zoom. With Tran Dang (The Rhizome Center for Migrants), Esmeralda Arosemena de Troiti\u00f1o (Inter-American Commission on Human Rights), Cecilia Equihua (placed into foster care following her father's deportation), Tom\u00e1s Eduardo Trinidad L\u00f3pez and Erick Oswaldo Huerta S\u00e1nchez (Jalisco State Human Rights Commission), and Rebecca Curtiss (The Florence Project).\u00a0<\/p>\n<p><span style=\"font-weight: 400;\">\ud83d\udd50\u00a0 June 14, 2021 @ 10:00AM - 11:00AM CST<br \/><img decoding=\"async\" class=\"emoji\" role=\"img\" draggable=\"false\" src=\"https:\/\/s.w.org\/images\/core\/emoji\/13.0.1\/svg\/1f5a5.svg\" alt=\"\ud83d\udda5\ufe0f\" \/>\u00a0 \u00a0Virtual Event<br \/><\/span><\/p>\n\t<\/div>\n<\/div>\t\t<\/div>\n\t<\/div>\n<\/div><div id=\"column-69f0f77999b1c\" class=\"fw-col-sm-2 tf-sh-c9cae88915ffa6b994c5e545a56e0ae8\" >\n\t<div class=\"fw-wrap-col-inner clearfix\"   >\n\t\t\t\t<div class=\"fw-col-inner\">\n\t\t\t<div class=\"text-center\">\t<a href=\"https:\/\/www.youtube.com\/watch?v=j4SfnDrihIA\" target=\"_blank\" class=\"fw-btn tf-sh-2f68728525d767007f82257d2bb6ab10     fw-btn-1\"  style=\"width:200px; height:50px; line-height:50px;\">\n\t\t<span style=\"top:0;\">\n\t\t\tObserve la grabaci\u00f3n\t\t<\/span>\n\t<\/a>\n<\/div>\t\t<\/div>\n\t<\/div>\n<\/div><\/div>\n\n<div class=\"fw-row\">\n\t<div id=\"column-69f0f77999bc0\" class=\"fw-col-sm-12 tf-sh-d6832dd1fe323fd347e072c35be3ef62\" >\n\t<div class=\"fw-wrap-col-inner clearfix\"   >\n\t\t\t\t<div class=\"fw-col-inner\">\n\t\t\t<div class=\"fw-divider-space  fw-custom-space  clearfix\" style=\"height:50px;\" ><\/div>\t\t<\/div>\n\t<\/div>\n<\/div><\/div>\n\n<div class=\"fw-row\">\n\t<div id=\"column-69f0f77999c48\" class=\"fw-col-sm-2 tf-sh-9afa90dc8eb2e75c8738b5e35a5a5e9b\" >\n\t<div class=\"fw-wrap-col-inner clearfix\"   >\n\t\t\t\t<div class=\"fw-col-inner\">\n\t\t\t\t<div class=\"fw-team tf-sh-ce63e5831aea89a4b2d94f77bc19fe80  fw-content-align-center fw-team-member-type-2 fw-overlay-1\" >\n\t\t<div style=\"width: 100%;\" class=\"fw-team-image fw-block-image-parent fw-block-image-circle\">\n\t\t\t\t\t\t<div class=\"fw-block-image-child fw-ratio-1 fw-ratio-container\"><noscript itemscope itemtype=\"https:\/\/schema.org\/ImageObject\" itemprop=\"image\"><img data-recalc-dims=\"1\" decoding=\"async\" src=\"https:\/\/i0.wp.com\/rhizomecenter.org\/wp-content\/uploads\/2021\/05\/Event-Flier-e1621965266434.jpeg?ssl=1\"  alt=\"5\/26 Event Flier\" data-maxdpr=\"1.7\" class=\"lazyload\" \/><meta itemprop=\"url\" content=\"https:\/\/rhizomecenter.org\/wp-content\/uploads\/2021\/05\/Event-Flier-e1621965266434.jpeg\"><meta itemprop=\"width\" content=\"687\"><meta itemprop=\"height\" content=\"606\"><\/noscript><img decoding=\"async\" src=\"data:image\/gif;base64,R0lGODlhAQABAIAAAAAAAP\/\/\/yH5BAEAAAAALAAAAAABAAEAAAIBRAA7\" data-sizes=\"auto\" data-srcset=\"https:\/\/rhizomecenter.org\/wp-content\/uploads\/2021\/05\/Event-Flier-e1621965266434-150x150.jpeg 150w, https:\/\/rhizomecenter.org\/wp-content\/uploads\/2021\/05\/Event-Flier-e1621965266434-600x606.jpeg 600w, https:\/\/rhizomecenter.org\/wp-content\/uploads\/2021\/05\/Event-Flier-e1621965266434-300x300.jpeg 300w\"   alt=\"5\/26 Event Flier\" data-maxdpr=\"1.7\" class=\"lazyload\" \/>\t\t\t\t<div class=\"fw-block-image-overlay\">\n\t\t\t\t\t<div class=\"fw-itable\">\n\t\t\t\t\t\t<div class=\"fw-icell\">\n\t\t\t\t\t\t\t<div class=\"fw-team-inner\" style=\"\">\n\t\t\t\t\t\t\t\t<div class=\"fw-team-name\">\n\t\t\t\t\t\t\t\t\t\t\t\t\t\t\t\t\t\t\t\t\t\t\t\t\t\t<\/div>\n\n\t\t\t\t\t\t\t\t\n\t\t\t\t\t\t\t\t\t\t\t\t\t\t\t<\/div>\n\t\t\t\t\t\t<\/div>\n\t\t\t\t\t<\/div>\n\t\t\t\t<\/div>\n\t\t\t<\/div>\n\t\t<\/div>\n\t<\/div>\n\t\t<\/div>\n\t<\/div>\n<\/div><div id=\"column-69f0f77999e8a\" class=\"fw-col-sm-8 tf-sh-01b578a3c847b5b3429fba7f80388217\" >\n\t<div class=\"fw-wrap-col-inner clearfix\"   >\n\t\t\t\t<div class=\"fw-col-inner\">\n\t\t\t<div class=\"fw-text-box tf-sh-e28570f73481d9f4fda8733bc03057d2\" >\n\t<div class=\"fw-text-inner\">\n\t\t<p><span style=\"font-weight: 400;\"><b>Decriminalizing Family Unity<\/b><br \/><span style=\"color: #00ccff;\">FACEBOOK LIVE<\/span><\/span><\/p>\n<p>Join us as we discuss the impact of detention and prosecution on family unity. Streamed live at fb.com\/rhizomecenter with simultaneous interpretation available via Zoom. With Tran Dang (The Rhizome Center for Migrants), Silky Shah (Detention Watch Network), Clara Long (Human Rights Watch), Alex Miller (Florence Immigrant &amp; Refugee Rights Project), and Julio (jailed for attempting to reunite with his family).\u00a0<\/p>\n<p><span style=\"font-weight: 400;\">\ud83d\udd50\u00a0 May 26, 2021 @ 2:00PM - 3:00PM CST<br \/><img decoding=\"async\" class=\"emoji\" role=\"img\" draggable=\"false\" src=\"https:\/\/s.w.org\/images\/core\/emoji\/13.0.1\/svg\/1f5a5.svg\" alt=\"\ud83d\udda5\ufe0f\" \/>\u00a0 \u00a0Virtual Event<br \/><\/span><\/p>\n\t<\/div>\n<\/div>\t\t<\/div>\n\t<\/div>\n<\/div><div id=\"column-69f0f77999f0f\" class=\"fw-col-sm-2 tf-sh-790e883919a31d3f162a015f88755bec\" >\n\t<div class=\"fw-wrap-col-inner clearfix\"   >\n\t\t\t\t<div class=\"fw-col-inner\">\n\t\t\t<div class=\"text-center\">\t<a href=\"https:\/\/www.youtube.com\/watch?v=oo8cTVfP3yE\" target=\"_blank\" class=\"fw-btn tf-sh-d3ffe39c70817b3a20b75f49dacd8fa2     fw-btn-1\"  style=\"width:200px; height:50px; line-height:50px;\">\n\t\t<span style=\"top:0;\">\n\t\t\tObserve la grabaci\u00f3n\t\t<\/span>\n\t<\/a>\n<\/div>\t\t<\/div>\n\t<\/div>\n<\/div><\/div>\n\n<div class=\"fw-row\">\n\t<div id=\"column-69f0f77999fb1\" class=\"fw-col-sm-12 tf-sh-d6832dd1fe323fd347e072c35be3ef62\" >\n\t<div class=\"fw-wrap-col-inner clearfix\"   >\n\t\t\t\t<div class=\"fw-col-inner\">\n\t\t\t<div class=\"fw-divider-space  fw-custom-space  clearfix\" style=\"height:50px;\" ><\/div>\t\t<\/div>\n\t<\/div>\n<\/div><\/div>\n\n<div class=\"fw-row\">\n\t<div id=\"column-69f0f7799a02e\" class=\"fw-col-sm-2 tf-sh-41a9f53e91b83bc48310415e99562a7a\" >\n\t<div class=\"fw-wrap-col-inner clearfix\"   >\n\t\t\t\t<div class=\"fw-col-inner\">\n\t\t\t\t<div class=\"fw-team tf-sh-71ffd16c821b0968cdcecf1f453ea4e0  fw-content-align-center fw-team-member-type-2 fw-overlay-1\" >\n\t\t<div style=\"width: 100%;\" class=\"fw-team-image fw-block-image-parent fw-block-image-circle\">\n\t\t\t\t\t\t<div class=\"fw-block-image-child fw-ratio-1 fw-ratio-container\"><noscript itemscope itemtype=\"https:\/\/schema.org\/ImageObject\" itemprop=\"image\"><img data-recalc-dims=\"1\" decoding=\"async\" src=\"https:\/\/i0.wp.com\/rhizomecenter.org\/wp-content\/uploads\/2021\/06\/Storytelling-Training.jpg?ssl=1\"  alt=\"Storytelling Training\" data-maxdpr=\"1.7\" class=\"lazyload\" \/><meta itemprop=\"url\" content=\"https:\/\/rhizomecenter.org\/wp-content\/uploads\/2021\/06\/Storytelling-Training.jpg\"><meta itemprop=\"width\" content=\"864\"><meta itemprop=\"height\" content=\"1152\"><\/noscript><img decoding=\"async\" src=\"data:image\/gif;base64,R0lGODlhAQABAIAAAAAAAP\/\/\/yH5BAEAAAAALAAAAAABAAEAAAIBRAA7\" data-sizes=\"auto\" data-srcset=\"https:\/\/rhizomecenter.org\/wp-content\/uploads\/2021\/06\/Storytelling-Training-150x150.jpg 150w, https:\/\/rhizomecenter.org\/wp-content\/uploads\/2021\/06\/Storytelling-Training-800x800.jpg 800w, https:\/\/rhizomecenter.org\/wp-content\/uploads\/2021\/06\/Storytelling-Training-300x300.jpg 300w\"   alt=\"Storytelling Training\" data-maxdpr=\"1.7\" class=\"lazyload\" \/>\t\t\t\t<div class=\"fw-block-image-overlay\">\n\t\t\t\t\t<div class=\"fw-itable\">\n\t\t\t\t\t\t<div class=\"fw-icell\">\n\t\t\t\t\t\t\t<div class=\"fw-team-inner\" style=\"\">\n\t\t\t\t\t\t\t\t<div class=\"fw-team-name\">\n\t\t\t\t\t\t\t\t\t\t\t\t\t\t\t\t\t\t\t\t\t\t\t\t\t\t<\/div>\n\n\t\t\t\t\t\t\t\t\n\t\t\t\t\t\t\t\t\t\t\t\t\t\t\t<\/div>\n\t\t\t\t\t\t<\/div>\n\t\t\t\t\t<\/div>\n\t\t\t\t<\/div>\n\t\t\t<\/div>\n\t\t<\/div>\n\t<\/div>\n\t\t<\/div>\n\t<\/div>\n<\/div><div id=\"column-69f0f7799a453\" class=\"fw-col-sm-8 tf-sh-736ba6c093f4218383dc1111bdbc09ce\" >\n\t<div class=\"fw-wrap-col-inner clearfix\"   >\n\t\t\t\t<div class=\"fw-col-inner\">\n\t\t\t<div class=\"fw-text-box tf-sh-601957d0313faf08a48d9febea284750\" >\n\t<div class=\"fw-text-inner\">\n\t\t<p><span style=\"font-weight: 400;\"><b>Story of Self Training<\/b><br \/><span style=\"color: #00ccff;\">LOCAL EVENT \/ WORKSHOP \/ CAMINAMOS JUNTOS<\/span><\/span><\/p>\n<p>Storytelling is a powerful advocacy tool that can be used to inspire others to take action on a shared purpose and achieve policy solutions through sharing and dissemination of stories. The Rhizome Center for Migrants' Story of Self training for organization staff and leadership is a 2-day skills training workshop that focuses on storytelling as a tool for change.<\/p>\n<p><span style=\"font-weight: 400;\">\ud83d\udd50\u00a0 May 11-12, 2021 @ 10:00AM - 2:00PM CST<br \/>\ud83d\udccd <span class=\"section-info-text\"><span class=\"widget-pane-link\">Jaime Nuno 39, 37710<\/span><\/span>, San Miguel de Allende, Guanajuato<br \/><\/span><\/p>\n\t<\/div>\n<\/div>\t\t<\/div>\n\t<\/div>\n<\/div><\/div>\n\n<div class=\"fw-row\">\n\t<div id=\"column-69f0f7799a4ff\" class=\"fw-col-sm-12 tf-sh-d6832dd1fe323fd347e072c35be3ef62\" >\n\t<div class=\"fw-wrap-col-inner clearfix\"   >\n\t\t\t\t<div class=\"fw-col-inner\">\n\t\t\t<div class=\"fw-divider-space  fw-custom-space  clearfix\" style=\"height:50px;\" ><\/div>\t\t<\/div>\n\t<\/div>\n<\/div><\/div>\n\n<div class=\"fw-row\">\n\t<div id=\"column-69f0f7799a590\" class=\"fw-col-sm-2 tf-sh-7806a05ea1761fc4fdcb31b8bd895c90\" >\n\t<div class=\"fw-wrap-col-inner clearfix\"   >\n\t\t\t\t<div class=\"fw-col-inner\">\n\t\t\t\t<div class=\"fw-team tf-sh-b0aafd854b04435f56b3d87393c11864  fw-content-align-center fw-team-member-type-2 fw-overlay-1\" >\n\t\t<div style=\"width: 100%;\" class=\"fw-team-image fw-block-image-parent fw-block-image-circle\">\n\t\t\t\t\t\t<div class=\"fw-block-image-child fw-ratio-1 fw-ratio-container\"><noscript itemscope itemtype=\"https:\/\/schema.org\/ImageObject\" itemprop=\"image\"><img data-recalc-dims=\"1\" decoding=\"async\" src=\"https:\/\/i0.wp.com\/rhizomecenter.org\/wp-content\/uploads\/2021\/04\/mental-health-e1621769246642.jpg?ssl=1\"  alt=\"Mental Health\" data-maxdpr=\"1.7\" class=\"lazyload\" \/><meta itemprop=\"url\" content=\"https:\/\/rhizomecenter.org\/wp-content\/uploads\/2021\/04\/mental-health-e1621769246642.jpg\"><meta itemprop=\"width\" content=\"1017\"><meta itemprop=\"height\" content=\"715\"><\/noscript><img decoding=\"async\" src=\"data:image\/gif;base64,R0lGODlhAQABAIAAAAAAAP\/\/\/yH5BAEAAAAALAAAAAABAAEAAAIBRAA7\" data-sizes=\"auto\" data-srcset=\"https:\/\/rhizomecenter.org\/wp-content\/uploads\/2021\/04\/mental-health-e1621769246642-150x150.jpg 150w, https:\/\/rhizomecenter.org\/wp-content\/uploads\/2021\/04\/mental-health-e1621769246642-300x300.jpg 300w\"   alt=\"Mental Health\" data-maxdpr=\"1.7\" class=\"lazyload\" \/>\t\t\t\t<div class=\"fw-block-image-overlay\">\n\t\t\t\t\t<div class=\"fw-itable\">\n\t\t\t\t\t\t<div class=\"fw-icell\">\n\t\t\t\t\t\t\t<div class=\"fw-team-inner\" style=\"\">\n\t\t\t\t\t\t\t\t<div class=\"fw-team-name\">\n\t\t\t\t\t\t\t\t\t\t\t\t\t\t\t\t\t\t\t\t\t\t\t\t\t\t<\/div>\n\n\t\t\t\t\t\t\t\t\n\t\t\t\t\t\t\t\t\t\t\t\t\t\t\t<\/div>\n\t\t\t\t\t\t<\/div>\n\t\t\t\t\t<\/div>\n\t\t\t\t<\/div>\n\t\t\t<\/div>\n\t\t<\/div>\n\t<\/div>\n\t\t<\/div>\n\t<\/div>\n<\/div><div id=\"column-69f0f7799a7af\" class=\"fw-col-sm-8 tf-sh-6995f64c8e663ae5dafd0c64c1717478\" >\n\t<div class=\"fw-wrap-col-inner clearfix\"   >\n\t\t\t\t<div class=\"fw-col-inner\">\n\t\t\t<div class=\"fw-text-box tf-sh-e5de6562d28c594b94cc9750d6cbb050\" >\n\t<div class=\"fw-text-inner\">\n\t\t<p><span style=\"font-weight: 400;\"><b>Repatriation &amp; Mental Health<\/b><br \/><span style=\"color: #00ccff;\">FACEBOOK LIVE<\/span><\/span><\/p>\n<p>Join us as we discuss proposals that can address the psychological trauma caused to families by detention and displacement. Streamed live at fb.com\/rhizomecenter with simultaneous interpretation available via Zoom. With Tran Dang (The Rhizome Center for Migrants), Dr. Francisco Ram\u00edrez (State Institute for Mental Health Jalisco), Dr. Carlos Zalaquett (Interamerican Psychological Society), Dr. Eduardo Morales (National Latinx Psychological Association), and Nicole Reyes (<em>de facto<\/em> deported U.S. citizen).\u00a0<\/p>\n<p><span style=\"font-weight: 400;\">\ud83d\udd50\u00a0 May 3, 2021 @ 2:00PM - 3:00PM CST<br \/><img decoding=\"async\" class=\"emoji\" role=\"img\" draggable=\"false\" src=\"https:\/\/s.w.org\/images\/core\/emoji\/13.0.1\/svg\/1f5a5.svg\" alt=\"\ud83d\udda5\ufe0f\" \/>\u00a0 \u00a0Virtual Event<br \/><\/span><\/p>\n\t<\/div>\n<\/div>\t\t<\/div>\n\t<\/div>\n<\/div><div id=\"column-69f0f7799a836\" class=\"fw-col-sm-2 tf-sh-ae223614b9524acc19f64cd09379c429\" >\n\t<div class=\"fw-wrap-col-inner clearfix\"   >\n\t\t\t\t<div class=\"fw-col-inner\">\n\t\t\t<div class=\"text-center\">\t<a href=\"https:\/\/www.youtube.com\/watch?v=DeEw5Sa69DY\" target=\"_blank\" class=\"fw-btn tf-sh-2b120aec72a70df22330976059ab86be     fw-btn-1\"  style=\"width:200px; height:50px; line-height:50px;\">\n\t\t<span style=\"top:0;\">\n\t\t\tObserve la grabaci\u00f3n\t\t<\/span>\n\t<\/a>\n<\/div>\t\t<\/div>\n\t<\/div>\n<\/div><\/div>\n\n<div class=\"fw-row\">\n\t<div id=\"column-69f0f7799a8ca\" class=\"fw-col-sm-12 tf-sh-d6832dd1fe323fd347e072c35be3ef62\" >\n\t<div class=\"fw-wrap-col-inner clearfix\"   >\n\t\t\t\t<div class=\"fw-col-inner\">\n\t\t\t<div class=\"fw-divider-space  fw-custom-space  clearfix\" style=\"height:50px;\" ><\/div>\t\t<\/div>\n\t<\/div>\n<\/div><\/div>\n\n<div class=\"fw-row\">\n\t<div id=\"column-69f0f7799a955\" class=\"fw-col-sm-2 tf-sh-d3ec2e1195fe9aafc7e97e09512bbfcd\" >\n\t<div class=\"fw-wrap-col-inner clearfix\"   >\n\t\t\t\t<div class=\"fw-col-inner\">\n\t\t\t\t<div class=\"fw-team tf-sh-9de503bf20922d496b11ed36c20b731a  fw-content-align-center fw-team-member-type-2 fw-overlay-1\" >\n\t\t<div style=\"width: 100%;\" class=\"fw-team-image fw-block-image-parent fw-block-image-circle\">\n\t\t\t\t\t\t<div class=\"fw-block-image-child fw-ratio-1 fw-ratio-container\"><noscript itemscope itemtype=\"https:\/\/schema.org\/ImageObject\" itemprop=\"image\"><img data-recalc-dims=\"1\" decoding=\"async\" src=\"https:\/\/i0.wp.com\/rhizomecenter.org\/wp-content\/uploads\/2021\/03\/Open-Circle-1.png?ssl=1\"  alt=\"Open Circle\" data-maxdpr=\"1.7\" class=\"lazyload\" \/><meta itemprop=\"url\" content=\"https:\/\/rhizomecenter.org\/wp-content\/uploads\/2021\/03\/Open-Circle-1.png\"><meta itemprop=\"width\" content=\"440\"><meta itemprop=\"height\" content=\"319\"><\/noscript><img decoding=\"async\" src=\"data:image\/gif;base64,R0lGODlhAQABAIAAAAAAAP\/\/\/yH5BAEAAAAALAAAAAABAAEAAAIBRAA7\" data-sizes=\"auto\" data-srcset=\"https:\/\/rhizomecenter.org\/wp-content\/uploads\/2021\/03\/Open-Circle-1-150x150.png 150w, https:\/\/rhizomecenter.org\/wp-content\/uploads\/2021\/03\/Open-Circle-1-300x300.png 300w\"   alt=\"Open Circle\" data-maxdpr=\"1.7\" class=\"lazyload\" \/>\t\t\t\t<div class=\"fw-block-image-overlay\">\n\t\t\t\t\t<div class=\"fw-itable\">\n\t\t\t\t\t\t<div class=\"fw-icell\">\n\t\t\t\t\t\t\t<div class=\"fw-team-inner\" style=\"\">\n\t\t\t\t\t\t\t\t<div class=\"fw-team-name\">\n\t\t\t\t\t\t\t\t\t\t\t\t\t\t\t\t\t\t\t\t\t\t\t\t\t\t<\/div>\n\n\t\t\t\t\t\t\t\t\n\t\t\t\t\t\t\t\t\t\t\t\t\t\t\t<\/div>\n\t\t\t\t\t\t<\/div>\n\t\t\t\t\t<\/div>\n\t\t\t\t<\/div>\n\t\t\t<\/div>\n\t\t<\/div>\n\t<\/div>\n\t\t<\/div>\n\t<\/div>\n<\/div><div id=\"column-69f0f7799aa3a\" class=\"fw-col-sm-8 tf-sh-3effac857140c98f0e3431c9080ad598\" >\n\t<div class=\"fw-wrap-col-inner clearfix\"   >\n\t\t\t\t<div class=\"fw-col-inner\">\n\t\t\t<div class=\"fw-text-box tf-sh-f72dbbc363a99d43e79b28ca5ef245e5\" >\n\t<div class=\"fw-text-inner\">\n\t\t<p><span style=\"font-weight: 400;\"><b>The Right to Return<\/b><br \/><span style=\"color: #00ccff;\">LOCAL EVENT \/ PRESENTATION \/ THE LAKE CHAPALA SOCIETY<\/span><\/span><\/p>\n<p>The Rhizome Center for Migrants will present to Open Circle, administered by The Lake Chapala Society, Sunday, April 18, 2021, at their weekly Sunday gathering. Join us for a <span style=\"font-weight: 400;\">discussion of ongoing U.S. immigration reform efforts with a focus on the right to return and its relevance for Jalisciense families. <\/span>Come to <span style=\"font-weight: 400;\">learn what you can do individually to support the deported community and The Rhizome Center for Migrants\u2019 #Right2Return campaign.\u00a0<\/span><\/p>\n<p><span style=\"font-weight: 400;\">\ud83d\udd50\u00a0 Apr 18, 2021 @ 10:30AM - 11:30AM CST<br \/>\ud83d\udccd The Garden at Lake Chapala Society, 45920, Ajijic, Jalisco<\/span><\/p>\n\t<\/div>\n<\/div>\t\t<\/div>\n\t<\/div>\n<\/div><div id=\"column-69f0f7799aab1\" class=\"fw-col-sm-2 tf-sh-ed2a1069642217362901520f0dcf00bc\" >\n\t<div class=\"fw-wrap-col-inner clearfix\"   >\n\t\t\t\t<div class=\"fw-col-inner\">\n\t\t\t<div class=\"text-center\">\t<a href=\"https:\/\/www.opencircleajijic.org\/reservation_form.php\" target=\"_blank\" class=\"fw-btn tf-sh-147f5eace91728cee9c7384439d7cfd9     fw-btn-1\"  style=\"width:200px; height:50px; line-height:50px;\">\n\t\t<span style=\"top:0;\">\n\t\t\tReserve su lugar\t\t<\/span>\n\t<\/a>\n<\/div>\t\t<\/div>\n\t<\/div>\n<\/div><\/div>\n\n<div class=\"fw-row\">\n\t<div id=\"column-69f0f7799ab3d\" class=\"fw-col-sm-12 tf-sh-d6832dd1fe323fd347e072c35be3ef62\" >\n\t<div class=\"fw-wrap-col-inner clearfix\"   >\n\t\t\t\t<div class=\"fw-col-inner\">\n\t\t\t<div class=\"fw-divider-space  fw-custom-space  clearfix\" style=\"height:50px;\" ><\/div>\t\t<\/div>\n\t<\/div>\n<\/div><\/div>\n\n<div class=\"fw-row\">\n\t<div id=\"column-69f0f7799abc5\" class=\"fw-col-sm-2 tf-sh-2ad070298229e47c4e713849abad7809\" >\n\t<div class=\"fw-wrap-col-inner clearfix\"   >\n\t\t\t\t<div class=\"fw-col-inner\">\n\t\t\t\t<div class=\"fw-team tf-sh-ba6ef6c7f78b584eebd7ab152cf8ac4e  fw-content-align-center fw-team-member-type-2 fw-overlay-1\" >\n\t\t<div style=\"width: 100%;\" class=\"fw-team-image fw-block-image-parent fw-block-image-circle\">\n\t\t\t\t\t\t<div class=\"fw-block-image-child fw-ratio-1 fw-ratio-container\"><noscript itemscope itemtype=\"https:\/\/schema.org\/ImageObject\" itemprop=\"image\"><img data-recalc-dims=\"1\" decoding=\"async\" src=\"https:\/\/i0.wp.com\/rhizomecenter.org\/wp-content\/uploads\/2021\/05\/Live-Chat-Drug-War-e1621768902286.png?ssl=1\"  alt=\"4\/14 Live Chat\" data-maxdpr=\"1.7\" class=\"lazyload\" \/><meta itemprop=\"url\" content=\"https:\/\/rhizomecenter.org\/wp-content\/uploads\/2021\/05\/Live-Chat-Drug-War-e1621768902286.png\"><meta itemprop=\"width\" content=\"778\"><meta itemprop=\"height\" content=\"565\"><\/noscript><img decoding=\"async\" src=\"data:image\/gif;base64,R0lGODlhAQABAIAAAAAAAP\/\/\/yH5BAEAAAAALAAAAAABAAEAAAIBRAA7\" data-sizes=\"auto\" data-srcset=\"https:\/\/rhizomecenter.org\/wp-content\/uploads\/2021\/05\/Live-Chat-Drug-War-e1621768902286-150x150.png 150w, https:\/\/rhizomecenter.org\/wp-content\/uploads\/2021\/05\/Live-Chat-Drug-War-e1621768902286-300x300.png 300w\"   alt=\"4\/14 Live Chat\" data-maxdpr=\"1.7\" class=\"lazyload\" \/>\t\t\t\t<div class=\"fw-block-image-overlay\">\n\t\t\t\t\t<div class=\"fw-itable\">\n\t\t\t\t\t\t<div class=\"fw-icell\">\n\t\t\t\t\t\t\t<div class=\"fw-team-inner\" style=\"\">\n\t\t\t\t\t\t\t\t<div class=\"fw-team-name\">\n\t\t\t\t\t\t\t\t\t\t\t\t\t\t\t\t\t\t\t\t\t\t\t\t\t\t<\/div>\n\n\t\t\t\t\t\t\t\t\n\t\t\t\t\t\t\t\t\t\t\t\t\t\t\t<\/div>\n\t\t\t\t\t\t<\/div>\n\t\t\t\t\t<\/div>\n\t\t\t\t<\/div>\n\t\t\t<\/div>\n\t\t<\/div>\n\t<\/div>\n\t\t<\/div>\n\t<\/div>\n<\/div><div id=\"column-69f0f7799afd7\" class=\"fw-col-sm-8 tf-sh-a610c58acb2e852f0f7936556045dcb4\" >\n\t<div class=\"fw-wrap-col-inner clearfix\"   >\n\t\t\t\t<div class=\"fw-col-inner\">\n\t\t\t<div class=\"fw-text-box tf-sh-a2de30aa88e5ef176e53d882c6a86e4b\" >\n\t<div class=\"fw-text-inner\">\n\t\t<p><span style=\"font-weight: 400;\"><b>Exiled for Illness: The Drug War &amp; Deportation<br \/><\/b><\/span><span style=\"font-weight: 400; color: #00ccff;\">FACEBOOK LIVE<\/span><\/p>\n<p>Join our live Facebook chat on the War on Drugs and drug dependence as a social issue driving deportations. Streamed live at fb.com\/rhizomecenter with simultaneous interpretation available via Zoom. With Tran Dang (The Rhizome Center for Migrants), Prof. C\u00e9sar Cuauht\u00e9moc Garc\u00eda Hern\u00e1ndez (University of Denver Sturm College of Law), Armando Gudi\u00f1o (Drug Policy Alliance), and Robert Hern\u00e1ndez (G.D.L.S.U.R.).\u00a0<\/p>\n<p><span style=\"font-weight: 400;\">\ud83d\udd50\u00a0 Apr 14, 2021 @ 11:00AM - 12:00PM CST<br \/>\ud83d\udda5\ufe0f Evento virtual<\/span><\/p>\n\t<\/div>\n<\/div>\t\t<\/div>\n\t<\/div>\n<\/div><div id=\"column-69f0f7799b057\" class=\"fw-col-sm-2 tf-sh-77bd665b76d1954b45b8ad87c541e205\" >\n\t<div class=\"fw-wrap-col-inner clearfix\"   >\n\t\t\t\t<div class=\"fw-col-inner\">\n\t\t\t<div class=\"text-center\">\t<a href=\"https:\/\/www.youtube.com\/watch?v=_IT4W4cxpqw\" target=\"_blank\" class=\"fw-btn tf-sh-069c056faf031f623014b65117fa4232     fw-btn-1\"  style=\"width:200px; height:50px; line-height:50px;\">\n\t\t<span style=\"top:0;\">\n\t\t\tObserve la grabaci\u00f3n\t\t<\/span>\n\t<\/a>\n<\/div>\t\t<\/div>\n\t<\/div>\n<\/div><\/div>\n\n<div class=\"fw-row\">\n\t<div id=\"column-69f0f7799b0e9\" class=\"fw-col-sm-12 tf-sh-d6832dd1fe323fd347e072c35be3ef62\" >\n\t<div class=\"fw-wrap-col-inner clearfix\"   >\n\t\t\t\t<div class=\"fw-col-inner\">\n\t\t\t<div class=\"fw-divider-space  fw-custom-space  clearfix\" style=\"height:50px;\" ><\/div>\t\t<\/div>\n\t<\/div>\n<\/div><\/div>\n\n<div class=\"fw-row\">\n\t<div id=\"column-69f0f7799b18a\" class=\"fw-col-sm-2 tf-sh-754ff5016eb3f7fd25753516680c8d74\" >\n\t<div class=\"fw-wrap-col-inner clearfix\"   >\n\t\t\t\t<div class=\"fw-col-inner\">\n\t\t\t\t<div class=\"fw-team tf-sh-ff0073daeda795e67003affbae73af74  fw-content-align-center fw-team-member-type-2 fw-overlay-1\" >\n\t\t<div style=\"width: 100%;\" class=\"fw-team-image fw-block-image-parent fw-block-image-circle\">\n\t\t\t\t\t\t<div class=\"fw-block-image-child fw-ratio-1 fw-ratio-container\"><noscript itemscope itemtype=\"https:\/\/schema.org\/ImageObject\" itemprop=\"image\"><img data-recalc-dims=\"1\" decoding=\"async\" src=\"https:\/\/i0.wp.com\/rhizomecenter.org\/wp-content\/uploads\/2021\/03\/press-conference.jpg?ssl=1\"  alt=\"Press Conference\" data-maxdpr=\"1.7\" class=\"lazyload\" \/><meta itemprop=\"url\" content=\"https:\/\/rhizomecenter.org\/wp-content\/uploads\/2021\/03\/press-conference.jpg\"><meta itemprop=\"width\" content=\"319\"><meta itemprop=\"height\" content=\"158\"><\/noscript><img decoding=\"async\" src=\"data:image\/gif;base64,R0lGODlhAQABAIAAAAAAAP\/\/\/yH5BAEAAAAALAAAAAABAAEAAAIBRAA7\" data-sizes=\"auto\" data-srcset=\"https:\/\/rhizomecenter.org\/wp-content\/uploads\/2021\/03\/press-conference-150x150.jpg 150w\"   alt=\"Press Conference\" data-maxdpr=\"1.7\" class=\"lazyload\" \/>\t\t\t\t<div class=\"fw-block-image-overlay\">\n\t\t\t\t\t<div class=\"fw-itable\">\n\t\t\t\t\t\t<div class=\"fw-icell\">\n\t\t\t\t\t\t\t<div class=\"fw-team-inner\" style=\"\">\n\t\t\t\t\t\t\t\t<div class=\"fw-team-name\">\n\t\t\t\t\t\t\t\t\t\t\t\t\t\t\t\t\t\t\t\t\t\t\t\t\t\t<\/div>\n\n\t\t\t\t\t\t\t\t\n\t\t\t\t\t\t\t\t\t\t\t\t\t\t\t<\/div>\n\t\t\t\t\t\t<\/div>\n\t\t\t\t\t<\/div>\n\t\t\t\t<\/div>\n\t\t\t<\/div>\n\t\t<\/div>\n\t<\/div>\n\t\t<\/div>\n\t<\/div>\n<\/div><div id=\"column-69f0f7799b521\" class=\"fw-col-sm-8 tf-sh-f45f8936e614fcde1d7c64878f705d6c\" >\n\t<div class=\"fw-wrap-col-inner clearfix\"   >\n\t\t\t\t<div class=\"fw-col-inner\">\n\t\t\t<div class=\"fw-text-box tf-sh-94a5e7af91d11f99fa84b9875f617f56\" >\n\t<div class=\"fw-text-inner\">\n\t\t<p><span style=\"font-weight: 400;\"><b>Campa\u00f1a Sobre el Derecho a Regresar, Encuesta y Entrevistas<br \/><\/b><\/span><span style=\"font-weight: 400; color: #00ccff;\">CONFERENCIA DE PRENSA<\/span><\/p>\n<p>Aprenda m\u00e1s acerca de la campa\u00f1a #Right2Return del Centro Rizoma del Migrante para reunificar a los seres queridos deportados con sus familias. Con Tran Dang (El Centro Rizoma del Migrante), C\u00e9sar Vega (El Centro Rizoma del Migrante) y Robert Hern\u00e1ndez (G.D.L.S.U.R.). Evento abierto a la prensa mexicana y a los medios de comunicaci\u00f3n locales. Para m\u00e1s informaci\u00f3n sobre el v\u00ednculo de Zoom, cont\u00e1ctenos mediante connect@rhizomecenter.org.\u00a0\u00a0<\/p>\n<p><span style=\"font-weight: 400;\">\ud83d\udd50\u00a0 Mar 17, 2021 @ 11:00AM - 12:00PM CST<br \/>\ud83d\udda5\ufe0f Evento virtual\u00a0<br \/><\/span><\/p>\n\t<\/div>\n<\/div>\t\t<\/div>\n\t<\/div>\n<\/div><\/div>\n\n<div class=\"fw-row\">\n\t<div id=\"column-69f0f7799b5c9\" class=\"fw-col-sm-12 tf-sh-d6832dd1fe323fd347e072c35be3ef62\" >\n\t<div class=\"fw-wrap-col-inner clearfix\"   >\n\t\t\t\t<div class=\"fw-col-inner\">\n\t\t\t<div class=\"fw-divider-space  fw-custom-space  clearfix\" style=\"height:50px;\" ><\/div>\t\t<\/div>\n\t<\/div>\n<\/div><\/div>\n\n<div class=\"fw-row\">\n\t<div id=\"column-69f0f7799b64e\" class=\"fw-col-sm-2 tf-sh-d5e658691ac00b8c6e2409e65132205c\" >\n\t<div class=\"fw-wrap-col-inner clearfix\"   >\n\t\t\t\t<div class=\"fw-col-inner\">\n\t\t\t\t<div class=\"fw-team tf-sh-5763d78d8ff815d2123a5a265fdf6b17  fw-content-align-center fw-team-member-type-2 fw-overlay-1\" >\n\t\t<div style=\"width: 100%;\" class=\"fw-team-image fw-block-image-parent fw-block-image-circle\">\n\t\t\t\t\t\t<div class=\"fw-block-image-child fw-ratio-1 fw-ratio-container\"><noscript itemscope itemtype=\"https:\/\/schema.org\/ImageObject\" itemprop=\"image\"><img data-recalc-dims=\"1\" decoding=\"async\" src=\"https:\/\/i0.wp.com\/rhizomecenter.org\/wp-content\/uploads\/2021\/02\/Global-Exchange.png?ssl=1\"  alt=\"Global Exchange\" data-maxdpr=\"1.7\" class=\"lazyload\" \/><meta itemprop=\"url\" content=\"https:\/\/rhizomecenter.org\/wp-content\/uploads\/2021\/02\/Global-Exchange.png\"><meta itemprop=\"width\" content=\"1920\"><meta itemprop=\"height\" content=\"1511\"><\/noscript><img decoding=\"async\" src=\"data:image\/gif;base64,R0lGODlhAQABAIAAAAAAAP\/\/\/yH5BAEAAAAALAAAAAABAAEAAAIBRAA7\" data-sizes=\"auto\" data-srcset=\"https:\/\/rhizomecenter.org\/wp-content\/uploads\/2021\/02\/Global-Exchange-150x150.png 150w, https:\/\/rhizomecenter.org\/wp-content\/uploads\/2021\/02\/Global-Exchange-800x800.png 800w, https:\/\/rhizomecenter.org\/wp-content\/uploads\/2021\/02\/Global-Exchange-300x300.png 300w\"   alt=\"Global Exchange\" data-maxdpr=\"1.7\" class=\"lazyload\" \/>\t\t\t\t<div class=\"fw-block-image-overlay\">\n\t\t\t\t\t<div class=\"fw-itable\">\n\t\t\t\t\t\t<div class=\"fw-icell\">\n\t\t\t\t\t\t\t<div class=\"fw-team-inner\" style=\"\">\n\t\t\t\t\t\t\t\t<div class=\"fw-team-name\">\n\t\t\t\t\t\t\t\t\t\t\t\t\t\t\t\t\t\t\t\t\t\t\t\t\t\t<\/div>\n\n\t\t\t\t\t\t\t\t\n\t\t\t\t\t\t\t\t\t\t\t\t\t\t\t<\/div>\n\t\t\t\t\t\t<\/div>\n\t\t\t\t\t<\/div>\n\t\t\t\t<\/div>\n\t\t\t<\/div>\n\t\t<\/div>\n\t<\/div>\n\t\t<\/div>\n\t<\/div>\n<\/div><div id=\"column-69f0f7799b86b\" class=\"fw-col-sm-8 tf-sh-89bbdcd08a63ccff3be6795ecef13958\" >\n\t<div class=\"fw-wrap-col-inner clearfix\"   >\n\t\t\t\t<div class=\"fw-col-inner\">\n\t\t\t<div class=\"fw-text-box tf-sh-2f9623da4bcaa0d036600bf69b7371e1\" >\n\t<div class=\"fw-text-inner\">\n\t\t<p><span style=\"font-weight: 400;\"><b>Solicitantes de refugio, deportados y repatriados: \u00bfQu\u00e9 sigue?<br \/><\/b><\/span><span style=\"font-weight: 400; color: #00ccff;\">PANEL DE DEBATE \/ GLOBAL EXCHANGE<\/span><\/p>\n<p>En este panel llevado a cabo por Global Exchange, escuchar\u00e1 a expertos, activistas, acad\u00e9micos y afectados debatir acerca de los esfuerzos actuales para cambiar las pol\u00edticas de EE.UU. con respecto al asilo y el reingreso legal. Transmitido y realizado en fb.com\/globalexchange. Entre los ponentes se encuentran Tran Dang y C\u00e9sar Vega (El Centro Rizoma del Migrante), Jill Anderson (Otros Dreams en Acci\u00f3n), Daniella Burgi-Palomino (El Grupo de Trabajo de Am\u00e9rica Latina) y el Prof. Bill Hing (Universidad de San Francisco).\u00a0<\/p>\n<p><span style=\"font-weight: 400;\">\ud83d\udd50\u00a0 Feb 3, 2021 @ 6:00PM - 7:00PM CST<br \/>\ud83d\udda5\ufe0f Evento virtual\u00a0<br \/><\/span><\/p>\n\t<\/div>\n<\/div>\t\t<\/div>\n\t<\/div>\n<\/div><div id=\"column-69f0f7799b8f3\" class=\"fw-col-sm-2 tf-sh-5672214cb03a842a2bd274fb7ef62dca\" >\n\t<div class=\"fw-wrap-col-inner clearfix\"   >\n\t\t\t\t<div class=\"fw-col-inner\">\n\t\t\t<div class=\"text-center\">\t<a href=\"https:\/\/fb.watch\/3rRlQ3rEra\/\" target=\"_blank\" class=\"fw-btn tf-sh-03f1fe320234daf5690f4d7a92f444e6     fw-btn-1\"  style=\"width:200px; height:50px; line-height:50px;\">\n\t\t<span style=\"top:0;\">\n\t\t\tObserve la grabaci\u00f3n\t\t<\/span>\n\t<\/a>\n<\/div>\t\t<\/div>\n\t<\/div>\n<\/div><\/div>\n\n<div class=\"fw-row\">\n\t<div id=\"column-69f0f7799b988\" class=\"fw-col-sm-12 tf-sh-d6832dd1fe323fd347e072c35be3ef62\" >\n\t<div class=\"fw-wrap-col-inner clearfix\"   >\n\t\t\t\t<div class=\"fw-col-inner\">\n\t\t\t<div class=\"fw-divider-space space-md  clearfix\"  ><\/div>\t\t<\/div>\n\t<\/div>\n<\/div><\/div>\n\n<div class=\"fw-row\">\n\t<div id=\"column-69f0f7799ba0c\" class=\"fw-col-sm-2 tf-sh-47b3eda1347a994142a09d496399afda\" >\n\t<div class=\"fw-wrap-col-inner clearfix\"   >\n\t\t\t\t<div class=\"fw-col-inner\">\n\t\t\t\t<div class=\"fw-team tf-sh-b96659a347c12828585f7293b4e9b410  fw-content-align-center fw-team-member-type-2 fw-overlay-1\" >\n\t\t<div style=\"width: 100%;\" class=\"fw-team-image fw-block-image-parent fw-block-image-circle\">\n\t\t\t\t\t\t<div class=\"fw-block-image-child fw-ratio-1 fw-ratio-container\"><noscript itemscope itemtype=\"https:\/\/schema.org\/ImageObject\" itemprop=\"image\"><img data-recalc-dims=\"1\" decoding=\"async\" src=\"https:\/\/i0.wp.com\/rhizomecenter.org\/wp-content\/uploads\/2021\/01\/Live-Chat.jpeg?ssl=1\"  alt=\"Live Chat\" data-maxdpr=\"1.7\" class=\"lazyload\" \/><meta itemprop=\"url\" content=\"https:\/\/rhizomecenter.org\/wp-content\/uploads\/2021\/01\/Live-Chat.jpeg\"><meta itemprop=\"width\" content=\"668\"><meta itemprop=\"height\" content=\"668\"><\/noscript><img decoding=\"async\" src=\"data:image\/gif;base64,R0lGODlhAQABAIAAAAAAAP\/\/\/yH5BAEAAAAALAAAAAABAAEAAAIBRAA7\" data-sizes=\"auto\" data-srcset=\"https:\/\/rhizomecenter.org\/wp-content\/uploads\/2021\/01\/Live-Chat-300x300.jpeg 300w, https:\/\/rhizomecenter.org\/wp-content\/uploads\/2021\/01\/Live-Chat-150x150.jpeg 150w, https:\/\/rhizomecenter.org\/wp-content\/uploads\/2021\/01\/Live-Chat-300x300.jpeg 300w, https:\/\/rhizomecenter.org\/wp-content\/uploads\/2021\/01\/Live-Chat.jpeg 668w\"   alt=\"Live Chat\" data-maxdpr=\"1.7\" class=\"lazyload\" \/>\t\t\t\t<div class=\"fw-block-image-overlay\">\n\t\t\t\t\t<div class=\"fw-itable\">\n\t\t\t\t\t\t<div class=\"fw-icell\">\n\t\t\t\t\t\t\t<div class=\"fw-team-inner\" style=\"\">\n\t\t\t\t\t\t\t\t<div class=\"fw-team-name\">\n\t\t\t\t\t\t\t\t\t\t\t\t\t\t\t\t\t\t\t\t\t\t\t\t\t\t<\/div>\n\n\t\t\t\t\t\t\t\t\n\t\t\t\t\t\t\t\t\t\t\t\t\t\t\t<\/div>\n\t\t\t\t\t\t<\/div>\n\t\t\t\t\t<\/div>\n\t\t\t\t<\/div>\n\t\t\t<\/div>\n\t\t<\/div>\n\t<\/div>\n\t\t<\/div>\n\t<\/div>\n<\/div><div id=\"column-69f0f7799bc25\" class=\"fw-col-sm-8 tf-sh-d2790df2a20db21f66c55552d70d6839\" >\n\t<div class=\"fw-wrap-col-inner clearfix\"   >\n\t\t\t\t<div class=\"fw-col-inner\">\n\t\t\t<div class=\"fw-text-box tf-sh-ddd44c4b9aec2a1fe3cf3efcae59906d\" >\n\t<div class=\"fw-text-inner\">\n\t\t<p><span style=\"font-weight: 400;\"><b>Chat en vivo por la reunificaci\u00f3 familiar<br \/><\/b><\/span><span style=\"font-weight: 400; color: #00ccff;\">FACEBOOK LIVE<\/span><\/p>\n<p>\u00danase a nuestro chat en Facebook Live sobre la reunificaci\u00f3n familiar para enterarse acerca de lo solicitan los deportados y repatriados en el nuevo proyecto de ley. Se transmiti\u00f3 en vivo en fb.com\/rhizomecenter. Con Tran Dang (El Centro Rizoma del Migrante), Ana Laura L\u00f3pez (Deportados Unidos en la Lucha), Cecilia Garcia (Family Reunification) y Yolanda Varona (Dreamers\u2019 Moms, Tijana). Firme la carta abierta en el siguiente enlace: bit.ly\/opletcir. <a href=\"http:\/\/bit.ly\/opletcir\" target=\"_blank\" rel=\"noopener\">bit.ly\/opletcir<\/a>.\u00a0 \u00a0<\/p>\n<p><span style=\"font-weight: 400;\">\ud83d\udd50\u00a0 Jan 27, 2021 @ 12:00PM - 1:00PM PST<br \/>\ud83d\udda5\ufe0f Evento virtual\u00a0<br \/><\/span><\/p>\n\t<\/div>\n<\/div>\t\t<\/div>\n\t<\/div>\n<\/div><div id=\"column-69f0f7799bca2\" class=\"fw-col-sm-2 tf-sh-c25a5f7ed8369bbacc3829f9c3be4ace\" >\n\t<div class=\"fw-wrap-col-inner clearfix\"   >\n\t\t\t\t<div class=\"fw-col-inner\">\n\t\t\t<div class=\"text-center\">\t<a href=\"https:\/\/www.youtube.com\/watch?v=fZrfnZudcy8\" target=\"_blank\" class=\"fw-btn tf-sh-1cddaeb31157d1eb2d627f6503923b11     fw-btn-1\"  style=\"width:200px; height:50px; line-height:50px;\">\n\t\t<span style=\"top:0;\">\n\t\t\tObserve la grabaci\u00f3n\t\t<\/span>\n\t<\/a>\n<\/div>\t\t<\/div>\n\t<\/div>\n<\/div><\/div>\n\n<div class=\"fw-row\">\n\t<div id=\"column-69f0f7799bd40\" class=\"fw-col-sm-12 tf-sh-d6832dd1fe323fd347e072c35be3ef62\" >\n\t<div class=\"fw-wrap-col-inner clearfix\"   >\n\t\t\t\t<div class=\"fw-col-inner\">\n\t\t\t<div class=\"fw-divider-space space-md  clearfix\"  ><\/div>\t\t<\/div>\n\t<\/div>\n<\/div><\/div>\n\n<div class=\"fw-row\">\n\t<div id=\"column-69f0f7799bdb8\" class=\"fw-col-sm-2 tf-sh-6aa559757e06991e3700e80921c670c6\" >\n\t<div class=\"fw-wrap-col-inner clearfix\"   >\n\t\t\t\t<div class=\"fw-col-inner\">\n\t\t\t\t<div class=\"fw-team tf-sh-750ac4eba404cd92dbd30d32e7f59f56  fw-content-align-center fw-team-member-type-2 fw-overlay-1\" >\n\t\t<div style=\"width: 100%;\" class=\"fw-team-image fw-block-image-parent fw-block-image-circle\">\n\t\t\t\t\t\t<div class=\"fw-block-image-child fw-ratio-1 fw-ratio-container\"><noscript itemscope itemtype=\"https:\/\/schema.org\/ImageObject\" itemprop=\"image\"><img data-recalc-dims=\"1\" decoding=\"async\" src=\"https:\/\/i0.wp.com\/rhizomecenter.org\/wp-content\/uploads\/2021\/01\/Cropped.jpg?ssl=1\"  alt=\"Event Flier\" data-maxdpr=\"1.7\" class=\"lazyload\" \/><meta itemprop=\"url\" content=\"https:\/\/rhizomecenter.org\/wp-content\/uploads\/2021\/01\/Cropped.jpg\"><meta itemprop=\"width\" content=\"533\"><meta itemprop=\"height\" content=\"501\"><\/noscript><img decoding=\"async\" src=\"data:image\/gif;base64,R0lGODlhAQABAIAAAAAAAP\/\/\/yH5BAEAAAAALAAAAAABAAEAAAIBRAA7\" data-sizes=\"auto\" data-srcset=\"https:\/\/rhizomecenter.org\/wp-content\/uploads\/2021\/01\/Cropped-150x150.jpg 150w, https:\/\/rhizomecenter.org\/wp-content\/uploads\/2021\/01\/Cropped-300x300.jpg 300w\"   alt=\"Event Flier\" data-maxdpr=\"1.7\" class=\"lazyload\" \/>\t\t\t\t<div class=\"fw-block-image-overlay\">\n\t\t\t\t\t<div class=\"fw-itable\">\n\t\t\t\t\t\t<div class=\"fw-icell\">\n\t\t\t\t\t\t\t<div class=\"fw-team-inner\" style=\"\">\n\t\t\t\t\t\t\t\t<div class=\"fw-team-name\">\n\t\t\t\t\t\t\t\t\t\t\t\t\t\t\t\t\t\t\t\t\t\t\t\t\t\t<\/div>\n\n\t\t\t\t\t\t\t\t\n\t\t\t\t\t\t\t\t\t\t\t\t\t\t\t<\/div>\n\t\t\t\t\t\t<\/div>\n\t\t\t\t\t<\/div>\n\t\t\t\t<\/div>\n\t\t\t<\/div>\n\t\t<\/div>\n\t<\/div>\n\t\t<\/div>\n\t<\/div>\n<\/div><div id=\"column-69f0f7799bfa9\" class=\"fw-col-sm-8 tf-sh-7d1b6f2c07d35e602ad5cec8d715e46c\" >\n\t<div class=\"fw-wrap-col-inner clearfix\"   >\n\t\t\t\t<div class=\"fw-col-inner\">\n\t\t\t<div class=\"fw-text-box tf-sh-9e1cd909f70ef73ab09d4391d7159587\" >\n\t<div class=\"fw-text-inner\">\n\t\t<p><span style=\"font-weight: 400;\"><b>#Right2Return #BringUsHome<br \/><\/b><\/span><span style=\"font-weight: 400; color: #00ccff;\">DEBATE EN TWITTER<\/span><\/p>\n<p>El 20 de enero de 2021, el presidente Biden anunci\u00f3 su plan migratorio que busca hacer de la uni\u00f3n familiar el principi\u00f3 gu\u00eda de la pol\u00edtica migratoria de EE.UU. \u00danase el 25 de enero al debate en Twitter con @reunidos5, cuando los deportados y repatriados de M\u00e9xico compartan sus esperanzas y visiones para formar una nueva realidad migratoria.\u00a0\u00a0<\/p>\n<p><span style=\"font-weight: 400;\">\ud83d\udd50\u00a0 Jan 25, 2021 @ 12:00PM - 1:00PM PST<br \/>\ud83d\udda5\ufe0f Evento virtual\u00a0<br \/><\/span><\/p>\n\t<\/div>\n<\/div>\t\t<\/div>\n\t<\/div>\n<\/div><\/div>\n\n<div class=\"fw-row\">\n\t<div id=\"column-69f0f7799c043\" class=\"fw-col-sm-12 tf-sh-d6832dd1fe323fd347e072c35be3ef62\" >\n\t<div class=\"fw-wrap-col-inner clearfix\"   >\n\t\t\t\t<div class=\"fw-col-inner\">\n\t\t\t<div class=\"fw-divider-space space-md  clearfix\"  ><\/div>\t\t<\/div>\n\t<\/div>\n<\/div><\/div>\n\n<div class=\"fw-row\">\n\t<div id=\"column-69f0f7799c0c6\" class=\"fw-col-sm-2 tf-sh-ffa7da75ae76a7cb71d2eb0c3f3578d9\" >\n\t<div class=\"fw-wrap-col-inner clearfix\"   >\n\t\t\t\t<div class=\"fw-col-inner\">\n\t\t\t\t<div class=\"fw-team tf-sh-455c45f1ae3b041e6ba999345cf15807  fw-content-align-center fw-team-member-type-2 fw-overlay-1\" >\n\t\t<div style=\"width: 100%;\" class=\"fw-team-image fw-block-image-parent fw-block-image-circle\">\n\t\t\t\t\t\t<div class=\"fw-block-image-child fw-ratio-1 fw-ratio-container\"><noscript itemscope itemtype=\"https:\/\/schema.org\/ImageObject\" itemprop=\"image\"><img data-recalc-dims=\"1\" decoding=\"async\" src=\"https:\/\/i0.wp.com\/rhizomecenter.org\/wp-content\/uploads\/2020\/11\/FIL-logo.png?ssl=1\"  alt=\"FIL logo\" data-maxdpr=\"1.7\" class=\"lazyload\" \/><meta itemprop=\"url\" content=\"https:\/\/rhizomecenter.org\/wp-content\/uploads\/2020\/11\/FIL-logo.png\"><meta itemprop=\"width\" content=\"1619\"><meta itemprop=\"height\" content=\"1619\"><\/noscript><img decoding=\"async\" src=\"data:image\/gif;base64,R0lGODlhAQABAIAAAAAAAP\/\/\/yH5BAEAAAAALAAAAAABAAEAAAIBRAA7\" data-sizes=\"auto\" data-srcset=\"https:\/\/rhizomecenter.org\/wp-content\/uploads\/2020\/11\/FIL-logo-300x300.png 300w, https:\/\/rhizomecenter.org\/wp-content\/uploads\/2020\/11\/FIL-logo-1024x1024.png 1024w, https:\/\/rhizomecenter.org\/wp-content\/uploads\/2020\/11\/FIL-logo-150x150.png 150w, https:\/\/rhizomecenter.org\/wp-content\/uploads\/2020\/11\/FIL-logo-768x768.png 768w, https:\/\/rhizomecenter.org\/wp-content\/uploads\/2020\/11\/FIL-logo-1536x1536.png 1536w, https:\/\/rhizomecenter.org\/wp-content\/uploads\/2020\/11\/FIL-logo-12x12.png 12w, https:\/\/rhizomecenter.org\/wp-content\/uploads\/2020\/11\/FIL-logo-800x800.png 800w, https:\/\/rhizomecenter.org\/wp-content\/uploads\/2020\/11\/FIL-logo-300x300.png 300w, https:\/\/rhizomecenter.org\/wp-content\/uploads\/2020\/11\/FIL-logo.png 1619w\"   alt=\"FIL logo\" data-maxdpr=\"1.7\" class=\"lazyload\" \/>\t\t\t\t<div class=\"fw-block-image-overlay\">\n\t\t\t\t\t<div class=\"fw-itable\">\n\t\t\t\t\t\t<div class=\"fw-icell\">\n\t\t\t\t\t\t\t<div class=\"fw-team-inner\" style=\"\">\n\t\t\t\t\t\t\t\t<div class=\"fw-team-name\">\n\t\t\t\t\t\t\t\t\t\t\t\t\t\t\t\t\t\t\t\t\t\t\t\t\t\t<\/div>\n\n\t\t\t\t\t\t\t\t\n\t\t\t\t\t\t\t\t\t\t\t\t\t\t\t<\/div>\n\t\t\t\t\t\t<\/div>\n\t\t\t\t\t<\/div>\n\t\t\t\t<\/div>\n\t\t\t<\/div>\n\t\t<\/div>\n\t<\/div>\n\t\t<\/div>\n\t<\/div>\n<\/div><div id=\"column-69f0f7799c4ff\" class=\"fw-col-sm-8 tf-sh-3c7974a40329f7b47899317b56a63b5c\" >\n\t<div class=\"fw-wrap-col-inner clearfix\"   >\n\t\t\t\t<div class=\"fw-col-inner\">\n\t\t\t<div class=\"fw-text-box tf-sh-4ab70cd6b11e8c0c931c674c34452c5a\" >\n\t<div class=\"fw-text-inner\">\n\t\t<p><span style=\"font-weight: 400;\"><b>Derechos Humanos y Migraci\u00f3n<br \/><\/b><\/span><span style=\"font-weight: 400; color: #00ccff;\">EVENTO LOCAL \/ PANEL DE DEBATE \/ FERIA INTERNACIONAL DEL LIBRO DE GUADALAJARA<\/span><\/p>\n<p>Con sede en la FIL, el panel de discusi\u00f3n se enfocar\u00e1 en los derechos humanos y la migraci\u00f3n. El Centro Rizoma del Migrante presentar\u00e1 acerca de las deportaciones y expulsiones que llevan a cabo durante la pandemia de COVID-19 e informar\u00e1 acerca de la forma en que la pandemia impacta a la comunidad repatriada de Guadalajara y la regi\u00f3n. El evento virtual de este a\u00f1o tendr\u00e1 lugar del 28 de noviembre al 6 de diciembre. Para m\u00e1s informaci\u00f3n acerca del programa consulte: www.fil.com.mx.<\/p>\n<p><span style=\"font-weight: 400;\">\ud83d\udd50\u00a0 Dec 1, 2020 @ 5:00PM - 7:00PM CST<br \/>\ud83d\udda5\ufe0f Evento virtual<br \/><\/span><\/p>\n\t<\/div>\n<\/div>\t\t<\/div>\n\t<\/div>\n<\/div><\/div>\n\n<div class=\"fw-row\">\n\t<div id=\"column-69f0f7799c5a6\" class=\"fw-col-sm-12 tf-sh-d6832dd1fe323fd347e072c35be3ef62\" >\n\t<div class=\"fw-wrap-col-inner clearfix\"   >\n\t\t\t\t<div class=\"fw-col-inner\">\n\t\t\t<div class=\"fw-divider-space space-md  clearfix\"  ><\/div>\t\t<\/div>\n\t<\/div>\n<\/div><\/div>\n\n<div class=\"fw-row\">\n\t<div id=\"column-69f0f7799c62a\" class=\"fw-col-sm-2 tf-sh-a69d3379acfde0aa229803f9c3ecaa50\" >\n\t<div class=\"fw-wrap-col-inner clearfix\"   >\n\t\t\t\t<div class=\"fw-col-inner\">\n\t\t\t\t<div class=\"fw-team tf-sh-ba35eb1d4f3c47fe97faf0e81b81ba0f  fw-content-align-center fw-team-member-type-2 fw-overlay-1\" >\n\t\t<div style=\"width: 100%;\" class=\"fw-team-image fw-block-image-parent fw-block-image-circle\">\n\t\t\t\t\t\t<div class=\"fw-block-image-child fw-ratio-1 fw-ratio-container\"><noscript itemscope itemtype=\"https:\/\/schema.org\/ImageObject\" itemprop=\"image\"><img data-recalc-dims=\"1\" decoding=\"async\" src=\"https:\/\/i0.wp.com\/rhizomecenter.org\/wp-content\/uploads\/2020\/10\/pastedImagebase640.png?ssl=1\"  alt=\"ITESO Flier\" data-maxdpr=\"1.7\" class=\"lazyload\" \/><meta itemprop=\"url\" content=\"https:\/\/rhizomecenter.org\/wp-content\/uploads\/2020\/10\/pastedImagebase640.png\"><meta itemprop=\"width\" content=\"532\"><meta itemprop=\"height\" content=\"668\"><\/noscript><img decoding=\"async\" src=\"data:image\/gif;base64,R0lGODlhAQABAIAAAAAAAP\/\/\/yH5BAEAAAAALAAAAAABAAEAAAIBRAA7\" data-sizes=\"auto\" data-srcset=\"https:\/\/rhizomecenter.org\/wp-content\/uploads\/2020\/10\/pastedImagebase640-150x150.png 150w, https:\/\/rhizomecenter.org\/wp-content\/uploads\/2020\/10\/pastedImagebase640-300x300.png 300w\"   alt=\"ITESO Flier\" data-maxdpr=\"1.7\" class=\"lazyload\" \/>\t\t\t\t<div class=\"fw-block-image-overlay\">\n\t\t\t\t\t<div class=\"fw-itable\">\n\t\t\t\t\t\t<div class=\"fw-icell\">\n\t\t\t\t\t\t\t<div class=\"fw-team-inner\" style=\"\">\n\t\t\t\t\t\t\t\t<div class=\"fw-team-name\">\n\t\t\t\t\t\t\t\t\t\t\t\t\t\t\t\t\t\t\t\t\t\t\t\t\t\t<\/div>\n\n\t\t\t\t\t\t\t\t\n\t\t\t\t\t\t\t\t\t\t\t\t\t\t\t<\/div>\n\t\t\t\t\t\t<\/div>\n\t\t\t\t\t<\/div>\n\t\t\t\t<\/div>\n\t\t\t<\/div>\n\t\t<\/div>\n\t<\/div>\n\t\t<\/div>\n\t<\/div>\n<\/div><div id=\"column-69f0f7799c823\" class=\"fw-col-sm-8 tf-sh-fa42c1d54544a974b78056179617a34c\" >\n\t<div class=\"fw-wrap-col-inner clearfix\"   >\n\t\t\t\t<div class=\"fw-col-inner\">\n\t\t\t<div class=\"fw-text-box tf-sh-3f0b2375d371a72c3ffe9b1fe00ee7e7\" >\n\t<div class=\"fw-text-inner\">\n\t\t<p><b>Retos en la agenda migratoria en ZMG-Jalisco desde la perspectiva de las organizaciones de atenci\u00f3n a personas en contexto de movilidad humana\u00a0<\/b><span style=\"font-weight: 400;\"><br \/><\/span><span style=\"font-weight: 400; color: #00ccff;\">EVENTO LOCAL \/ CONVERSACI\u00d3N \/ ITESO, UNIVERSIDAD JESUITA DE GUADALAJARA<\/span><\/p>\n<p>En el evento con sede en el ITESO participan ponentes como el padre Jos\u00e9 Juan Cervantes, de Casa Scalabrini, nuestros socios locales; el padre Alberto Ru\u00edz de El Refugio; y Santiago Aguilar de FM4. Los representantes de los tres albergues locales debatir\u00e1n acerca de los problemas migratorios actuales y los desaf\u00edos que Guadalajara enfrenta.<\/p>\n<p><span style=\"font-weight: 400;\">\ud83d\udd50\u00a0 Sept 24, 2020 @ 11:00AM - 1:00PM CST<br \/>\ud83d\udda5\ufe0f Evento virtual<br \/><\/span><\/p>\n\t<\/div>\n<\/div>\t\t<\/div>\n\t<\/div>\n<\/div><div id=\"column-69f0f7799c8ad\" class=\"fw-col-sm-2 tf-sh-aa87bf9122fbde5e47d38ae424787d66\" >\n\t<div class=\"fw-wrap-col-inner clearfix\"   >\n\t\t\t\t<div class=\"fw-col-inner\">\n\t\t\t<div class=\"text-center\">\t<a href=\"https:\/\/zoom.us\/j\/92088303905?pwd=ZThxL2JSa2k1TGlhL1I4dEg3S3JOZz09\" target=\"_blank\" class=\"fw-btn tf-sh-0b7a2521baff082021f83989aec6dde9     fw-btn-1\"  style=\"width:200px; height:50px; line-height:50px;\">\n\t\t<span style=\"top:0;\">\n\t\t\t\u00danase\t\t<\/span>\n\t<\/a>\n<\/div>\t\t<\/div>\n\t<\/div>\n<\/div><\/div>\n\n<div class=\"fw-row\">\n\t<div id=\"column-69f0f7799c941\" class=\"fw-col-sm-12 tf-sh-d6832dd1fe323fd347e072c35be3ef62\" >\n\t<div class=\"fw-wrap-col-inner clearfix\"   >\n\t\t\t\t<div class=\"fw-col-inner\">\n\t\t\t<div class=\"fw-divider-space  fw-custom-space  clearfix\" style=\"height:50px;\" ><\/div>\t\t<\/div>\n\t<\/div>\n<\/div><\/div>\n\n<div class=\"fw-row\">\n\t<div id=\"column-69f0f7799c9b9\" class=\"fw-col-sm-2 tf-sh-d7393bcf51b13f30db29e7fed0db751d\" >\n\t<div class=\"fw-wrap-col-inner clearfix\"   >\n\t\t\t\t<div class=\"fw-col-inner\">\n\t\t\t\t<div class=\"fw-team tf-sh-de8274013202159810630c89903d61ce  fw-content-align-center fw-team-member-type-2 fw-overlay-1\" >\n\t\t<div style=\"width: 100%;\" class=\"fw-team-image fw-block-image-parent fw-block-image-circle\">\n\t\t\t\t\t\t<div class=\"fw-block-image-child fw-ratio-1 fw-ratio-container\"><noscript itemscope itemtype=\"https:\/\/schema.org\/ImageObject\" itemprop=\"image\"><img data-recalc-dims=\"1\" decoding=\"async\" src=\"https:\/\/i0.wp.com\/rhizomecenter.org\/wp-content\/uploads\/2020\/10\/Senator-Ted-Cruz.png?ssl=1\"  alt=\"AWG\/IIC Advocacy Days\" data-maxdpr=\"1.7\" class=\"lazyload\" \/><meta itemprop=\"url\" content=\"https:\/\/rhizomecenter.org\/wp-content\/uploads\/2020\/10\/Senator-Ted-Cruz.png\"><meta itemprop=\"width\" content=\"866\"><meta itemprop=\"height\" content=\"489\"><\/noscript><img decoding=\"async\" src=\"data:image\/gif;base64,R0lGODlhAQABAIAAAAAAAP\/\/\/yH5BAEAAAAALAAAAAABAAEAAAIBRAA7\" data-sizes=\"auto\" data-srcset=\"https:\/\/rhizomecenter.org\/wp-content\/uploads\/2020\/10\/Senator-Ted-Cruz-150x150.png 150w, https:\/\/rhizomecenter.org\/wp-content\/uploads\/2020\/10\/Senator-Ted-Cruz-300x300.png 300w\"   alt=\"AWG\/IIC Advocacy Days\" data-maxdpr=\"1.7\" class=\"lazyload\" \/>\t\t\t\t<div class=\"fw-block-image-overlay\">\n\t\t\t\t\t<div class=\"fw-itable\">\n\t\t\t\t\t\t<div class=\"fw-icell\">\n\t\t\t\t\t\t\t<div class=\"fw-team-inner\" style=\"\">\n\t\t\t\t\t\t\t\t<div class=\"fw-team-name\">\n\t\t\t\t\t\t\t\t\t\t\t\t\t\t\t\t\t\t\t\t\t\t\t\t\t\t<\/div>\n\n\t\t\t\t\t\t\t\t\n\t\t\t\t\t\t\t\t\t\t\t\t\t\t\t<\/div>\n\t\t\t\t\t\t<\/div>\n\t\t\t\t\t<\/div>\n\t\t\t\t<\/div>\n\t\t\t<\/div>\n\t\t<\/div>\n\t<\/div>\n\t\t<\/div>\n\t<\/div>\n<\/div><div id=\"column-69f0f7799cdd0\" class=\"fw-col-sm-8 tf-sh-b484cd22ac6761135cf1354e8a3be42d\" >\n\t<div class=\"fw-wrap-col-inner clearfix\"   >\n\t\t\t\t<div class=\"fw-col-inner\">\n\t\t\t<div class=\"fw-text-box tf-sh-8a63ae89d2ea58f5ed0565be5c690c8b\" >\n\t<div class=\"fw-text-inner\">\n\t\t<p><b>D\u00edas de abogac\u00eda por el asilo virtual con AWG e IIC <\/b><span style=\"font-weight: 400;\"><br \/><\/span><span style=\"font-weight: 400; color: #00ccff;\">Participaci\u00f3n legislativa<\/span><\/p>\n<p>Join 485 participants from 45 states for two days of virtual legislative meetings with over 230 Congressional offices.&nbsp;Our Texas group will be meeting with Texas representatives to&nbsp;demand that Congress defund the administration\u2019s harmful anti-asylum policies, restore asylum protections, and end immigrant detention and deportations during COVID-19.<\/p>\n<p><span style=\"font-weight: 400;\">\ud83d\udd50&nbsp; July 15-16, 2020, All-Day Event<br \/>\ud83d\udda5\ufe0f&nbsp; Virtual Event<br \/><\/span><\/p>\n\t<\/div>\n<\/div>\t\t<\/div>\n\t<\/div>\n<\/div><\/div>\n\n<div class=\"fw-row\">\n\t<div id=\"column-69f0f7799ce89\" class=\"fw-col-sm-12 tf-sh-d6832dd1fe323fd347e072c35be3ef62\" >\n\t<div class=\"fw-wrap-col-inner clearfix\"   >\n\t\t\t\t<div class=\"fw-col-inner\">\n\t\t\t<div class=\"fw-divider-space  fw-custom-space  clearfix\" style=\"height:50px;\" ><\/div>\t\t<\/div>\n\t<\/div>\n<\/div><\/div>\n\n<div class=\"fw-row\">\n\t<div id=\"column-69f0f7799cf07\" class=\"fw-col-sm-2 tf-sh-ff0e678667a1b999aa4b618047eccc3f\" >\n\t<div class=\"fw-wrap-col-inner clearfix\"   >\n\t\t\t\t<div class=\"fw-col-inner\">\n\t\t\t\t<div class=\"fw-team tf-sh-19ef6d54d6ce86cebc28785b3dfc3ebe  fw-content-align-center fw-team-member-type-2 fw-overlay-1\" >\n\t\t<div style=\"width: 100%;\" class=\"fw-team-image fw-block-image-parent fw-block-image-circle\">\n\t\t\t\t\t\t<div class=\"fw-block-image-child fw-ratio-1 fw-ratio-container\"><noscript itemscope itemtype=\"https:\/\/schema.org\/ImageObject\" itemprop=\"image\"><img data-recalc-dims=\"1\" decoding=\"async\" src=\"https:\/\/i0.wp.com\/rhizomecenter.org\/wp-content\/uploads\/2020\/10\/COVID-19-Webinar.jpg?ssl=1\"  alt=\"COVID-19 Webinar\" data-maxdpr=\"1.7\" class=\"lazyload\" \/><meta itemprop=\"url\" content=\"https:\/\/rhizomecenter.org\/wp-content\/uploads\/2020\/10\/COVID-19-Webinar.jpg\"><meta itemprop=\"width\" content=\"634\"><meta itemprop=\"height\" content=\"711\"><\/noscript><img decoding=\"async\" src=\"data:image\/gif;base64,R0lGODlhAQABAIAAAAAAAP\/\/\/yH5BAEAAAAALAAAAAABAAEAAAIBRAA7\" data-sizes=\"auto\" data-srcset=\"https:\/\/rhizomecenter.org\/wp-content\/uploads\/2020\/10\/COVID-19-Webinar-150x150.jpg 150w, https:\/\/rhizomecenter.org\/wp-content\/uploads\/2020\/10\/COVID-19-Webinar-300x300.jpg 300w\"   alt=\"COVID-19 Webinar\" data-maxdpr=\"1.7\" class=\"lazyload\" \/>\t\t\t\t<div class=\"fw-block-image-overlay\">\n\t\t\t\t\t<div class=\"fw-itable\">\n\t\t\t\t\t\t<div class=\"fw-icell\">\n\t\t\t\t\t\t\t<div class=\"fw-team-inner\" style=\"\">\n\t\t\t\t\t\t\t\t<div class=\"fw-team-name\">\n\t\t\t\t\t\t\t\t\t\t\t\t\t\t\t\t\t\t\t\t\t\t\t\t\t\t<\/div>\n\n\t\t\t\t\t\t\t\t\n\t\t\t\t\t\t\t\t\t\t\t\t\t\t\t<\/div>\n\t\t\t\t\t\t<\/div>\n\t\t\t\t\t<\/div>\n\t\t\t\t<\/div>\n\t\t\t<\/div>\n\t\t<\/div>\n\t<\/div>\n\t\t<\/div>\n\t<\/div>\n<\/div><div id=\"column-69f0f7799d114\" class=\"fw-col-sm-8 tf-sh-91d21da530d3679c33a1b35d00694689\" >\n\t<div class=\"fw-wrap-col-inner clearfix\"   >\n\t\t\t\t<div class=\"fw-col-inner\">\n\t\t\t<div class=\"fw-text-box tf-sh-6b45114ec820cf8fe5b603a42d68498c\" >\n\t<div class=\"fw-text-inner\">\n\t\t<p><b>Respuesta comunitaria ante el COVID-19<br \/><\/b><span style=\"font-weight: 400; color: #00ccff;\">LOCAL EVENT \/ WEBINAR \/ CAMINAMOS JUNTOS<\/span><span style=\"font-weight: 400;\"><br \/><\/span><\/p>\n<p>Ahora que las ciudades se preparan para el impacto total del COVID-19, las comunidades y los gobiernos deben desarrollar un plan efectivo contra el COVID-19 que garantice la seguridad del p\u00fablico y que responda a las necesidades de los miembros vulnerables de la comunidad. La conferencia en l\u00ednea presentar\u00e1 herramientas disponibles en la Zona Metropolitana de Guadalajara para la comunidad y resaltar\u00e1 programas y recursos espec\u00edficos para la comunidad deportada.<\/p>\n<p><span style=\"font-weight: 400;\">\ud83d\udd50\u00a0 May 4, 2020 @ 3:00PM - 4:00PM CST<br \/><\/span><span style=\"font-weight: 400;\">\ud83d\udda5\ufe0f Evento virtual<\/span><\/p>\n\t<\/div>\n<\/div>\t\t<\/div>\n\t<\/div>\n<\/div><\/div>\n\n<div class=\"fw-row\">\n\t<div id=\"column-69f0f7799d1bb\" class=\"fw-col-sm-12 tf-sh-d6832dd1fe323fd347e072c35be3ef62\" >\n\t<div class=\"fw-wrap-col-inner clearfix\"   >\n\t\t\t\t<div class=\"fw-col-inner\">\n\t\t\t<div class=\"fw-divider-space  fw-custom-space  clearfix\" style=\"height:50px;\" ><\/div>\t\t<\/div>\n\t<\/div>\n<\/div><\/div>\n\n<div class=\"fw-row\">\n\t<div id=\"column-69f0f7799d236\" class=\"fw-col-sm-2 tf-sh-f041796f1376910196f1d4557957c61b\" >\n\t<div class=\"fw-wrap-col-inner clearfix\"   >\n\t\t\t\t<div class=\"fw-col-inner\">\n\t\t\t\t<div class=\"fw-team tf-sh-0dc1d9b2e1df31609f3f193fcd45c365  fw-content-align-center fw-team-member-type-2 fw-overlay-1\" >\n\t\t<div style=\"width: 100%;\" class=\"fw-team-image fw-block-image-parent fw-block-image-circle\">\n\t\t\t\t\t\t<div class=\"fw-block-image-child fw-ratio-1 fw-ratio-container\"><noscript itemscope itemtype=\"https:\/\/schema.org\/ImageObject\" itemprop=\"image\"><img data-recalc-dims=\"1\" decoding=\"async\" src=\"https:\/\/i0.wp.com\/rhizomecenter.org\/wp-content\/uploads\/2020\/10\/American-Society-of-Jalisco.jpg?ssl=1\"  alt=\"American Society of Jalisco\" data-maxdpr=\"1.7\" class=\"lazyload\" \/><meta itemprop=\"url\" content=\"https:\/\/rhizomecenter.org\/wp-content\/uploads\/2020\/10\/American-Society-of-Jalisco.jpg\"><meta itemprop=\"width\" content=\"1871\"><meta itemprop=\"height\" content=\"960\"><\/noscript><img decoding=\"async\" src=\"data:image\/gif;base64,R0lGODlhAQABAIAAAAAAAP\/\/\/yH5BAEAAAAALAAAAAABAAEAAAIBRAA7\" data-sizes=\"auto\" data-srcset=\"https:\/\/rhizomecenter.org\/wp-content\/uploads\/2020\/10\/American-Society-of-Jalisco-150x150.jpg 150w, https:\/\/rhizomecenter.org\/wp-content\/uploads\/2020\/10\/American-Society-of-Jalisco-800x800.jpg 800w, https:\/\/rhizomecenter.org\/wp-content\/uploads\/2020\/10\/American-Society-of-Jalisco-300x300.jpg 300w\"   alt=\"American Society of Jalisco\" data-maxdpr=\"1.7\" class=\"lazyload\" \/>\t\t\t\t<div class=\"fw-block-image-overlay\">\n\t\t\t\t\t<div class=\"fw-itable\">\n\t\t\t\t\t\t<div class=\"fw-icell\">\n\t\t\t\t\t\t\t<div class=\"fw-team-inner\" style=\"\">\n\t\t\t\t\t\t\t\t<div class=\"fw-team-name\">\n\t\t\t\t\t\t\t\t\t\t\t\t\t\t\t\t\t\t\t\t\t\t\t\t\t\t<\/div>\n\n\t\t\t\t\t\t\t\t\n\t\t\t\t\t\t\t\t\t\t\t\t\t\t\t<\/div>\n\t\t\t\t\t\t<\/div>\n\t\t\t\t\t<\/div>\n\t\t\t\t<\/div>\n\t\t\t<\/div>\n\t\t<\/div>\n\t<\/div>\n\t\t<\/div>\n\t<\/div>\n<\/div><div id=\"column-69f0f7799d472\" class=\"fw-col-sm-8 tf-sh-7a8fbe1772df78bd46ffcac4b80b98df\" >\n\t<div class=\"fw-wrap-col-inner clearfix\"   >\n\t\t\t\t<div class=\"fw-col-inner\">\n\t\t\t<div class=\"fw-text-box tf-sh-4098c8dc03a4ecc400e80f05b4c4affd\" >\n\t<div class=\"fw-text-inner\">\n\t\t<p><b>Los riesgos a los que se enfrenta la comunidad deportada del centro de M\u00e9xico<br \/><\/b><span style=\"font-weight: 400; color: #00ccff;\">EVENTO LOCAL \/ CONVERSACI\u00d3N \/ SOCIEDAD AMERICANA DE JALISCO<\/span><span style=\"font-weight: 400;\"><br \/><\/span><\/p>\n<p><span class=\"d2edcug0 hpfvmrgz qv66sw1b c1et5uql rrkovp55 a8c37x1j keod5gw0 nxhoafnm aigsh9s9 d3f4x2em fe6kdd0r mau55g9w c8b282yb iv3no6db jq4qci2q a3bd9o3v knj5qynh oo9gr5id\" dir=\"auto\"><span class=\"d2edcug0 hpfvmrgz qv66sw1b c1et5uql rrkovp55 jq4qci2q a3bd9o3v knj5qynh oo9gr5id\">\u00danase a la conversaci\u00f3n especial para los miembros de la Sociedad Americana de Jalisco. La presentaci\u00f3n dar\u00e1 a conocer las necesidades de las personas que se deportan actualmente y delimitar\u00e1 las formas concretas en las que puede ayudar.<\/span><\/span><\/p>\n<p><span style=\"font-weight: 400;\">\ud83d\udd50\u00a0 Mar 26, 2020 @ 1:15PM - 2:15PM CST<br \/>\ud83d\udccd <span class=\"d2edcug0 hpfvmrgz qv66sw1b c1et5uql rrkovp55 a8c37x1j keod5gw0 nxhoafnm aigsh9s9 d3f4x2em fe6kdd0r mau55g9w c8b282yb iv3no6db jq4qci2q a3bd9o3v knj5qynh oo9gr5id hzawbc8m\" dir=\"auto\">Av. San Francisco 3332, 44500, Guadalajara, Jalisco<\/span><br \/><\/span><\/p>\n\t<\/div>\n<\/div>\t\t<\/div>\n\t<\/div>\n<\/div><\/div>\n\n<div class=\"fw-row\">\n\t<div id=\"column-69f0f7799d51d\" class=\"fw-col-sm-12 tf-sh-d6832dd1fe323fd347e072c35be3ef62\" >\n\t<div class=\"fw-wrap-col-inner clearfix\"   >\n\t\t\t\t<div class=\"fw-col-inner\">\n\t\t\t<div class=\"fw-divider-space  fw-custom-space  clearfix\" style=\"height:50px;\" ><\/div>\t\t<\/div>\n\t<\/div>\n<\/div><\/div>\n\n<div class=\"fw-row\">\n\t<div id=\"column-69f0f7799d597\" class=\"fw-col-sm-2 tf-sh-5d2cf2ee183ee780e8c8bfb084e3a445\" >\n\t<div class=\"fw-wrap-col-inner clearfix\"   >\n\t\t\t\t<div class=\"fw-col-inner\">\n\t\t\t\t<div class=\"fw-team tf-sh-628b5a2be0b847c6a35e7bb6f2073e32  fw-content-align-center fw-team-member-type-2 fw-overlay-1\" >\n\t\t<div style=\"width: 100%;\" class=\"fw-team-image fw-block-image-parent fw-block-image-circle\">\n\t\t\t\t\t\t<div class=\"fw-block-image-child fw-ratio-1 fw-ratio-container\"><noscript itemscope itemtype=\"https:\/\/schema.org\/ImageObject\" itemprop=\"image\"><img data-recalc-dims=\"1\" decoding=\"async\" src=\"https:\/\/i0.wp.com\/rhizomecenter.org\/wp-content\/uploads\/2020\/10\/AILA-NDA.jpg?ssl=1\"  alt=\"AILA NDA\" data-maxdpr=\"1.7\" class=\"lazyload\" \/><meta itemprop=\"url\" content=\"https:\/\/rhizomecenter.org\/wp-content\/uploads\/2020\/10\/AILA-NDA.jpg\"><meta itemprop=\"width\" content=\"300\"><meta itemprop=\"height\" content=\"300\"><\/noscript><img decoding=\"async\" src=\"data:image\/gif;base64,R0lGODlhAQABAIAAAAAAAP\/\/\/yH5BAEAAAAALAAAAAABAAEAAAIBRAA7\" data-sizes=\"auto\" data-srcset=\"https:\/\/rhizomecenter.org\/wp-content\/uploads\/2020\/10\/AILA-NDA-300x300.jpg 300w, https:\/\/rhizomecenter.org\/wp-content\/uploads\/2020\/10\/AILA-NDA-150x150.jpg 150w, https:\/\/rhizomecenter.org\/wp-content\/uploads\/2020\/10\/AILA-NDA-295x300.jpg 295w, https:\/\/rhizomecenter.org\/wp-content\/uploads\/2020\/10\/AILA-NDA-295x300.jpg 295w, https:\/\/rhizomecenter.org\/wp-content\/uploads\/2020\/10\/AILA-NDA-300x295.jpg 300w, https:\/\/rhizomecenter.org\/wp-content\/uploads\/2020\/10\/AILA-NDA-300x300.jpg 300w, https:\/\/rhizomecenter.org\/wp-content\/uploads\/2020\/10\/AILA-NDA.jpg 300w\"   alt=\"AILA NDA\" data-maxdpr=\"1.7\" class=\"lazyload\" \/>\t\t\t\t<div class=\"fw-block-image-overlay\">\n\t\t\t\t\t<div class=\"fw-itable\">\n\t\t\t\t\t\t<div class=\"fw-icell\">\n\t\t\t\t\t\t\t<div class=\"fw-team-inner\" style=\"\">\n\t\t\t\t\t\t\t\t<div class=\"fw-team-name\">\n\t\t\t\t\t\t\t\t\t\t\t\t\t\t\t\t\t\t\t\t\t\t\t\t\t\t<\/div>\n\n\t\t\t\t\t\t\t\t\n\t\t\t\t\t\t\t\t\t\t\t\t\t\t\t<\/div>\n\t\t\t\t\t\t<\/div>\n\t\t\t\t\t<\/div>\n\t\t\t\t<\/div>\n\t\t\t<\/div>\n\t\t<\/div>\n\t<\/div>\n\t\t<\/div>\n\t<\/div>\n<\/div><div id=\"column-69f0f7799d78b\" class=\"fw-col-sm-8 tf-sh-83c20929350c9d1bf7a27efc88c0ff0a\" >\n\t<div class=\"fw-wrap-col-inner clearfix\"   >\n\t\t\t\t<div class=\"fw-col-inner\">\n\t\t\t<div class=\"fw-text-box tf-sh-cb3a5129ce91655e5ecec0042026b776\" >\n\t<div class=\"fw-text-inner\">\n\t\t<p><b>D\u00eda Nacional de Acci\u00f3n (NDA, tal sus siglas en ingl\u00e9s) de la Asociaci\u00f3n Estadounidense de Abogados de Inmigraci\u00f3n (AILA, tal sus siglas en ingl\u00e9s)<span style=\"font-weight: 400;\"><br \/><\/span><span style=\"font-weight: 400; color: #00ccff;\">Participaci\u00f3n legislativa<\/span><\/b><span style=\"font-weight: 400;\"><br \/><\/span><\/p>\n<p>Participe en el NDA de 2020, durante el cual m\u00e1s de 450 miembros de AILA de m\u00e1s de 42 estados se reunir\u00e1n con legisladores en Capitol Hill. Nuestro grupo de Texas se encontrar\u00e1 con el senador John Cornyn y otros representantes de Texas para promover una mayor transparencia y responsabilizaci\u00f3n de los Servicios de Inmigraci\u00f3n y Ciudadan\u00eda de EE.UU., as\u00ed como tribunales de inmigraci\u00f3n justos e independientes y un trato humano de los migrantes aprehendidos por los EE.UU.<\/p>\n<p><span style=\"font-weight: 400;\">\ud83d\udd50&nbsp; Mar 5, 2020, All-Day Event<br \/>\ud83d\udccd Capitol Hill, Washington, Distrito de Columbia, 20016<br \/><\/span><\/p>\n\t<\/div>\n<\/div>\t\t<\/div>\n\t<\/div>\n<\/div><\/div>\n\n<div class=\"fw-row\">\n\t<div id=\"column-69f0f7799d844\" class=\"fw-col-sm-12 tf-sh-d6832dd1fe323fd347e072c35be3ef62\" >\n\t<div class=\"fw-wrap-col-inner clearfix\"   >\n\t\t\t\t<div class=\"fw-col-inner\">\n\t\t\t<div class=\"fw-divider-space  fw-custom-space  clearfix\" style=\"height:50px;\" ><\/div>\t\t<\/div>\n\t<\/div>\n<\/div><\/div>\n\n<div class=\"fw-row\">\n\t<div id=\"column-69f0f7799d8cb\" class=\"fw-col-sm-2 tf-sh-0860d15639e2221c33c988a867dc13f2\" >\n\t<div class=\"fw-wrap-col-inner clearfix\"   >\n\t\t\t\t<div class=\"fw-col-inner\">\n\t\t\t\t<div class=\"fw-team tf-sh-2752aa4f0447e226034a11880631a0b3  fw-content-align-center fw-team-member-type-2 fw-overlay-1\" >\n\t\t<div style=\"width: 100%;\" class=\"fw-team-image fw-block-image-parent fw-block-image-circle\">\n\t\t\t\t\t\t<div class=\"fw-block-image-child fw-ratio-1 fw-ratio-container\"><noscript itemscope itemtype=\"https:\/\/schema.org\/ImageObject\" itemprop=\"image\"><img data-recalc-dims=\"1\" decoding=\"async\" src=\"https:\/\/i0.wp.com\/rhizomecenter.org\/wp-content\/uploads\/2020\/10\/2020-Immigration-Symposium.jpg?ssl=1\"  alt=\"2020 Immigration Symposium\" data-maxdpr=\"1.7\" class=\"lazyload\" \/><meta itemprop=\"url\" content=\"https:\/\/rhizomecenter.org\/wp-content\/uploads\/2020\/10\/2020-Immigration-Symposium.jpg\"><meta itemprop=\"width\" content=\"940\"><meta itemprop=\"height\" content=\"788\"><\/noscript><img decoding=\"async\" src=\"data:image\/gif;base64,R0lGODlhAQABAIAAAAAAAP\/\/\/yH5BAEAAAAALAAAAAABAAEAAAIBRAA7\" data-sizes=\"auto\" data-srcset=\"https:\/\/rhizomecenter.org\/wp-content\/uploads\/2020\/10\/2020-Immigration-Symposium-150x150.jpg 150w, https:\/\/rhizomecenter.org\/wp-content\/uploads\/2020\/10\/2020-Immigration-Symposium-800x788.jpg 800w, https:\/\/rhizomecenter.org\/wp-content\/uploads\/2020\/10\/2020-Immigration-Symposium-300x300.jpg 300w\"   alt=\"2020 Immigration Symposium\" data-maxdpr=\"1.7\" class=\"lazyload\" \/>\t\t\t\t<div class=\"fw-block-image-overlay\">\n\t\t\t\t\t<div class=\"fw-itable\">\n\t\t\t\t\t\t<div class=\"fw-icell\">\n\t\t\t\t\t\t\t<div class=\"fw-team-inner\" style=\"\">\n\t\t\t\t\t\t\t\t<div class=\"fw-team-name\">\n\t\t\t\t\t\t\t\t\t\t\t\t\t\t\t\t\t\t\t\t\t\t\t\t\t\t<\/div>\n\n\t\t\t\t\t\t\t\t\n\t\t\t\t\t\t\t\t\t\t\t\t\t\t\t<\/div>\n\t\t\t\t\t\t<\/div>\n\t\t\t\t\t<\/div>\n\t\t\t\t<\/div>\n\t\t\t<\/div>\n\t\t<\/div>\n\t<\/div>\n\t\t<\/div>\n\t<\/div>\n<\/div><div id=\"column-69f0f7799dade\" class=\"fw-col-sm-8 tf-sh-f7f5c2e3173390a089a0adcc04aedf57\" >\n\t<div class=\"fw-wrap-col-inner clearfix\"   >\n\t\t\t\t<div class=\"fw-col-inner\">\n\t\t\t<div class=\"fw-text-box tf-sh-9cc2cafc0185c328d426a11461951e55\" >\n\t<div class=\"fw-text-inner\">\n\t\t<p><b>El papel de los servicios legales de postdeportaci\u00f3n: Reflexiones desde M\u00e9xico<br \/><span style=\"font-weight: 400; color: #00ccff;\">PRESENTACI\u00d3N \/ FACULTAD DE DERECHO DE LA UNIVERSIDAD DE ST. MARY<\/span><\/b><span style=\"font-weight: 400;\"><br \/><\/span><\/p>\n<p><span style=\"font-weight: 400;\">El Centro Rizoma del Migrante participar\u00e1 en el Simposio de Inmigraci\u00f3n de 2020: \u201cLas m\u00faltiples facetas de la inmigraci\u00f3n\u201d, llevado a cabo por la Rese\u00f1a Jur\u00eddica de St. Mary sobre la Justicia Racial y Social. El simposio de este a\u00f1o se enfoca en los aspectos pr\u00e1cticos de la ley de inmigraci\u00f3n y los debates pol\u00edticos actuales. El Centro Rizoma del Migrante presentar\u00e1 \u201cEl papel de los servicios legales de postdeportaci\u00f3n: reflexiones desde M\u00e9xico\u201d. Para m\u00e1s informaci\u00f3n acerca del programa de seguimiento de educaci\u00f3n legal (CLE, tal sus siglas en ingl\u00e9s), consulte: https:\/\/commons.stmarytx.edu\/scholarsymposium.&nbsp;<\/span><\/p>\n<p><span style=\"font-weight: 400;\">\ud83d\udd50&nbsp; Feb 28, 2020, All-Day Event<br \/>\ud83d\udccd 801 E C\u00e9sar E. Ch\u00e1vez Blvd, San Antonio, Texas, 78205<br \/><\/span><\/p>\n\t<\/div>\n<\/div>\t\t<\/div>\n\t<\/div>\n<\/div><div id=\"column-69f0f7799db63\" class=\"fw-col-sm-2 tf-sh-2c336ecb8de6eaa2b2c6af0fd92aab22\" >\n\t<div class=\"fw-wrap-col-inner clearfix\"   >\n\t\t\t\t<div class=\"fw-col-inner\">\n\t\t\t<div class=\"text-center\">\t<a href=\"https:\/\/www.eventbrite.com\/e\/2020-immigration-symposium-the-many-faces-of-immigration-tickets-85251139453\" target=\"_blank\" class=\"fw-btn tf-sh-3744ff8422c1846aa0b5f14d0467605b     fw-btn-1\"  style=\"width:200px; height:50px; line-height:50px;\">\n\t\t<span style=\"top:0;\">\n\t\t\tCompre su boleto\t\t<\/span>\n\t<\/a>\n<\/div>\t\t<\/div>\n\t<\/div>\n<\/div><\/div>\n\n<div class=\"fw-row\">\n\t<div id=\"column-69f0f7799dc04\" class=\"fw-col-sm-12 tf-sh-d6832dd1fe323fd347e072c35be3ef62\" >\n\t<div class=\"fw-wrap-col-inner clearfix\"   >\n\t\t\t\t<div class=\"fw-col-inner\">\n\t\t\t<div class=\"fw-divider-space  fw-custom-space  clearfix\" style=\"height:50px;\" ><\/div>\t\t<\/div>\n\t<\/div>\n<\/div><\/div>\n\n<div class=\"fw-row\">\n\t<div id=\"column-69f0f7799dc8a\" class=\"fw-col-sm-2 tf-sh-055ddbee1bb49bebc5940b44eca35134\" >\n\t<div class=\"fw-wrap-col-inner clearfix\"   >\n\t\t\t\t<div class=\"fw-col-inner\">\n\t\t\t\t<div class=\"fw-team tf-sh-ea4fcdd890fa75496c784f61189e59a7  fw-content-align-center fw-team-member-type-2 fw-overlay-1\" >\n\t\t<div style=\"width: 100%;\" class=\"fw-team-image fw-block-image-parent fw-block-image-circle\">\n\t\t\t\t\t\t<div class=\"fw-block-image-child fw-ratio-1 fw-ratio-container\"><noscript itemscope itemtype=\"https:\/\/schema.org\/ImageObject\" itemprop=\"image\"><img data-recalc-dims=\"1\" decoding=\"async\" src=\"https:\/\/i0.wp.com\/rhizomecenter.org\/wp-content\/uploads\/2020\/10\/December-Meetup.jpg?ssl=1\"  alt=\"December Meetup\" data-maxdpr=\"1.7\" class=\"lazyload\" \/><meta itemprop=\"url\" content=\"https:\/\/rhizomecenter.org\/wp-content\/uploads\/2020\/10\/December-Meetup.jpg\"><meta itemprop=\"width\" content=\"1920\"><meta itemprop=\"height\" content=\"1514\"><\/noscript><img decoding=\"async\" src=\"data:image\/gif;base64,R0lGODlhAQABAIAAAAAAAP\/\/\/yH5BAEAAAAALAAAAAABAAEAAAIBRAA7\" data-sizes=\"auto\" data-srcset=\"https:\/\/rhizomecenter.org\/wp-content\/uploads\/2020\/10\/December-Meetup-150x150.jpg 150w, https:\/\/rhizomecenter.org\/wp-content\/uploads\/2020\/10\/December-Meetup-800x800.jpg 800w, https:\/\/rhizomecenter.org\/wp-content\/uploads\/2020\/10\/December-Meetup-300x300.jpg 300w\"   alt=\"December Meetup\" data-maxdpr=\"1.7\" class=\"lazyload\" \/>\t\t\t\t<div class=\"fw-block-image-overlay\">\n\t\t\t\t\t<div class=\"fw-itable\">\n\t\t\t\t\t\t<div class=\"fw-icell\">\n\t\t\t\t\t\t\t<div class=\"fw-team-inner\" style=\"\">\n\t\t\t\t\t\t\t\t<div class=\"fw-team-name\">\n\t\t\t\t\t\t\t\t\t\t\t\t\t\t\t\t\t\t\t\t\t\t\t\t\t\t<\/div>\n\n\t\t\t\t\t\t\t\t\n\t\t\t\t\t\t\t\t\t\t\t\t\t\t\t<\/div>\n\t\t\t\t\t\t<\/div>\n\t\t\t\t\t<\/div>\n\t\t\t\t<\/div>\n\t\t\t<\/div>\n\t\t<\/div>\n\t<\/div>\n\t\t<\/div>\n\t<\/div>\n<\/div><div id=\"column-69f0f7799deab\" class=\"fw-col-sm-8 tf-sh-5beafa3c0317e68bcd355f4602fb1a6f\" >\n\t<div class=\"fw-wrap-col-inner clearfix\"   >\n\t\t\t\t<div class=\"fw-col-inner\">\n\t\t\t<div class=\"fw-text-box tf-sh-7dd1319dfd85d680d6f25c6a3a776354\" >\n\t<div class=\"fw-text-inner\">\n\t\t<p><b><span style=\"font-weight: 400;\"><strong>Reuni\u00f3n de voluntarios de Guadalajara<\/strong><br \/><\/span><span style=\"font-weight: 400; color: #00ccff;\">EVENTO LOCAL \/ REUNI\u00d3N<\/span><\/b><span style=\"font-weight: 400;\"><br \/><\/span><\/p>\n<p>Invitamos a nuestros voluntarios locales a que se re\u00fanan el domingo 19 de enero de 11:00 a 12:30, habr\u00e1 caf\u00e9 y pastelillos. Los eventos sociales son una oportunidad para aprender m\u00e1s acerca de nuestros proyectos y conocer la fundadora y otros estudiantes o j\u00f3venes profesionales que comparten una pasi\u00f3n por nuestra causa.<\/p>\n<p><span style=\"font-weight: 400;\">\ud83d\udd50\u00a0 Jan 19, 2020 @ 11:00AM - 12:30PM CST<br \/>\ud83d\udccd Por confirmar<br \/><\/span><\/p>\n\t<\/div>\n<\/div>\t\t<\/div>\n\t<\/div>\n<\/div><div id=\"column-69f0f7799df29\" class=\"fw-col-sm-2 tf-sh-01352bbb056177fdbf413d40d5a6004a\" >\n\t<div class=\"fw-wrap-col-inner clearfix\"   >\n\t\t\t\t<div class=\"fw-col-inner\">\n\t\t\t<div class=\"text-center\">\t<a href=\"https:\/\/rhizomecenter.org\/es\/contact\/\" target=\"_blank\" class=\"fw-btn tf-sh-52145d309e1d69ea5a541845857faa0b     fw-btn-1\"  style=\"width:200px; height:50px; line-height:50px;\">\n\t\t<span style=\"top:0;\">\n\t\t\tConfirme su lugar\t\t<\/span>\n\t<\/a>\n<\/div>\t\t<\/div>\n\t<\/div>\n<\/div><\/div>\n\n<div class=\"fw-row\">\n\t<div id=\"column-69f0f7799dfbf\" class=\"fw-col-sm-12 tf-sh-d6832dd1fe323fd347e072c35be3ef62\" >\n\t<div class=\"fw-wrap-col-inner clearfix\"   >\n\t\t\t\t<div class=\"fw-col-inner\">\n\t\t\t<div class=\"fw-divider-space  fw-custom-space  clearfix\" style=\"height:50px;\" ><\/div>\t\t<\/div>\n\t<\/div>\n<\/div><\/div>\n\n<div class=\"fw-row\">\n\t<div id=\"column-69f0f7799e043\" class=\"fw-col-sm-2 tf-sh-1cf7cec22e8d607a74f47581f3bb9397\" >\n\t<div class=\"fw-wrap-col-inner clearfix\"   >\n\t\t\t\t<div class=\"fw-col-inner\">\n\t\t\t\t<div class=\"fw-team tf-sh-fa5a2886326a30f5bdc480a1ff889bb4  fw-content-align-center fw-team-member-type-2 fw-overlay-1\" >\n\t\t<div style=\"width: 100%;\" class=\"fw-team-image fw-block-image-parent fw-block-image-circle\">\n\t\t\t\t\t\t<div class=\"fw-block-image-child fw-ratio-1 fw-ratio-container\"><noscript itemscope itemtype=\"https:\/\/schema.org\/ImageObject\" itemprop=\"image\"><img data-recalc-dims=\"1\" decoding=\"async\" src=\"https:\/\/i0.wp.com\/rhizomecenter.org\/wp-content\/uploads\/2020\/10\/Junior-League.jpg?ssl=1\"  alt=\"Junior League\" data-maxdpr=\"1.7\" class=\"lazyload\" \/><meta itemprop=\"url\" content=\"https:\/\/rhizomecenter.org\/wp-content\/uploads\/2020\/10\/Junior-League.jpg\"><meta itemprop=\"width\" content=\"343\"><meta itemprop=\"height\" content=\"343\"><\/noscript><img decoding=\"async\" src=\"data:image\/gif;base64,R0lGODlhAQABAIAAAAAAAP\/\/\/yH5BAEAAAAALAAAAAABAAEAAAIBRAA7\" data-sizes=\"auto\" data-srcset=\"https:\/\/rhizomecenter.org\/wp-content\/uploads\/2020\/10\/Junior-League-300x300.jpg 300w, https:\/\/rhizomecenter.org\/wp-content\/uploads\/2020\/10\/Junior-League-150x150.jpg 150w, https:\/\/rhizomecenter.org\/wp-content\/uploads\/2020\/10\/Junior-League-300x300.jpg 300w, https:\/\/rhizomecenter.org\/wp-content\/uploads\/2020\/10\/Junior-League.jpg 343w\"   alt=\"Junior League\" data-maxdpr=\"1.7\" class=\"lazyload\" \/>\t\t\t\t<div class=\"fw-block-image-overlay\">\n\t\t\t\t\t<div class=\"fw-itable\">\n\t\t\t\t\t\t<div class=\"fw-icell\">\n\t\t\t\t\t\t\t<div class=\"fw-team-inner\" style=\"\">\n\t\t\t\t\t\t\t\t<div class=\"fw-team-name\">\n\t\t\t\t\t\t\t\t\t\t\t\t\t\t\t\t\t\t\t\t\t\t\t\t\t\t<\/div>\n\n\t\t\t\t\t\t\t\t\n\t\t\t\t\t\t\t\t\t\t\t\t\t\t\t<\/div>\n\t\t\t\t\t\t<\/div>\n\t\t\t\t\t<\/div>\n\t\t\t\t<\/div>\n\t\t\t<\/div>\n\t\t<\/div>\n\t<\/div>\n\t\t<\/div>\n\t<\/div>\n<\/div><div id=\"column-69f0f7799e22f\" class=\"fw-col-sm-8 tf-sh-2c40ff515645c31b7c72f7d6d54bfcbc\" >\n\t<div class=\"fw-wrap-col-inner clearfix\"   >\n\t\t\t\t<div class=\"fw-col-inner\">\n\t\t\t<div class=\"fw-text-box tf-sh-2bd05f500c8e75b35ecbde6111ed7df3\" >\n\t<div class=\"fw-text-inner\">\n\t\t<p><span style=\"font-weight: 400;\"><b>Las nuevas comunidades migrantes de la ciudad<\/b><br \/><span style=\"color: #00ccff;\">EVENTO LOCAL \/ PRESENTACI\u00d3N \/ JUNIOR LEAGUE DE GUADALAJARA<\/span><\/span><\/p>\n<p>El Centro Rizoma del Migrante presentar\u00e1 el martes 16 de enero de 2020 al Junior League de Guadalajara en su primera reuni\u00f3n general del a\u00f1o. Mientras que se alteran las pol\u00edticas migratorias de M\u00e9xico y EE. UU., las necesidades y desaf\u00edos de las personas que solicitan asilo en la regi\u00f3n cambiaron de manera dr\u00e1stica. Durante la reuni\u00f3n, resaltaremos las necesidades de las nuevas comunidades de Guadalajara, con \u00e9nfasis en los desaf\u00edos espec\u00edficos de la comunidad repatriada local.<\/p>\n<p><span style=\"font-weight: 400;\">\ud83d\udd50\u00a0 Jan 16, 2020 @ 8:00PM - 9:00PM CST<br \/>\ud83d\udccd Por confirmar<br \/><\/span><\/p>\n\t<\/div>\n<\/div>\t\t<\/div>\n\t<\/div>\n<\/div><\/div>\n\n<div class=\"fw-row\">\n\t<div id=\"column-69f0f7799e2d1\" class=\"fw-col-sm-12 tf-sh-d6832dd1fe323fd347e072c35be3ef62\" >\n\t<div class=\"fw-wrap-col-inner clearfix\"   >\n\t\t\t\t<div class=\"fw-col-inner\">\n\t\t\t<div class=\"fw-divider-space  fw-custom-space  clearfix\" style=\"height:50px;\" ><\/div>\t\t<\/div>\n\t<\/div>\n<\/div><\/div>\n\n<div class=\"fw-row\">\n\t<div id=\"column-69f0f7799e354\" class=\"fw-col-sm-2 tf-sh-6521b90b8641f3d0c790bd48118d12b5\" >\n\t<div class=\"fw-wrap-col-inner clearfix\"   >\n\t\t\t\t<div class=\"fw-col-inner\">\n\t\t\t\t<div class=\"fw-team tf-sh-aa1e649988ba859fa4fcb737ef231626  fw-content-align-center fw-team-member-type-2 fw-overlay-1\" >\n\t\t<div style=\"width: 100%;\" class=\"fw-team-image fw-block-image-parent fw-block-image-circle\">\n\t\t\t\t\t\t<div class=\"fw-block-image-child fw-ratio-1 fw-ratio-container\"><noscript itemscope itemtype=\"https:\/\/schema.org\/ImageObject\" itemprop=\"image\"><img data-recalc-dims=\"1\" decoding=\"async\" src=\"https:\/\/i0.wp.com\/rhizomecenter.org\/wp-content\/uploads\/2020\/10\/DSC_9742-3.jpg?ssl=1\"  alt=\"January Meetup\" data-maxdpr=\"1.7\" class=\"lazyload\" \/><meta itemprop=\"url\" content=\"https:\/\/rhizomecenter.org\/wp-content\/uploads\/2020\/10\/DSC_9742-3.jpg\"><meta itemprop=\"width\" content=\"1920\"><meta itemprop=\"height\" content=\"1080\"><\/noscript><img decoding=\"async\" src=\"data:image\/gif;base64,R0lGODlhAQABAIAAAAAAAP\/\/\/yH5BAEAAAAALAAAAAABAAEAAAIBRAA7\" data-sizes=\"auto\" data-srcset=\"https:\/\/rhizomecenter.org\/wp-content\/uploads\/2020\/10\/DSC_9742-3-150x150.jpg 150w, https:\/\/rhizomecenter.org\/wp-content\/uploads\/2020\/10\/DSC_9742-3-800x800.jpg 800w, https:\/\/rhizomecenter.org\/wp-content\/uploads\/2020\/10\/DSC_9742-3-300x300.jpg 300w\"   alt=\"January Meetup\" data-maxdpr=\"1.7\" class=\"lazyload\" \/>\t\t\t\t<div class=\"fw-block-image-overlay\">\n\t\t\t\t\t<div class=\"fw-itable\">\n\t\t\t\t\t\t<div class=\"fw-icell\">\n\t\t\t\t\t\t\t<div class=\"fw-team-inner\" style=\"\">\n\t\t\t\t\t\t\t\t<div class=\"fw-team-name\">\n\t\t\t\t\t\t\t\t\t\t\t\t\t\t\t\t\t\t\t\t\t\t\t\t\t\t<\/div>\n\n\t\t\t\t\t\t\t\t\n\t\t\t\t\t\t\t\t\t\t\t\t\t\t\t<\/div>\n\t\t\t\t\t\t<\/div>\n\t\t\t\t\t<\/div>\n\t\t\t\t<\/div>\n\t\t\t<\/div>\n\t\t<\/div>\n\t<\/div>\n\t\t<\/div>\n\t<\/div>\n<\/div><div id=\"column-69f0f7799e577\" class=\"fw-col-sm-8 tf-sh-ef3a07a724b1cf45eefb0bb8194c8bdd\" >\n\t<div class=\"fw-wrap-col-inner clearfix\"   >\n\t\t\t\t<div class=\"fw-col-inner\">\n\t\t\t<div class=\"fw-text-box tf-sh-98129c204f68d1114c36732ccf43008e\" >\n\t<div class=\"fw-text-inner\">\n\t\t<p><span style=\"font-weight: 400;\"><strong>Nuestro programa para estudiantes de derecho<\/strong><br \/><span style=\"color: #00ccff;\">EVENTO LOCAL \/ PROGRAMA EDUCATIVO<\/span><\/span><\/p>\n<p>Immigration law students are invited to Guadalajara, Mexico. Our eye-opening student programs are aimed at raising awareness about U.S.-Mexico border politics, immigration policies, and impact. This January, we welcome our 3rd class of students to Guadalajara, where they connect with leading cross-border actors, as well as migrants, asylum seekers, refugees, and deportees themselves.<\/p>\n<p><span style=\"font-weight: 400;\">\ud83d\udd50 Del 3 al 10 de enero de 2020, evento de toda la semana<br \/>\ud83d\udccd Guadalajara, Jalisco<br \/><\/span><\/p>\n\t<\/div>\n<\/div>\t\t<\/div>\n\t<\/div>\n<\/div><div id=\"column-69f0f7799e600\" class=\"fw-col-sm-2 tf-sh-5486c89e1115fbfb2f9801282e7392ad\" >\n\t<div class=\"fw-wrap-col-inner clearfix\"   >\n\t\t\t\t<div class=\"fw-col-inner\">\n\t\t\t<div class=\"text-center\">\t<a href=\"https:\/\/rhizomecenter.org\/es\/educational-programs\/\" target=\"_self\" class=\"fw-btn tf-sh-0ee717381c7de750cd43453fd57d86f2     fw-btn-1\"  style=\"width:200px; height:50px; line-height:50px;\">\n\t\t<span style=\"top:0;\">\n\t\t\tReserve su lugar\t\t<\/span>\n\t<\/a>\n<\/div>\t\t<\/div>\n\t<\/div>\n<\/div><\/div>\n\n<div class=\"fw-row\">\n\t<div id=\"column-69f0f7799e694\" class=\"fw-col-sm-12 tf-sh-d6832dd1fe323fd347e072c35be3ef62\" >\n\t<div class=\"fw-wrap-col-inner clearfix\"   >\n\t\t\t\t<div class=\"fw-col-inner\">\n\t\t\t<div class=\"fw-divider-space  fw-custom-space  clearfix\" style=\"height:50px;\" ><\/div>\t\t<\/div>\n\t<\/div>\n<\/div><\/div>\n\n<div class=\"fw-row\">\n\t<div id=\"column-69f0f7799e717\" class=\"fw-col-sm-2 tf-sh-f722158a3a11837963e3ef1596454396\" >\n\t<div class=\"fw-wrap-col-inner clearfix\"   >\n\t\t\t\t<div class=\"fw-col-inner\">\n\t\t\t\t<div class=\"fw-team tf-sh-716f13a183baac7c719e8eb38247ac00  fw-content-align-center fw-team-member-type-2 fw-overlay-1\" >\n\t\t<div style=\"width: 100%;\" class=\"fw-team-image fw-block-image-parent fw-block-image-circle\">\n\t\t\t\t\t\t<div class=\"fw-block-image-child fw-ratio-1 fw-ratio-container\"><noscript itemscope itemtype=\"https:\/\/schema.org\/ImageObject\" itemprop=\"image\"><img data-recalc-dims=\"1\" decoding=\"async\" src=\"https:\/\/i0.wp.com\/rhizomecenter.org\/wp-content\/uploads\/2020\/10\/DSC_9045.jpg?ssl=1\"  alt=\"Registration Table\" data-maxdpr=\"1.7\" class=\"lazyload\" \/><meta itemprop=\"url\" content=\"https:\/\/rhizomecenter.org\/wp-content\/uploads\/2020\/10\/DSC_9045.jpg\"><meta itemprop=\"width\" content=\"1920\"><meta itemprop=\"height\" content=\"1080\"><\/noscript><img decoding=\"async\" src=\"data:image\/gif;base64,R0lGODlhAQABAIAAAAAAAP\/\/\/yH5BAEAAAAALAAAAAABAAEAAAIBRAA7\" data-sizes=\"auto\" data-srcset=\"https:\/\/rhizomecenter.org\/wp-content\/uploads\/2020\/10\/DSC_9045-150x150.jpg 150w, https:\/\/rhizomecenter.org\/wp-content\/uploads\/2020\/10\/DSC_9045-800x800.jpg 800w, https:\/\/rhizomecenter.org\/wp-content\/uploads\/2020\/10\/DSC_9045-300x300.jpg 300w\"   alt=\"Registration Table\" data-maxdpr=\"1.7\" class=\"lazyload\" \/>\t\t\t\t<div class=\"fw-block-image-overlay\">\n\t\t\t\t\t<div class=\"fw-itable\">\n\t\t\t\t\t\t<div class=\"fw-icell\">\n\t\t\t\t\t\t\t<div class=\"fw-team-inner\" style=\"\">\n\t\t\t\t\t\t\t\t<div class=\"fw-team-name\">\n\t\t\t\t\t\t\t\t\t\t\t\t\t\t\t\t\t\t\t\t\t\t\t\t\t\t<\/div>\n\n\t\t\t\t\t\t\t\t\n\t\t\t\t\t\t\t\t\t\t\t\t\t\t\t<\/div>\n\t\t\t\t\t\t<\/div>\n\t\t\t\t\t<\/div>\n\t\t\t\t<\/div>\n\t\t\t<\/div>\n\t\t<\/div>\n\t<\/div>\n\t\t<\/div>\n\t<\/div>\n<\/div><div id=\"column-69f0f7799e930\" class=\"fw-col-sm-8 tf-sh-f1dc4d797d0bbbb8a1e0ca25c2075eee\" >\n\t<div class=\"fw-wrap-col-inner clearfix\"   >\n\t\t\t\t<div class=\"fw-col-inner\">\n\t\t\t<div class=\"fw-text-box tf-sh-5adb3bbb8d46b4b63c26bf2e322410f8\" >\n\t<div class=\"fw-text-inner\">\n\t\t<p><span style=\"font-weight: 400;\"><strong>Perdones por inadmisibilidad<\/strong><br \/><span style=\"color: #00ccff;\">EVENTO LOCAL \/ TALLER<\/span><\/span><\/p>\n<p>El Centro Rizoma del Migrante albergar\u00e1 una presentaci\u00f3n legal acerca de los \u201cPerdones por inadmisibilidad\u201d, seguida por una asesor\u00eda personal con un abogado de inmigraci\u00f3n de los EE.UU. El evento es de espacio limitado, reg\u00edstrese en el siguiente enlace: https:\/\/bit.ly\/2qTCQTH. Se brindar\u00e1n servicios de interpretaci\u00f3n para los hablantes de espa\u00f1ol e ingl\u00e9s.<\/p>\n<p><span style=\"font-weight: 400;\">\ud83d\udd50\u00a0 Dec 8, 2019 @ 12:00PM - 3:00PM CST<br \/>\ud83d\udccd El Refugio Casa del Migrante, Constituci\u00f3n 350, 45599, Tlaquepaque, Jalisco<br \/><\/span><\/p>\n\t<\/div>\n<\/div>\t\t<\/div>\n\t<\/div>\n<\/div><div id=\"column-69f0f7799e9ab\" class=\"fw-col-sm-2 tf-sh-c43359a745a58ba12418e214b2d9e63f\" >\n\t<div class=\"fw-wrap-col-inner clearfix\"   >\n\t\t\t\t<div class=\"fw-col-inner\">\n\t\t\t<div class=\"text-center\">\t<a href=\"https:\/\/forms.gle\/f8JkpkmEN6aUTdRa9\" target=\"_blank\" class=\"fw-btn tf-sh-6b46627c11ad5091b972d94fcc4ef0e9     fw-btn-1\"  style=\"width:200px; height:50px; line-height:50px;\">\n\t\t<span style=\"top:0;\">\n\t\t\tPre-registro\t\t<\/span>\n\t<\/a>\n<\/div>\t\t<\/div>\n\t<\/div>\n<\/div><\/div>\n\n<div class=\"fw-row\">\n\t<div id=\"column-69f0f7799ea45\" class=\"fw-col-sm-12 tf-sh-d6832dd1fe323fd347e072c35be3ef62\" >\n\t<div class=\"fw-wrap-col-inner clearfix\"   >\n\t\t\t\t<div class=\"fw-col-inner\">\n\t\t\t<div class=\"fw-divider-space  fw-custom-space  clearfix\" style=\"height:50px;\" ><\/div>\t\t<\/div>\n\t<\/div>\n<\/div><\/div>\n\n<div class=\"fw-row\">\n\t<div id=\"column-69f0f7799eabf\" class=\"fw-col-sm-2 tf-sh-cd8406ad145222a7da4417e85678e58c\" >\n\t<div class=\"fw-wrap-col-inner clearfix\"   >\n\t\t\t\t<div class=\"fw-col-inner\">\n\t\t\t\t<div class=\"fw-team tf-sh-c973d27182f787293bb069ae02fa9beb  fw-content-align-center fw-team-member-type-2 fw-overlay-1\" >\n\t\t<div style=\"width: 100%;\" class=\"fw-team-image fw-block-image-parent fw-block-image-circle\">\n\t\t\t\t\t\t<div class=\"fw-block-image-child fw-ratio-1 fw-ratio-container\"><noscript itemscope itemtype=\"https:\/\/schema.org\/ImageObject\" itemprop=\"image\"><img data-recalc-dims=\"1\" decoding=\"async\" src=\"https:\/\/i0.wp.com\/rhizomecenter.org\/wp-content\/uploads\/2020\/10\/Flier-1.jpg?ssl=1\"  alt=\"PROBEM Flier\" data-maxdpr=\"1.7\" class=\"lazyload\" \/><meta itemprop=\"url\" content=\"https:\/\/rhizomecenter.org\/wp-content\/uploads\/2020\/10\/Flier-1.jpg\"><meta itemprop=\"width\" content=\"499\"><meta itemprop=\"height\" content=\"757\"><\/noscript><img decoding=\"async\" src=\"data:image\/gif;base64,R0lGODlhAQABAIAAAAAAAP\/\/\/yH5BAEAAAAALAAAAAABAAEAAAIBRAA7\" data-sizes=\"auto\" data-srcset=\"https:\/\/rhizomecenter.org\/wp-content\/uploads\/2020\/10\/Flier-1-150x150.jpg 150w, https:\/\/rhizomecenter.org\/wp-content\/uploads\/2020\/10\/Flier-1-300x300.jpg 300w\"   alt=\"PROBEM Flier\" data-maxdpr=\"1.7\" class=\"lazyload\" \/>\t\t\t\t<div class=\"fw-block-image-overlay\">\n\t\t\t\t\t<div class=\"fw-itable\">\n\t\t\t\t\t\t<div class=\"fw-icell\">\n\t\t\t\t\t\t\t<div class=\"fw-team-inner\" style=\"\">\n\t\t\t\t\t\t\t\t<div class=\"fw-team-name\">\n\t\t\t\t\t\t\t\t\t\t\t\t\t\t\t\t\t\t\t\t\t\t\t\t\t\t<\/div>\n\n\t\t\t\t\t\t\t\t\n\t\t\t\t\t\t\t\t\t\t\t\t\t\t\t<\/div>\n\t\t\t\t\t\t<\/div>\n\t\t\t\t\t<\/div>\n\t\t\t\t<\/div>\n\t\t\t<\/div>\n\t\t<\/div>\n\t<\/div>\n\t\t<\/div>\n\t<\/div>\n<\/div><div id=\"column-69f0f7799ecaa\" class=\"fw-col-sm-8 tf-sh-a8e683270724a3af1c6f0a102d122024\" >\n\t<div class=\"fw-wrap-col-inner clearfix\"   >\n\t\t\t\t<div class=\"fw-col-inner\">\n\t\t\t<div class=\"fw-text-box tf-sh-0053dc42fe1b628deddb9fe408862d01\" >\n\t<div class=\"fw-text-inner\">\n\t\t<p><span style=\"font-weight: 400;\"><strong>Foro sobre educaci\u00f3n y migraci\u00f3n binacional o transnacional en educaci\u00f3n b\u00e1sica y media superior<\/strong><br \/><span style=\"color: #00ccff;\">EVENTO LOCAL \/ PRESENTACI\u00d3N \/ PROGRAMA BINACIONAL DE EDUCACI\u00d3N MIGRANTE<\/span><\/span><\/p>\n<p class=\"translation-block\">El Centro Rizoma del Migrante compartir\u00e1 en el pr\u00f3ximo \u201cForo sobre educaci\u00f3n y migraci\u00f3n binacional o transnacional en educaci\u00f3n b\u00e1sica y media superior\u201d su perspectiva sobre los derechos educativos de los ni\u00f1os migrantes repatriados. La coordinaci\u00f3n estatal del Programa Binacional de Educaci\u00f3n Migrante organiz\u00f3 el foro que durar\u00e1 todo el d\u00eda, albergado por la Subsecretar\u00eda de Educaci\u00f3n B\u00e1sica. El foro brindar\u00e1 un espacio para debatir y reflexionar acerca de los desaf\u00edos y la respuesta necesaria que requieren las familias de los estudiantes repatriados, as\u00ed como la poblaci\u00f3n estudiantil transnacional del estado.<\/p>\n<p><span style=\"font-weight: 400;\">\ud83d\udd50 9 de noviembre de 2019, evento de todo el d\u00eda<br \/>\ud83d\udccd Av. Ram\u00f3n Corona No. 160, 44100, Guadalajara, Jalisco<br \/><\/span><\/p>\n\t<\/div>\n<\/div>\t\t<\/div>\n\t<\/div>\n<\/div><\/div>\n\n<div class=\"fw-row\">\n\t<div id=\"column-69f0f7799ed53\" class=\"fw-col-sm-12 tf-sh-d6832dd1fe323fd347e072c35be3ef62\" >\n\t<div class=\"fw-wrap-col-inner clearfix\"   >\n\t\t\t\t<div class=\"fw-col-inner\">\n\t\t\t<div class=\"fw-divider-space  fw-custom-space  clearfix\" style=\"height:50px;\" ><\/div>\t\t<\/div>\n\t<\/div>\n<\/div><\/div>\n\n<div class=\"fw-row\">\n\t<div id=\"column-69f0f7799ede2\" class=\"fw-col-sm-2 tf-sh-f2437f1a5bd3eb8215cc5ae00b2f8c64\" >\n\t<div class=\"fw-wrap-col-inner clearfix\"   >\n\t\t\t\t<div class=\"fw-col-inner\">\n\t\t\t\t<div class=\"fw-team tf-sh-c8980e1942a9a681eda974f1ac968087  fw-content-align-center fw-team-member-type-2 fw-overlay-1\" >\n\t\t<div style=\"width: 100%;\" class=\"fw-team-image fw-block-image-parent fw-block-image-circle\">\n\t\t\t\t\t\t<div class=\"fw-block-image-child fw-ratio-1 fw-ratio-container\"><noscript itemscope itemtype=\"https:\/\/schema.org\/ImageObject\" itemprop=\"image\"><img data-recalc-dims=\"1\" decoding=\"async\" src=\"https:\/\/i0.wp.com\/rhizomecenter.org\/wp-content\/uploads\/2020\/10\/DSC_8148.jpg?ssl=1\"  alt=\"2019 Summer Program\" data-maxdpr=\"1.7\" class=\"lazyload\" \/><meta itemprop=\"url\" content=\"https:\/\/rhizomecenter.org\/wp-content\/uploads\/2020\/10\/DSC_8148.jpg\"><meta itemprop=\"width\" content=\"1920\"><meta itemprop=\"height\" content=\"1080\"><\/noscript><img decoding=\"async\" src=\"data:image\/gif;base64,R0lGODlhAQABAIAAAAAAAP\/\/\/yH5BAEAAAAALAAAAAABAAEAAAIBRAA7\" data-sizes=\"auto\" data-srcset=\"https:\/\/rhizomecenter.org\/wp-content\/uploads\/2020\/10\/DSC_8148-150x150.jpg 150w, https:\/\/rhizomecenter.org\/wp-content\/uploads\/2020\/10\/DSC_8148-800x800.jpg 800w, https:\/\/rhizomecenter.org\/wp-content\/uploads\/2020\/10\/DSC_8148-300x300.jpg 300w\"   alt=\"2019 Summer Program\" data-maxdpr=\"1.7\" class=\"lazyload\" \/>\t\t\t\t<div class=\"fw-block-image-overlay\">\n\t\t\t\t\t<div class=\"fw-itable\">\n\t\t\t\t\t\t<div class=\"fw-icell\">\n\t\t\t\t\t\t\t<div class=\"fw-team-inner\" style=\"\">\n\t\t\t\t\t\t\t\t<div class=\"fw-team-name\">\n\t\t\t\t\t\t\t\t\t\t\t\t\t\t\t\t\t\t\t\t\t\t\t\t\t\t<\/div>\n\n\t\t\t\t\t\t\t\t\n\t\t\t\t\t\t\t\t\t\t\t\t\t\t\t<\/div>\n\t\t\t\t\t\t<\/div>\n\t\t\t\t\t<\/div>\n\t\t\t\t<\/div>\n\t\t\t<\/div>\n\t\t<\/div>\n\t<\/div>\n\t\t<\/div>\n\t<\/div>\n<\/div><div id=\"column-69f0f7799eff4\" class=\"fw-col-sm-8 tf-sh-421213a107da672d064ccb033642d370\" >\n\t<div class=\"fw-wrap-col-inner clearfix\"   >\n\t\t\t\t<div class=\"fw-col-inner\">\n\t\t\t<div class=\"fw-text-box tf-sh-ad12bb9a9ad858d5f30064e515aded0e\" >\n\t<div class=\"fw-text-inner\">\n\t\t<p><span style=\"font-weight: 400;\"><strong>Nuestro programa para estudiantes de derecho<\/strong><br \/><span style=\"color: #00ccff;\">EVENTO LOCAL \/ PROGRAMA EDUCATIVO<\/span><\/span><\/p>\n<p>Immigration law students are invited to Guadalajara, Mexico. Our eye-opening student programs are aimed at raising awareness about U.S.-Mexico border politics, immigration policies, and impact. This August, we welcome our 2nd class of students to Guadalajara, where they connect with leading cross-border actors, as well as migrants, asylum seekers, refugees, and deportees themselves.<\/p>\n<p><span style=\"font-weight: 400;\">\ud83d\udd50 Del 9 al 16 de agosto, evento de toda la semana<br \/>\ud83d\udccd Guadalajara, Jalisco<br \/><\/span><\/p>\n\t<\/div>\n<\/div>\t\t<\/div>\n\t<\/div>\n<\/div><div id=\"column-69f0f7799f06d\" class=\"fw-col-sm-2 tf-sh-58a6eacc34a7ea23da08fed62a895d89\" >\n\t<div class=\"fw-wrap-col-inner clearfix\"   >\n\t\t\t\t<div class=\"fw-col-inner\">\n\t\t\t<div class=\"text-center\">\t<a href=\"https:\/\/rhizomecenter.org\/es\/educational-programs\/\" target=\"_self\" class=\"fw-btn tf-sh-c773aac975ecf16e250e5912150c5db1     fw-btn-1\"  style=\"width:200px; height:50px; line-height:50px;\">\n\t\t<span style=\"top:0;\">\n\t\t\tReserve su lugar\t\t<\/span>\n\t<\/a>\n<\/div>\t\t<\/div>\n\t<\/div>\n<\/div><\/div>\n\n<div class=\"fw-row\">\n\t<div id=\"column-69f0f7799f0fe\" class=\"fw-col-sm-12 tf-sh-d6832dd1fe323fd347e072c35be3ef62\" >\n\t<div class=\"fw-wrap-col-inner clearfix\"   >\n\t\t\t\t<div class=\"fw-col-inner\">\n\t\t\t<div class=\"fw-divider-space  fw-custom-space  clearfix\" style=\"height:50px;\" ><\/div>\t\t<\/div>\n\t<\/div>\n<\/div><\/div>\n\n<div class=\"fw-row\">\n\t<div id=\"column-69f0f7799f177\" class=\"fw-col-sm-2 tf-sh-e21a5663bd7d6fb6b144f94d91e285d3\" >\n\t<div class=\"fw-wrap-col-inner clearfix\"   >\n\t\t\t\t<div class=\"fw-col-inner\">\n\t\t\t\t<div class=\"fw-team tf-sh-c028bcc983406ea63a076d5f74eff054  fw-content-align-center fw-team-member-type-2 fw-overlay-1\" >\n\t\t<div style=\"width: 100%;\" class=\"fw-team-image fw-block-image-parent fw-block-image-circle\">\n\t\t\t\t\t\t<div class=\"fw-block-image-child fw-ratio-1 fw-ratio-container\"><noscript itemscope itemtype=\"https:\/\/schema.org\/ImageObject\" itemprop=\"image\"><img data-recalc-dims=\"1\" decoding=\"async\" src=\"https:\/\/i0.wp.com\/rhizomecenter.org\/wp-content\/uploads\/2020\/10\/Flier-1-1.jpg?ssl=1\"  alt=\"Event Flier\" data-maxdpr=\"1.7\" class=\"lazyload\" \/><meta itemprop=\"url\" content=\"https:\/\/rhizomecenter.org\/wp-content\/uploads\/2020\/10\/Flier-1-1.jpg\"><meta itemprop=\"width\" content=\"621\"><meta itemprop=\"height\" content=\"960\"><\/noscript><img decoding=\"async\" src=\"data:image\/gif;base64,R0lGODlhAQABAIAAAAAAAP\/\/\/yH5BAEAAAAALAAAAAABAAEAAAIBRAA7\" data-sizes=\"auto\" data-srcset=\"https:\/\/rhizomecenter.org\/wp-content\/uploads\/2020\/10\/Flier-1-1-150x150.jpg 150w, https:\/\/rhizomecenter.org\/wp-content\/uploads\/2020\/10\/Flier-1-1-300x300.jpg 300w\"   alt=\"Event Flier\" data-maxdpr=\"1.7\" class=\"lazyload\" \/>\t\t\t\t<div class=\"fw-block-image-overlay\">\n\t\t\t\t\t<div class=\"fw-itable\">\n\t\t\t\t\t\t<div class=\"fw-icell\">\n\t\t\t\t\t\t\t<div class=\"fw-team-inner\" style=\"\">\n\t\t\t\t\t\t\t\t<div class=\"fw-team-name\">\n\t\t\t\t\t\t\t\t\t\t\t\t\t\t\t\t\t\t\t\t\t\t\t\t\t\t<\/div>\n\n\t\t\t\t\t\t\t\t\n\t\t\t\t\t\t\t\t\t\t\t\t\t\t\t<\/div>\n\t\t\t\t\t\t<\/div>\n\t\t\t\t\t<\/div>\n\t\t\t\t<\/div>\n\t\t\t<\/div>\n\t\t<\/div>\n\t<\/div>\n\t\t<\/div>\n\t<\/div>\n<\/div><div id=\"column-69f0f7799f37e\" class=\"fw-col-sm-8 tf-sh-9cd5751d259f3e88002fb7033bd2affe\" >\n\t<div class=\"fw-wrap-col-inner clearfix\"   >\n\t\t\t\t<div class=\"fw-col-inner\">\n\t\t\t<div class=\"fw-text-box tf-sh-04127b367e1f4a04bc07a0bc26ad0a17\" >\n\t<div class=\"fw-text-inner\">\n\t\t<p><span style=\"font-weight: 400;\"><strong>D\u00eda del Padre: Batalla de grafiti<\/strong><br \/><span style=\"color: #00ccff;\">EVENTO LOCAL \/ EVENTO COMUNITARIO<\/span><\/span><\/p>\n<p class=\"translation-block\">El Centro Rizoma del Migrante apoya a las organizaciones de deportados situadas en la regi\u00f3n, entre ellas G.D.L.S.U.R., un centro de rehabilitaci\u00f3n y tratamiento de drogadicci\u00f3n para homies deportados que habitan en Guadalajara. Nos entusiasma anunciar que patrocinaremos la batalla de grafiti del D\u00eda del Padre entre la comunidad art\u00edstica chicana de G.D.L.S.U.R. y los artistas de est\u00e9ncil locales de Guadalajara. El evento ofrece una oportunidad importante para conectar a la comunidad marginalizada y aislada del centro con las redes de apoyo disponibles en su nueva ciudad.<\/p>\n<p><span style=\"font-weight: 400;\">\ud83d\udd50\u00a0 Jun 16, 2019 @ 3:00PM - 7:00PM CST<br \/>\ud83d\udccd Calle Jos\u00e9 Ramos 50, 44820, Guadalajara, Jalisco<br \/><\/span><\/p>\n\t<\/div>\n<\/div>\t\t<\/div>\n\t<\/div>\n<\/div><\/div>\n\n<div class=\"fw-row\">\n\t<div id=\"column-69f0f7799f42a\" class=\"fw-col-sm-12 tf-sh-d6832dd1fe323fd347e072c35be3ef62\" >\n\t<div class=\"fw-wrap-col-inner clearfix\"   >\n\t\t\t\t<div class=\"fw-col-inner\">\n\t\t\t<div class=\"fw-divider-space  fw-custom-space  clearfix\" style=\"height:50px;\" ><\/div>\t\t<\/div>\n\t<\/div>\n<\/div><\/div>\n\n<div class=\"fw-row\">\n\t<div id=\"column-69f0f7799f4c2\" class=\"fw-col-sm-2 tf-sh-ad0bbf3601ec9d18545b68eb137c8f34\" >\n\t<div class=\"fw-wrap-col-inner clearfix\"   >\n\t\t\t\t<div class=\"fw-col-inner\">\n\t\t\t\t<div class=\"fw-team tf-sh-f5642ccef14a8e431f63ff8bc656e6ab  fw-content-align-center fw-team-member-type-2 fw-overlay-1\" >\n\t\t<div style=\"width: 100%;\" class=\"fw-team-image fw-block-image-parent fw-block-image-circle\">\n\t\t\t\t\t\t<div class=\"fw-block-image-child fw-ratio-1 fw-ratio-container\"><noscript itemscope itemtype=\"https:\/\/schema.org\/ImageObject\" itemprop=\"image\"><img data-recalc-dims=\"1\" decoding=\"async\" src=\"https:\/\/i0.wp.com\/rhizomecenter.org\/wp-content\/uploads\/2020\/10\/DSC_6711.jpg?ssl=1\"  alt=\"April Meetup\" data-maxdpr=\"1.7\" class=\"lazyload\" \/><meta itemprop=\"url\" content=\"https:\/\/rhizomecenter.org\/wp-content\/uploads\/2020\/10\/DSC_6711.jpg\"><meta itemprop=\"width\" content=\"1920\"><meta itemprop=\"height\" content=\"1080\"><\/noscript><img decoding=\"async\" src=\"data:image\/gif;base64,R0lGODlhAQABAIAAAAAAAP\/\/\/yH5BAEAAAAALAAAAAABAAEAAAIBRAA7\" data-sizes=\"auto\" data-srcset=\"https:\/\/rhizomecenter.org\/wp-content\/uploads\/2020\/10\/DSC_6711-150x150.jpg 150w, https:\/\/rhizomecenter.org\/wp-content\/uploads\/2020\/10\/DSC_6711-800x800.jpg 800w, https:\/\/rhizomecenter.org\/wp-content\/uploads\/2020\/10\/DSC_6711-300x300.jpg 300w\"   alt=\"April Meetup\" data-maxdpr=\"1.7\" class=\"lazyload\" \/>\t\t\t\t<div class=\"fw-block-image-overlay\">\n\t\t\t\t\t<div class=\"fw-itable\">\n\t\t\t\t\t\t<div class=\"fw-icell\">\n\t\t\t\t\t\t\t<div class=\"fw-team-inner\" style=\"\">\n\t\t\t\t\t\t\t\t<div class=\"fw-team-name\">\n\t\t\t\t\t\t\t\t\t\t\t\t\t\t\t\t\t\t\t\t\t\t\t\t\t\t<\/div>\n\n\t\t\t\t\t\t\t\t\n\t\t\t\t\t\t\t\t\t\t\t\t\t\t\t<\/div>\n\t\t\t\t\t\t<\/div>\n\t\t\t\t\t<\/div>\n\t\t\t\t<\/div>\n\t\t\t<\/div>\n\t\t<\/div>\n\t<\/div>\n\t\t<\/div>\n\t<\/div>\n<\/div><div id=\"column-69f0f7799f961\" class=\"fw-col-sm-8 tf-sh-54155249448a7902ecbe4fc480c45d06\" >\n\t<div class=\"fw-wrap-col-inner clearfix\"   >\n\t\t\t\t<div class=\"fw-col-inner\">\n\t\t\t<div class=\"fw-text-box tf-sh-3327726f2341c9b9483342e7128adaf3\" >\n\t<div class=\"fw-text-inner\">\n\t\t<p><b><span style=\"font-weight: 400;\"><strong>Reuni\u00f3n de voluntarios de Guadalajara<\/strong><br \/><\/span><span style=\"font-weight: 400; color: #00ccff;\">EVENTO LOCAL \/ REUNI\u00d3N<\/span><\/b><span style=\"font-weight: 400;\"><br \/><\/span><\/p>\n<p>Invitamos a nuestros voluntarios locales a que se re\u00fanan el domingo 14 de abril a las 10:00 a tomarse un caf\u00e9. Los eventos sociales son una oportunidad para aprender m\u00e1s acerca de nuestros proyectos y conocer la fundadora y otros estudiantes o j\u00f3venes profesionales que comparten una pasi\u00f3n por nuestra causa.<\/p>\n<p><span style=\"font-weight: 400;\">\ud83d\udd50\u00a0 Apr 14, 2019 @ 10:00AM - 11:30AM CST<br \/>\ud83d\udccd Piggyback, Progreso 537, 44160, Guadalajara, Jalisco<br \/><\/span><\/p>\n\t<\/div>\n<\/div>\t\t<\/div>\n\t<\/div>\n<\/div><div id=\"column-69f0f7799f9ee\" class=\"fw-col-sm-2 tf-sh-234935e3e53a68878c94fd1c3c112f08\" >\n\t<div class=\"fw-wrap-col-inner clearfix\"   >\n\t\t\t\t<div class=\"fw-col-inner\">\n\t\t\t<div class=\"text-center\">\t<a href=\"https:\/\/rhizomecenter.org\/es\/contact\/\" target=\"_blank\" class=\"fw-btn tf-sh-3e6e96e981757ee292dd31c8bd7ad7c9     fw-btn-1\"  style=\"width:200px; height:50px; line-height:50px;\">\n\t\t<span style=\"top:0;\">\n\t\t\tConfirme su lugar\t\t<\/span>\n\t<\/a>\n<\/div>\t\t<\/div>\n\t<\/div>\n<\/div><\/div>\n\n<div class=\"fw-row\">\n\t<div id=\"column-69f0f7799fa81\" class=\"fw-col-sm-12 tf-sh-d6832dd1fe323fd347e072c35be3ef62\" >\n\t<div class=\"fw-wrap-col-inner clearfix\"   >\n\t\t\t\t<div class=\"fw-col-inner\">\n\t\t\t<div class=\"fw-divider-space  fw-custom-space  clearfix\" style=\"height:50px;\" ><\/div>\t\t<\/div>\n\t<\/div>\n<\/div><\/div>\n\n<div class=\"fw-row\">\n\t<div id=\"column-69f0f7799fafd\" class=\"fw-col-sm-2 tf-sh-7e646242fefd0173be12e07abc94e303\" >\n\t<div class=\"fw-wrap-col-inner clearfix\"   >\n\t\t\t\t<div class=\"fw-col-inner\">\n\t\t\t\t<div class=\"fw-team tf-sh-e32fe40b9889945230016282d56ad7bf  fw-content-align-center fw-team-member-type-2 fw-overlay-1\" >\n\t\t<div style=\"width: 100%;\" class=\"fw-team-image fw-block-image-parent fw-block-image-circle\">\n\t\t\t\t\t\t<div class=\"fw-block-image-child fw-ratio-1 fw-ratio-container\"><noscript itemscope itemtype=\"https:\/\/schema.org\/ImageObject\" itemprop=\"image\"><img data-recalc-dims=\"1\" decoding=\"async\" src=\"https:\/\/i0.wp.com\/rhizomecenter.org\/wp-content\/uploads\/2020\/10\/ILSA-Meeting.jpg?ssl=1\"  alt=\"ILSA Meeting\" data-maxdpr=\"1.7\" class=\"lazyload\" \/><meta itemprop=\"url\" content=\"https:\/\/rhizomecenter.org\/wp-content\/uploads\/2020\/10\/ILSA-Meeting.jpg\"><meta itemprop=\"width\" content=\"1082\"><meta itemprop=\"height\" content=\"744\"><\/noscript><img decoding=\"async\" src=\"data:image\/gif;base64,R0lGODlhAQABAIAAAAAAAP\/\/\/yH5BAEAAAAALAAAAAABAAEAAAIBRAA7\" data-sizes=\"auto\" data-srcset=\"https:\/\/rhizomecenter.org\/wp-content\/uploads\/2020\/10\/ILSA-Meeting-150x150.jpg 150w, https:\/\/rhizomecenter.org\/wp-content\/uploads\/2020\/10\/ILSA-Meeting-300x300.jpg 300w\"   alt=\"ILSA Meeting\" data-maxdpr=\"1.7\" class=\"lazyload\" \/>\t\t\t\t<div class=\"fw-block-image-overlay\">\n\t\t\t\t\t<div class=\"fw-itable\">\n\t\t\t\t\t\t<div class=\"fw-icell\">\n\t\t\t\t\t\t\t<div class=\"fw-team-inner\" style=\"\">\n\t\t\t\t\t\t\t\t<div class=\"fw-team-name\">\n\t\t\t\t\t\t\t\t\t\t\t\t\t\t\t\t\t\t\t\t\t\t\t\t\t\t<\/div>\n\n\t\t\t\t\t\t\t\t\n\t\t\t\t\t\t\t\t\t\t\t\t\t\t\t<\/div>\n\t\t\t\t\t\t<\/div>\n\t\t\t\t\t<\/div>\n\t\t\t\t<\/div>\n\t\t\t<\/div>\n\t\t<\/div>\n\t<\/div>\n\t\t<\/div>\n\t<\/div>\n<\/div><div id=\"column-69f0f7799fc07\" class=\"fw-col-sm-8 tf-sh-4bd4a894d6d0f7c0017f8f3b661ebe1e\" >\n\t<div class=\"fw-wrap-col-inner clearfix\"   >\n\t\t\t\t<div class=\"fw-col-inner\">\n\t\t\t<div class=\"fw-text-box tf-sh-3b5f4428c63fc3de06caeee5c337947e\" >\n\t<div class=\"fw-text-inner\">\n\t\t<p><b><span style=\"font-weight: 400;\"><strong>Apoyo de postdeportaci\u00f3n<\/strong><br \/><\/span><span style=\"font-weight: 400; color: #00ccff;\">PRESENTACI\u00d3N \/ FACULTAD DE DERECHO DE LA UNIVERSIDAD DE ST. MARY<\/span><\/b><span style=\"font-weight: 400;\"><br \/><\/span><\/p>\n<p class=\"translation-block\">Participe en la pl\u00e1tica para los estudiantes de la Asociaci\u00f3n de Estudiantes de Derecho Migratorio de la Facultad de Derecho de la Universidad de St. Mary, donde nuestra fundadora comentar\u00e1 acerca de los desaf\u00edos a los que se enfrenta la comunidad repatriada de M\u00e9xico, los apoyos de postdeportaci\u00f3n disponibles y su propia experiencia tras formar una organizaci\u00f3n sin fines de lucro internacional y trabajar en el extranjero.<\/p>\n<p><span style=\"font-weight: 400;\">\ud83d\udd50\u00a0 Apr 3, 2019 @ 12:00PM - 1:00PM CST<br \/>\ud83d\udda5\ufe0f Evento virtual<br \/><\/span><\/p>\n\t<\/div>\n<\/div>\t\t<\/div>\n\t<\/div>\n<\/div><\/div>\n\n<div class=\"fw-row\">\n\t<div id=\"column-69f0f7799fca2\" class=\"fw-col-sm-12 tf-sh-d6832dd1fe323fd347e072c35be3ef62\" >\n\t<div class=\"fw-wrap-col-inner clearfix\"   >\n\t\t\t\t<div class=\"fw-col-inner\">\n\t\t\t<div class=\"fw-divider-space  fw-custom-space  clearfix\" style=\"height:50px;\" ><\/div>\t\t<\/div>\n\t<\/div>\n<\/div><\/div>\n\n<div class=\"fw-row\">\n\t<div id=\"column-69f0f7799fd23\" class=\"fw-col-sm-2 tf-sh-14e3434d70792eedf2f271a4df9b4e06\" >\n\t<div class=\"fw-wrap-col-inner clearfix\"   >\n\t\t\t\t<div class=\"fw-col-inner\">\n\t\t\t\t<div class=\"fw-team tf-sh-10aebb3b51becfa9de5fd3432114da7c  fw-content-align-center fw-team-member-type-2 fw-overlay-1\" >\n\t\t<div style=\"width: 100%;\" class=\"fw-team-image fw-block-image-parent fw-block-image-circle\">\n\t\t\t\t\t\t<div class=\"fw-block-image-child fw-ratio-1 fw-ratio-container\"><noscript itemscope itemtype=\"https:\/\/schema.org\/ImageObject\" itemprop=\"image\"><img data-recalc-dims=\"1\" decoding=\"async\" src=\"https:\/\/i0.wp.com\/rhizomecenter.org\/wp-content\/uploads\/2020\/10\/DSC_6050.jpg?ssl=1\"  alt=\"2019 Winter Program\" data-maxdpr=\"1.7\" class=\"lazyload\" \/><meta itemprop=\"url\" content=\"https:\/\/rhizomecenter.org\/wp-content\/uploads\/2020\/10\/DSC_6050.jpg\"><meta itemprop=\"width\" content=\"1920\"><meta itemprop=\"height\" content=\"1080\"><\/noscript><img decoding=\"async\" src=\"data:image\/gif;base64,R0lGODlhAQABAIAAAAAAAP\/\/\/yH5BAEAAAAALAAAAAABAAEAAAIBRAA7\" data-sizes=\"auto\" data-srcset=\"https:\/\/rhizomecenter.org\/wp-content\/uploads\/2020\/10\/DSC_6050-150x150.jpg 150w, https:\/\/rhizomecenter.org\/wp-content\/uploads\/2020\/10\/DSC_6050-800x800.jpg 800w, https:\/\/rhizomecenter.org\/wp-content\/uploads\/2020\/10\/DSC_6050-300x300.jpg 300w\"   alt=\"2019 Winter Program\" data-maxdpr=\"1.7\" class=\"lazyload\" \/>\t\t\t\t<div class=\"fw-block-image-overlay\">\n\t\t\t\t\t<div class=\"fw-itable\">\n\t\t\t\t\t\t<div class=\"fw-icell\">\n\t\t\t\t\t\t\t<div class=\"fw-team-inner\" style=\"\">\n\t\t\t\t\t\t\t\t<div class=\"fw-team-name\">\n\t\t\t\t\t\t\t\t\t\t\t\t\t\t\t\t\t\t\t\t\t\t\t\t\t\t<\/div>\n\n\t\t\t\t\t\t\t\t\n\t\t\t\t\t\t\t\t\t\t\t\t\t\t\t<\/div>\n\t\t\t\t\t\t<\/div>\n\t\t\t\t\t<\/div>\n\t\t\t\t<\/div>\n\t\t\t<\/div>\n\t\t<\/div>\n\t<\/div>\n\t\t<\/div>\n\t<\/div>\n<\/div><div id=\"column-69f0f7799ff47\" class=\"fw-col-sm-8 tf-sh-cf36dac704170195c3af36dc235ae31f\" >\n\t<div class=\"fw-wrap-col-inner clearfix\"   >\n\t\t\t\t<div class=\"fw-col-inner\">\n\t\t\t<div class=\"fw-text-box tf-sh-0593120040ad782b3c6c1b13a2f9b426\" >\n\t<div class=\"fw-text-inner\">\n\t\t<p><span style=\"font-weight: 400;\"><strong>Nuestro programa para estudiantes de derecho<\/strong><br \/><span style=\"color: #00ccff;\">EVENTO LOCAL \/ PROGRAMA EDUCATIVO<\/span><\/span><\/p>\n<p>Invitamos a los estudiantes de derecho migratorio a Guadalajara, M\u00e9xico. Nuestros reveladores programas buscan dar a conocer las pol\u00edticas fronterizas entre M\u00e9xico y EE.UU., as\u00ed como las pol\u00edticas migratorias y su impacto. En enero, le damos la bienvenida a nuestra tercera clase de estudiantes en Guadalajara, donde conocer\u00e1n algunos de los principales agentes transfronterizos, as\u00ed como migrantes, solicitantes de asilo y los deportados mismos.<\/p>\n<p><span style=\"font-weight: 400;\">\ud83d\udd50&nbsp; Jan 4-11, 2019, Week-Long Event<br \/>\ud83d\udccd Guadalajara, Jalisco<br \/><\/span><\/p>\n\t<\/div>\n<\/div>\t\t<\/div>\n\t<\/div>\n<\/div><div id=\"column-69f0f7799ffc5\" class=\"fw-col-sm-2 tf-sh-c9f5d498602c951ad6a9546dd8197dd3\" >\n\t<div class=\"fw-wrap-col-inner clearfix\"   >\n\t\t\t\t<div class=\"fw-col-inner\">\n\t\t\t<div class=\"text-center\">\t<a href=\"https:\/\/rhizomecenter.org\/es\/educational-programs\/\" target=\"_self\" class=\"fw-btn tf-sh-e3bb48e08356c0505ca25a4d00978348     fw-btn-1\"  style=\"width:200px; height:50px; line-height:50px;\">\n\t\t<span style=\"top:0;\">\n\t\t\tReserve su lugar\t\t<\/span>\n\t<\/a>\n<\/div>\t\t<\/div>\n\t<\/div>\n<\/div><\/div>\n\n<div class=\"fw-row\">\n\t<div id=\"column-69f0f779a0055\" class=\"fw-col-sm-12 tf-sh-d6832dd1fe323fd347e072c35be3ef62\" >\n\t<div class=\"fw-wrap-col-inner clearfix\"   >\n\t\t\t\t<div class=\"fw-col-inner\">\n\t\t\t<div class=\"fw-divider-space  fw-custom-space  clearfix\" style=\"height:50px;\" ><\/div>\t\t<\/div>\n\t<\/div>\n<\/div><\/div>\n\n<div class=\"fw-row\">\n\t<div id=\"column-69f0f779a00ce\" class=\"fw-col-sm-2 tf-sh-ed7ae914977827785e76b15138acd15a\" >\n\t<div class=\"fw-wrap-col-inner clearfix\"   >\n\t\t\t\t<div class=\"fw-col-inner\">\n\t\t\t\t<div class=\"fw-team tf-sh-181acf7ca9282f89008bd696cf19a7ab  fw-content-align-center fw-team-member-type-2 fw-overlay-1\" >\n\t\t<div style=\"width: 100%;\" class=\"fw-team-image fw-block-image-parent fw-block-image-circle\">\n\t\t\t\t\t\t<div class=\"fw-block-image-child fw-ratio-1 fw-ratio-container\"><noscript itemscope itemtype=\"https:\/\/schema.org\/ImageObject\" itemprop=\"image\"><img data-recalc-dims=\"1\" decoding=\"async\" src=\"https:\/\/i0.wp.com\/rhizomecenter.org\/wp-content\/uploads\/2020\/10\/IMG_3458.jpeg?ssl=1\"  alt=\"ASFG Presentation\" data-maxdpr=\"1.7\" class=\"lazyload\" \/><meta itemprop=\"url\" content=\"https:\/\/rhizomecenter.org\/wp-content\/uploads\/2020\/10\/IMG_3458.jpeg\"><meta itemprop=\"width\" content=\"1920\"><meta itemprop=\"height\" content=\"1440\"><\/noscript><img decoding=\"async\" src=\"data:image\/gif;base64,R0lGODlhAQABAIAAAAAAAP\/\/\/yH5BAEAAAAALAAAAAABAAEAAAIBRAA7\" data-sizes=\"auto\" data-srcset=\"https:\/\/rhizomecenter.org\/wp-content\/uploads\/2020\/10\/IMG_3458-150x150.jpeg 150w, https:\/\/rhizomecenter.org\/wp-content\/uploads\/2020\/10\/IMG_3458-800x800.jpeg 800w, https:\/\/rhizomecenter.org\/wp-content\/uploads\/2020\/10\/IMG_3458-300x300.jpeg 300w\"   alt=\"ASFG Presentation\" data-maxdpr=\"1.7\" class=\"lazyload\" \/>\t\t\t\t<div class=\"fw-block-image-overlay\">\n\t\t\t\t\t<div class=\"fw-itable\">\n\t\t\t\t\t\t<div class=\"fw-icell\">\n\t\t\t\t\t\t\t<div class=\"fw-team-inner\" style=\"\">\n\t\t\t\t\t\t\t\t<div class=\"fw-team-name\">\n\t\t\t\t\t\t\t\t\t\t\t\t\t\t\t\t\t\t\t\t\t\t\t\t\t\t<\/div>\n\n\t\t\t\t\t\t\t\t\n\t\t\t\t\t\t\t\t\t\t\t\t\t\t\t<\/div>\n\t\t\t\t\t\t<\/div>\n\t\t\t\t\t<\/div>\n\t\t\t\t<\/div>\n\t\t\t<\/div>\n\t\t<\/div>\n\t<\/div>\n\t\t<\/div>\n\t<\/div>\n<\/div><div id=\"column-69f0f779a02e5\" class=\"fw-col-sm-8 tf-sh-39919dd4586000cde1d650be579e3034\" >\n\t<div class=\"fw-wrap-col-inner clearfix\"   >\n\t\t\t\t<div class=\"fw-col-inner\">\n\t\t\t<div class=\"fw-text-box tf-sh-d7b1de4c460ab1fd38b7b815d1d5d3d5\" >\n\t<div class=\"fw-text-inner\">\n\t\t<p><b><span style=\"font-weight: 400;\"><strong>El impacto de las pol\u00edticas estadounidenses en la frontera de M\u00e9xico y EE.UU.<\/strong><br \/><\/span><span style=\"font-weight: 400; color: #00ccff;\">EVENTO LOCAL \/ PRESENTACI\u00d3N \/ AMERICAN SCHOOL FOUNDATION OF GUADALAJARA<\/span><\/b><span style=\"font-weight: 400;\"><br \/><\/span><\/p>\n<p class=\"translation-block\">El 5 de diciembre, el Centro Rizoma del Migrante conversar\u00e1 con los estudiantes de la American School Foundation of Guadalajara (ASFG, tal sus siglas en ingl\u00e9s). La pl\u00e1tica, \u201cEl impacto de las pol\u00edticas estadounidenses en la frontera de M\u00e9xico y EE.UU.\u201d, se enfocar\u00e1 en los desaf\u00edos a los que se enfrenta la comunidad deportada de M\u00e9xico, as\u00ed como el impacto general que tiene la deportaci\u00f3n en el pa\u00eds. La ASFG es una escuela privada de inmersi\u00f3n biling\u00fce ingl\u00e9s y espa\u00f1ol acreditada por el Departamento del Estado de EE.UU. y situada en Guadalajara.<\/p>\n<p><span style=\"font-weight: 400;\">\ud83d\udd50\u00a0 Dec 5, 2018 @ 7:00PM - 8:30PM CST<br \/>\ud83d\udccd\u00a0 Calle Colomos 2300, 44630, Guadalajara, Jalisco<br \/><\/span><\/p>\n\t<\/div>\n<\/div>\t\t<\/div>\n\t<\/div>\n<\/div><\/div>\n\n<div class=\"fw-row\">\n\t<div id=\"column-69f0f779a0399\" class=\"fw-col-sm-12 tf-sh-d6832dd1fe323fd347e072c35be3ef62\" >\n\t<div class=\"fw-wrap-col-inner clearfix\"   >\n\t\t\t\t<div class=\"fw-col-inner\">\n\t\t\t<div class=\"fw-divider-space  fw-custom-space  clearfix\" style=\"height:50px;\" ><\/div>\t\t<\/div>\n\t<\/div>\n<\/div><\/div>\n\n<div class=\"fw-row\">\n\t<div id=\"column-69f0f779a0413\" class=\"fw-col-sm-2 tf-sh-05960b01fd9731db9c78949586ba9ba8\" >\n\t<div class=\"fw-wrap-col-inner clearfix\"   >\n\t\t\t\t<div class=\"fw-col-inner\">\n\t\t\t\t<div class=\"fw-team tf-sh-f6d4e30276b3aeec21761f1e27157630  fw-content-align-center fw-team-member-type-2 fw-overlay-1\" >\n\t\t<div style=\"width: 100%;\" class=\"fw-team-image fw-block-image-parent fw-block-image-circle\">\n\t\t\t\t\t\t<div class=\"fw-block-image-child fw-ratio-1 fw-ratio-container\"><noscript itemscope itemtype=\"https:\/\/schema.org\/ImageObject\" itemprop=\"image\"><img data-recalc-dims=\"1\" decoding=\"async\" src=\"https:\/\/i0.wp.com\/rhizomecenter.org\/wp-content\/uploads\/2020\/10\/Cafe-Juridico.png?ssl=1\"  alt=\"Cafe Juridico\" data-maxdpr=\"1.7\" class=\"lazyload\" \/><meta itemprop=\"url\" content=\"https:\/\/rhizomecenter.org\/wp-content\/uploads\/2020\/10\/Cafe-Juridico.png\"><meta itemprop=\"width\" content=\"500\"><meta itemprop=\"height\" content=\"500\"><\/noscript><img decoding=\"async\" src=\"data:image\/gif;base64,R0lGODlhAQABAIAAAAAAAP\/\/\/yH5BAEAAAAALAAAAAABAAEAAAIBRAA7\" data-sizes=\"auto\" data-srcset=\"https:\/\/rhizomecenter.org\/wp-content\/uploads\/2020\/10\/Cafe-Juridico-300x300.png 300w, https:\/\/rhizomecenter.org\/wp-content\/uploads\/2020\/10\/Cafe-Juridico-150x150.png 150w, https:\/\/rhizomecenter.org\/wp-content\/uploads\/2020\/10\/Cafe-Juridico-300x300.png 300w, https:\/\/rhizomecenter.org\/wp-content\/uploads\/2020\/10\/Cafe-Juridico.png 500w\"   alt=\"Cafe Juridico\" data-maxdpr=\"1.7\" class=\"lazyload\" \/>\t\t\t\t<div class=\"fw-block-image-overlay\">\n\t\t\t\t\t<div class=\"fw-itable\">\n\t\t\t\t\t\t<div class=\"fw-icell\">\n\t\t\t\t\t\t\t<div class=\"fw-team-inner\" style=\"\">\n\t\t\t\t\t\t\t\t<div class=\"fw-team-name\">\n\t\t\t\t\t\t\t\t\t\t\t\t\t\t\t\t\t\t\t\t\t\t\t\t\t\t<\/div>\n\n\t\t\t\t\t\t\t\t\n\t\t\t\t\t\t\t\t\t\t\t\t\t\t\t<\/div>\n\t\t\t\t\t\t<\/div>\n\t\t\t\t\t<\/div>\n\t\t\t\t<\/div>\n\t\t\t<\/div>\n\t\t<\/div>\n\t<\/div>\n\t\t<\/div>\n\t<\/div>\n<\/div><div id=\"column-69f0f779a05f9\" class=\"fw-col-sm-8 tf-sh-c47c0daebcaf90b3859d651f033de97e\" >\n\t<div class=\"fw-wrap-col-inner clearfix\"   >\n\t\t\t\t<div class=\"fw-col-inner\">\n\t\t\t<div class=\"fw-text-box tf-sh-6e449ceba322d4a7bf44ede6c367a39f\" >\n\t<div class=\"fw-text-inner\">\n\t\t<p><b><span style=\"font-weight: 400;\"><strong>\u00bfDerecho migratorio en M\u00e9xico? Retos y oportunidades<\/strong><br \/><\/span><span style=\"font-weight: 400; color: #00ccff;\">EVENTO LOCAL \/ PRESENTACI\u00d3N \/ CAF\u00c9 JUR\u00cdDICO<\/span><\/b><span style=\"font-weight: 400;\"><br \/><\/span><\/p>\n<p class=\"translation-block\">El Centro Rizoma del Migrante participar\u00e1 como ponente en el foro de Caf\u00e9 Jur\u00eddico titulado \u201c\u00bfDerecho migratorio en M\u00e9xico? Retos y oportunidades\u201d. El evento tendr\u00e1 lugar el mi\u00e9rcoles 14 de noviembre a las 18:00, en la librer\u00eda del Fondo de Cultura Econ\u00f3mica sobre la Avenida Chapultepec, en Guadalajara. El Caf\u00e9 Jur\u00eddico es un espacio publico para debatir acera de cuestiones legales que afectan a la comunidad y a la sociedad general.<\/p>\n<p><span style=\"font-weight: 400;\">\ud83d\udd50\u00a0 Nov 14, 2018 @ 6:00PM - 7:00PM CST<br \/>\ud83d\udccd\u00a0 Av Chapultepec Sur 198, 44160, Guadalajara, Jalisco<br \/><\/span><\/p>\n\t<\/div>\n<\/div>\t\t<\/div>\n\t<\/div>\n<\/div><\/div>\n\n<div class=\"fw-row\">\n\t<div id=\"column-69f0f779a06a5\" class=\"fw-col-sm-12 tf-sh-d6832dd1fe323fd347e072c35be3ef62\" >\n\t<div class=\"fw-wrap-col-inner clearfix\"   >\n\t\t\t\t<div class=\"fw-col-inner\">\n\t\t\t<div class=\"fw-divider-space  fw-custom-space  clearfix\" style=\"height:50px;\" ><\/div>\t\t<\/div>\n\t<\/div>\n<\/div><\/div>\n\n<div class=\"fw-row\">\n\t<div id=\"column-69f0f779a0738\" class=\"fw-col-sm-2 tf-sh-a5f61098c9e4f45d110d7420fbe363cc\" >\n\t<div class=\"fw-wrap-col-inner clearfix\"   >\n\t\t\t\t<div class=\"fw-col-inner\">\n\t\t\t\t<div class=\"fw-team tf-sh-0030c388a33028a68b07083162804b18  fw-content-align-center fw-team-member-type-2 fw-overlay-1\" >\n\t\t<div style=\"width: 100%;\" class=\"fw-team-image fw-block-image-parent fw-block-image-circle\">\n\t\t\t\t\t\t<div class=\"fw-block-image-child fw-ratio-1 fw-ratio-container\"><noscript itemscope itemtype=\"https:\/\/schema.org\/ImageObject\" itemprop=\"image\"><img data-recalc-dims=\"1\" decoding=\"async\" src=\"https:\/\/i0.wp.com\/rhizomecenter.org\/wp-content\/uploads\/2020\/10\/20181026_Cantina-La-Fuente.jpg?ssl=1\"  alt=\"October Meetup\" data-maxdpr=\"1.7\" class=\"lazyload\" \/><meta itemprop=\"url\" content=\"https:\/\/rhizomecenter.org\/wp-content\/uploads\/2020\/10\/20181026_Cantina-La-Fuente.jpg\"><meta itemprop=\"width\" content=\"1920\"><meta itemprop=\"height\" content=\"1440\"><\/noscript><img decoding=\"async\" src=\"data:image\/gif;base64,R0lGODlhAQABAIAAAAAAAP\/\/\/yH5BAEAAAAALAAAAAABAAEAAAIBRAA7\" data-sizes=\"auto\" data-srcset=\"https:\/\/rhizomecenter.org\/wp-content\/uploads\/2020\/10\/20181026_Cantina-La-Fuente-150x150.jpg 150w, https:\/\/rhizomecenter.org\/wp-content\/uploads\/2020\/10\/20181026_Cantina-La-Fuente-800x800.jpg 800w, https:\/\/rhizomecenter.org\/wp-content\/uploads\/2020\/10\/20181026_Cantina-La-Fuente-300x300.jpg 300w\"   alt=\"October Meetup\" data-maxdpr=\"1.7\" class=\"lazyload\" \/>\t\t\t\t<div class=\"fw-block-image-overlay\">\n\t\t\t\t\t<div class=\"fw-itable\">\n\t\t\t\t\t\t<div class=\"fw-icell\">\n\t\t\t\t\t\t\t<div class=\"fw-team-inner\" style=\"\">\n\t\t\t\t\t\t\t\t<div class=\"fw-team-name\">\n\t\t\t\t\t\t\t\t\t\t\t\t\t\t\t\t\t\t\t\t\t\t\t\t\t\t<\/div>\n\n\t\t\t\t\t\t\t\t\n\t\t\t\t\t\t\t\t\t\t\t\t\t\t\t<\/div>\n\t\t\t\t\t\t<\/div>\n\t\t\t\t\t<\/div>\n\t\t\t\t<\/div>\n\t\t\t<\/div>\n\t\t<\/div>\n\t<\/div>\n\t\t<\/div>\n\t<\/div>\n<\/div><div id=\"column-69f0f779a094d\" class=\"fw-col-sm-8 tf-sh-456307705bbe7f6f469682f659789cc0\" >\n\t<div class=\"fw-wrap-col-inner clearfix\"   >\n\t\t\t\t<div class=\"fw-col-inner\">\n\t\t\t<div class=\"fw-text-box tf-sh-e8bd3feca96fb964cf0be5a88878292c\" >\n\t<div class=\"fw-text-inner\">\n\t\t<p><b><span style=\"font-weight: 400;\"><strong>Reuni\u00f3n de voluntarios de Guadalajara<\/strong><br \/><\/span><span style=\"font-weight: 400; color: #00ccff;\">EVENTO LOCAL \/ REUNI\u00d3N<\/span><\/b><span style=\"font-weight: 400;\"><br \/><\/span><\/p>\n<p class=\"translation-block\">Invitamos a nuestro equipo local de abogados, traductores e int\u00e9rpretes voluntarios a que se re\u00fanan el viernes 26 de octubre a las 20:00 en La Fuente, una popular cantina piano bar tradicional ubicada en el centro hist\u00f3rico de la ciudad. Los eventos sociales son una oportunidad para aprender m\u00e1s acerca de nuestros proyectos y conocer la fundadora y otros estudiantes o j\u00f3venes profesionales que comparten una pasi\u00f3n por nuestra causa.<\/p>\n<p><span style=\"font-weight: 400;\">\ud83d\udd50\u00a0 Oct 26, 2018 @ 8:00PM - 9:30PM CST<br \/>\ud83d\udccd La Fuente, Calle Pino Su\u00e1rez 78, 44100, Guadalajara, Jalisco<br \/><\/span><\/p>\n\t<\/div>\n<\/div>\t\t<\/div>\n\t<\/div>\n<\/div><div id=\"column-69f0f779a09cd\" class=\"fw-col-sm-2 tf-sh-b916a92b0990f39e94b306cda68091c0\" >\n\t<div class=\"fw-wrap-col-inner clearfix\"   >\n\t\t\t\t<div class=\"fw-col-inner\">\n\t\t\t<div class=\"text-center\">\t<a href=\"https:\/\/rhizomecenter.org\/es\/contact\/\" target=\"_blank\" class=\"fw-btn tf-sh-b68e7083d9a0478e12a24685def6b57b     fw-btn-1\"  style=\"width:200px; height:50px; line-height:50px;\">\n\t\t<span style=\"top:0;\">\n\t\t\tConfirme su lugar\t\t<\/span>\n\t<\/a>\n<\/div>\t\t<\/div>\n\t<\/div>\n<\/div><\/div>\n\n<div class=\"fw-row\">\n\t<div id=\"column-69f0f779a0a5f\" class=\"fw-col-sm-12 tf-sh-d6832dd1fe323fd347e072c35be3ef62\" >\n\t<div class=\"fw-wrap-col-inner clearfix\"   >\n\t\t\t\t<div class=\"fw-col-inner\">\n\t\t\t<div class=\"fw-divider-space  fw-custom-space  clearfix\" style=\"height:50px;\" ><\/div>\t\t<\/div>\n\t<\/div>\n<\/div><\/div>\n\n<div class=\"fw-row\">\n\t<div id=\"column-69f0f779a0af3\" class=\"fw-col-sm-2 tf-sh-490ce4c5f848b265678ed2eb46b6b473\" >\n\t<div class=\"fw-wrap-col-inner clearfix\"   >\n\t\t\t\t<div class=\"fw-col-inner\">\n\t\t\t\t<div class=\"fw-team tf-sh-952b89371e894df54814a75adba54dea  fw-content-align-center fw-team-member-type-2 fw-overlay-1\" >\n\t\t<div style=\"width: 100%;\" class=\"fw-team-image fw-block-image-parent fw-block-image-circle\">\n\t\t\t\t\t\t<div class=\"fw-block-image-child fw-ratio-1 fw-ratio-container\"><noscript itemscope itemtype=\"https:\/\/schema.org\/ImageObject\" itemprop=\"image\"><img data-recalc-dims=\"1\" decoding=\"async\" src=\"https:\/\/i0.wp.com\/rhizomecenter.org\/wp-content\/uploads\/2020\/10\/20180928_Bienvenido-Pariente.jpg?ssl=1\"  alt=\"September Meetup\" data-maxdpr=\"1.7\" class=\"lazyload\" \/><meta itemprop=\"url\" content=\"https:\/\/rhizomecenter.org\/wp-content\/uploads\/2020\/10\/20180928_Bienvenido-Pariente.jpg\"><meta itemprop=\"width\" content=\"1280\"><meta itemprop=\"height\" content=\"960\"><\/noscript><img decoding=\"async\" src=\"data:image\/gif;base64,R0lGODlhAQABAIAAAAAAAP\/\/\/yH5BAEAAAAALAAAAAABAAEAAAIBRAA7\" data-sizes=\"auto\" data-srcset=\"https:\/\/rhizomecenter.org\/wp-content\/uploads\/2020\/10\/20180928_Bienvenido-Pariente-150x150.jpg 150w, https:\/\/rhizomecenter.org\/wp-content\/uploads\/2020\/10\/20180928_Bienvenido-Pariente-800x800.jpg 800w, https:\/\/rhizomecenter.org\/wp-content\/uploads\/2020\/10\/20180928_Bienvenido-Pariente-300x300.jpg 300w\"   alt=\"September Meetup\" data-maxdpr=\"1.7\" class=\"lazyload\" \/>\t\t\t\t<div class=\"fw-block-image-overlay\">\n\t\t\t\t\t<div class=\"fw-itable\">\n\t\t\t\t\t\t<div class=\"fw-icell\">\n\t\t\t\t\t\t\t<div class=\"fw-team-inner\" style=\"\">\n\t\t\t\t\t\t\t\t<div class=\"fw-team-name\">\n\t\t\t\t\t\t\t\t\t\t\t\t\t\t\t\t\t\t\t\t\t\t\t\t\t\t<\/div>\n\n\t\t\t\t\t\t\t\t\n\t\t\t\t\t\t\t\t\t\t\t\t\t\t\t<\/div>\n\t\t\t\t\t\t<\/div>\n\t\t\t\t\t<\/div>\n\t\t\t\t<\/div>\n\t\t\t<\/div>\n\t\t<\/div>\n\t<\/div>\n\t\t<\/div>\n\t<\/div>\n<\/div><div id=\"column-69f0f779a0d05\" class=\"fw-col-sm-8 tf-sh-177dbd88727e18ffe4969d94f256a0c6\" >\n\t<div class=\"fw-wrap-col-inner clearfix\"   >\n\t\t\t\t<div class=\"fw-col-inner\">\n\t\t\t<div class=\"fw-text-box tf-sh-103d593a47faa97fa9c51440f26ee042\" >\n\t<div class=\"fw-text-inner\">\n\t\t<p><b><span style=\"font-weight: 400;\"><strong>Reuni\u00f3n de voluntarios de Guadalajara<\/strong><br \/><\/span><span style=\"font-weight: 400; color: #00ccff;\">EVENTO LOCAL \/ REUNI\u00d3N<\/span><\/b><span style=\"font-weight: 400;\"><br \/><\/span><\/p>\n<p>Invitamos a nuestro equipo de abogados, traductores e int\u00e9rpretes locales a que se re\u00fanan el viernes 28 de septiembre a las 20:00 en Bienvenido Pariente. Los eventos sociales son una oportunidad para aprender m\u00e1s acerca de nuestros proyectos y conocer la fundadora y otros estudiantes o j\u00f3venes profesionales que comparten una pasi\u00f3n por nuestra causa.<\/p>\n<p><span style=\"font-weight: 400;\">\ud83d\udd50\u00a0 Sept 28, 2018 @ 8:00PM - 9:30PM CST<br \/>\ud83d\udccd Bienvenido Pariente, Calle Pedro Moreno 1155, 44160, Guadalajara, Jalisco<br \/><\/span><\/p>\n\t<\/div>\n<\/div>\t\t<\/div>\n\t<\/div>\n<\/div><div id=\"column-69f0f779a0d83\" class=\"fw-col-sm-2 tf-sh-a13d3bc24109e25d314610a97f3e312c\" >\n\t<div class=\"fw-wrap-col-inner clearfix\"   >\n\t\t\t\t<div class=\"fw-col-inner\">\n\t\t\t<div class=\"text-center\">\t<a href=\"https:\/\/rhizomecenter.org\/es\/contact\/\" target=\"_blank\" class=\"fw-btn tf-sh-08ccf43eb5fe20e15bb954682d47a879     fw-btn-1\"  style=\"width:200px; height:50px; line-height:50px;\">\n\t\t<span style=\"top:0;\">\n\t\t\tConfirme su lugar\t\t<\/span>\n\t<\/a>\n<\/div>\t\t<\/div>\n\t<\/div>\n<\/div><\/div>\n\n<div class=\"fw-row\">\n\t<div id=\"column-69f0f779a0e12\" class=\"fw-col-sm-12 tf-sh-d6832dd1fe323fd347e072c35be3ef62\" >\n\t<div class=\"fw-wrap-col-inner clearfix\"   >\n\t\t\t\t<div class=\"fw-col-inner\">\n\t\t\t<div class=\"fw-divider-space  fw-custom-space  clearfix\" style=\"height:50px;\" ><\/div>\t\t<\/div>\n\t<\/div>\n<\/div><\/div>\n\n<div class=\"fw-row\">\n\t<div id=\"column-69f0f779a0e8b\" class=\"fw-col-sm-2 tf-sh-b173c80cc7516f3ef62a3c5f56d0b053\" >\n\t<div class=\"fw-wrap-col-inner clearfix\"   >\n\t\t\t\t<div class=\"fw-col-inner\">\n\t\t\t\t<div class=\"fw-team tf-sh-92ba5b0bcec81fd811f5ed7c20730369  fw-content-align-center fw-team-member-type-2 fw-overlay-1\" >\n\t\t<div style=\"width: 100%;\" class=\"fw-team-image fw-block-image-parent fw-block-image-circle\">\n\t\t\t\t\t\t<div class=\"fw-block-image-child fw-noratio fw-ratio-container\"><noscript itemscope itemtype=\"https:\/\/schema.org\/ImageObject\" itemprop=\"image\"><img data-recalc-dims=\"1\" decoding=\"async\" src=\"https:\/\/i0.wp.com\/rhizomecenter.org\/wp-content\/uploads\/2020\/10\/MABAH-Logo.jpg?ssl=1\"  alt=\"MABAH Logo\" data-maxdpr=\"1.7\" class=\"lazyload\" \/><meta itemprop=\"url\" content=\"https:\/\/rhizomecenter.org\/wp-content\/uploads\/2020\/10\/MABAH-Logo.jpg\"><meta itemprop=\"width\" content=\"200\"><meta itemprop=\"height\" content=\"142\"><\/noscript><img decoding=\"async\" src=\"data:image\/gif;base64,R0lGODlhAQABAIAAAAAAAP\/\/\/yH5BAEAAAAALAAAAAABAAEAAAIBRAA7\" data-sizes=\"auto\" data-srcset=\"https:\/\/rhizomecenter.org\/wp-content\/uploads\/2020\/10\/MABAH-Logo.jpg\"   alt=\"MABAH Logo\" data-maxdpr=\"1.7\" class=\"lazyload\" \/><span class=\"fw-after-no-ratio\" style=\"padding-bottom: 71%\"><\/span>\t\t\t\t<div class=\"fw-block-image-overlay\">\n\t\t\t\t\t<div class=\"fw-itable\">\n\t\t\t\t\t\t<div class=\"fw-icell\">\n\t\t\t\t\t\t\t<div class=\"fw-team-inner\" style=\"\">\n\t\t\t\t\t\t\t\t<div class=\"fw-team-name\">\n\t\t\t\t\t\t\t\t\t\t\t\t\t\t\t\t\t\t\t\t\t\t\t\t\t\t<\/div>\n\n\t\t\t\t\t\t\t\t\n\t\t\t\t\t\t\t\t\t\t\t\t\t\t\t<\/div>\n\t\t\t\t\t\t<\/div>\n\t\t\t\t\t<\/div>\n\t\t\t\t<\/div>\n\t\t\t<\/div>\n\t\t<\/div>\n\t<\/div>\n\t\t<\/div>\n\t<\/div>\n<\/div><div id=\"column-69f0f779a1063\" class=\"fw-col-sm-8 tf-sh-6e511feaf7a545f240c394a8eab27dd2\" >\n\t<div class=\"fw-wrap-col-inner clearfix\"   >\n\t\t\t\t<div class=\"fw-col-inner\">\n\t\t\t<div class=\"fw-text-box tf-sh-da60458c8538491c4b3cb07acfd4242a\" >\n\t<div class=\"fw-text-inner\">\n\t\t<p><b><span style=\"font-weight: 400;\"><strong>Necesidades legales transfronterizas<\/strong><br \/><\/span><span style=\"font-weight: 400; color: #00ccff;\">PRESENTACI\u00d3N \/ ASOCIACI\u00d3N DE ABOGADOS MEXICANO-ESTADOUNIDENSES DE HOUSTON<\/span><\/b><span style=\"font-weight: 400;\"><br \/><\/span><\/p>\n<p>Participe en la reuni\u00f3n del pr\u00f3ximo mes de la Asociaci\u00f3n de Abogados Mexicano-Estadounidenses de Houston (MABAH, tal sus siglas en ingl\u00e9s) para escuchar a nuestra fundadora comentar acerca de la necesidad de apoyo legal transfronterizo. Adem\u00e1s, invitaremos a los abogados de MABAH para que participen en nuestra red pro bono que apoya a la comunidad deportada de M\u00e9xico. El evento tendr\u00e1 lugar el lunes 10 de septiembre a las 10:30 en Arnaldo Richard\u2019s Picos Restaurant sobre 36019 Kirby Drive.<\/p>\n<p><span style=\"font-weight: 400;\">\ud83d\udd50\u00a0 Sept 10, 2018 @ 6:30PM - 7:30PM CST<br \/>\ud83d\udccd\u00a0 3601 Kirby Drive, Houston, Texas, 77098<br \/><\/span><\/p>\n\t<\/div>\n<\/div>\t\t<\/div>\n\t<\/div>\n<\/div><\/div>\n\n<div class=\"fw-row\">\n\t<div id=\"column-69f0f779a1112\" class=\"fw-col-sm-12 tf-sh-d6832dd1fe323fd347e072c35be3ef62\" >\n\t<div class=\"fw-wrap-col-inner clearfix\"   >\n\t\t\t\t<div class=\"fw-col-inner\">\n\t\t\t<div class=\"fw-divider-space  fw-custom-space  clearfix\" style=\"height:150px;\" ><\/div>\t\t<\/div>\n\t<\/div>\n<\/div><\/div>\n\n\t<\/div>\n\t<\/section>","protected":false},"excerpt":{"rendered":"<p>UPCOMING EVENTS Our Immigration CourseLOCAL EVENT \/ EDUCATIONAL PROGRAM Attorneys, rights advocates, law students and L.L.M.s are invited to Guadalajara, Mexico. Our eye-opening immigration course is aimed at raising awareness about U.S.-Mexico border politics, immigration policies, and impact. This January, we welcome our 9th class to Guadalajara, where participants will have the opportunity to connect [&hellip;]<\/p>","protected":false},"author":2,"featured_media":0,"parent":0,"menu_order":0,"comment_status":"closed","ping_status":"closed","template":"visual-builder-template.php","meta":{"give_campaign_id":0,"footnotes":""},"class_list":["post-21","page","type-page","status-publish","hentry"],"campaignId":"","jetpack_sharing_enabled":true,"_links":{"self":[{"href":"https:\/\/rhizomecenter.org\/es\/wp-json\/wp\/v2\/pages\/21","targetHints":{"allow":["GET"]}}],"collection":[{"href":"https:\/\/rhizomecenter.org\/es\/wp-json\/wp\/v2\/pages"}],"about":[{"href":"https:\/\/rhizomecenter.org\/es\/wp-json\/wp\/v2\/types\/page"}],"author":[{"embeddable":true,"href":"https:\/\/rhizomecenter.org\/es\/wp-json\/wp\/v2\/users\/2"}],"replies":[{"embeddable":true,"href":"https:\/\/rhizomecenter.org\/es\/wp-json\/wp\/v2\/comments?post=21"}],"version-history":[{"count":0,"href":"https:\/\/rhizomecenter.org\/es\/wp-json\/wp\/v2\/pages\/21\/revisions"}],"wp:attachment":[{"href":"https:\/\/rhizomecenter.org\/es\/wp-json\/wp\/v2\/media?parent=21"}],"curies":[{"name":"wp","href":"https:\/\/api.w.org\/{rel}","templated":true}]}}